{"id":29234,"date":"2023-06-28T09:54:26","date_gmt":"2023-06-28T13:54:26","guid":{"rendered":"https:\/\/realta.ca\/properties-by-region\/montreal\/montreal-cote-des-neiges-notre-dame-de-grace\/"},"modified":"2024-06-04T15:00:50","modified_gmt":"2024-06-04T19:00:50","slug":"montreal-cote-des-neiges-notre-dame-de-grace","status":"publish","type":"page","link":"https:\/\/realta.ca\/en\/properties-by-region\/montreal\/montreal-cote-des-neiges-notre-dame-de-grace\/","title":{"rendered":"Montr\u00e9al C\u00f4te des Neiges Notre-Dame-de-Gr\u00e2ce"},"content":{"rendered":"\t\t<div data-elementor-type=\"wp-page\" data-elementor-id=\"29234\" class=\"elementor elementor-29234 elementor-29156\" data-elementor-post-type=\"page\">\n\t\t\t\t<div class=\"elementor-element elementor-element-fadce6b js__section e-flex e-con-boxed e-con e-parent\" data-id=\"fadce6b\" data-element_type=\"container\" data-e-type=\"container\">\n\t\t\t\t\t<div class=\"e-con-inner\">\n\t\t\t\t<div class=\"elementor-element elementor-element-a8df2a9 js__section--label elementor-widget elementor-widget-html\" data-id=\"a8df2a9\" data-element_type=\"widget\" data-e-type=\"widget\" data-widget_type=\"html.default\">\n\t\t\t\t<div class=\"elementor-widget-container\">\n\t\t\t\t\tProperties\t\t\t\t<\/div>\n\t\t\t\t<\/div>\n\t\t<header class=\"elementor-element elementor-element-f04e354 e-flex e-con-boxed e-con e-child\" data-id=\"f04e354\" data-element_type=\"container\" data-e-type=\"container\" data-settings=\"{&quot;background_background&quot;:&quot;classic&quot;}\">\n\t\t\t\t\t<div class=\"e-con-inner\">\n\t\t<div class=\"elementor-element elementor-element-95d0539 e-con-full e-flex e-con e-child\" data-id=\"95d0539\" data-element_type=\"container\" data-e-type=\"container\">\n\t\t\t\t<div class=\"elementor-element elementor-element-f124232 elementor-widget-tablet__width-initial elementor-widget__width-initial elementor-invisible elementor-widget elementor-widget-heading\" data-id=\"f124232\" data-element_type=\"widget\" data-e-type=\"widget\" data-settings=\"{&quot;_animation&quot;:&quot;slideInDown&quot;}\" data-widget_type=\"heading.default\">\n\t\t\t\t<div class=\"elementor-widget-container\">\n\t\t\t\t\t<h1 class=\"elementor-heading-title elementor-size-default\">Welcome to the borough of <strong>C\u00f4te-des-Neiges\/Notre-Dame-de-Gr\u00e2ce<\/strong>\u00a0<\/h1>\t\t\t\t<\/div>\n\t\t\t\t<\/div>\n\t\t\t\t<div class=\"elementor-element elementor-element-0b7aacd elementor-widget__width-initial elementor-widget-tablet__width-inherit elementor-invisible elementor-widget elementor-widget-text-editor\" data-id=\"0b7aacd\" data-element_type=\"widget\" data-e-type=\"widget\" data-settings=\"{&quot;_animation&quot;:&quot;fadeInDown&quot;}\" data-widget_type=\"text-editor.default\">\n\t\t\t\t<div class=\"elementor-widget-container\">\n\t\t\t\t\t\t\t\t\t<p>Welcome to this page dedicated to the C\u00f4te-des-Neiges\/Notre-Dame-de-Gr\u00e2ce borough in Montreal. REALTA,\u00a0<a href=\"https:\/\/realta.ca\/en\/properties-by-region\/montreal\/\">real estate agency<\/a>, is pleased to introduce you to its charming neighborhoods, friendly residents, local businesses, available services and, of course, the exceptional quality of life that this sought-after area offers both city residents and tourists.<\/p>\n\t\t\t\t\t\t\t\t<\/div>\n\t\t\t\t<\/div>\n\t\t<div class=\"elementor-element elementor-element-b84ec88 e-flex e-con-boxed e-con e-child\" data-id=\"b84ec88\" data-element_type=\"container\" data-e-type=\"container\">\n\t\t\t\t\t<div class=\"e-con-inner\">\n\t\t\t\t<div class=\"elementor-element elementor-element-10454b4 elementor-widget__width-auto elementor-mobile-align-center elementor-widget-mobile__width-inherit elementor-widget elementor-widget-button\" data-id=\"10454b4\" data-element_type=\"widget\" data-e-type=\"widget\" data-widget_type=\"button.default\">\n\t\t\t\t<div class=\"elementor-widget-container\">\n\t\t\t\t\t\t\t\t\t<div class=\"elementor-button-wrapper\">\n\t\t\t\t\t<a class=\"elementor-button elementor-button-link elementor-size-sm\" href=\"#histoire\">\n\t\t\t\t\t\t<span class=\"elementor-button-content-wrapper\">\n\t\t\t\t\t\t\t\t\t<span class=\"elementor-button-text\">For his story<\/span>\n\t\t\t\t\t<\/span>\n\t\t\t\t\t<\/a>\n\t\t\t\t<\/div>\n\t\t\t\t\t\t\t\t<\/div>\n\t\t\t\t<\/div>\n\t\t\t\t<div class=\"elementor-element elementor-element-e1e2c29 elementor-widget__width-auto elementor-mobile-align-center elementor-widget-mobile__width-inherit elementor-widget elementor-widget-button\" data-id=\"e1e2c29\" data-element_type=\"widget\" data-e-type=\"widget\" data-widget_type=\"button.default\">\n\t\t\t\t<div class=\"elementor-widget-container\">\n\t\t\t\t\t\t\t\t\t<div class=\"elementor-button-wrapper\">\n\t\t\t\t\t<a class=\"elementor-button elementor-button-link elementor-size-sm\" href=\"#quartiers\">\n\t\t\t\t\t\t<span class=\"elementor-button-content-wrapper\">\n\t\t\t\t\t\t\t\t\t<span class=\"elementor-button-text\">Neighborhoods<\/span>\n\t\t\t\t\t<\/span>\n\t\t\t\t\t<\/a>\n\t\t\t\t<\/div>\n\t\t\t\t\t\t\t\t<\/div>\n\t\t\t\t<\/div>\n\t\t\t\t<div class=\"elementor-element elementor-element-6d43853 elementor-widget__width-auto elementor-mobile-align-center elementor-widget-mobile__width-inherit elementor-widget elementor-widget-button\" data-id=\"6d43853\" data-element_type=\"widget\" data-e-type=\"widget\" data-widget_type=\"button.default\">\n\t\t\t\t<div class=\"elementor-widget-container\">\n\t\t\t\t\t\t\t\t\t<div class=\"elementor-button-wrapper\">\n\t\t\t\t\t<a class=\"elementor-button elementor-button-link elementor-size-sm\" href=\"#commerciales\">\n\t\t\t\t\t\t<span class=\"elementor-button-content-wrapper\">\n\t\t\t\t\t\t\t\t\t<span class=\"elementor-button-text\">For its commercial streets<\/span>\n\t\t\t\t\t<\/span>\n\t\t\t\t\t<\/a>\n\t\t\t\t<\/div>\n\t\t\t\t\t\t\t\t<\/div>\n\t\t\t\t<\/div>\n\t\t\t\t\t<\/div>\n\t\t\t\t<\/div>\n\t\t\t\t<\/div>\n\t\t<div class=\"elementor-element elementor-element-bd4ba86 e-con-full elementor-hidden-mobile elementor-hidden-tablet e-flex e-con e-child\" data-id=\"bd4ba86\" data-element_type=\"container\" data-e-type=\"container\">\n\t\t\t\t<div class=\"elementor-element elementor-element-018d31a elementor-widget elementor-widget-image\" data-id=\"018d31a\" data-element_type=\"widget\" data-e-type=\"widget\" data-widget_type=\"image.default\">\n\t\t\t\t<div class=\"elementor-widget-container\">\n\t\t\t\t\t\t\t\t\t\t\t\t\t\t\t<img fetchpriority=\"high\" decoding=\"async\" width=\"500\" height=\"279\" src=\"https:\/\/realta.ca\/wp-content\/uploads\/2024\/06\/realta_region_cdnndg_header.png\" class=\"attachment-full size-full wp-image-32106\" alt=\"\" srcset=\"https:\/\/realta.ca\/wp-content\/uploads\/2024\/06\/realta_region_cdnndg_header.png 500w, https:\/\/realta.ca\/wp-content\/uploads\/2024\/06\/realta_region_cdnndg_header-300x167.png 300w\" sizes=\"(max-width: 500px) 100vw, 500px\" \/>\t\t\t\t\t\t\t\t\t\t\t\t\t\t\t<\/div>\n\t\t\t\t<\/div>\n\t\t\t\t<\/div>\n\t\t\t\t\t<\/div>\n\t\t\t\t<\/header>\n\t\t<section class=\"elementor-element elementor-element-a4c1543 e-flex e-con-boxed e-con e-child\" data-id=\"a4c1543\" data-element_type=\"container\" data-e-type=\"container\" id=\"propriete__liste--content\">\n\t\t\t\t\t<div class=\"e-con-inner\">\n\t\t\t\t<div class=\"elementor-element elementor-element-4d42fdd elementor-widget elementor-widget-shortcode\" data-id=\"4d42fdd\" data-element_type=\"widget\" data-e-type=\"widget\" data-widget_type=\"shortcode.default\">\n\t\t\t\t<div class=\"elementor-widget-container\">\n\t\t\t\t\t\t\t<div class=\"elementor-shortcode\"><div class=\"si si-list-of-item direct-layout si-list-of-listings \" \r\n    style=\"--desktop-column-width:3;--laptop-column-width:3;--tablet-column-width:2;--mobile-column-width:1\"  \r\n        si-lazy-load>\r\n    <script id=\"static-data-for-listingcity\">if(typeof $statics == \"undefined\"){$statics = {};}$statics.listingcity = {};$statics.listingcity.configs = {\"access_token\":\"vwAAAB+LCAAAAAAABAAdy0sKAjEMANC7dG0kTZN+5hyu3AxpJ4VB0EFGUMS7W33793br4ibXjVCKLcBqCuxzANWq4LWK50po1NzBaWu3x3Wf\\\/8d84U7YoYt04BgTlFgUTDVmah0l2e9s63yx1wgxq1ALC6CFNkJXqBYVoqZUJXQs7Eew57bebV50t5EIKQIyUDoRTSFPQseQSiYuZ\\\/f5AgC+qj6\\\/AAAA\",\"source\":{\"id\":\"c2c07cb5-2208-4d99-9011-e79f8e126230\",\"name\":\"Realta\",\"account_id\":\"e194f20f-f55f-4667-969a-eaa682cf057e\",\"max_item_count\":0},\"alias\":\"listing-city\",\"limit\":50,\"type\":\"listings\",\"filter_group\":{\"operator\":\"and\",\"filters\":[],\"filter_groups\":[]},\"show_filter_tags\":true,\"sort\":\"contract_start_date\",\"sort_reverse\":true,\"searchable\":true,\"sortable\":true,\"mappable\":true,\"show_list_meta\":false,\"list_layout\":{\"lang\":\"\",\"type\":\"standard\",\"preset\":\"direct\",\"layout\":\"standard\",\"scope_class\":\"\",\"page\":null,\"page_not_found_code\":404,\"page_not_found\":null,\"image_hover_effect\":\"none\",\"secondary_layer_effect\":\"fade\",\"displayed_vars\":{\"main\":null,\"secondary\":null},\"styles\":null,\"use_styles\":true,\"primary_layer_position\":\"fix\",\"secondary_layer_bg_opacity\":75,\"isolation\":\"inherit\",\"item_row_space\":{\"desktop\":3,\"laptop\":3,\"tablet\":2,\"mobile\":1},\"custom_css\":\"\",\"communication_mode\":\"basic\",\"form_id\":\"\",\"form_url\":\"\"},\"list_item_layout\":{\"lang\":\"\",\"type\":\"standard\",\"preset\":\"standard\",\"layout\":\"standard\",\"scope_class\":\"\",\"page\":null,\"page_not_found_code\":404,\"page_not_found\":null,\"image_hover_effect\":\"gallery\",\"secondary_layer_effect\":\"fade\",\"displayed_vars\":{\"main\":[{\"key\":\"photo\",\"classes\":\"si-float-anchor\"},{\"key\":\"group\",\"classes\":\"si-padding-block si-resume-texte\",\"items\":[{\"key\":\"city\",\"classes\":[]},{\"key\":\"address\",\"classes\":[]}]},{\"key\":\"flags\",\"classes\":\"si-float-top-right\"},{\"key\":\"open_houses\",\"classes\":\"si-float-top-left si-background-medium-contrast si-padding-size-half\"},{\"key\":\"price\",\"classes\":\"si-padding-block\"}]},\"styles\":\"{\\\"--high-contrast-color\\\":\\\"transparent\\\",\\\"--high-contrast-text-color\\\":\\\"#054A59\\\",\\\"--medium-contrast-text-color\\\":\\\"#054A59\\\",\\\"--medium-contrast-color\\\":\\\"transparent\\\",\\\"--text-color\\\":\\\"#054A59\\\"}\",\"use_styles\":true,\"primary_layer_position\":\"fix\",\"secondary_layer_bg_opacity\":75,\"isolation\":\"inherit\",\"item_row_space\":{\"desktop\":25,\"laptop\":33,\"tablet\":50,\"mobile\":100},\"custom_css\":\"\",\"communication_mode\":\"basic\",\"form_id\":\"\",\"form_url\":\"\"},\"browse_mode\":null,\"shuffle\":false,\"default_zoom_level\":\"auto\",\"smart_focus_tolerance\":5,\"search_engine_options\":{\"type\":\"full\",\"orientation\":\"h\",\"focus_category\":[],\"sticky\":false,\"tabs\":[],\"tabbed\":false,\"filter_tags\":\"none\",\"scope_class\":\"\",\"search_box_placeholder\":{\"en\":\"Address, Centris number, city\",\"fr\":\"Adresse, num\\u00e9ro Centris, municipalit\\u00e9\"},\"fields\":[]},\"search_token\":\"wQAAAB+LCAAAAAAABABVjUEKAyEMRe\\\/y1y666carlCKisRWcicQILYN3rzMwLd3l57+XbEi5KIl7CPcKu4EriVcW2Iv5Kxvs7X6ujjAMFv9yWWlxgfuqsNcpNRZ1KVOJO7XhGGFRJbNkfcMgUguwyZdGw\\\/yIwKuKD+qa+nkjeqUvrNJpzP\\\/t2VMqdNof\\\/IPmcMEAAAA=\",\"priority_group_sort\":\"priority-asc\",\"is_default_type_configs\":false,\"allow_split_view\":false,\"allow_theme_override\":false,\"from_archive\":false};$statics.listingcity.data = [{\"id\":\"ac9ccbe7-da9a-41a3-9ce7-c4b8fab5355c\",\"ref_number\":\"15791918\",\"status_code\":\"AVAILABLE\",\"category_code\":\"RESIDENTIAL\",\"subcategory_code\":\"AP\",\"market_codes\":[\"RES\"],\"description\":\"In the heart of the Willowdale enclave, elegant and full of character, this generously proportioned property is located on the second floor of a period duplex and stands out for its carefully preserved architectural details. Crowned with an imposing turret, it evokes the timeless charm of residences of a bygone era.\\r\\n\",\"availability_date\":\"2026-06-23T00:00:00Z\",\"available_area\":1834,\"available_area_sf\":1834,\"available_area_unit_code\":\"SF\",\"video_flag\":false,\"virtual_tour_flag\":false,\"contract\":{\"start_date\":\"2026-04-22T00:00:00Z\"},\"for_sale_flag\":true,\"for_rent_flag\":false,\"price\":{\"sell\":{\"amount\":1079000,\"currency\":\"CAD\"},\"foreclosure\":false},\"location\":{\"address\":{\"street_number\":\"5595\",\"street_name\":\"Av. Wilderton\",\"postal_code\":\"H3T 1S1\"},\"country_code\":\"CAN\",\"state_code\":\"QC\",\"region_code\":\"06\",\"city_code\":\"66501\",\"district_code\":\"66501-A\",\"longitude\":-73.6174752699999999094870872795581817626953125,\"latitude\":45.5076469199999991133154253475368022918701171875,\"civic_address\":\"5595 Av. Wilderton\",\"city\":\"Montr\\u00e9al (C\\u00f4te-des-Neiges\\\/Notre-Dame-de-Gr\\u00e2ce)\",\"region\":\"Montr\\u00e9al\",\"district\":\"C\\u00f4te-des-Neiges\",\"full_address\":\"5595 Av. Wilderton, Montr\\u00e9al (C\\u00f4te-des-Neiges\\\/Notre-Dame-de-Gr\\u00e2ce)\"},\"building\":{\"category_code\":\"DE\",\"total_levels\":2,\"construction_year\":1935,\"assessment\":{\"amount\":695300,\"currency\":\"CAD\",\"year\":2026},\"dimension\":{}},\"land\":{\"assessment\":{\"amount\":329200,\"currency\":\"CAD\",\"year\":2026},\"dimension\":{}},\"main_unit\":{\"room_count\":8,\"bedroom_count\":4,\"bathroom_count\":2,\"waterroom_count\":0},\"photo_url\":\"https:\\\/\\\/blob.source.immo\\\/pic\\\/lis-d3HdvSe_JUCxoiSmpIJeaQ-v1-sm.jpg\",\"brokers_count\":1,\"brokers_ids\":[\"31c0b95e-1a85-4ba2-b010-d040a548e44d\"],\"brokers_ref_numbers\":[\"75573\"],\"offices_count\":1,\"offices_ids\":[\"96c19ecb-423d-4488-b44f-8889b15f90fc\"],\"offices_ref_numbers\":[\"500255\"],\"agencies_ids\":[\"cf8eadf7-b7a3-4bb7-a4f8-adec9bd321a2\"],\"agencies_ref_numbers\":[\"500255\"],\"tag_ids\":[],\"attributes\":{\"HEART_STOVE\":true,\"PARKING\":1,\"PARKING_GARAGE\":1,\"GARAGE\":true},\"priority\":1,\"priority_group_key\":\"for_sale\",\"is_new\":true,\"caption\":\"\",\"category\":\"Residential\",\"transaction\":\"For sale\",\"subcategory\":\"Apartment \\\/ Condo\",\"status\":\"Available\",\"price_text\":\"$1,079,000\",\"available_area_unit\":\"sf\",\"counters\":{\"rooms\":{\"bed\":{\"count\":4,\"label\":\"Bedrooms\"},\"bath\":{\"count\":2,\"label\":\"Bathrooms\"}}},\"tags\":[{\"label\":\"New\"}],\"has_custom_page\":false,\"permalink\":\"\\\/en\\\/listings\\\/montreal\\\/montreal-cote-des-neiges-notre-dame-de-grace\\\/for-sale\\\/15791918\\\/\"},{\"id\":\"0fdf6bee-83a0-44b1-97cb-a3925706d14a\",\"ref_number\":\"26663978\",\"status_code\":\"SOLD\",\"category_code\":\"RESIDENTIAL\",\"subcategory_code\":\"CT\",\"market_codes\":[\"RES\"],\"description\":\"Detached home meticulously maintained, offering 4 bedrooms and an extension of approximately 350 sq.ft. adding bright living space enhanced by generous windows. The living areas are well proportioned and functional, including a living room with a wood-burning fireplace and a finished basement. Several improvements have been completed over the years, including the roof, windows, and installation of a French drain. Fenced lot with a private yard, garage, and carport. Sought-after location in NDG, close to schools, parks, public transit, and services. Property has benefited from consistent upkeep.\\r\\n\",\"availability_delay\":120,\"video_flag\":false,\"virtual_tour_flag\":false,\"contract\":{\"start_date\":\"2026-03-25T00:00:00Z\"},\"for_sale_flag\":true,\"for_rent_flag\":false,\"price\":{\"sell\":{\"amount\":875000,\"currency\":\"CAD\"},\"foreclosure\":false},\"location\":{\"address\":{\"street_number\":\"5215\",\"street_name\":\"Av. Patricia\",\"postal_code\":\"H4V 1Y9\"},\"country_code\":\"CAN\",\"state_code\":\"QC\",\"region_code\":\"06\",\"city_code\":\"66501\",\"district_code\":\"66501-B\",\"longitude\":-73.6521939999999943893271847628057003021240234375,\"latitude\":45.45969600000000099271346698515117168426513671875,\"civic_address\":\"5215 Av. Patricia\",\"city\":\"Montr\\u00e9al (C\\u00f4te-des-Neiges\\\/Notre-Dame-de-Gr\\u00e2ce)\",\"region\":\"Montr\\u00e9al\",\"district\":\"Notre-Dame-de-Gr\\u00e2ce\",\"full_address\":\"5215 Av. Patricia, Montr\\u00e9al (C\\u00f4te-des-Neiges\\\/Notre-Dame-de-Gr\\u00e2ce)\"},\"building\":{\"category_code\":\"DE\",\"construction_year\":1948,\"assessment\":{\"amount\":323600,\"currency\":\"CAD\",\"year\":2026},\"dimension\":{\"area_sf\":1083.49632677999989027739502489566802978515625,\"width\":7.62000000000000010658141036401502788066864013671875,\"length\":13.21000000000000085265128291212022304534912109375,\"unit_code\":\"M\"}},\"land\":{\"assessment\":{\"amount\":473100,\"currency\":\"CAD\",\"year\":2026},\"dimension\":{\"area\":453.19999999999998863131622783839702606201171875,\"area_sf\":4878.1994800000002214801497757434844970703125,\"area_unit_code\":\"SM\",\"width\":15.2400000000000002131628207280300557613372802734375,\"length\":29.739999999999998436805981327779591083526611328125,\"unit_code\":\"M\"}},\"main_unit\":{\"room_count\":11,\"bedroom_count\":4,\"bathroom_count\":1,\"waterroom_count\":1},\"photo_url\":\"https:\\\/\\\/blob.source.immo\\\/pic\\\/lis-Nd0LjgC5XkK5xaIXmn4V0g-v1-sm.jpg\",\"brokers_count\":1,\"brokers_ids\":[\"4bcf7ea6-fc5e-4760-a366-74f05b23f5b3\"],\"brokers_ref_numbers\":[\"104605\"],\"offices_count\":1,\"offices_ids\":[\"96c19ecb-423d-4488-b44f-8889b15f90fc\"],\"offices_ref_numbers\":[\"500255\"],\"agencies_ids\":[\"cf8eadf7-b7a3-4bb7-a4f8-adec9bd321a2\"],\"agencies_ref_numbers\":[\"500255\"],\"tag_ids\":[],\"attributes\":{\"HEART_STOVE\":true,\"PARKING\":2,\"PARKING_GARAGE\":1,\"GARAGE\":true},\"priority\":2,\"priority_group_key\":\"sold\",\"is_new\":false,\"caption\":\"\",\"category\":\"Residential\",\"transaction\":\"For sale\",\"subcategory\":\"Two or more storey\",\"status\":\"Sold\",\"price_text\":\"Sold\",\"available_area\":null,\"available_area_unit\":null,\"counters\":{\"rooms\":{\"bed\":{\"count\":4,\"label\":\"Bedrooms\"},\"bath\":{\"count\":1,\"label\":\"Bathroom\"},\"hand-holding-water\":{\"count\":1,\"label\":\"Powder room\"}}},\"tags\":[],\"has_custom_page\":false,\"permalink\":\"\\\/en\\\/listings\\\/montreal\\\/montreal-cote-des-neiges-notre-dame-de-grace\\\/for-sale\\\/26663978\\\/\"},{\"id\":\"249f8f1d-f157-4bf9-823b-03bead34fe86\",\"ref_number\":\"17840376\",\"status_code\":\"AVAILABLE\",\"category_code\":\"RESIDENTIAL\",\"subcategory_code\":\"AP\",\"market_codes\":[\"RES\"],\"description\":\"For sale -- In the heart of Monkland Village, beautiful condo located on the 2nd floor of an undivided co-ownership building offering three closed bedrooms, with renovated kitchen and bathroom. Very bright, the unit also features a balcony overlooking the inner courtyard, a shared rooftop terrace and a storage space in the basement. A dream location in Notre-Dame-de-Gr\\u00e2ce, just steps from Monkland Avenue and its services, shops and restaurants, less than eight minutes from Villa-Maria metro station and close to several parks, daycares, schools, colleges and universities. A unique opportunity -- a must see!\\r\\n\",\"availability_delay\":150,\"available_area\":84.7000000000000028421709430404007434844970703125,\"available_area_sf\":911.7023299999999608189682476222515106201171875,\"available_area_unit_code\":\"SM\",\"video_flag\":false,\"virtual_tour_flag\":false,\"contract\":{\"start_date\":\"2026-03-09T00:00:00Z\"},\"for_sale_flag\":true,\"for_rent_flag\":false,\"price\":{\"sell\":{\"amount\":485000,\"currency\":\"CAD\"},\"foreclosure\":false},\"location\":{\"address\":{\"door\":\"apt. 7\",\"street_number\":\"4510\",\"street_name\":\"Av. Girouard\",\"postal_code\":\"H4A 3E6\"},\"country_code\":\"CAN\",\"state_code\":\"QC\",\"region_code\":\"06\",\"city_code\":\"66501\",\"district_code\":\"66501-B\",\"longitude\":-73.6254789999999985639078659005463123321533203125,\"latitude\":45.47831099999999793226379551924765110015869140625,\"civic_address\":\"4510 Av. Girouard, apt. 7\",\"city\":\"Montr\\u00e9al (C\\u00f4te-des-Neiges\\\/Notre-Dame-de-Gr\\u00e2ce)\",\"region\":\"Montr\\u00e9al\",\"district\":\"Notre-Dame-de-Gr\\u00e2ce\",\"full_address\":\"4510 Av. Girouard, apt. 7, Montr\\u00e9al (C\\u00f4te-des-Neiges\\\/Notre-Dame-de-Gr\\u00e2ce)\"},\"building\":{\"category_code\":\"AT\",\"total_levels\":3,\"construction_year\":1929,\"dimension\":{}},\"land\":{\"dimension\":{\"area\":5305.5299999999997453414835035800933837890625,\"area_sf\":5305.5299999999997453414835035800933837890625,\"area_unit_code\":\"SF\"}},\"main_unit\":{\"room_count\":6,\"bedroom_count\":3,\"bathroom_count\":1,\"waterroom_count\":0},\"photo_url\":\"https:\\\/\\\/blob.source.immo\\\/pic\\\/lis-TwXyXSw5a06Dw5_NJ4TuNw-v1-sm.jpg\",\"brokers_count\":1,\"brokers_ids\":[\"48743390-f4c4-4315-81f9-fba76b0c44a4\"],\"brokers_ref_numbers\":[\"115280\"],\"offices_count\":1,\"offices_ids\":[\"96c19ecb-423d-4488-b44f-8889b15f90fc\"],\"offices_ref_numbers\":[\"500255\"],\"agencies_ids\":[\"cf8eadf7-b7a3-4bb7-a4f8-adec9bd321a2\"],\"agencies_ref_numbers\":[\"500255\"],\"tag_ids\":[],\"priority\":1,\"priority_group_key\":\"for_sale\",\"is_new\":false,\"caption\":\"\",\"category\":\"Residential\",\"transaction\":\"For sale\",\"subcategory\":\"Apartment \\\/ Condo\",\"status\":\"Available\",\"price_text\":\"$485,000\",\"available_area_unit\":\"sm\",\"counters\":{\"rooms\":{\"bed\":{\"count\":3,\"label\":\"Bedrooms\"},\"bath\":{\"count\":1,\"label\":\"Bathroom\"}}},\"tags\":[],\"has_custom_page\":false,\"permalink\":\"\\\/en\\\/listings\\\/montreal\\\/montreal-cote-des-neiges-notre-dame-de-grace\\\/for-sale\\\/17840376\\\/\"},{\"id\":\"bdebb799-44ba-4662-8e88-ff84fd11c229\",\"ref_number\":\"25434171\",\"status_code\":\"SOLD\",\"category_code\":\"RESIDENTIAL\",\"subcategory_code\":\"AP\",\"market_codes\":[\"RES\"],\"description\":\"The Mont-Royal Sanctuary, Phase III is a sought-after address offering a peaceful and refined setting. This apartment benefits from a well-designed layout and a highly desirable location on the garden level. This unique feature within the building makes it a rare opportunity. With its classic charm, it embodies a place where one can fully appreciate a superior quality of life.\\r\\n\",\"availability_date\":\"2026-05-01T00:00:00Z\",\"available_area\":1372,\"available_area_sf\":1372,\"available_area_unit_code\":\"SF\",\"video_flag\":false,\"virtual_tour_flag\":false,\"contract\":{\"start_date\":\"2025-10-31T00:00:00Z\"},\"for_sale_flag\":true,\"for_rent_flag\":false,\"price\":{\"sell\":{\"amount\":789000,\"currency\":\"CAD\"},\"foreclosure\":false},\"location\":{\"address\":{\"door\":\"apt. 1K\",\"street_number\":\"6150\",\"street_name\":\"Av. du Bois\\u00e9\",\"postal_code\":\"H3S 2V2\"},\"country_code\":\"CAN\",\"state_code\":\"QC\",\"region_code\":\"06\",\"city_code\":\"66501\",\"district_code\":\"66501-A\",\"longitude\":-73.62232000000000198269844986498355865478515625,\"latitude\":45.5111500000000006593836587853729724884033203125,\"civic_address\":\"6150 Av. du Bois\\u00e9, apt. 1K\",\"city\":\"Montr\\u00e9al (C\\u00f4te-des-Neiges\\\/Notre-Dame-de-Gr\\u00e2ce)\",\"region\":\"Montr\\u00e9al\",\"district\":\"C\\u00f4te-des-Neiges\",\"full_address\":\"6150 Av. du Bois\\u00e9, apt. 1K, Montr\\u00e9al (C\\u00f4te-des-Neiges\\\/Notre-Dame-de-Gr\\u00e2ce)\"},\"building\":{\"category_code\":\"DE\",\"total_levels\":14,\"construction_year\":1985,\"assessment\":{\"amount\":692000,\"currency\":\"CAD\",\"year\":2025},\"dimension\":{}},\"land\":{\"assessment\":{\"amount\":158600,\"currency\":\"CAD\",\"year\":2025},\"dimension\":{}},\"main_unit\":{\"room_count\":6,\"bedroom_count\":2,\"bathroom_count\":2,\"waterroom_count\":0},\"photo_url\":\"https:\\\/\\\/blob.source.immo\\\/pic\\\/lis-zGgYREgq7E-R9Hk2MOLcFA-v1-sm.jpg\",\"brokers_count\":3,\"brokers_ids\":[\"31c0b95e-1a85-4ba2-b010-d040a548e44d\",\"5f3de870-db74-4dca-a37d-6c792473d8bb\",\"6529c435-0ac3-4822-a5c0-2d1fcb8939bf\"],\"brokers_ref_numbers\":[\"75573\",\"81760\",\"116145\"],\"offices_count\":1,\"offices_ids\":[\"96c19ecb-423d-4488-b44f-8889b15f90fc\"],\"offices_ref_numbers\":[\"500255\"],\"agencies_ids\":[\"cf8eadf7-b7a3-4bb7-a4f8-adec9bd321a2\"],\"agencies_ref_numbers\":[\"500255\"],\"tag_ids\":[],\"attributes\":{\"ELEVATOR\":true,\"PARKING\":1,\"PARKING_GARAGE\":1,\"GARAGE\":true},\"priority\":2,\"priority_group_key\":\"sold\",\"is_new\":false,\"caption\":\"\",\"category\":\"Residential\",\"transaction\":\"For sale\",\"subcategory\":\"Apartment \\\/ Condo\",\"status\":\"Sold\",\"price_text\":\"Sold\",\"available_area_unit\":\"sf\",\"counters\":{\"rooms\":{\"bed\":{\"count\":2,\"label\":\"Bedrooms\"},\"bath\":{\"count\":2,\"label\":\"Bathrooms\"}}},\"tags\":[],\"has_custom_page\":false,\"permalink\":\"\\\/en\\\/listings\\\/montreal\\\/montreal-cote-des-neiges-notre-dame-de-grace\\\/for-sale\\\/25434171\\\/\"}];<\/script><div class=\"si-static-controller\" ng-controller=\"staticDataCtrl\" ng-init=\"init('listingcity')\"><\/div><div class=\"si-list\"><div class=\"item-15791918 city-66501\" style=\"--si-item-index:0\">\r\n<article class=\"si-item si-listing-item si-single-layer-item-layout si-background si-is-new si-has-flags  si-style-standard si-img-hover-effect-gallery\" \r\n    data-test=\"true\"\r\n    data-ng-mouseover=\"handleListItemOver($event,item)\"\r\n    data-si-hover-class=\"\"\r\n    si-image-rotator=\"15791918:listing-city\" itemscope itemtype=\"http:\/\/schema.org\/Residence\">\r\n    <a itemprop=\"url\" href=\"\/en\/listings\/montreal\/montreal-cote-des-neiges-notre-dame-de-grace\/for-sale\/15791918\/\">\r\n        <div class=\"si-item-content\">\r\n            <div class=\"si-layer-container\">\r\n                <div class=\"si-layer si-main-layer\" style=\"\"><div class=\"si-layer-content\">      <div si-lazy-load class=\"si-image si-lazy-loading si-float-anchor\" >\r\n          <img data-si-src=\"https:\/\/blob.source.immo\/pic\/lis-d3HdvSe_JUCxoiSmpIJeaQ-v1-sm.jpg\" data-si-error-src=\"https:\/\/api-v1.source.immo\/lib\/wordpress\/v4.1.0\/styles\/assets\/shadow_listing.jpg\" data-si-srcset=\"https:\/\/blob.source.immo\/pic\/lis-d3HdvSe_JUCxoiSmpIJeaQ-v1-sm.jpg\" data-si-quality-preference=\"\" \/>\r\n      <\/div>         \r\n      <div class=\"si-label-group si-padding-block si-resume-texte\" si-anchor-to=\"si-float-anchor\" style=\"--items-count:2\"><div class=\"si-label si-city notranslate\" si-anchor-to=\"si-float-anchor\">Montr\u00e9al (C\u00f4te-des-Neiges\/Notre-Dame-de-Gr\u00e2ce)<\/div><div class=\"si-label si-address notranslate\" si-anchor-to=\"si-float-anchor\">5595 Av. Wilderton<\/div><\/div>      <div class=\"si-flags si-float-top-right si-padding si-padding-size-slim\" si-anchor-to=\"si-float-anchor\" si-hide-empty=\"hard\">\r\n          <div class=\"si-flag si-video\"><si-icon title=\"{{'Video'.siTranslate()}}\">video<\/si-icon> <span class=\"si-label\">{{'Video'.siTranslate()}}<\/span><\/div>\r\n          <div class=\"si-flag si-virtual-tour\"><si-icon title=\"{{'Virtual tour'.siTranslate()}}\">vr-cardboard<\/si-icon> <span class=\"si-label\">{{'Virtual tour'.siTranslate()}}<\/span><\/div>\r\n          <div class=\"si-flag si-new-item\"><si-icon title=\"{{'New'.siTranslate()}}\">star<\/si-icon> <span class=\"si-label\">{{'New'.siTranslate()}}<\/span><\/div>\r\n      <\/div>\r\n            <div class=\"si-label si-open-houses si-float-top-left si-background-medium-contrast si-padding-size-half\" si-anchor-to=\"si-float-anchor\" si-hide-empty=\"hard\" si-hide-empty=\"hard\">\r\n          <div class=\"si-open-house-item\">\r\n              <si-icon>calendar-alt<\/si-icon> <span>{{'Open house'.siTranslate()}}<\/span> <span am-time-ago=\"item.open_houses[0].start_date\"><\/span>\r\n          <\/div>\r\n      <\/div>\r\n      <div class=\"si-label si-padding-block si-price\"  si-anchor-to=\"si-float-anchor\">$1,079,000<\/div><div class=\"si-label si-padding-block si-price-sold\"  si-anchor-to=\"si-float-anchor\">$1,079,000<\/div><\/div><\/div>            <\/div>\r\n        <\/div>\r\n    <\/a>\r\n<\/article><\/div><div class=\"item-26663978 city-66501\" style=\"--si-item-index:1\">\r\n<article class=\"si-item si-listing-item si-single-layer-item-layout si-background si-sold  si-style-standard si-img-hover-effect-gallery si-sold\" \r\n    data-test=\"true\"\r\n    data-ng-mouseover=\"handleListItemOver($event,item)\"\r\n    data-si-hover-class=\"\"\r\n    si-image-rotator=\"26663978:listing-city\" itemscope itemtype=\"http:\/\/schema.org\/Residence\">\r\n    <a itemprop=\"url\" href=\"\/en\/listings\/montreal\/montreal-cote-des-neiges-notre-dame-de-grace\/for-sale\/26663978\/\">\r\n        <div class=\"si-item-content\">\r\n            <div class=\"si-layer-container\">\r\n                <div class=\"si-layer si-main-layer\" style=\"\"><div class=\"si-layer-content\">      <div si-lazy-load class=\"si-image si-lazy-loading si-float-anchor\" >\r\n          <img data-si-src=\"https:\/\/blob.source.immo\/pic\/lis-Nd0LjgC5XkK5xaIXmn4V0g-v1-sm.jpg\" data-si-error-src=\"https:\/\/api-v1.source.immo\/lib\/wordpress\/v4.1.0\/styles\/assets\/shadow_listing.jpg\" data-si-srcset=\"https:\/\/blob.source.immo\/pic\/lis-Nd0LjgC5XkK5xaIXmn4V0g-v1-sm.jpg\" data-si-quality-preference=\"\" \/>\r\n      <\/div>         \r\n      <div class=\"si-label-group si-padding-block si-resume-texte\" si-anchor-to=\"si-float-anchor\" style=\"--items-count:2\"><div class=\"si-label si-city notranslate\" si-anchor-to=\"si-float-anchor\">Montr\u00e9al (C\u00f4te-des-Neiges\/Notre-Dame-de-Gr\u00e2ce)<\/div><div class=\"si-label si-address notranslate\" si-anchor-to=\"si-float-anchor\">5215 Av. Patricia<\/div><\/div>      <div class=\"si-flags si-float-top-right si-padding si-padding-size-slim\" si-anchor-to=\"si-float-anchor\" si-hide-empty=\"hard\">\r\n          <div class=\"si-flag si-video\"><si-icon title=\"{{'Video'.siTranslate()}}\">video<\/si-icon> <span class=\"si-label\">{{'Video'.siTranslate()}}<\/span><\/div>\r\n          <div class=\"si-flag si-virtual-tour\"><si-icon title=\"{{'Virtual tour'.siTranslate()}}\">vr-cardboard<\/si-icon> <span class=\"si-label\">{{'Virtual tour'.siTranslate()}}<\/span><\/div>\r\n          <div class=\"si-flag si-new-item\"><si-icon title=\"{{'New'.siTranslate()}}\">star<\/si-icon> <span class=\"si-label\">{{'New'.siTranslate()}}<\/span><\/div>\r\n      <\/div>\r\n            <div class=\"si-label si-open-houses si-float-top-left si-background-medium-contrast si-padding-size-half\" si-anchor-to=\"si-float-anchor\" si-hide-empty=\"hard\" si-hide-empty=\"hard\">\r\n          <div class=\"si-open-house-item\">\r\n              <si-icon>calendar-alt<\/si-icon> <span>{{'Open house'.siTranslate()}}<\/span> <span am-time-ago=\"item.open_houses[0].start_date\"><\/span>\r\n          <\/div>\r\n      <\/div>\r\n      <div class=\"si-label si-padding-block si-price\"  si-anchor-to=\"si-float-anchor\">Sold<\/div><div class=\"si-label si-padding-block si-price-sold\"  si-anchor-to=\"si-float-anchor\">Sold<\/div><\/div><\/div>            <\/div>\r\n        <\/div>\r\n    <\/a>\r\n<\/article><\/div><div class=\"item-17840376 city-66501\" style=\"--si-item-index:2\">\r\n<article class=\"si-item si-listing-item si-single-layer-item-layout si-background  si-style-standard si-img-hover-effect-gallery\" \r\n    data-test=\"true\"\r\n    data-ng-mouseover=\"handleListItemOver($event,item)\"\r\n    data-si-hover-class=\"\"\r\n    si-image-rotator=\"17840376:listing-city\" itemscope itemtype=\"http:\/\/schema.org\/Residence\">\r\n    <a itemprop=\"url\" href=\"\/en\/listings\/montreal\/montreal-cote-des-neiges-notre-dame-de-grace\/for-sale\/17840376\/\">\r\n        <div class=\"si-item-content\">\r\n            <div class=\"si-layer-container\">\r\n                <div class=\"si-layer si-main-layer\" style=\"\"><div class=\"si-layer-content\">      <div si-lazy-load class=\"si-image si-lazy-loading si-float-anchor\" >\r\n          <img data-si-src=\"https:\/\/blob.source.immo\/pic\/lis-TwXyXSw5a06Dw5_NJ4TuNw-v1-sm.jpg\" data-si-error-src=\"https:\/\/api-v1.source.immo\/lib\/wordpress\/v4.1.0\/styles\/assets\/shadow_listing.jpg\" data-si-srcset=\"https:\/\/blob.source.immo\/pic\/lis-TwXyXSw5a06Dw5_NJ4TuNw-v1-sm.jpg\" data-si-quality-preference=\"\" \/>\r\n      <\/div>         \r\n      <div class=\"si-label-group si-padding-block si-resume-texte\" si-anchor-to=\"si-float-anchor\" style=\"--items-count:2\"><div class=\"si-label si-city notranslate\" si-anchor-to=\"si-float-anchor\">Montr\u00e9al (C\u00f4te-des-Neiges\/Notre-Dame-de-Gr\u00e2ce)<\/div><div class=\"si-label si-address notranslate\" si-anchor-to=\"si-float-anchor\">4510 Av. Girouard, apt. 7<\/div><\/div>      <div class=\"si-flags si-float-top-right si-padding si-padding-size-slim\" si-anchor-to=\"si-float-anchor\" si-hide-empty=\"hard\">\r\n          <div class=\"si-flag si-video\"><si-icon title=\"{{'Video'.siTranslate()}}\">video<\/si-icon> <span class=\"si-label\">{{'Video'.siTranslate()}}<\/span><\/div>\r\n          <div class=\"si-flag si-virtual-tour\"><si-icon title=\"{{'Virtual tour'.siTranslate()}}\">vr-cardboard<\/si-icon> <span class=\"si-label\">{{'Virtual tour'.siTranslate()}}<\/span><\/div>\r\n          <div class=\"si-flag si-new-item\"><si-icon title=\"{{'New'.siTranslate()}}\">star<\/si-icon> <span class=\"si-label\">{{'New'.siTranslate()}}<\/span><\/div>\r\n      <\/div>\r\n            <div class=\"si-label si-open-houses si-float-top-left si-background-medium-contrast si-padding-size-half\" si-anchor-to=\"si-float-anchor\" si-hide-empty=\"hard\" si-hide-empty=\"hard\">\r\n          <div class=\"si-open-house-item\">\r\n              <si-icon>calendar-alt<\/si-icon> <span>{{'Open house'.siTranslate()}}<\/span> <span am-time-ago=\"item.open_houses[0].start_date\"><\/span>\r\n          <\/div>\r\n      <\/div>\r\n      <div class=\"si-label si-padding-block si-price\"  si-anchor-to=\"si-float-anchor\">$485,000<\/div><div class=\"si-label si-padding-block si-price-sold\"  si-anchor-to=\"si-float-anchor\">$485,000<\/div><\/div><\/div>            <\/div>\r\n        <\/div>\r\n    <\/a>\r\n<\/article><\/div><div class=\"item-25434171 city-66501\" style=\"--si-item-index:3\">\r\n<article class=\"si-item si-listing-item si-single-layer-item-layout si-background si-sold  si-style-standard si-img-hover-effect-gallery si-sold\" \r\n    data-test=\"true\"\r\n    data-ng-mouseover=\"handleListItemOver($event,item)\"\r\n    data-si-hover-class=\"\"\r\n    si-image-rotator=\"25434171:listing-city\" itemscope itemtype=\"http:\/\/schema.org\/Residence\">\r\n    <a itemprop=\"url\" href=\"\/en\/listings\/montreal\/montreal-cote-des-neiges-notre-dame-de-grace\/for-sale\/25434171\/\">\r\n        <div class=\"si-item-content\">\r\n            <div class=\"si-layer-container\">\r\n                <div class=\"si-layer si-main-layer\" style=\"\"><div class=\"si-layer-content\">      <div si-lazy-load class=\"si-image si-lazy-loading si-float-anchor\" >\r\n          <img data-si-src=\"https:\/\/blob.source.immo\/pic\/lis-zGgYREgq7E-R9Hk2MOLcFA-v1-sm.jpg\" data-si-error-src=\"https:\/\/api-v1.source.immo\/lib\/wordpress\/v4.1.0\/styles\/assets\/shadow_listing.jpg\" data-si-srcset=\"https:\/\/blob.source.immo\/pic\/lis-zGgYREgq7E-R9Hk2MOLcFA-v1-sm.jpg\" data-si-quality-preference=\"\" \/>\r\n      <\/div>         \r\n      <div class=\"si-label-group si-padding-block si-resume-texte\" si-anchor-to=\"si-float-anchor\" style=\"--items-count:2\"><div class=\"si-label si-city notranslate\" si-anchor-to=\"si-float-anchor\">Montr\u00e9al (C\u00f4te-des-Neiges\/Notre-Dame-de-Gr\u00e2ce)<\/div><div class=\"si-label si-address notranslate\" si-anchor-to=\"si-float-anchor\">6150 Av. du Bois\u00e9, apt. 1K<\/div><\/div>      <div class=\"si-flags si-float-top-right si-padding si-padding-size-slim\" si-anchor-to=\"si-float-anchor\" si-hide-empty=\"hard\">\r\n          <div class=\"si-flag si-video\"><si-icon title=\"{{'Video'.siTranslate()}}\">video<\/si-icon> <span class=\"si-label\">{{'Video'.siTranslate()}}<\/span><\/div>\r\n          <div class=\"si-flag si-virtual-tour\"><si-icon title=\"{{'Virtual tour'.siTranslate()}}\">vr-cardboard<\/si-icon> <span class=\"si-label\">{{'Virtual tour'.siTranslate()}}<\/span><\/div>\r\n          <div class=\"si-flag si-new-item\"><si-icon title=\"{{'New'.siTranslate()}}\">star<\/si-icon> <span class=\"si-label\">{{'New'.siTranslate()}}<\/span><\/div>\r\n      <\/div>\r\n            <div class=\"si-label si-open-houses si-float-top-left si-background-medium-contrast si-padding-size-half\" si-anchor-to=\"si-float-anchor\" si-hide-empty=\"hard\" si-hide-empty=\"hard\">\r\n          <div class=\"si-open-house-item\">\r\n              <si-icon>calendar-alt<\/si-icon> <span>{{'Open house'.siTranslate()}}<\/span> <span am-time-ago=\"item.open_houses[0].start_date\"><\/span>\r\n          <\/div>\r\n      <\/div>\r\n      <div class=\"si-label si-padding-block si-price\"  si-anchor-to=\"si-float-anchor\">Sold<\/div><div class=\"si-label si-padding-block si-price-sold\"  si-anchor-to=\"si-float-anchor\">Sold<\/div><\/div><\/div>            <\/div>\r\n        <\/div>\r\n    <\/a>\r\n<\/article><\/div><\/div><\/div><\/div>\n\t\t\t\t\t\t<\/div>\n\t\t\t\t<\/div>\n\t\t\t\t\t<\/div>\n\t\t\t\t<\/section>\n\t\t\t\t\t<\/div>\n\t\t\t\t<\/div>\n\t\t<div class=\"elementor-element elementor-element-7d4bfc3 js__section e-flex e-con-boxed e-con e-parent\" data-id=\"7d4bfc3\" data-element_type=\"container\" data-e-type=\"container\" data-section-color=\"#fff\">\n\t\t\t\t\t<div class=\"e-con-inner\">\n\t\t\t\t<div class=\"elementor-element elementor-element-4f65e59 js__section--label elementor-widget elementor-widget-html\" data-id=\"4f65e59\" data-element_type=\"widget\" data-e-type=\"widget\" data-widget_type=\"html.default\">\n\t\t\t\t<div class=\"elementor-widget-container\">\n\t\t\t\t\tC\u00f4te-des-Neiges\/Notre-Dame-de-Gr\u00e2ce\t\t\t\t<\/div>\n\t\t\t\t<\/div>\n\t\t<section class=\"elementor-element elementor-element-d1ddfbc e-flex e-con-boxed e-con e-child\" data-id=\"d1ddfbc\" data-element_type=\"container\" data-e-type=\"container\" data-settings=\"{&quot;background_background&quot;:&quot;classic&quot;}\">\n\t\t\t\t\t<div class=\"e-con-inner\">\n\t\t<div class=\"elementor-element elementor-element-976ac81 e-con-full e-flex e-con e-child\" data-id=\"976ac81\" data-element_type=\"container\" data-e-type=\"container\">\n\t\t\t\t<div class=\"elementor-element elementor-element-f7a0416 elementor-widget-mobile__width-initial elementor-widget-tablet__width-initial elementor-widget__width-initial elementor-invisible elementor-widget elementor-widget-heading\" data-id=\"f7a0416\" data-element_type=\"widget\" data-e-type=\"widget\" data-settings=\"{&quot;_animation&quot;:&quot;slideInDown&quot;}\" data-widget_type=\"heading.default\">\n\t\t\t\t<div class=\"elementor-widget-container\">\n\t\t\t\t\t<h2 class=\"elementor-heading-title elementor-size-default\">At the heart of montreal's<br \/>cultural diversity<\/h2>\t\t\t\t<\/div>\n\t\t\t\t<\/div>\n\t\t\t\t<div class=\"elementor-element elementor-element-b60a33a elementor-widget__width-initial elementor-widget elementor-widget-text-editor\" data-id=\"b60a33a\" data-element_type=\"widget\" data-e-type=\"widget\" data-widget_type=\"text-editor.default\">\n\t\t\t\t<div class=\"elementor-widget-container\">\n\t\t\t\t\t\t\t\t\t<p>Discover the unique charm of this borough west of Mount Royal. Here, the vibrant heart of Montreal\u2019s cultural diversity beats strongly, with over 135 languages spoken, instilling an incomparable vitality and energy. Spread over seven neighborhoods and covering an area of 21.4 km\u00b2, CDN\/NDG is home to 170,583 residents, making it the city\u2019s most densely populated borough. Located in the west-central part of Montreal Island, it is bordered by Mount Royal, the Lachine Canal, Westmount and the boroughs of Outremont, Ville-Marie and Le Sud-Ouest.<\/p>\n\t\t\t\t\t\t\t\t<\/div>\n\t\t\t\t<\/div>\n\t\t\t\t<\/div>\n\t\t<div class=\"elementor-element elementor-element-263402c e-con-full e-flex e-con e-child\" data-id=\"263402c\" data-element_type=\"container\" data-e-type=\"container\">\n\t\t\t\t<div class=\"elementor-element elementor-element-0952943 region__imageSource--widget elementor-position-top elementor-widget elementor-widget-image-box\" data-id=\"0952943\" data-element_type=\"widget\" data-e-type=\"widget\" data-widget_type=\"image-box.default\">\n\t\t\t\t<div class=\"elementor-widget-container\">\n\t\t\t\t\t<div class=\"elementor-image-box-wrapper\"><figure class=\"elementor-image-box-img\"><img decoding=\"async\" width=\"650\" height=\"367\" src=\"https:\/\/realta.ca\/wp-content\/uploads\/2024\/06\/realta_region_cdnndg_diversiteCulturelle.jpg\" class=\"attachment-full size-full wp-image-32109\" alt=\"\" srcset=\"https:\/\/realta.ca\/wp-content\/uploads\/2024\/06\/realta_region_cdnndg_diversiteCulturelle.jpg 650w, https:\/\/realta.ca\/wp-content\/uploads\/2024\/06\/realta_region_cdnndg_diversiteCulturelle-300x169.jpg 300w\" sizes=\"(max-width: 650px) 100vw, 650px\" \/><\/figure><div class=\"elementor-image-box-content\"><span class=\"elementor-image-box-title\"><i class=\"fa-solid fa-info\"><\/i><\/span><p class=\"elementor-image-box-description\">Source : <a href=\"https:\/\/sdc-cotedesneiges.ca\/\" target=\"_blank\" rel=\"noopener\">sdc-cotedesneiges.ca<\/a><\/p><\/div><\/div>\t\t\t\t<\/div>\n\t\t\t\t<\/div>\n\t\t\t\t<\/div>\n\t\t\t\t\t<\/div>\n\t\t\t\t<\/section>\n\t\t\t\t\t<\/div>\n\t\t\t\t<\/div>\n\t\t<div class=\"elementor-element elementor-element-7fa7f32 js__section e-flex e-con-boxed e-con e-parent\" data-id=\"7fa7f32\" data-element_type=\"container\" data-e-type=\"container\">\n\t\t\t\t\t<div class=\"e-con-inner\">\n\t\t\t\t<div class=\"elementor-element elementor-element-d60b613 js__section--label elementor-widget elementor-widget-html\" data-id=\"d60b613\" data-element_type=\"widget\" data-e-type=\"widget\" data-widget_type=\"html.default\">\n\t\t\t\t<div class=\"elementor-widget-container\">\n\t\t\t\t\tC\u00f4te-des-Neiges\/Notre-Dame-de-Gr\u00e2ce\t\t\t\t<\/div>\n\t\t\t\t<\/div>\n\t\t<section class=\"elementor-element elementor-element-bc319c2 e-flex e-con-boxed e-con e-child\" data-id=\"bc319c2\" data-element_type=\"container\" data-e-type=\"container\" id=\"histoire\">\n\t\t\t\t\t<div class=\"e-con-inner\">\n\t\t<div class=\"elementor-element elementor-element-2c47828 e-con-full e-flex e-con e-child\" data-id=\"2c47828\" data-element_type=\"container\" data-e-type=\"container\">\n\t\t\t\t<div class=\"elementor-element elementor-element-0e31460 elementor-widget elementor-widget-video\" data-id=\"0e31460\" data-element_type=\"widget\" data-e-type=\"widget\" data-settings=\"{&quot;youtube_url&quot;:&quot;https:\\\/\\\/www.youtube.com\\\/watch?v=S-y3O-BmV2Q&quot;,&quot;yt_privacy&quot;:&quot;yes&quot;,&quot;video_type&quot;:&quot;youtube&quot;,&quot;controls&quot;:&quot;yes&quot;}\" data-widget_type=\"video.default\">\n\t\t\t\t<div class=\"elementor-widget-container\">\n\t\t\t\t\t\t\t<div class=\"elementor-wrapper elementor-open-inline\">\n\t\t\t<div class=\"elementor-video\"><\/div>\t\t<\/div>\n\t\t\t\t\t\t<\/div>\n\t\t\t\t<\/div>\n\t\t\t\t<div class=\"elementor-element elementor-element-c4a8870 elementor-widget elementor-widget-image\" data-id=\"c4a8870\" data-element_type=\"widget\" data-e-type=\"widget\" data-widget_type=\"image.default\">\n\t\t\t\t<div class=\"elementor-widget-container\">\n\t\t\t\t\t\t\t\t\t\t\t\t\t\t\t<img decoding=\"async\" width=\"650\" height=\"367\" src=\"https:\/\/realta.ca\/wp-content\/uploads\/2024\/06\/realta_region_cdnndg_histoire.jpg\" class=\"attachment-full size-full wp-image-32111\" alt=\"\" srcset=\"https:\/\/realta.ca\/wp-content\/uploads\/2024\/06\/realta_region_cdnndg_histoire.jpg 650w, https:\/\/realta.ca\/wp-content\/uploads\/2024\/06\/realta_region_cdnndg_histoire-300x169.jpg 300w\" sizes=\"(max-width: 650px) 100vw, 650px\" \/>\t\t\t\t\t\t\t\t\t\t\t\t\t\t\t<\/div>\n\t\t\t\t<\/div>\n\t\t\t\t<\/div>\n\t\t<div class=\"elementor-element elementor-element-955cc06 e-con-full e-flex e-con e-child\" data-id=\"955cc06\" data-element_type=\"container\" data-e-type=\"container\">\n\t\t\t\t<div class=\"elementor-element elementor-element-fda35bf elementor-widget-mobile__width-inherit elementor-invisible elementor-widget elementor-widget-heading\" data-id=\"fda35bf\" data-element_type=\"widget\" data-e-type=\"widget\" data-settings=\"{&quot;_animation&quot;:&quot;slideInDown&quot;}\" data-widget_type=\"heading.default\">\n\t\t\t\t<div class=\"elementor-widget-container\">\n\t\t\t\t\t<h2 class=\"elementor-heading-title elementor-size-default\">A history that goes back to 1703<\/h2>\t\t\t\t<\/div>\n\t\t\t\t<\/div>\n\t\t\t\t<div class=\"elementor-element elementor-element-4ecae84 elementor-widget__width-initial elementor-widget-mobile__width-inherit elementor-widget elementor-widget-text-editor\" data-id=\"4ecae84\" data-element_type=\"widget\" data-e-type=\"widget\" data-widget_type=\"text-editor.default\">\n\t\t\t\t<div class=\"elementor-widget-container\">\n\t\t\t\t\t\t\t\t\t<p>C\u00f4te-des-Neiges takes its name from an ancient seigneury granted in 1703 to Jean de Gannes de Falaise. He named his property after his birthplace in France. The neighborhood grew up around the C\u00f4te-des-Neiges road, which linked the village of Saint-Laurent to downtown Montreal. In the 19th century, C\u00f4te-des-Neiges became a popular vacation destination for wealthy Montrealers, and many second homes were built here.<\/p>\n<p>Notre-Dame-de-Gr\u00e2ce (NDG) owes its name to the parish founded in 1910 by the Sulpicians. The district underwent rapid expansion in the first half of the 20th century, thanks to the arrival of the tramway and the railroad. NDG became a middle-class residential neighborhood, where English- and French-speaking families coexisted harmoniously. The neighborhood\u2019s architectural diversity, green spaces and cultural institutions give it a unique charm. The C\u00f4te-des-Neiges\/Notre-Dame-de-Gr\u00e2ce borough was created in 2002, when the municipalities and neighborhoods of the Island of Montreal were merged.<\/p>\n\t\t\t\t\t\t\t\t<\/div>\n\t\t\t\t<\/div>\n\t\t\t\t<\/div>\n\t\t\t\t\t<\/div>\n\t\t\t\t<\/section>\n\t\t<section class=\"elementor-element elementor-element-d2f3ef4 e-flex e-con-boxed e-con e-child\" data-id=\"d2f3ef4\" data-element_type=\"container\" data-e-type=\"container\" id=\"quartiers\">\n\t\t\t\t\t<div class=\"e-con-inner\">\n\t\t\t\t<div class=\"elementor-element elementor-element-a8a47d6 elementor-widget-mobile__width-inherit elementor-invisible elementor-widget elementor-widget-heading\" data-id=\"a8a47d6\" data-element_type=\"widget\" data-e-type=\"widget\" data-settings=\"{&quot;_animation&quot;:&quot;slideInDown&quot;}\" data-widget_type=\"heading.default\">\n\t\t\t\t<div class=\"elementor-widget-container\">\n\t\t\t\t\t<h2 class=\"elementor-heading-title elementor-size-default\">Neighborhoods<\/h2>\t\t\t\t<\/div>\n\t\t\t\t<\/div>\n\t\t<div class=\"elementor-element elementor-element-c417962 e-flex e-con-boxed e-con e-child\" data-id=\"c417962\" data-element_type=\"container\" data-e-type=\"container\">\n\t\t\t\t\t<div class=\"e-con-inner\">\n\t\t<div class=\"elementor-element elementor-element-bbab580 e-con-full e-flex e-con e-child\" data-id=\"bbab580\" data-element_type=\"container\" data-e-type=\"container\">\n\t\t\t\t<div class=\"elementor-element elementor-element-0116ed8 region__imageSource--widget elementor-position-top elementor-widget elementor-widget-image-box\" data-id=\"0116ed8\" data-element_type=\"widget\" data-e-type=\"widget\" data-widget_type=\"image-box.default\">\n\t\t\t\t<div class=\"elementor-widget-container\">\n\t\t\t\t\t<div class=\"elementor-image-box-wrapper\"><figure class=\"elementor-image-box-img\"><img loading=\"lazy\" decoding=\"async\" width=\"650\" height=\"367\" src=\"https:\/\/realta.ca\/wp-content\/uploads\/2024\/06\/realta_region_cdnndg_quartier_coteDesNeiges.jpg\" class=\"attachment-full size-full wp-image-32113\" alt=\"\" srcset=\"https:\/\/realta.ca\/wp-content\/uploads\/2024\/06\/realta_region_cdnndg_quartier_coteDesNeiges.jpg 650w, https:\/\/realta.ca\/wp-content\/uploads\/2024\/06\/realta_region_cdnndg_quartier_coteDesNeiges-300x169.jpg 300w\" sizes=\"(max-width: 650px) 100vw, 650px\" \/><\/figure><div class=\"elementor-image-box-content\"><span class=\"elementor-image-box-title\"><i class=\"fa-solid fa-info\"><\/i><\/span><p class=\"elementor-image-box-description\">Chemin de la C\u00f4te-des-Neiges with a view of Summit Woods, one of Mount Royal\u2019s three peaks. Source : <a href=\"https:\/\/montreal.ca\/\">City of Montr\u00e9al<\/a>.<\/p><\/div><\/div>\t\t\t\t<\/div>\n\t\t\t\t<\/div>\n\t\t\t\t<div class=\"elementor-element elementor-element-63d6212 elementor-widget__width-initial elementor-widget-mobile__width-inherit elementor-widget elementor-widget-heading\" data-id=\"63d6212\" data-element_type=\"widget\" data-e-type=\"widget\" data-widget_type=\"heading.default\">\n\t\t\t\t<div class=\"elementor-widget-container\">\n\t\t\t\t\t<h3 class=\"elementor-heading-title elementor-size-default\">Chemin de la C\u00f4te-des-Neiges neighborhood<\/h3>\t\t\t\t<\/div>\n\t\t\t\t<\/div>\n\t\t\t\t<div class=\"elementor-element elementor-element-fd9225a elementor-widget-mobile__width-inherit elementor-widget elementor-widget-text-editor\" data-id=\"fd9225a\" data-element_type=\"widget\" data-e-type=\"widget\" data-widget_type=\"text-editor.default\">\n\t\t\t\t<div class=\"elementor-widget-container\">\n\t\t\t\t\t\t\t\t\t<p>The Chemin de la C\u00f4te-des-Neiges district owes its name to the road that runs through it, once a rural road linking the village of C\u00f4te-des-Neiges to downtown Montreal. Today, this road has become the main commercial artery in the eastern part of the borough. From north to south, from chemin Queen-Mary to rue Jean-Talon, it offers many opportunities to eat, study, shop, visit one of its two libraries or simply relax in parc Martin-Luther-King or on Mont-Royal. Don\u2019t miss the March\u00e9 Jean-Brillant, located just outside C\u00f4te-des-Neiges station. From mid-March to early November, this neighborhood market offers fresh fruit and vegetables, as well as a wide selection of quality meat, fish and dairy products.<\/p>\n\t\t\t\t\t\t\t\t<\/div>\n\t\t\t\t<\/div>\n\t\t\t\t<\/div>\n\t\t<div class=\"elementor-element elementor-element-e35f7af e-con-full e-flex e-con e-child\" data-id=\"e35f7af\" data-element_type=\"container\" data-e-type=\"container\">\n\t\t\t\t<div class=\"elementor-element elementor-element-90cda11 region__imageSource--widget elementor-position-top elementor-widget elementor-widget-image-box\" data-id=\"90cda11\" data-element_type=\"widget\" data-e-type=\"widget\" data-widget_type=\"image-box.default\">\n\t\t\t\t<div class=\"elementor-widget-container\">\n\t\t\t\t\t<div class=\"elementor-image-box-wrapper\"><figure class=\"elementor-image-box-img\"><img loading=\"lazy\" decoding=\"async\" width=\"650\" height=\"367\" src=\"https:\/\/realta.ca\/wp-content\/uploads\/2024\/06\/realta_region_cdnndg_quartier_victoria.jpg\" class=\"attachment-full size-full wp-image-32115\" alt=\"\" srcset=\"https:\/\/realta.ca\/wp-content\/uploads\/2024\/06\/realta_region_cdnndg_quartier_victoria.jpg 650w, https:\/\/realta.ca\/wp-content\/uploads\/2024\/06\/realta_region_cdnndg_quartier_victoria-300x169.jpg 300w\" sizes=\"(max-width: 650px) 100vw, 650px\" \/><\/figure><div class=\"elementor-image-box-content\"><span class=\"elementor-image-box-title\"><i class=\"fa-solid fa-info\"><\/i><\/span><p class=\"elementor-image-box-description\">The Westbury Montr\u00e9al project aims to create a new urban and green neighborhood in the Victoria district. The project includes condos, offices, a hotel, a park and local shops. It is located near the Namur and Plamondon metro stations, and boasts a sustainable layout and European design.<\/p><\/div><\/div>\t\t\t\t<\/div>\n\t\t\t\t<\/div>\n\t\t\t\t<div class=\"elementor-element elementor-element-330fd48 elementor-widget__width-initial elementor-widget-mobile__width-inherit elementor-widget elementor-widget-heading\" data-id=\"330fd48\" data-element_type=\"widget\" data-e-type=\"widget\" data-widget_type=\"heading.default\">\n\t\t\t\t<div class=\"elementor-widget-container\">\n\t\t\t\t\t<h3 class=\"elementor-heading-title elementor-size-default\">Victoria district<\/h3>\t\t\t\t<\/div>\n\t\t\t\t<\/div>\n\t\t\t\t<div class=\"elementor-element elementor-element-0413c54 elementor-widget-mobile__width-inherit elementor-widget elementor-widget-text-editor\" data-id=\"0413c54\" data-element_type=\"widget\" data-e-type=\"widget\" data-widget_type=\"text-editor.default\">\n\t\t\t\t<div class=\"elementor-widget-container\">\n\t\t\t\t\t\t\t\t\t<p>The Victoria district is a lively neighborhood to discover. Located between the Plamondon and C\u00f4te-Sainte-Catherine metro stations, it is renowned for its cultural and gastronomic richness, reflecting the presence of numerous ethnic communities. In addition to restaurants offering all the cuisines of the world, you\u2019ll find specialty grocery stores, boutiques and a wide range of services. A fast-growing district, it is popular with students and young professionals who appreciate its proximity to universities, hospitals and downtown, not to mention its green spaces, bike paths, schools and libraries.<\/p>\n\t\t\t\t\t\t\t\t<\/div>\n\t\t\t\t<\/div>\n\t\t\t\t<\/div>\n\t\t<div class=\"elementor-element elementor-element-aaa6f53 e-con-full e-flex e-con e-child\" data-id=\"aaa6f53\" data-element_type=\"container\" data-e-type=\"container\">\n\t\t\t\t<div class=\"elementor-element elementor-element-c43666d region__imageSource--widget elementor-position-top elementor-widget elementor-widget-image-box\" data-id=\"c43666d\" data-element_type=\"widget\" data-e-type=\"widget\" data-widget_type=\"image-box.default\">\n\t\t\t\t<div class=\"elementor-widget-container\">\n\t\t\t\t\t<div class=\"elementor-image-box-wrapper\"><figure class=\"elementor-image-box-img\"><img loading=\"lazy\" decoding=\"async\" width=\"650\" height=\"367\" src=\"https:\/\/realta.ca\/wp-content\/uploads\/2024\/06\/realta_region_cdnndg_quartier_universitaire.jpg\" class=\"attachment-full size-full wp-image-32117\" alt=\"\" srcset=\"https:\/\/realta.ca\/wp-content\/uploads\/2024\/06\/realta_region_cdnndg_quartier_universitaire.jpg 650w, https:\/\/realta.ca\/wp-content\/uploads\/2024\/06\/realta_region_cdnndg_quartier_universitaire-300x169.jpg 300w\" sizes=\"(max-width: 650px) 100vw, 650px\" \/><\/figure><div class=\"elementor-image-box-content\"><span class=\"elementor-image-box-title\"><i class=\"fa-solid fa-info\"><\/i><\/span><p class=\"elementor-image-box-description\">\u00c9cole des Hautes \u00e9tudes commerciales de Montr\u00e9al (HEC Montr\u00e9al) is Canada\u2019s leading business school. Founded in 1907, it has trained thousands of managers and leaders who have contributed to the economic and social development of Quebec and the world.<\/p><\/div><\/div>\t\t\t\t<\/div>\n\t\t\t\t<\/div>\n\t\t\t\t<div class=\"elementor-element elementor-element-f840f32 elementor-widget__width-initial elementor-widget-mobile__width-inherit elementor-widget elementor-widget-heading\" data-id=\"f840f32\" data-element_type=\"widget\" data-e-type=\"widget\" data-widget_type=\"heading.default\">\n\t\t\t\t<div class=\"elementor-widget-container\">\n\t\t\t\t\t<h3 class=\"elementor-heading-title elementor-size-default\">Neighborhood University sector<\/h3>\t\t\t\t<\/div>\n\t\t\t\t<\/div>\n\t\t\t\t<div class=\"elementor-element elementor-element-7b9bbc8 elementor-widget-mobile__width-inherit elementor-widget elementor-widget-text-editor\" data-id=\"7b9bbc8\" data-element_type=\"widget\" data-e-type=\"widget\" data-widget_type=\"text-editor.default\">\n\t\t\t\t<div class=\"elementor-widget-container\">\n\t\t\t\t\t\t\t\t\t<p>The University Sector is a neighborhood with a reputation that extends beyond its borders. Home to the Universit\u00e9 de Montr\u00e9al, the HEC and the Polytechnique, these schools of higher learning attract local and international clientele and contribute to the vitality of the neighborhood. Indeed, in addition to residents, students buzz the restaurants, caf\u00e9s, grocery stores, bookstores and other businesses in the neighborhood and borough. In addition to its tree-lined residential streets, the neighborhood also boasts several parks and green spaces, including Parc Jean-Brillant, Parc Kent, Parc Marie-G\u00e9rin-Lajoie and Parc du Mont-Royal.<\/p>\n\t\t\t\t\t\t\t\t<\/div>\n\t\t\t\t<\/div>\n\t\t\t\t<\/div>\n\t\t<div class=\"elementor-element elementor-element-24990d4 e-con-full e-flex e-con e-child\" data-id=\"24990d4\" data-element_type=\"container\" data-e-type=\"container\">\n\t\t\t\t<div class=\"elementor-element elementor-element-2093eb1 region__imageSource--widget elementor-position-top elementor-widget elementor-widget-image-box\" data-id=\"2093eb1\" data-element_type=\"widget\" data-e-type=\"widget\" data-widget_type=\"image-box.default\">\n\t\t\t\t<div class=\"elementor-widget-container\">\n\t\t\t\t\t<div class=\"elementor-image-box-wrapper\"><figure class=\"elementor-image-box-img\"><img loading=\"lazy\" decoding=\"async\" width=\"650\" height=\"367\" src=\"https:\/\/realta.ca\/wp-content\/uploads\/2024\/06\/realta_region_cdnndg_quartier_mountainSights.jpg\" class=\"attachment-full size-full wp-image-32119\" alt=\"\" srcset=\"https:\/\/realta.ca\/wp-content\/uploads\/2024\/06\/realta_region_cdnndg_quartier_mountainSights.jpg 650w, https:\/\/realta.ca\/wp-content\/uploads\/2024\/06\/realta_region_cdnndg_quartier_mountainSights-300x169.jpg 300w\" sizes=\"(max-width: 650px) 100vw, 650px\" \/><\/figure><div class=\"elementor-image-box-content\"><span class=\"elementor-image-box-title\"><i class=\"fa-solid fa-info\"><\/i><\/span><p class=\"elementor-image-box-description\">If you're looking for a great place to live, work and play, the Triangle - Mountain Sights might just surprise you! Above, the major real estate project with 2,250 housing units (3,300 by 2025) featuring 30% social and affordable housing and ground-floor retail. Two parks will be integrated and landscaped: Parc Saidye Bronfman and Parc de la Savane. Source : Ville de Montr\u00e9al.<\/p><\/div><\/div>\t\t\t\t<\/div>\n\t\t\t\t<\/div>\n\t\t\t\t<div class=\"elementor-element elementor-element-fd9bbcc elementor-widget__width-initial elementor-widget-mobile__width-inherit elementor-widget elementor-widget-heading\" data-id=\"fd9bbcc\" data-element_type=\"widget\" data-e-type=\"widget\" data-widget_type=\"heading.default\">\n\t\t\t\t<div class=\"elementor-widget-container\">\n\t\t\t\t\t<h3 class=\"elementor-heading-title elementor-size-default\">Le Triangle \u2013 Mountain Sights<\/h3>\t\t\t\t<\/div>\n\t\t\t\t<\/div>\n\t\t\t\t<div class=\"elementor-element elementor-element-c9e4071 elementor-widget-mobile__width-inherit elementor-widget elementor-widget-text-editor\" data-id=\"c9e4071\" data-element_type=\"widget\" data-e-type=\"widget\" data-widget_type=\"text-editor.default\">\n\t\t\t\t<div class=\"elementor-widget-container\">\n\t\t\t\t\t\t\t\t\t<p>The Neighborhood Le Triangle \u2013 Mountain Sights takes its name from its triangular shape, bounded by D\u00e9carie, de la Savane and Jean-Talon West boulevards. It offers breathtaking views of Mount Royal and downtown Montreal. It features shops, services, green spaces, bike paths, cultural and sports facilities, as well as affordable, quality apartments. Built around the Namur metro station, this is a neighborhood conceived and planned according to Transit-Oriented Development (TOD), the aim of which is to create residential and commercial zones that encourage the use of public transport and carpooling.<\/p>\n\t\t\t\t\t\t\t\t<\/div>\n\t\t\t\t<\/div>\n\t\t\t\t<\/div>\n\t\t<div class=\"elementor-element elementor-element-204f322 e-con-full e-flex e-con e-child\" data-id=\"204f322\" data-element_type=\"container\" data-e-type=\"container\">\n\t\t\t\t<div class=\"elementor-element elementor-element-341a961 region__imageSource--widget elementor-position-top elementor-widget elementor-widget-image-box\" data-id=\"341a961\" data-element_type=\"widget\" data-e-type=\"widget\" data-widget_type=\"image-box.default\">\n\t\t\t\t<div class=\"elementor-widget-container\">\n\t\t\t\t\t<div class=\"elementor-image-box-wrapper\"><figure class=\"elementor-image-box-img\"><img loading=\"lazy\" decoding=\"async\" width=\"650\" height=\"367\" src=\"https:\/\/realta.ca\/wp-content\/uploads\/2024\/06\/realta_region_cdnndg_quartier_monkland.jpg\" class=\"attachment-full size-full wp-image-32121\" alt=\"\" srcset=\"https:\/\/realta.ca\/wp-content\/uploads\/2024\/06\/realta_region_cdnndg_quartier_monkland.jpg 650w, https:\/\/realta.ca\/wp-content\/uploads\/2024\/06\/realta_region_cdnndg_quartier_monkland-300x169.jpg 300w\" sizes=\"(max-width: 650px) 100vw, 650px\" \/><\/figure><div class=\"elementor-image-box-content\"><span class=\"elementor-image-box-title\"><i class=\"fa-solid fa-info\"><\/i><\/span><p class=\"elementor-image-box-description\">Popular street corner with The Tavern restaurant as the main attraction. Like the borough\u2019s other neighborhoods, Monkland also offers many green spaces and parks for relaxation and recreation. Source\u00a0: <a href=\"https:\/\/nexthome.ca\/\" target=\"_blank\" rel=\"noopener\">nexthome.ca<\/a><\/p><\/div><\/div>\t\t\t\t<\/div>\n\t\t\t\t<\/div>\n\t\t\t\t<div class=\"elementor-element elementor-element-3d808a1 elementor-widget__width-initial elementor-widget-mobile__width-inherit elementor-widget elementor-widget-heading\" data-id=\"3d808a1\" data-element_type=\"widget\" data-e-type=\"widget\" data-widget_type=\"heading.default\">\n\t\t\t\t<div class=\"elementor-widget-container\">\n\t\t\t\t\t<h3 class=\"elementor-heading-title elementor-size-default\">Monkland Village<\/h3>\t\t\t\t<\/div>\n\t\t\t\t<\/div>\n\t\t\t\t<div class=\"elementor-element elementor-element-d609bff elementor-widget-mobile__width-inherit elementor-widget elementor-widget-text-editor\" data-id=\"d609bff\" data-element_type=\"widget\" data-e-type=\"widget\" data-widget_type=\"text-editor.default\">\n\t\t\t\t<div class=\"elementor-widget-container\">\n\t\t\t\t\t\t\t\t\t<p>A village in the city! It was created in the early 20th century by Irish, Scottish and English immigrants, who built Victorian and Edwardian homes along Monkland Avenue. Today, it\u2019s a trendy neighborhood with undeniable charm and character. Surrounded by boutiques, caf\u00e9s, restaurants and bars, stretching from Rue Girouard to Grand Boulevard, the warm, festive atmosphere of Monkland Village is contagious. The streets of this neighborhood in Notre-Dame-de-Gr\u00e2ce are lined with majestic century-old trees, adding a unique look and richness to the borough. Most of the homes date from the 1910s to the 1930s and feature a variety of styles, from single-family homes to condominiums, duplexes, condos and semi-detached homes.<\/p>\n\t\t\t\t\t\t\t\t<\/div>\n\t\t\t\t<\/div>\n\t\t\t\t<\/div>\n\t\t<div class=\"elementor-element elementor-element-a2ba974 e-con-full e-flex e-con e-child\" data-id=\"a2ba974\" data-element_type=\"container\" data-e-type=\"container\">\n\t\t\t\t<div class=\"elementor-element elementor-element-b6fc822 region__imageSource--widget elementor-position-top elementor-widget elementor-widget-image-box\" data-id=\"b6fc822\" data-element_type=\"widget\" data-e-type=\"widget\" data-widget_type=\"image-box.default\">\n\t\t\t\t<div class=\"elementor-widget-container\">\n\t\t\t\t\t<div class=\"elementor-image-box-wrapper\"><figure class=\"elementor-image-box-img\"><img loading=\"lazy\" decoding=\"async\" width=\"650\" height=\"367\" src=\"https:\/\/realta.ca\/wp-content\/uploads\/2024\/06\/realta_region_cdnndg_quartier_loyola.jpg\" class=\"attachment-full size-full wp-image-32123\" alt=\"\" srcset=\"https:\/\/realta.ca\/wp-content\/uploads\/2024\/06\/realta_region_cdnndg_quartier_loyola.jpg 650w, https:\/\/realta.ca\/wp-content\/uploads\/2024\/06\/realta_region_cdnndg_quartier_loyola-300x169.jpg 300w\" sizes=\"(max-width: 650px) 100vw, 650px\" \/><\/figure><div class=\"elementor-image-box-content\"><span class=\"elementor-image-box-title\"><i class=\"fa-solid fa-info\"><\/i><\/span><p class=\"elementor-image-box-description\">The Loyola district takes its name from Loyola College, founded in 1896 by the Jesuits and now part of Concordia University. Source\u00a0: <a href=\"https:\/\/montreal.ca\/\">Ville de Montr\u00e9al<\/a>.<\/p><\/div><\/div>\t\t\t\t<\/div>\n\t\t\t\t<\/div>\n\t\t\t\t<div class=\"elementor-element elementor-element-d586dd6 elementor-widget__width-initial elementor-widget-mobile__width-inherit elementor-widget elementor-widget-heading\" data-id=\"d586dd6\" data-element_type=\"widget\" data-e-type=\"widget\" data-widget_type=\"heading.default\">\n\t\t\t\t<div class=\"elementor-widget-container\">\n\t\t\t\t\t<h3 class=\"elementor-heading-title elementor-size-default\">Loyola neighborhood<\/h3>\t\t\t\t<\/div>\n\t\t\t\t<\/div>\n\t\t\t\t<div class=\"elementor-element elementor-element-b12bbf4 elementor-widget-mobile__width-inherit elementor-widget elementor-widget-text-editor\" data-id=\"b12bbf4\" data-element_type=\"widget\" data-e-type=\"widget\" data-widget_type=\"text-editor.default\">\n\t\t\t\t<div class=\"elementor-widget-container\">\n\t\t\t\t\t\t\t\t\t<p>The neighborhood is located in the western part of the borough, between D\u00e9carie and West Broadway avenues, and between C\u00f4te-Saint-Luc road and de Maisonneuve Boulevard West. It\u2019s a residential, family-friendly neighborhood, where people from diverse cultural and linguistic backgrounds live side by side. There are many schools, parks, churches, community centers and social organizations. The Loyola district boasts a vibrant cultural and artistic scene, with the Centre culturel Notre-Dame-de-Gr\u00e2ce offering a varied program of shows, exhibitions, workshops and events. Served by the Vend\u00f4me metro station and the train station of the same name, it is well connected to downtown Montreal.<\/p>\n\t\t\t\t\t\t\t\t<\/div>\n\t\t\t\t<\/div>\n\t\t\t\t<\/div>\n\t\t<div class=\"elementor-element elementor-element-cbea68e e-con-full e-flex e-con e-child\" data-id=\"cbea68e\" data-element_type=\"container\" data-e-type=\"container\">\n\t\t\t\t<div class=\"elementor-element elementor-element-4646c2a region__imageSource--widget elementor-position-top elementor-widget elementor-widget-image-box\" data-id=\"4646c2a\" data-element_type=\"widget\" data-e-type=\"widget\" data-widget_type=\"image-box.default\">\n\t\t\t\t<div class=\"elementor-widget-container\">\n\t\t\t\t\t<div class=\"elementor-image-box-wrapper\"><figure class=\"elementor-image-box-img\"><img loading=\"lazy\" decoding=\"async\" width=\"650\" height=\"367\" src=\"https:\/\/realta.ca\/wp-content\/uploads\/2024\/06\/realta_region_cdnndg_quartier_bennyFarm.jpg\" class=\"attachment-full size-full wp-image-32125\" alt=\"\" srcset=\"https:\/\/realta.ca\/wp-content\/uploads\/2024\/06\/realta_region_cdnndg_quartier_bennyFarm.jpg 650w, https:\/\/realta.ca\/wp-content\/uploads\/2024\/06\/realta_region_cdnndg_quartier_bennyFarm-300x169.jpg 300w\" sizes=\"(max-width: 650px) 100vw, 650px\" \/><\/figure><div class=\"elementor-image-box-content\"><span class=\"elementor-image-box-title\"><i class=\"fa-solid fa-info\"><\/i><\/span><p class=\"elementor-image-box-description\">Benny Farm is a hub of activities and services; you don\u2019t have to leave the area to find schools, sports facilities, grocery stores, CLSCs, libraries and other cultural venues. Source\u00a0: <a href=\"https:\/\/montreal.ca\/\" target=\"_blank\" rel=\"noopener\">Ville de Montr\u00e9al<\/a>.<\/p><\/div><\/div>\t\t\t\t<\/div>\n\t\t\t\t<\/div>\n\t\t\t\t<div class=\"elementor-element elementor-element-9a5a8ed elementor-widget__width-initial elementor-widget-mobile__width-inherit elementor-widget elementor-widget-heading\" data-id=\"9a5a8ed\" data-element_type=\"widget\" data-e-type=\"widget\" data-widget_type=\"heading.default\">\n\t\t\t\t<div class=\"elementor-widget-container\">\n\t\t\t\t\t<h3 class=\"elementor-heading-title elementor-size-default\">Benny Farm<\/h3>\t\t\t\t<\/div>\n\t\t\t\t<\/div>\n\t\t\t\t<div class=\"elementor-element elementor-element-a5df940 elementor-widget-mobile__width-inherit elementor-widget elementor-widget-text-editor\" data-id=\"a5df940\" data-element_type=\"widget\" data-e-type=\"widget\" data-widget_type=\"text-editor.default\">\n\t\t\t\t<div class=\"elementor-widget-container\">\n\t\t\t\t\t\t\t\t\t<p>The Benny sector is located in the western part of Notre-Dame-de-Gr\u00e2ce, in the quadrilateral formed by Sherbrooke, Walkley, Monkland and Benny streets. The neighborhood was made up of housing for veterans returning from the Second World War. Today, Benny Farm includes several types of housing, as part of a resolutely ecological Montreal project: the sustainable development of community and residential infrastructures adapted to families, the elderly and the handicapped, and where residents actively participate in the management and animation of the neighborhood. The project has been recognized as an innovative and exemplary initiative by several national and international awards.<\/p>\n\t\t\t\t\t\t\t\t<\/div>\n\t\t\t\t<\/div>\n\t\t\t\t<\/div>\n\t\t\t\t\t<\/div>\n\t\t\t\t<\/div>\n\t\t\t\t\t<\/div>\n\t\t\t\t<\/section>\n\t\t\t\t\t<\/div>\n\t\t\t\t<\/div>\n\t\t<div class=\"elementor-element elementor-element-9cd695f js__section e-flex e-con-boxed e-con e-parent\" data-id=\"9cd695f\" data-element_type=\"container\" data-e-type=\"container\" data-section-color=\"#fff\">\n\t\t\t\t\t<div class=\"e-con-inner\">\n\t\t\t\t<div class=\"elementor-element elementor-element-c7f0fa0 js__section--label elementor-widget elementor-widget-html\" data-id=\"c7f0fa0\" data-element_type=\"widget\" data-e-type=\"widget\" data-widget_type=\"html.default\">\n\t\t\t\t<div class=\"elementor-widget-container\">\n\t\t\t\t\tC\u00f4te-des-Neiges\/Notre-Dame-de-Gr\u00e2ce\t\t\t\t<\/div>\n\t\t\t\t<\/div>\n\t\t<section class=\"elementor-element elementor-element-cd7e2b2 e-flex e-con-boxed e-con e-child\" data-id=\"cd7e2b2\" data-element_type=\"container\" data-e-type=\"container\" data-settings=\"{&quot;background_background&quot;:&quot;classic&quot;}\">\n\t\t\t\t\t<div class=\"e-con-inner\">\n\t\t\t\t<div class=\"elementor-element elementor-element-99f3252 elementor-widget-mobile__width-initial elementor-widget-tablet__width-initial elementor-invisible elementor-widget elementor-widget-heading\" data-id=\"99f3252\" data-element_type=\"widget\" data-e-type=\"widget\" data-settings=\"{&quot;_animation&quot;:&quot;slideInDown&quot;}\" data-widget_type=\"heading.default\">\n\t\t\t\t<div class=\"elementor-widget-container\">\n\t\t\t\t\t<h2 class=\"elementor-heading-title elementor-size-default\">C\u00f4te-des-Neiges\/Notre-Dame-de-Gr\u00e2ce in figures<\/h2>\t\t\t\t<\/div>\n\t\t\t\t<\/div>\n\t\t<div class=\"elementor-element elementor-element-6036826 e-flex e-con-boxed e-con e-child\" data-id=\"6036826\" data-element_type=\"container\" data-e-type=\"container\">\n\t\t\t\t\t<div class=\"e-con-inner\">\n\t\t\t\t<div class=\"elementor-element elementor-element-cf18a3c elementor-widget__width-initial elementor-widget-mobile__width-inherit elementor-widget elementor-widget-text-editor\" data-id=\"cf18a3c\" data-element_type=\"widget\" data-e-type=\"widget\" data-widget_type=\"text-editor.default\">\n\t\t\t\t<div class=\"elementor-widget-container\">\n\t\t\t\t\t\t\t\t\t<ul>\n<li>Population: 170,583, 7,781.3 inhabitants per km\u00b2, 10% of the total population of the city of Montreal.<\/li>\n<li>Average age: 36 versus 38.6 for the city of Montreal.<\/li>\n<li>Surface area : 21,4 km\u00b2.<\/li>\n<li>Person per household: 55% families with children, 2.2 persons per household.<\/li>\n<li>Renters : 73%.<\/li>\n<li>Owners : 27%.<\/li>\n<\/ul>\n\t\t\t\t\t\t\t\t<\/div>\n\t\t\t\t<\/div>\n\t\t\t\t<div class=\"elementor-element elementor-element-0f11ecc elementor-widget__width-initial elementor-widget-mobile__width-inherit elementor-widget elementor-widget-text-editor\" data-id=\"0f11ecc\" data-element_type=\"widget\" data-e-type=\"widget\" data-widget_type=\"text-editor.default\">\n\t\t\t\t<div class=\"elementor-widget-container\">\n\t\t\t\t\t\t\t\t\t<ul>\n<li>Average property value : 548 055 $.<\/li>\n<li>Average monthly rent : 860 $.<\/li>\n<li>Languages spoken: 33% French, 39% English and 28% other languages, 61% of residents bilingual.<\/li>\n<li>People with college or university diplomas in the 25 \u2013 64 age group: 63%.<\/li>\n<li>Percentage of residents who prefer public transit on a daily basis: 47%.<\/li>\n<\/ul>\n\t\t\t\t\t\t\t\t<\/div>\n\t\t\t\t<\/div>\n\t\t\t\t<div class=\"elementor-element elementor-element-806d228 elementor-widget__width-initial elementor-widget-mobile__width-inherit elementor-widget elementor-widget-text-editor\" data-id=\"806d228\" data-element_type=\"widget\" data-e-type=\"widget\" data-widget_type=\"text-editor.default\">\n\t\t\t\t<div class=\"elementor-widget-container\">\n\t\t\t\t\t\t\t\t\t<ul>\n<li>4 libraries<\/li>\n<li>2 cultural centers<\/li>\n<li>3 cultural venues<\/li>\n<li>2 movie theaters<\/li>\n<li>7 commercial arteries<\/li>\n<li>4 universities<\/li>\n<\/ul>\n\t\t\t\t\t\t\t\t<\/div>\n\t\t\t\t<\/div>\n\t\t\t\t<div class=\"elementor-element elementor-element-dd43b2a elementor-widget__width-initial elementor-widget-mobile__width-inherit elementor-widget elementor-widget-text-editor\" data-id=\"dd43b2a\" data-element_type=\"widget\" data-e-type=\"widget\" data-widget_type=\"text-editor.default\">\n\t\t\t\t<div class=\"elementor-widget-container\">\n\t\t\t\t\t\t\t\t\t<ul>\n<li>70 elementary, secondary and college schools<\/li>\n<li>5 hospitals<\/li>\n<li>10 subway stations<\/li>\n<li>1 suburban railway station<\/li>\n<li>42 parks and green spaces<\/li>\n<li>5 community gardens<\/li>\n<\/ul>\n\t\t\t\t\t\t\t\t<\/div>\n\t\t\t\t<\/div>\n\t\t\t\t<div class=\"elementor-element elementor-element-d8139f0 elementor-widget__width-initial elementor-widget-mobile__width-inherit elementor-widget elementor-widget-text-editor\" data-id=\"d8139f0\" data-element_type=\"widget\" data-e-type=\"widget\" data-widget_type=\"text-editor.default\">\n\t\t\t\t<div class=\"elementor-widget-container\">\n\t\t\t\t\t\t\t\t\t<ul>\n<li>36 km of bicycle paths<\/li>\n<li>13 outdoor ice rinks and arenas<\/li>\n<li>9 swimming and paddling pools<\/li>\n<li>14 water games<\/li>\n<li>1 public market<\/li>\n<\/ul>\n\t\t\t\t\t\t\t\t<\/div>\n\t\t\t\t<\/div>\n\t\t\t\t<div class=\"elementor-element elementor-element-101e0a2 elementor-widget__width-initial elementor-widget-mobile__width-inherit elementor-widget elementor-widget-text-editor\" data-id=\"101e0a2\" data-element_type=\"widget\" data-e-type=\"widget\" data-widget_type=\"text-editor.default\">\n\t\t\t\t<div class=\"elementor-widget-container\">\n\t\t\t\t\t\t\t\t\t<ul>\n<li>5000 companies<\/li>\n<li>100 community organizations<\/li>\n<li>1 graveyard (Notre-Dame-des-Neiges)<\/li>\n<li>5 dog parks<\/li>\n<li>1 cricket pitch<\/li>\n<\/ul>\n\t\t\t\t\t\t\t\t<\/div>\n\t\t\t\t<\/div>\n\t\t\t\t\t<\/div>\n\t\t\t\t<\/div>\n\t\t\t\t\t<\/div>\n\t\t\t\t<\/section>\n\t\t\t\t\t<\/div>\n\t\t\t\t<\/div>\n\t\t<div class=\"elementor-element elementor-element-ca8a16b js__section e-flex e-con-boxed e-con e-parent\" data-id=\"ca8a16b\" data-element_type=\"container\" data-e-type=\"container\">\n\t\t\t\t\t<div class=\"e-con-inner\">\n\t\t\t\t<div class=\"elementor-element elementor-element-36a031a js__section--label elementor-widget elementor-widget-html\" data-id=\"36a031a\" data-element_type=\"widget\" data-e-type=\"widget\" data-widget_type=\"html.default\">\n\t\t\t\t<div class=\"elementor-widget-container\">\n\t\t\t\t\tC\u00f4te-des-Neiges\/Notre-Dame-de-Gr\u00e2ce\t\t\t\t<\/div>\n\t\t\t\t<\/div>\n\t\t<section class=\"elementor-element elementor-element-640ccd3 e-flex e-con-boxed e-con e-child\" data-id=\"640ccd3\" data-element_type=\"container\" data-e-type=\"container\" id=\"commerciales\">\n\t\t\t\t\t<div class=\"e-con-inner\">\n\t\t\t\t<div class=\"elementor-element elementor-element-0191eea elementor-widget-mobile__width-inherit elementor-invisible elementor-widget elementor-widget-heading\" data-id=\"0191eea\" data-element_type=\"widget\" data-e-type=\"widget\" data-settings=\"{&quot;_animation&quot;:&quot;slideInDown&quot;}\" data-widget_type=\"heading.default\">\n\t\t\t\t<div class=\"elementor-widget-container\">\n\t\t\t\t\t<h2 class=\"elementor-heading-title elementor-size-default\">What are CDN\/NDG's shopping streets?<\/h2>\t\t\t\t<\/div>\n\t\t\t\t<\/div>\n\t\t\t\t<div class=\"elementor-element elementor-element-17324d1 elementor-widget elementor-widget-text-editor\" data-id=\"17324d1\" data-element_type=\"widget\" data-e-type=\"widget\" data-widget_type=\"text-editor.default\">\n\t\t\t\t<div class=\"elementor-widget-container\">\n\t\t\t\t\t\t\t\t\t<p>The C\u00f4te-des-Neiges\/Notre-Dame-de-Gr\u00e2ce borough boasts many lively commercial streets, offering a variety of stores, restaurants and services, contributing to the area\u2019s economic and social vitality. According to the borough\u2019s economic profile, there are 5,000 business establishments in CDN\/NDG, half of which are in the retail sector. Here are the most important commercial arteries :<\/p>\n\t\t\t\t\t\t\t\t<\/div>\n\t\t\t\t<\/div>\n\t\t<div class=\"elementor-element elementor-element-9fd315f e-flex e-con-boxed e-con e-child\" data-id=\"9fd315f\" data-element_type=\"container\" data-e-type=\"container\">\n\t\t\t\t\t<div class=\"e-con-inner\">\n\t\t<div class=\"elementor-element elementor-element-8bd3bc2 e-con-full e-flex e-con e-child\" data-id=\"8bd3bc2\" data-element_type=\"container\" data-e-type=\"container\">\n\t\t\t\t<div class=\"elementor-element elementor-element-ccf8643 elementor-widget elementor-widget-image\" data-id=\"ccf8643\" data-element_type=\"widget\" data-e-type=\"widget\" data-widget_type=\"image.default\">\n\t\t\t\t<div class=\"elementor-widget-container\">\n\t\t\t\t\t\t\t\t\t\t\t\t\t\t\t<img loading=\"lazy\" decoding=\"async\" width=\"650\" height=\"367\" src=\"https:\/\/realta.ca\/wp-content\/uploads\/2024\/06\/realta_region_cdnndg_commerce_cotesDesNeiges.jpg\" class=\"attachment-full size-full wp-image-32127\" alt=\"\" srcset=\"https:\/\/realta.ca\/wp-content\/uploads\/2024\/06\/realta_region_cdnndg_commerce_cotesDesNeiges.jpg 650w, https:\/\/realta.ca\/wp-content\/uploads\/2024\/06\/realta_region_cdnndg_commerce_cotesDesNeiges-300x169.jpg 300w\" sizes=\"(max-width: 650px) 100vw, 650px\" \/>\t\t\t\t\t\t\t\t\t\t\t\t\t\t\t<\/div>\n\t\t\t\t<\/div>\n\t\t\t\t<div class=\"elementor-element elementor-element-eb082b0 elementor-widget__width-initial elementor-widget-mobile__width-inherit elementor-widget elementor-widget-heading\" data-id=\"eb082b0\" data-element_type=\"widget\" data-e-type=\"widget\" data-widget_type=\"heading.default\">\n\t\t\t\t<div class=\"elementor-widget-container\">\n\t\t\t\t\t<h3 class=\"elementor-heading-title elementor-size-default\">C\u00f4te-des-Neiges Road<\/h3>\t\t\t\t<\/div>\n\t\t\t\t<\/div>\n\t\t\t\t<div class=\"elementor-element elementor-element-f585c1f elementor-widget-mobile__width-inherit elementor-widget elementor-widget-text-editor\" data-id=\"f585c1f\" data-element_type=\"widget\" data-e-type=\"widget\" data-widget_type=\"text-editor.default\">\n\t\t\t\t<div class=\"elementor-widget-container\">\n\t\t\t\t\t\t\t\t\t<p>C\u00f4te-des-Neiges Road is the busiest artery, serving several major institutions (hospitals, university campuses, etc.). Plaza C\u00f4te-des-Neiges shopping center.<\/p>\n\t\t\t\t\t\t\t\t<\/div>\n\t\t\t\t<\/div>\n\t\t\t\t<\/div>\n\t\t<div class=\"elementor-element elementor-element-fb7a71c e-con-full e-flex e-con e-child\" data-id=\"fb7a71c\" data-element_type=\"container\" data-e-type=\"container\">\n\t\t\t\t<div class=\"elementor-element elementor-element-24d7b85 elementor-widget elementor-widget-image\" data-id=\"24d7b85\" data-element_type=\"widget\" data-e-type=\"widget\" data-widget_type=\"image.default\">\n\t\t\t\t<div class=\"elementor-widget-container\">\n\t\t\t\t\t\t\t\t\t\t\t\t\t\t\t<img loading=\"lazy\" decoding=\"async\" width=\"650\" height=\"367\" src=\"https:\/\/realta.ca\/wp-content\/uploads\/2024\/06\/realta_region_cdnndg_commerce_decarie.jpg\" class=\"attachment-full size-full wp-image-32129\" alt=\"\" srcset=\"https:\/\/realta.ca\/wp-content\/uploads\/2024\/06\/realta_region_cdnndg_commerce_decarie.jpg 650w, https:\/\/realta.ca\/wp-content\/uploads\/2024\/06\/realta_region_cdnndg_commerce_decarie-300x169.jpg 300w\" sizes=\"(max-width: 650px) 100vw, 650px\" \/>\t\t\t\t\t\t\t\t\t\t\t\t\t\t\t<\/div>\n\t\t\t\t<\/div>\n\t\t\t\t<div class=\"elementor-element elementor-element-c48b1a3 elementor-widget__width-initial elementor-widget-mobile__width-inherit elementor-widget elementor-widget-heading\" data-id=\"c48b1a3\" data-element_type=\"widget\" data-e-type=\"widget\" data-widget_type=\"heading.default\">\n\t\t\t\t<div class=\"elementor-widget-container\">\n\t\t\t\t\t<h3 class=\"elementor-heading-title elementor-size-default\">D\u00e9carie Street<\/h3>\t\t\t\t<\/div>\n\t\t\t\t<\/div>\n\t\t\t\t<div class=\"elementor-element elementor-element-7f529d3 elementor-widget-mobile__width-inherit elementor-widget elementor-widget-text-editor\" data-id=\"7f529d3\" data-element_type=\"widget\" data-e-type=\"widget\" data-widget_type=\"text-editor.default\">\n\t\t\t\t<div class=\"elementor-widget-container\">\n\t\t\t\t\t\t\t\t\t<p>D\u00e9carie Street is the most important artery, linking downtown Montreal to the northwest of the island. A major shopping center: D\u00e9carie Square.<\/p>\n\t\t\t\t\t\t\t\t<\/div>\n\t\t\t\t<\/div>\n\t\t\t\t<\/div>\n\t\t<div class=\"elementor-element elementor-element-e224c4b e-con-full e-flex e-con e-child\" data-id=\"e224c4b\" data-element_type=\"container\" data-e-type=\"container\">\n\t\t\t\t<div class=\"elementor-element elementor-element-18151d0 elementor-widget elementor-widget-image\" data-id=\"18151d0\" data-element_type=\"widget\" data-e-type=\"widget\" data-widget_type=\"image.default\">\n\t\t\t\t<div class=\"elementor-widget-container\">\n\t\t\t\t\t\t\t\t\t\t\t\t\t\t\t<img loading=\"lazy\" decoding=\"async\" width=\"650\" height=\"367\" src=\"https:\/\/realta.ca\/wp-content\/uploads\/2024\/06\/realta_region_cdnndg_commerce_monkland.jpg\" class=\"attachment-full size-full wp-image-32131\" alt=\"\" srcset=\"https:\/\/realta.ca\/wp-content\/uploads\/2024\/06\/realta_region_cdnndg_commerce_monkland.jpg 650w, https:\/\/realta.ca\/wp-content\/uploads\/2024\/06\/realta_region_cdnndg_commerce_monkland-300x169.jpg 300w\" sizes=\"(max-width: 650px) 100vw, 650px\" \/>\t\t\t\t\t\t\t\t\t\t\t\t\t\t\t<\/div>\n\t\t\t\t<\/div>\n\t\t\t\t<div class=\"elementor-element elementor-element-a217fab elementor-widget__width-initial elementor-widget-mobile__width-inherit elementor-widget elementor-widget-heading\" data-id=\"a217fab\" data-element_type=\"widget\" data-e-type=\"widget\" data-widget_type=\"heading.default\">\n\t\t\t\t<div class=\"elementor-widget-container\">\n\t\t\t\t\t<h3 class=\"elementor-heading-title elementor-size-default\">Monkland Avenue<\/h3>\t\t\t\t<\/div>\n\t\t\t\t<\/div>\n\t\t\t\t<div class=\"elementor-element elementor-element-3b6e750 elementor-widget-mobile__width-inherit elementor-widget elementor-widget-text-editor\" data-id=\"3b6e750\" data-element_type=\"widget\" data-e-type=\"widget\" data-widget_type=\"text-editor.default\">\n\t\t\t\t<div class=\"elementor-widget-container\">\n\t\t\t\t\t\t\t\t\t<p>Monkland Avenue is the borough\u2019s most charming thoroughfare. It runs through the historic Notre-Dame-de-Gr\u00e2ce district. An eclectic mix of neighborhood restaurants, boutiques, caf\u00e9s and specialty grocery stores.<\/p>\n\t\t\t\t\t\t\t\t<\/div>\n\t\t\t\t<\/div>\n\t\t\t\t<\/div>\n\t\t<div class=\"elementor-element elementor-element-9ff21c0 e-con-full e-flex e-con e-child\" data-id=\"9ff21c0\" data-element_type=\"container\" data-e-type=\"container\">\n\t\t\t\t<div class=\"elementor-element elementor-element-5ca1f1f elementor-widget elementor-widget-image\" data-id=\"5ca1f1f\" data-element_type=\"widget\" data-e-type=\"widget\" data-widget_type=\"image.default\">\n\t\t\t\t<div class=\"elementor-widget-container\">\n\t\t\t\t\t\t\t\t\t\t\t\t\t\t\t<img loading=\"lazy\" decoding=\"async\" width=\"650\" height=\"367\" src=\"https:\/\/realta.ca\/wp-content\/uploads\/2024\/06\/realta_region_cdnndg_commerce_sherbrooke.jpg\" class=\"attachment-full size-full wp-image-32133\" alt=\"\" srcset=\"https:\/\/realta.ca\/wp-content\/uploads\/2024\/06\/realta_region_cdnndg_commerce_sherbrooke.jpg 650w, https:\/\/realta.ca\/wp-content\/uploads\/2024\/06\/realta_region_cdnndg_commerce_sherbrooke-300x169.jpg 300w\" sizes=\"(max-width: 650px) 100vw, 650px\" \/>\t\t\t\t\t\t\t\t\t\t\t\t\t\t\t<\/div>\n\t\t\t\t<\/div>\n\t\t\t\t<div class=\"elementor-element elementor-element-402df70 elementor-widget__width-initial elementor-widget-mobile__width-inherit elementor-widget elementor-widget-heading\" data-id=\"402df70\" data-element_type=\"widget\" data-e-type=\"widget\" data-widget_type=\"heading.default\">\n\t\t\t\t<div class=\"elementor-widget-container\">\n\t\t\t\t\t<h3 class=\"elementor-heading-title elementor-size-default\">Sherbrooke Street<\/h3>\t\t\t\t<\/div>\n\t\t\t\t<\/div>\n\t\t\t\t<div class=\"elementor-element elementor-element-c43b2fb elementor-widget-mobile__width-inherit elementor-widget elementor-widget-text-editor\" data-id=\"c43b2fb\" data-element_type=\"widget\" data-e-type=\"widget\" data-widget_type=\"text-editor.default\">\n\t\t\t\t<div class=\"elementor-widget-container\">\n\t\t\t\t\t\t\t\t\t<p>Sherbrooke Street West is the borough\u2019s vintage artery. From the Westmount city limit to Cavendish Boulevard, this street has a unique charm, reminiscent in places of New York\u2019s Brooklyn district.<\/p>\n\t\t\t\t\t\t\t\t<\/div>\n\t\t\t\t<\/div>\n\t\t\t\t<\/div>\n\t\t<div class=\"elementor-element elementor-element-a982005 e-con-full e-flex e-con e-child\" data-id=\"a982005\" data-element_type=\"container\" data-e-type=\"container\">\n\t\t\t\t<div class=\"elementor-element elementor-element-92df116 elementor-widget elementor-widget-image\" data-id=\"92df116\" data-element_type=\"widget\" data-e-type=\"widget\" data-widget_type=\"image.default\">\n\t\t\t\t<div class=\"elementor-widget-container\">\n\t\t\t\t\t\t\t\t\t\t\t\t\t\t\t<img loading=\"lazy\" decoding=\"async\" width=\"650\" height=\"367\" src=\"https:\/\/realta.ca\/wp-content\/uploads\/2024\/06\/realta_region_cdnndg_commerce_victoria.jpg\" class=\"attachment-full size-full wp-image-32135\" alt=\"\" srcset=\"https:\/\/realta.ca\/wp-content\/uploads\/2024\/06\/realta_region_cdnndg_commerce_victoria.jpg 650w, https:\/\/realta.ca\/wp-content\/uploads\/2024\/06\/realta_region_cdnndg_commerce_victoria-300x169.jpg 300w\" sizes=\"(max-width: 650px) 100vw, 650px\" \/>\t\t\t\t\t\t\t\t\t\t\t\t\t\t\t<\/div>\n\t\t\t\t<\/div>\n\t\t\t\t<div class=\"elementor-element elementor-element-e9dceda elementor-widget__width-initial elementor-widget-mobile__width-inherit elementor-widget elementor-widget-heading\" data-id=\"e9dceda\" data-element_type=\"widget\" data-e-type=\"widget\" data-widget_type=\"heading.default\">\n\t\t\t\t<div class=\"elementor-widget-container\">\n\t\t\t\t\t<h3 class=\"elementor-heading-title elementor-size-default\">Victoria Avenue<\/h3>\t\t\t\t<\/div>\n\t\t\t\t<\/div>\n\t\t\t\t<div class=\"elementor-element elementor-element-e517b33 elementor-widget-mobile__width-inherit elementor-widget elementor-widget-text-editor\" data-id=\"e517b33\" data-element_type=\"widget\" data-e-type=\"widget\" data-widget_type=\"text-editor.default\">\n\t\t\t\t<div class=\"elementor-widget-container\">\n\t\t\t\t\t\t\t\t\t<p>Victoria Avenue is the borough\u2019s most cosmopolitan thoroughfare. It\u2019s home to churches, synagogues, mosques, temples and community centers of all denominations. It\u2019s also a meeting place for people of all origins, including immigrants from Haiti, Lebanon, Vietnam, Bangladesh and other countries.<\/p>\n\t\t\t\t\t\t\t\t<\/div>\n\t\t\t\t<\/div>\n\t\t\t\t<\/div>\n\t\t<div class=\"elementor-element elementor-element-4c8ecc8 e-con-full e-flex e-con e-child\" data-id=\"4c8ecc8\" data-element_type=\"container\" data-e-type=\"container\">\n\t\t\t\t<div class=\"elementor-element elementor-element-fe3e7ea elementor-widget elementor-widget-image\" data-id=\"fe3e7ea\" data-element_type=\"widget\" data-e-type=\"widget\" data-widget_type=\"image.default\">\n\t\t\t\t<div class=\"elementor-widget-container\">\n\t\t\t\t\t\t\t\t\t\t\t\t\t\t\t<img loading=\"lazy\" decoding=\"async\" width=\"650\" height=\"367\" src=\"https:\/\/realta.ca\/wp-content\/uploads\/2024\/06\/realta_region_cdnndg_commerce_queenMary.jpg\" class=\"attachment-full size-full wp-image-32137\" alt=\"\" srcset=\"https:\/\/realta.ca\/wp-content\/uploads\/2024\/06\/realta_region_cdnndg_commerce_queenMary.jpg 650w, https:\/\/realta.ca\/wp-content\/uploads\/2024\/06\/realta_region_cdnndg_commerce_queenMary-300x169.jpg 300w\" sizes=\"(max-width: 650px) 100vw, 650px\" \/>\t\t\t\t\t\t\t\t\t\t\t\t\t\t\t<\/div>\n\t\t\t\t<\/div>\n\t\t\t\t<div class=\"elementor-element elementor-element-3d45371 elementor-widget__width-initial elementor-widget-mobile__width-inherit elementor-widget elementor-widget-heading\" data-id=\"3d45371\" data-element_type=\"widget\" data-e-type=\"widget\" data-widget_type=\"heading.default\">\n\t\t\t\t<div class=\"elementor-widget-container\">\n\t\t\t\t\t<h3 class=\"elementor-heading-title elementor-size-default\">Chemin Queen-Mary<\/h3>\t\t\t\t<\/div>\n\t\t\t\t<\/div>\n\t\t\t\t<div class=\"elementor-element elementor-element-301947e elementor-widget-mobile__width-inherit elementor-widget elementor-widget-text-editor\" data-id=\"301947e\" data-element_type=\"widget\" data-e-type=\"widget\" data-widget_type=\"text-editor.default\">\n\t\t\t\t<div class=\"elementor-widget-container\">\n\t\t\t\t\t\t\t\t\t<p>Chemin Queen-Mary is the borough\u2019s most convivial thoroughfare. It stretches some 4 kilometers from boulevard D\u00e9carie to avenue West Hill. It runs through Snowdon, C\u00f4te-des-Neiges and Notre-Dame-de-Gr\u00e2ce. Queen-Mary Street is also a place of pleasure and escape, with hair salons, spas and travel agencies. Three gems to discover: the Snowdon Cinema, the Snowdon Deli and St. Joseph\u2019s Oratory.<\/p>\n\t\t\t\t\t\t\t\t<\/div>\n\t\t\t\t<\/div>\n\t\t\t\t<\/div>\n\t\t<div class=\"elementor-element elementor-element-50c5983 e-con-full e-flex e-con e-child\" data-id=\"50c5983\" data-element_type=\"container\" data-e-type=\"container\">\n\t\t\t\t<div class=\"elementor-element elementor-element-5b44cf1 elementor-widget elementor-widget-image\" data-id=\"5b44cf1\" data-element_type=\"widget\" data-e-type=\"widget\" data-widget_type=\"image.default\">\n\t\t\t\t<div class=\"elementor-widget-container\">\n\t\t\t\t\t\t\t\t\t\t\t\t\t\t\t<img loading=\"lazy\" decoding=\"async\" width=\"650\" height=\"367\" src=\"https:\/\/realta.ca\/wp-content\/uploads\/2024\/06\/realta_region_cdnndg_commerce_somerled.jpg\" class=\"attachment-full size-full wp-image-32139\" alt=\"\" srcset=\"https:\/\/realta.ca\/wp-content\/uploads\/2024\/06\/realta_region_cdnndg_commerce_somerled.jpg 650w, https:\/\/realta.ca\/wp-content\/uploads\/2024\/06\/realta_region_cdnndg_commerce_somerled-300x169.jpg 300w\" sizes=\"(max-width: 650px) 100vw, 650px\" \/>\t\t\t\t\t\t\t\t\t\t\t\t\t\t\t<\/div>\n\t\t\t\t<\/div>\n\t\t\t\t<div class=\"elementor-element elementor-element-cb74db8 elementor-widget__width-initial elementor-widget-mobile__width-inherit elementor-widget elementor-widget-heading\" data-id=\"cb74db8\" data-element_type=\"widget\" data-e-type=\"widget\" data-widget_type=\"heading.default\">\n\t\t\t\t<div class=\"elementor-widget-container\">\n\t\t\t\t\t<h3 class=\"elementor-heading-title elementor-size-default\">Somerled Street<\/h3>\t\t\t\t<\/div>\n\t\t\t\t<\/div>\n\t\t\t\t<div class=\"elementor-element elementor-element-9233ac0 elementor-widget-mobile__width-inherit elementor-widget elementor-widget-text-editor\" data-id=\"9233ac0\" data-element_type=\"widget\" data-e-type=\"widget\" data-widget_type=\"text-editor.default\">\n\t\t\t\t<div class=\"elementor-widget-container\">\n\t\t\t\t\t\t\t\t\t<p>Somerled street is the borough\u2019s most athletic thoroughfare. It is home to a number of recreational and educational facilities for young people in the Notre-Dame-de-Gr\u00e2ce sector. These include the Loyola sports center, Notre-Dame-de-Gr\u00e2ce high school and Somerled park.<\/p>\n\t\t\t\t\t\t\t\t<\/div>\n\t\t\t\t<\/div>\n\t\t\t\t<\/div>\n\t\t\t\t\t<\/div>\n\t\t\t\t<\/div>\n\t\t\t\t\t<\/div>\n\t\t\t\t<\/section>\n\t\t<section class=\"elementor-element elementor-element-abac796 e-flex e-con-boxed e-con e-child\" data-id=\"abac796\" data-element_type=\"container\" data-e-type=\"container\" data-settings=\"{&quot;background_background&quot;:&quot;classic&quot;}\">\n\t\t\t\t\t<div class=\"e-con-inner\">\n\t\t\t\t<div class=\"elementor-element elementor-element-9cd6739 elementor-widget-mobile__width-initial elementor-widget-tablet__width-initial elementor-invisible elementor-widget elementor-widget-heading\" data-id=\"9cd6739\" data-element_type=\"widget\" data-e-type=\"widget\" data-settings=\"{&quot;_animation&quot;:&quot;slideInDown&quot;}\" data-widget_type=\"heading.default\">\n\t\t\t\t<div class=\"elementor-widget-container\">\n\t\t\t\t\t<h2 class=\"elementor-heading-title elementor-size-default\">Why buy a property in CDN-NDG?<\/h2>\t\t\t\t<\/div>\n\t\t\t\t<\/div>\n\t\t<div class=\"elementor-element elementor-element-92e62d4 e-flex e-con-boxed e-con e-child\" data-id=\"92e62d4\" data-element_type=\"container\" data-e-type=\"container\">\n\t\t\t\t\t<div class=\"e-con-inner\">\n\t\t\t\t<div class=\"elementor-element elementor-element-84e0a31 elementor-widget elementor-widget-text-editor\" data-id=\"84e0a31\" data-element_type=\"widget\" data-e-type=\"widget\" data-widget_type=\"text-editor.default\">\n\t\t\t\t<div class=\"elementor-widget-container\">\n\t\t\t\t\t\t\t\t\t<p>We choose to live in CDN-NDG first and foremost for the great cultural diversity reflected in its stores and restaurants. Also for its 10 metro stations, which take you to the four corners of the city, especially downtown. People also love its many parks and green spaces, the best known of which is Mount Royal. Finally, there\u2019s a wealth of services for residents and popular activities: libraries, swimming pools, community centers, festivals, markets and museums. Of particular note is Saint Joseph\u2019s Oratory, which has become one of Montreal\u2019s greatest attractions. Currently under renovation to improve accessibility and greenery, it attracts some two million visitors to the borough every year.<\/p>\n\t\t\t\t\t\t\t\t<\/div>\n\t\t\t\t<\/div>\n\t\t\t\t\t<\/div>\n\t\t\t\t<\/div>\n\t\t\t\t\t<\/div>\n\t\t\t\t<\/section>\n\t\t<section class=\"elementor-element elementor-element-e5423bd e-flex e-con-boxed e-con e-child\" data-id=\"e5423bd\" data-element_type=\"container\" data-e-type=\"container\">\n\t\t\t\t\t<div class=\"e-con-inner\">\n\t\t<div class=\"elementor-element elementor-element-4aff5b3 e-flex e-con-boxed e-con e-child\" data-id=\"4aff5b3\" data-element_type=\"container\" data-e-type=\"container\">\n\t\t\t\t\t<div class=\"e-con-inner\">\n\t\t<div class=\"elementor-element elementor-element-eccb948 e-con-full e-flex e-con e-child\" data-id=\"eccb948\" data-element_type=\"container\" data-e-type=\"container\">\n\t\t\t\t<div class=\"elementor-element elementor-element-a573660 elementor-widget elementor-widget-image\" data-id=\"a573660\" data-element_type=\"widget\" data-e-type=\"widget\" data-widget_type=\"image.default\">\n\t\t\t\t<div class=\"elementor-widget-container\">\n\t\t\t\t\t\t\t\t\t\t\t\t\t\t\t<img loading=\"lazy\" decoding=\"async\" width=\"650\" height=\"367\" src=\"https:\/\/realta.ca\/wp-content\/uploads\/2024\/06\/realta_region_cdnndg_dynamiqueCulturel.jpg\" class=\"attachment-full size-full wp-image-32141\" alt=\"\" srcset=\"https:\/\/realta.ca\/wp-content\/uploads\/2024\/06\/realta_region_cdnndg_dynamiqueCulturel.jpg 650w, https:\/\/realta.ca\/wp-content\/uploads\/2024\/06\/realta_region_cdnndg_dynamiqueCulturel-300x169.jpg 300w\" sizes=\"(max-width: 650px) 100vw, 650px\" \/>\t\t\t\t\t\t\t\t\t\t\t\t\t\t\t<\/div>\n\t\t\t\t<\/div>\n\t\t\t\t<div class=\"elementor-element elementor-element-24257ed elementor-widget__width-initial elementor-widget-mobile__width-inherit elementor-invisible elementor-widget elementor-widget-heading\" data-id=\"24257ed\" data-element_type=\"widget\" data-e-type=\"widget\" data-settings=\"{&quot;_animation&quot;:&quot;slideInDown&quot;}\" data-widget_type=\"heading.default\">\n\t\t\t\t<div class=\"elementor-widget-container\">\n\t\t\t\t\t<h3 class=\"elementor-heading-title elementor-size-default\">For its vibrant <b>cultural environment<\/b><\/h3>\t\t\t\t<\/div>\n\t\t\t\t<\/div>\n\t\t\t\t<div class=\"elementor-element elementor-element-b909fa7 elementor-widget-mobile__width-inherit elementor-widget elementor-widget-text-editor\" data-id=\"b909fa7\" data-element_type=\"widget\" data-e-type=\"widget\" data-widget_type=\"text-editor.default\">\n\t\t\t\t<div class=\"elementor-widget-container\">\n\t\t\t\t\t\t\t\t\t<p>Every season, culture unfolds throughout the borough with a variety of activities to educate, entertain and amaze residents and tourists from near and far. The first cultural venues are, of course, the Maison de la culture de C\u00f4te-des-Neiges and the Maison de la culture Notre-Dame-de-Gr\u00e2ce. An annex was integrated into the Centre culturel de Notre-Dame-de-Gr\u00e2ce in 2016 (on Monkland Street). This gives residents and visitors a second cultural venue, in addition to its first branch, located on rue Botrel. Neighborhood libraries also offer online activities and services to facilitate the user experience. Finally, the Intercultural Library promotes exchanges between different cultures by offering language courses, a collection of world music and works in foreign languages.<\/p>\n<p>Among the cultural organizations that enliven CDN\/NDG is the Centre culturel Notre-Dame-de-Gr\u00e2ce, which offers artistic, educational and community activities for all ages. The Centre d\u2019histoire de Montr\u00e9al has also opened a branch: the Mus\u00e9e des ondes \u00c9mile Berliner, which tells the story of Montreal\u2019s sound industry. The Segal Centre for Performing Arts is a must for theater, music and dance lovers. It hosts local and international productions, as well as festivals such as the Festival international de jazz de Montr\u00e9al.<\/p>\n<p>Dance also occupies an important place in CDN\/NDG\u2019s cultural life. For example, the \u201cQui bougera\u201d project in August 2022 brought professional and amateur dancers together on stage for dance jousts, in which the public can also take part. The aim is to introduce people to urban dance and foster links between people from different backgrounds. Partners: LATMontreal.dance school \/ Les Ateliers Turcotte. The experience was enriching and fun for all participants and spectators alike.<\/p>\n<p>Several dance companies have made the area their home, including Compagnie Marie Chouinard, internationally renowned for its bold, avant-garde style. Compagnie Flak, founded by choreographer Jos\u00e9 Navas, stands out for its minimalist, poetic approach. Compagnie O Vertigo, directed by Ginette Laurin, explores the limits of body and space with great inventiveness. Compagnie Sinha Danse, created by Roger Sinha, fuses Indian and contemporary dance with a touch of humor.<\/p>\n<p>Whether you\u2019re a fan of arthouse, blockbuster or foreign films, you\u2019re sure to find what you\u2019re looking for at the borough\u2019s only cinema: Cin\u00e9 Starz C\u00f4te-des-Neiges. It offers films in French and English, as well as art house fare. It has six screens with comfortable seats and digital projectors. It also offers reduced rates for students, seniors and children. For its part, the iconic Snowdon Cinema has become a condominium site. The maisons de la culture also offer repertory, Quebec, youth, documentary and foreign films. Check out their seasonal programming!<\/p>\n\t\t\t\t\t\t\t\t<\/div>\n\t\t\t\t<\/div>\n\t\t\t\t<\/div>\n\t\t<div class=\"elementor-element elementor-element-173abb1 e-con-full e-flex e-con e-child\" data-id=\"173abb1\" data-element_type=\"container\" data-e-type=\"container\">\n\t\t\t\t<div class=\"elementor-element elementor-element-bd8ccc2 elementor-widget elementor-widget-image\" data-id=\"bd8ccc2\" data-element_type=\"widget\" data-e-type=\"widget\" data-widget_type=\"image.default\">\n\t\t\t\t<div class=\"elementor-widget-container\">\n\t\t\t\t\t\t\t\t\t\t\t\t\t\t\t<img loading=\"lazy\" decoding=\"async\" width=\"650\" height=\"367\" src=\"https:\/\/realta.ca\/wp-content\/uploads\/2024\/06\/realta_region_cdnndg_gourmands.jpg\" class=\"attachment-full size-full wp-image-32143\" alt=\"\" srcset=\"https:\/\/realta.ca\/wp-content\/uploads\/2024\/06\/realta_region_cdnndg_gourmands.jpg 650w, https:\/\/realta.ca\/wp-content\/uploads\/2024\/06\/realta_region_cdnndg_gourmands-300x169.jpg 300w\" sizes=\"(max-width: 650px) 100vw, 650px\" \/>\t\t\t\t\t\t\t\t\t\t\t\t\t\t\t<\/div>\n\t\t\t\t<\/div>\n\t\t\t\t<div class=\"elementor-element elementor-element-036a815 elementor-widget__width-initial elementor-widget-mobile__width-inherit elementor-invisible elementor-widget elementor-widget-heading\" data-id=\"036a815\" data-element_type=\"widget\" data-e-type=\"widget\" data-settings=\"{&quot;_animation&quot;:&quot;slideInDown&quot;}\" data-widget_type=\"heading.default\">\n\t\t\t\t<div class=\"elementor-widget-container\">\n\t\t\t\t\t<h3 class=\"elementor-heading-title elementor-size-default\">For its <b>gourmet destinations<\/b><\/h3>\t\t\t\t<\/div>\n\t\t\t\t<\/div>\n\t\t\t\t<div class=\"elementor-element elementor-element-ef65faa elementor-widget-mobile__width-inherit elementor-widget elementor-widget-text-editor\" data-id=\"ef65faa\" data-element_type=\"widget\" data-e-type=\"widget\" data-widget_type=\"text-editor.default\">\n\t\t\t\t<div class=\"elementor-widget-container\">\n\t\t\t\t\t\t\t\t\tTaking up residence in the borough allows residents to be tourists in their own neighborhood, and to discover the vibrancy of their living environment by exploring its caf\u00e9s, patisseries, restaurants and other culinary destinations. Here are 7 popular restaurants in the borough:\r\n<ul>\r\n \t<li>Pho Lien: This Vietnamese restaurant is renowned for its Pho soups, which are among the best in Montreal. Service is fast and efficient, and prices are reasonable.<\/li>\r\n \t<li>Gibeau Orange Julep: Montreal\u2019s iconic landmark, it\u2019s surely the best-known attraction in the borough and the place to go for a hot dog.<\/li>\r\n \t<li>Le Duc de Lorraine: Montreal\u2019s oldest French patisserie. It has been offering a memorable culinary experience since 1952. Their reputation is built on their commitment to using only the finest natural ingredients and preserving the recipes of the great pastry chefs of yesteryear.<\/li>\r\n \t<li>Le Chalet BAR-B-Q: another Montreal institution, here for 77 years. Its internationally acclaimed roast chicken has become an emblem of comfort far beyond Notre-Dame-de-Gr\u00e2ce.<\/li>\r\n \t<li>Taverne Monkland: located in the heart of the village, Taverne Monkland has been open since 1995. This restaurant has become a staple of the N.D.G. district, serving classics such as mushroom risotto, beef tartare, fresh salads and cocktails.<\/li>\r\n \t<li>Tropical Paradise Restaurant and Caribbean Curry House: For those who crave Caribbean flavors. They\u2019re excellent choices, serving jerk chicken and deliciously tender roasts.<\/li>\r\n \t<li>Farhat or Chez Sindibad: For Middle Eastern gustatory delights, turn to their shawarma.<\/li>\r\n<\/ul>\t\t\t\t\t\t\t\t<\/div>\n\t\t\t\t<\/div>\n\t\t\t\t<\/div>\n\t\t<div class=\"elementor-element elementor-element-e42b4a1 e-con-full e-flex e-con e-child\" data-id=\"e42b4a1\" data-element_type=\"container\" data-e-type=\"container\">\n\t\t\t\t<div class=\"elementor-element elementor-element-502d899 region__imageSource--widget elementor-position-top elementor-widget elementor-widget-image-box\" data-id=\"502d899\" data-element_type=\"widget\" data-e-type=\"widget\" data-widget_type=\"image-box.default\">\n\t\t\t\t<div class=\"elementor-widget-container\">\n\t\t\t\t\t<div class=\"elementor-image-box-wrapper\"><figure class=\"elementor-image-box-img\"><img loading=\"lazy\" decoding=\"async\" width=\"650\" height=\"367\" src=\"https:\/\/realta.ca\/wp-content\/uploads\/2024\/06\/realta_region_cdnndg_education.jpg\" class=\"attachment-full size-full wp-image-32145\" alt=\"\" srcset=\"https:\/\/realta.ca\/wp-content\/uploads\/2024\/06\/realta_region_cdnndg_education.jpg 650w, https:\/\/realta.ca\/wp-content\/uploads\/2024\/06\/realta_region_cdnndg_education-300x169.jpg 300w\" sizes=\"(max-width: 650px) 100vw, 650px\" \/><\/figure><div class=\"elementor-image-box-content\"><span class=\"elementor-image-box-title\"><i class=\"fa-solid fa-info\"><\/i><\/span><p class=\"elementor-image-box-description\">Founded in 1928, Coll\u00e8ge Br\u00e9beuf offers high school and college programs, as well as a variety of extracurricular activities. Some 400 staff members manage this private institution, which welcomes some 1,100 students. Source\u00a0: <a href=\"https:\/\/montreal.ca\/\" target=\"_blank\" rel=\"noopener\">ville de Montr\u00e9al<\/a><\/p><\/div><\/div>\t\t\t\t<\/div>\n\t\t\t\t<\/div>\n\t\t\t\t<div class=\"elementor-element elementor-element-f8758c7 elementor-widget__width-initial elementor-widget-mobile__width-inherit elementor-invisible elementor-widget elementor-widget-heading\" data-id=\"f8758c7\" data-element_type=\"widget\" data-e-type=\"widget\" data-settings=\"{&quot;_animation&quot;:&quot;slideInDown&quot;}\" data-widget_type=\"heading.default\">\n\t\t\t\t<div class=\"elementor-widget-container\">\n\t\t\t\t\t<h3 class=\"elementor-heading-title elementor-size-default\">For its <b>educational services<\/b><\/h3>\t\t\t\t<\/div>\n\t\t\t\t<\/div>\n\t\t\t\t<div class=\"elementor-element elementor-element-4896dd2 elementor-widget-mobile__width-inherit elementor-widget elementor-widget-text-editor\" data-id=\"4896dd2\" data-element_type=\"widget\" data-e-type=\"widget\" data-widget_type=\"text-editor.default\">\n\t\t\t\t<div class=\"elementor-widget-container\">\n\t\t\t\t\t\t\t\t\t<p>Here are just some of the primary, secondary, college and university schools located in the borough. These institutions offer a variety of educational programs from primary to doctorate level, in both French and English.<\/p>\n<p>Elementary schools :<\/p>\n<ul>\n<li>School Notre-Dame-des-Neiges<\/li>\n<li>School Saint-Luc<\/li>\n<li>School Saint-Paul-de-la-Croix<\/li>\n<li>School Sainte-Madeleine<\/li>\n<li>School Saint-Pierre-Claver<\/li>\n<\/ul>\n<p>&nbsp;<\/p>\n<p>High schools :<\/p>\n<ul>\n<li>Notre-Dame-des-Neiges High School<\/li>\n<li>Saint-Luc High School<\/li>\n<li>Sainte-Catherine High School<\/li>\n<\/ul>\n<p>&nbsp;<\/p>\n<p>Colleges :<\/p>\n<ul>\n<li>Maisonneuve College (C\u00f4te-des-Neiges Campus)<\/li>\n<li>Jean-de-Br\u00e9beuf College<\/li>\n<\/ul>\n<p>&nbsp;<\/p>\n<p>Universities :<\/p>\n<ul>\n<li>Universit\u00e9 de Montr\u00e9al (Campus de l\u2019Universit\u00e9 de Montr\u00e9al)<\/li>\n<li>HEC Montr\u00e9al (Campus de l\u2019Universit\u00e9 de Montr\u00e9al)<\/li>\n<li>Polytechnique Montr\u00e9al (Campus de l\u2019Universit\u00e9 de Montr\u00e9al)<\/li>\n<li>Loyola Campus of Concordia University<\/li>\n<\/ul>\n<p>&nbsp;<\/p>\n<p>Private schools and colleges :<\/p>\n<ul>\n<li>Notre-Dame College<\/li>\n<li>Marie de France International College<\/li>\n<li>Montreal International School<\/li>\n<li>Loyola High School<\/li>\n<\/ul>\n\t\t\t\t\t\t\t\t<\/div>\n\t\t\t\t<\/div>\n\t\t\t\t<\/div>\n\t\t<div class=\"elementor-element elementor-element-33d1c50 e-con-full e-flex e-con e-child\" data-id=\"33d1c50\" data-element_type=\"container\" data-e-type=\"container\">\n\t\t\t\t<div class=\"elementor-element elementor-element-71c1811 region__imageSource--widget elementor-position-top elementor-widget elementor-widget-image-box\" data-id=\"71c1811\" data-element_type=\"widget\" data-e-type=\"widget\" data-widget_type=\"image-box.default\">\n\t\t\t\t<div class=\"elementor-widget-container\">\n\t\t\t\t\t<div class=\"elementor-image-box-wrapper\"><figure class=\"elementor-image-box-img\"><img loading=\"lazy\" decoding=\"async\" width=\"650\" height=\"367\" src=\"https:\/\/realta.ca\/wp-content\/uploads\/2024\/06\/realta_region_cdnndg_medical.jpg\" class=\"attachment-full size-full wp-image-32152\" alt=\"\" srcset=\"https:\/\/realta.ca\/wp-content\/uploads\/2024\/06\/realta_region_cdnndg_medical.jpg 650w, https:\/\/realta.ca\/wp-content\/uploads\/2024\/06\/realta_region_cdnndg_medical-300x169.jpg 300w\" sizes=\"(max-width: 650px) 100vw, 650px\" \/><\/figure><div class=\"elementor-image-box-content\"><span class=\"elementor-image-box-title\"><i class=\"fa-solid fa-info\"><\/i><\/span><p class=\"elementor-image-box-description\">Founded in 1907, the Centre hospitalier universitaire (CHU) Sainte-Justine is the largest mother-child center in Canada and one of the four largest pediatric centers in North America. It is affiliated with the Universit\u00e9 de Montr\u00e9al. Every year, CHU Sainte-Justine handles 3,274 deliveries, 78,624 emergency room visits and 218,492 outpatient consultations.<\/p><\/div><\/div>\t\t\t\t<\/div>\n\t\t\t\t<\/div>\n\t\t\t\t<div class=\"elementor-element elementor-element-cfab952 elementor-widget__width-initial elementor-widget-mobile__width-inherit elementor-invisible elementor-widget elementor-widget-heading\" data-id=\"cfab952\" data-element_type=\"widget\" data-e-type=\"widget\" data-settings=\"{&quot;_animation&quot;:&quot;slideInDown&quot;}\" data-widget_type=\"heading.default\">\n\t\t\t\t<div class=\"elementor-widget-container\">\n\t\t\t\t\t<h2 class=\"elementor-heading-title elementor-size-default\">For nearby <b>medical services<\/b><\/h2>\t\t\t\t<\/div>\n\t\t\t\t<\/div>\n\t\t\t\t<div class=\"elementor-element elementor-element-9513666 elementor-widget-mobile__width-inherit elementor-widget elementor-widget-text-editor\" data-id=\"9513666\" data-element_type=\"widget\" data-e-type=\"widget\" data-widget_type=\"text-editor.default\">\n\t\t\t\t<div class=\"elementor-widget-container\">\n\t\t\t\t\t\t\t\t\t<p>The C\u00f4te-des-Neiges\/Notre-Dame-de-Grace borough is home to several major hospitals. These include the McGill University Health Centre (MUHC), the Jewish General Hospital and H\u00f4pital Sainte-Justine. These hospitals offer high-quality, state-of-the-art care to the population (without having to travel far from home), as well as research and training opportunities for healthcare professionals. Having access to these hospitals is an undeniable advantage.<\/p>\n\t\t\t\t\t\t\t\t<\/div>\n\t\t\t\t<\/div>\n\t\t\t\t<\/div>\n\t\t<div class=\"elementor-element elementor-element-809a1b3 e-con-full e-flex e-con e-child\" data-id=\"809a1b3\" data-element_type=\"container\" data-e-type=\"container\">\n\t\t\t\t<div class=\"elementor-element elementor-element-c1c67ee elementor-widget elementor-widget-image\" data-id=\"c1c67ee\" data-element_type=\"widget\" data-e-type=\"widget\" data-widget_type=\"image.default\">\n\t\t\t\t<div class=\"elementor-widget-container\">\n\t\t\t\t\t\t\t\t\t\t\t\t\t\t\t<img loading=\"lazy\" decoding=\"async\" width=\"650\" height=\"367\" src=\"https:\/\/realta.ca\/wp-content\/uploads\/2024\/06\/realta_region_cdnndg_immobilier.jpg\" class=\"attachment-full size-full wp-image-32155\" alt=\"\" srcset=\"https:\/\/realta.ca\/wp-content\/uploads\/2024\/06\/realta_region_cdnndg_immobilier.jpg 650w, https:\/\/realta.ca\/wp-content\/uploads\/2024\/06\/realta_region_cdnndg_immobilier-300x169.jpg 300w\" sizes=\"(max-width: 650px) 100vw, 650px\" \/>\t\t\t\t\t\t\t\t\t\t\t\t\t\t\t<\/div>\n\t\t\t\t<\/div>\n\t\t\t\t<div class=\"elementor-element elementor-element-ef82775 elementor-widget__width-initial elementor-widget-mobile__width-inherit elementor-invisible elementor-widget elementor-widget-heading\" data-id=\"ef82775\" data-element_type=\"widget\" data-e-type=\"widget\" data-settings=\"{&quot;_animation&quot;:&quot;slideInDown&quot;}\" data-widget_type=\"heading.default\">\n\t\t\t\t<div class=\"elementor-widget-container\">\n\t\t\t\t\t<h3 class=\"elementor-heading-title elementor-size-default\">For its <b>dynamic and varied real estate market<\/b><\/h3>\t\t\t\t<\/div>\n\t\t\t\t<\/div>\n\t\t\t\t<div class=\"elementor-element elementor-element-6ed87a8 elementor-widget-mobile__width-inherit elementor-widget elementor-widget-text-editor\" data-id=\"6ed87a8\" data-element_type=\"widget\" data-e-type=\"widget\" data-widget_type=\"text-editor.default\">\n\t\t\t\t<div class=\"elementor-widget-container\">\n\t\t\t\t\t\t\t\t\t<p>The C\u00f4te-des-Neiges\/Notre-Dame-de-Gr\u00e2ce borough offers a wide variety of neighborhoods and property types. Whether you\u2019re looking for a single-family home, condo, duplex or apartment, you\u2019re sure to find what you\u2019re looking for in this borough. Despite the slowdown in the real estate market in general, property prices are showing stability, confirming their long-term potential for real estate appreciation.<\/p>\n<p>Investments in well-located, well-maintained properties, such as those in CDN-NDG, can offer attractive returns over time. According to Centris data for Q1 2023, the median price of a single-family home was $1,150,000 (vs. $775,000 in 2020), that of a condo $520,000 (vs. $375,000 in 2020) and that of a plex (2 to 5 units) $875,000 (vs. $720,000 in 2020).<\/p>\n<p>*Source: Centris June 2023<\/p>\n\t\t\t\t\t\t\t\t<\/div>\n\t\t\t\t<\/div>\n\t\t\t\t<\/div>\n\t\t\t\t\t<\/div>\n\t\t\t\t<\/div>\n\t\t\t\t\t<\/div>\n\t\t\t\t<\/section>\n\t\t<section class=\"elementor-element elementor-element-f8c985f e-flex e-con-boxed e-con e-child\" data-id=\"f8c985f\" data-element_type=\"container\" data-e-type=\"container\">\n\t\t\t\t\t<div class=\"e-con-inner\">\n\t\t<div class=\"elementor-element elementor-element-4cde341 e-con-full e-flex e-con e-child\" data-id=\"4cde341\" data-element_type=\"container\" data-e-type=\"container\">\n\t\t\t\t<div class=\"elementor-element elementor-element-452effe elementor-widget-mobile__width-inherit elementor-invisible elementor-widget elementor-widget-heading\" data-id=\"452effe\" data-element_type=\"widget\" data-e-type=\"widget\" data-settings=\"{&quot;_animation&quot;:&quot;slideInDown&quot;}\" data-widget_type=\"heading.default\">\n\t\t\t\t<div class=\"elementor-widget-container\">\n\t\t\t\t\t<h2 class=\"elementor-heading-title elementor-size-default\">Median price<br \/>Single-family homes<\/h2>\t\t\t\t<\/div>\n\t\t\t\t<\/div>\n\t\t\t\t<div class=\"elementor-element elementor-element-cfd3798 elementor-widget elementor-widget-shortcode\" data-id=\"cfd3798\" data-element_type=\"widget\" data-e-type=\"widget\" data-widget_type=\"shortcode.default\">\n\t\t\t\t<div class=\"elementor-widget-container\">\n\t\t\t\t\t\t\t<div class=\"elementor-shortcode\">        <div class=\"region__stat\">\r\n            <div class=\"region__stat--cities\">\r\n                                <div class=\"region__stat--city region__median--city\">\r\n                        <label class=\"region__city--label\">Westmount<\/label>\r\n                                                    <price>2 250 000 <\/price>\r\n                                                \r\n                    <\/div>          \r\n                                        <div class=\"region__stat--city region__median--city\">\r\n                        <label class=\"region__city--label\">Outremont<\/label>\r\n                                                    <price>2 071 625 <\/price>\r\n                                                \r\n                    <\/div>          \r\n                                        <div class=\"region__stat--city region__median--city\">\r\n                        <label class=\"region__city--label\">Hampstead<\/label>\r\n                                                    <price>1 804 375 <\/price>\r\n                                                \r\n                    <\/div>          \r\n                                        <div class=\"region__stat--city region__median--city\">\r\n                        <label class=\"region__city--label\">Ville de Mont-Royal<\/label>\r\n                                                    <price>1 742 500 <\/price>\r\n                                                \r\n                    <\/div>          \r\n                                        <div class=\"region__stat--city region__median--city region__stat--bold\">\r\n                        <label class=\"region__city--label\">C\u00f4te-des-Neiges\/Notre-Dame-de-Gr\u00e2ce<\/label>\r\n                                                    <price>1 345 000 <\/price>\r\n                                                \r\n                    <\/div>          \r\n                                        <div class=\"region__stat--city region__median--city\">\r\n                        <label class=\"region__city--label\">Le Plateau-Mont-Royal<\/label>\r\n                                                    <price>1 308 750 <\/price>\r\n                                                \r\n                    <\/div>          \r\n                                        <div class=\"region__stat--city region__median--city\">\r\n                        <label class=\"region__city--label\">Ville-Marie<\/label>\r\n                                                    <price>1 194 250 <\/price>\r\n                                                \r\n                    <\/div>          \r\n                                        <div class=\"region__stat--city region__median--city\">\r\n                        <label class=\"region__city--label\">RSMT\/La-Petite-Patrie<\/label>\r\n                                                    <price>1 072 000 <\/price>\r\n                                                \r\n                    <\/div>          \r\n                                        <div class=\"region__stat--city region__median--city\">\r\n                        <label class=\"region__city--label\">Verdun\/\u00cele-des-S\u0153urs<\/label>\r\n                                                    <price>1 054 550 <\/price>\r\n                                                \r\n                    <\/div>          \r\n                                        <div class=\"region__stat--city region__median--city\">\r\n                        <label class=\"region__city--label\">Beaconsfield<\/label>\r\n                                                    <price>1 045 000 <\/price>\r\n                                                \r\n                    <\/div>          \r\n                                        <div class=\"region__stat--city region__median--city\">\r\n                        <label class=\"region__city--label\">C\u00f4te-Saint-Luc<\/label>\r\n                                                    <price>942 500 <\/price>\r\n                                                \r\n                    <\/div>          \r\n                                        <div class=\"region__stat--city region__median--city\">\r\n                        <label class=\"region__city--label\">Kirkland<\/label>\r\n                                                    <price>872 500 <\/price>\r\n                                                \r\n                    <\/div>          \r\n                                        <div class=\"region__stat--city region__median--city\">\r\n                        <label class=\"region__city--label\">Ahuntsic-Cartierville<\/label>\r\n                                                    <price>865 000 <\/price>\r\n                                                \r\n                    <\/div>          \r\n                                        <div class=\"region__stat--city region__median--city\">\r\n                        <label class=\"region__city--label\">Saint-Laurent<\/label>\r\n                                                    <price>815 000 <\/price>\r\n                                                \r\n                    <\/div>          \r\n                                        <div class=\"region__stat--city region__median--city\">\r\n                        <label class=\"region__city--label\">Sud-Ouest<\/label>\r\n                                                    <price>800 000 <\/price>\r\n                                                \r\n                    <\/div>          \r\n                                        <div class=\"region__stat--city region__median--city\">\r\n                        <label class=\"region__city--label\">L'\u00cele-Bizard\/Sainte-Genevi\u00e8ve<\/label>\r\n                                                    <price>800 000 <\/price>\r\n                                                \r\n                    <\/div>          \r\n                                        <div class=\"region__stat--city region__median--city\">\r\n                        <label class=\"region__city--label\">Lasalle<\/label>\r\n                                                    <price>765 000 <\/price>\r\n                                                \r\n                    <\/div>          \r\n                                        <div class=\"region__stat--city region__median--city\">\r\n                        <label class=\"region__city--label\">Pointe-Claire<\/label>\r\n                                                    <price>760 000 <\/price>\r\n                                                \r\n                    <\/div>          \r\n                                        <div class=\"region__stat--city region__median--city\">\r\n                        <label class=\"region__city--label\">Dollard-des-Ormeaux<\/label>\r\n                                                    <price>758 500 <\/price>\r\n                                                \r\n                    <\/div>          \r\n                                        <div class=\"region__stat--city region__median--city\">\r\n                        <label class=\"region__city--label\">Dorval<\/label>\r\n                                                    <price>722 000 <\/price>\r\n                                                \r\n                    <\/div>          \r\n                                        <div class=\"region__stat--city region__median--city\">\r\n                        <label class=\"region__city--label\">Saint-L\u00e9onard<\/label>\r\n                                                    <price>689 000 <\/price>\r\n                                                \r\n                    <\/div>          \r\n                                        <div class=\"region__stat--city region__median--city\">\r\n                        <label class=\"region__city--label\">Lachine<\/label>\r\n                                                    <price>675 000 <\/price>\r\n                                                \r\n                    <\/div>          \r\n                                        <div class=\"region__stat--city region__median--city\">\r\n                        <label class=\"region__city--label\">Villeray\/St-Michel\/Parc-Extension<\/label>\r\n                                                    <price>666 000 <\/price>\r\n                                                \r\n                    <\/div>          \r\n                                        <div class=\"region__stat--city region__median--city\">\r\n                        <label class=\"region__city--label\">Pierrefonds-Roxboro<\/label>\r\n                                                    <price>650 000 <\/price>\r\n                                                \r\n                    <\/div>          \r\n                                        <div class=\"region__stat--city region__median--city\">\r\n                        <label class=\"region__city--label\">Anjou<\/label>\r\n                                                    <price>610 000 <\/price>\r\n                                                \r\n                    <\/div>          \r\n                                        <div class=\"region__stat--city region__median--city\">\r\n                        <label class=\"region__city--label\">Mercier-Hochelaga-Maisonneuve<\/label>\r\n                                                    <price>575 000 <\/price>\r\n                                                \r\n                    <\/div>          \r\n                                        <div class=\"region__stat--city region__median--city\">\r\n                        <label class=\"region__city--label\">Rivi\u00e8re-des-Prairies\/Pointe-aux-Trembles<\/label>\r\n                                                    <price>550 000 <\/price>\r\n                                                \r\n                    <\/div>          \r\n                                        <div class=\"region__stat--city region__median--city\">\r\n                        <label class=\"region__city--label\">Montr\u00e9al-Nord<\/label>\r\n                                                    <price>505 000 <\/price>\r\n                                                \r\n                    <\/div>          \r\n                                <\/div>\r\n            <div class=\"region__stat--source\">\r\n                <p>Source : <a href=\"https:\/\/www.centris.ca\/\" target=\"_blank\">Centris<\/a><\/p>\r\n                <p>Update : September 2025<\/p>\r\n            <\/div>\r\n        <\/div>\r\n        <\/div>\n\t\t\t\t\t\t<\/div>\n\t\t\t\t<\/div>\n\t\t\t\t<\/div>\n\t\t<div class=\"elementor-element elementor-element-a373465 e-con-full e-flex e-con e-child\" data-id=\"a373465\" data-element_type=\"container\" data-e-type=\"container\">\n\t\t\t\t<div class=\"elementor-element elementor-element-d976fb6 elementor-widget-mobile__width-inherit elementor-invisible elementor-widget elementor-widget-heading\" data-id=\"d976fb6\" data-element_type=\"widget\" data-e-type=\"widget\" data-settings=\"{&quot;_animation&quot;:&quot;slideInDown&quot;}\" data-widget_type=\"heading.default\">\n\t\t\t\t<div class=\"elementor-widget-container\">\n\t\t\t\t\t<h2 class=\"elementor-heading-title elementor-size-default\">Median price<br \/>Condominium<\/h2>\t\t\t\t<\/div>\n\t\t\t\t<\/div>\n\t\t\t\t<div class=\"elementor-element elementor-element-910a6bd elementor-widget elementor-widget-shortcode\" data-id=\"910a6bd\" data-element_type=\"widget\" data-e-type=\"widget\" data-widget_type=\"shortcode.default\">\n\t\t\t\t<div class=\"elementor-widget-container\">\n\t\t\t\t\t\t\t<div class=\"elementor-shortcode\">        <div class=\"region__stat\">\r\n            <div class=\"region__stat--cities\">\r\n                                <div class=\"region__stat--city region__median--city\">\r\n                        <label class=\"region__city--label\">Westmount<\/label>\r\n                                                    <price>912 875 <\/price>\r\n                                                \r\n                    <\/div>          \r\n                                        <div class=\"region__stat--city region__median--city\">\r\n                        <label class=\"region__city--label\">Outremont<\/label>\r\n                                                    <price>797 250 <\/price>\r\n                                                \r\n                    <\/div>          \r\n                                        <div class=\"region__stat--city region__median--city\">\r\n                        <label class=\"region__city--label\">Dorval<\/label>\r\n                                                    <price>722 000 <\/price>\r\n                                                \r\n                    <\/div>          \r\n                                        <div class=\"region__stat--city region__median--city\">\r\n                        <label class=\"region__city--label\">Ville de Mont-Royal<\/label>\r\n                                                    <price>646 500 <\/price>\r\n                                                \r\n                    <\/div>          \r\n                                        <div class=\"region__stat--city region__median--city\">\r\n                        <label class=\"region__city--label\">Le Plateau-Mont-Royal<\/label>\r\n                                                    <price>590 000 <\/price>\r\n                                                \r\n                    <\/div>          \r\n                                        <div class=\"region__stat--city region__median--city\">\r\n                        <label class=\"region__city--label\">Verdun\/\u00cele-des-S\u0153urs<\/label>\r\n                                                    <price>578 000 <\/price>\r\n                                                \r\n                    <\/div>          \r\n                                        <div class=\"region__stat--city region__median--city\">\r\n                        <label class=\"region__city--label\">Pointe-Claire<\/label>\r\n                                                    <price>561 250 <\/price>\r\n                                                \r\n                    <\/div>          \r\n                                        <div class=\"region__stat--city region__median--city region__stat--bold\">\r\n                        <label class=\"region__city--label\">C\u00f4te-des-Neiges\/Notre-Dame-de-Gr\u00e2ce<\/label>\r\n                                                    <price>560 000 <\/price>\r\n                                                \r\n                    <\/div>          \r\n                                        <div class=\"region__stat--city region__median--city\">\r\n                        <label class=\"region__city--label\">RSMT\/La-Petite-Patrie<\/label>\r\n                                                    <price>550 000 <\/price>\r\n                                                \r\n                    <\/div>          \r\n                                        <div class=\"region__stat--city region__median--city\">\r\n                        <label class=\"region__city--label\">C\u00f4te-Saint-Luc<\/label>\r\n                                                    <price>549 000 <\/price>\r\n                                                \r\n                    <\/div>          \r\n                                        <div class=\"region__stat--city region__median--city\">\r\n                        <label class=\"region__city--label\">Dollard-des-Ormeaux<\/label>\r\n                                                    <price>486 000 <\/price>\r\n                                                \r\n                    <\/div>          \r\n                                        <div class=\"region__stat--city region__median--city\">\r\n                        <label class=\"region__city--label\">Sud-Ouest<\/label>\r\n                                                    <price>480 000 <\/price>\r\n                                                \r\n                    <\/div>          \r\n                                        <div class=\"region__stat--city region__median--city\">\r\n                        <label class=\"region__city--label\">Saint-Laurent<\/label>\r\n                                                    <price>475 000 <\/price>\r\n                                                \r\n                    <\/div>          \r\n                                        <div class=\"region__stat--city region__median--city\">\r\n                        <label class=\"region__city--label\">Ville-Marie<\/label>\r\n                                                    <price>471 500 <\/price>\r\n                                                \r\n                    <\/div>          \r\n                                        <div class=\"region__stat--city region__median--city\">\r\n                        <label class=\"region__city--label\">Lasalle<\/label>\r\n                                                    <price>463 000 <\/price>\r\n                                                \r\n                    <\/div>          \r\n                                        <div class=\"region__stat--city region__median--city\">\r\n                        <label class=\"region__city--label\">Villeray\/St-Michel\/Parc-Extension<\/label>\r\n                                                    <price>455 000 <\/price>\r\n                                                \r\n                    <\/div>          \r\n                                        <div class=\"region__stat--city region__median--city\">\r\n                        <label class=\"region__city--label\">Lachine<\/label>\r\n                                                    <price>431 500 <\/price>\r\n                                                \r\n                    <\/div>          \r\n                                        <div class=\"region__stat--city region__median--city\">\r\n                        <label class=\"region__city--label\">Ahuntsic-Cartierville<\/label>\r\n                                                    <price>424 687 <\/price>\r\n                                                \r\n                    <\/div>          \r\n                                        <div class=\"region__stat--city region__median--city\">\r\n                        <label class=\"region__city--label\">Saint-L\u00e9onard<\/label>\r\n                                                    <price>406 750 <\/price>\r\n                                                \r\n                    <\/div>          \r\n                                        <div class=\"region__stat--city region__median--city\">\r\n                        <label class=\"region__city--label\">Mercier-Hochelaga-Maisonneuve<\/label>\r\n                                                    <price>405 000 <\/price>\r\n                                                \r\n                    <\/div>          \r\n                                        <div class=\"region__stat--city region__median--city\">\r\n                        <label class=\"region__city--label\">Pierrefonds-Roxboro<\/label>\r\n                                                    <price>372 500 <\/price>\r\n                                                \r\n                    <\/div>          \r\n                                        <div class=\"region__stat--city region__median--city\">\r\n                        <label class=\"region__city--label\">Anjou<\/label>\r\n                                                    <price>360 000 <\/price>\r\n                                                \r\n                    <\/div>          \r\n                                        <div class=\"region__stat--city region__median--city\">\r\n                        <label class=\"region__city--label\">Rivi\u00e8re-des-Prairies\/Pointe-aux-Trembles<\/label>\r\n                                                    <price>349 000 <\/price>\r\n                                                \r\n                    <\/div>          \r\n                                        <div class=\"region__stat--city region__median--city\">\r\n                        <label class=\"region__city--label\">Montr\u00e9al-Nord<\/label>\r\n                                                    <price>330 000 <\/price>\r\n                                                \r\n                    <\/div>          \r\n                                        <div class=\"region__stat--city region__median--city\">\r\n                        <label class=\"region__city--label\">L'\u00cele-Bizard\/Sainte-Genevi\u00e8ve<\/label>\r\n                                                    <price>0 <\/price>\r\n                                                \r\n                    <\/div>          \r\n                                        <div class=\"region__stat--city region__median--city\">\r\n                        <label class=\"region__city--label\">Kirkland<\/label>\r\n                                                    <price>0 <\/price>\r\n                                                \r\n                    <\/div>          \r\n                                        <div class=\"region__stat--city region__median--city\">\r\n                        <label class=\"region__city--label\">Hampstead<\/label>\r\n                                                    <price>0 <\/price>\r\n                                                \r\n                    <\/div>          \r\n                                        <div class=\"region__stat--city region__median--city\">\r\n                        <label class=\"region__city--label\">Beaconsfield<\/label>\r\n                                                    <price>0 <\/price>\r\n                                                \r\n                    <\/div>          \r\n                                <\/div>\r\n            <div class=\"region__stat--source\">\r\n                <p>Source : <a href=\"https:\/\/www.centris.ca\/\" target=\"_blank\">Centris<\/a><\/p>\r\n                <p>Update : September 2025<\/p>\r\n            <\/div>\r\n        <\/div>\r\n        <\/div>\n\t\t\t\t\t\t<\/div>\n\t\t\t\t<\/div>\n\t\t\t\t<\/div>\n\t\t\t\t<div class=\"elementor-element elementor-element-c3efb9d elementor-widget__width-inherit elementor-widget elementor-widget-text-editor\" data-id=\"c3efb9d\" data-element_type=\"widget\" data-e-type=\"widget\" data-widget_type=\"text-editor.default\">\n\t\t\t\t<div class=\"elementor-widget-container\">\n\t\t\t\t\t\t\t\t\t<p>The factors behind the above-mentioned increases are manifold: sustained buyer demand, a limited supply of properties, interest rates that are still low by historical standards, population growth and the attractiveness of the area. In short, CDN\/NDG boasts a strategic location, close to downtown, Mount Royal, universities, hospitals and public transportation, all of which contribute to the borough\u2019s popularity as a place to live. It also offers an enviable quality of life, with its many parks, shops, restaurants, schools and cultural activities. Finally, it\u2019s worth noting that the COVID 19 lock-up has had an impact on the rising prices of many products and services, including property.<\/p>\n\t\t\t\t\t\t\t\t<\/div>\n\t\t\t\t<\/div>\n\t\t\t\t\t<\/div>\n\t\t\t\t<\/section>\n\t\t\t\t\t<\/div>\n\t\t\t\t<\/div>\n\t\t<div class=\"elementor-element elementor-element-dab7b2a js__section e-flex e-con-boxed e-con e-parent\" data-id=\"dab7b2a\" data-element_type=\"container\" data-e-type=\"container\" data-section-color=\"#fff\">\n\t\t\t\t\t<div class=\"e-con-inner\">\n\t\t\t\t<div class=\"elementor-element elementor-element-280f0b2 js__section--label elementor-widget elementor-widget-html\" data-id=\"280f0b2\" data-element_type=\"widget\" data-e-type=\"widget\" data-widget_type=\"html.default\">\n\t\t\t\t<div class=\"elementor-widget-container\">\n\t\t\t\t\tArticle\t\t\t\t<\/div>\n\t\t\t\t<\/div>\n\t\t<header class=\"elementor-element elementor-element-a4e7aaa e-flex e-con-boxed e-con e-child\" data-id=\"a4e7aaa\" data-element_type=\"container\" data-e-type=\"container\" data-settings=\"{&quot;background_background&quot;:&quot;classic&quot;}\">\n\t\t\t\t\t<div class=\"e-con-inner\">\n\t\t<div class=\"elementor-element elementor-element-0cbfa10 e-flex e-con-boxed e-con e-child\" data-id=\"0cbfa10\" data-element_type=\"container\" data-e-type=\"container\">\n\t\t\t\t\t<div class=\"e-con-inner\">\n\t\t\t\t<div class=\"elementor-element elementor-element-4cf027c elementor-grid-1 elementor-grid-tablet-1 elementor-posts--thumbnail-top elementor-grid-mobile-1 elementor-widget elementor-widget-posts\" data-id=\"4cf027c\" data-element_type=\"widget\" data-e-type=\"widget\" data-settings=\"{&quot;custom_columns&quot;:&quot;1&quot;,&quot;custom_columns_tablet&quot;:&quot;1&quot;,&quot;custom_columns_mobile&quot;:&quot;1&quot;,&quot;custom_row_gap&quot;:{&quot;unit&quot;:&quot;px&quot;,&quot;size&quot;:35,&quot;sizes&quot;:[]},&quot;custom_row_gap_tablet&quot;:{&quot;unit&quot;:&quot;px&quot;,&quot;size&quot;:&quot;&quot;,&quot;sizes&quot;:[]},&quot;custom_row_gap_mobile&quot;:{&quot;unit&quot;:&quot;px&quot;,&quot;size&quot;:&quot;&quot;,&quot;sizes&quot;:[]}}\" data-widget_type=\"posts.custom\">\n\t\t\t\t<div class=\"elementor-widget-container\">\n\t\t\t\t\t      <div class=\"ecs-posts elementor-posts-container elementor-posts   elementor-grid elementor-posts--skin-custom\" data-settings=\"{&quot;current_page&quot;:1,&quot;max_num_pages&quot;:1,&quot;load_method&quot;:&quot;&quot;,&quot;widget_id&quot;:&quot;4cf027c&quot;,&quot;post_id&quot;:29234,&quot;theme_id&quot;:29234,&quot;change_url&quot;:false,&quot;reinit_js&quot;:false}\">\n      \t\t<article id=\"post-27433\" class=\"elementor-post elementor-grid-item ecs-post-loop post-27433 post type-post status-publish format-standard has-post-thumbnail hentry category-neighborhoods\">\n\t\t\t\t<div data-elementor-type=\"loop\" data-elementor-id=\"26465\" class=\"elementor elementor-26465 elementor-26382 elementor-26382 post-27433 post type-post status-publish format-standard has-post-thumbnail hentry category-neighborhoods\" data-elementor-post-type=\"elementor_library\">\n\t\t\t\t\t<div class=\"elementor-section elementor-top-section elementor-element elementor-element-76811d5 elementor-section-content-middle elementor-section-boxed elementor-section-height-default elementor-section-height-default\" data-id=\"76811d5\" data-element_type=\"section\" data-e-type=\"section\">\n\t\t\t\t\t\t<div class=\"elementor-container elementor-column-gap-default\">\n\t\t\t\t\t<div class=\"elementor-column elementor-col-50 elementor-top-column elementor-element elementor-element-b6772da\" data-id=\"b6772da\" data-element_type=\"column\" data-e-type=\"column\">\n\t\t\t<div class=\"elementor-widget-wrap elementor-element-populated\">\n\t\t\t\t\t\t<div class=\"elementor-element elementor-element-38d215b elementor-widget__width-initial elementor-widget-mobile__width-inherit elementor-widget-tablet__width-initial elementor-invisible elementor-widget elementor-widget-heading\" data-id=\"38d215b\" data-element_type=\"widget\" data-e-type=\"widget\" data-settings=\"{&quot;_animation&quot;:&quot;slideInDown&quot;}\" data-widget_type=\"heading.default\">\n\t\t\t\t<div class=\"elementor-widget-container\">\n\t\t\t\t\t<h2 class=\"elementor-heading-title elementor-size-default\">Welcome to C\u00f4te-des-Neiges<\/h2>\t\t\t\t<\/div>\n\t\t\t\t<\/div>\n\t\t\t\t<div class=\"elementor-element elementor-element-3439316 elementor-widget__width-initial elementor-widget-mobile__width-inherit elementor-widget elementor-widget-text-editor\" data-id=\"3439316\" data-element_type=\"widget\" data-e-type=\"widget\" data-widget_type=\"text-editor.default\">\n\t\t\t\t<div class=\"elementor-widget-container\">\n\t\t\t\t\t\t\t\t\tC\u00f4te-des-Neiges is a vibrant and dynamic neighborhood in Montreal that offers an unexpected window into the city. From its proximity to Mount Royal to\t\t\t\t\t\t\t\t<\/div>\n\t\t\t\t<\/div>\n\t\t\t\t<div class=\"elementor-element elementor-element-b830816 bouton_clair bouton__rouge elementor-widget elementor-widget-button\" data-id=\"b830816\" data-element_type=\"widget\" data-e-type=\"widget\" data-widget_type=\"button.default\">\n\t\t\t\t<div class=\"elementor-widget-container\">\n\t\t\t\t\t\t\t\t\t<div class=\"elementor-button-wrapper\">\n\t\t\t\t\t<a class=\"elementor-button elementor-button-link elementor-size-sm\" href=\"https:\/\/realta.ca\/en\/welcome-to-cote-des-neiges\/\">\n\t\t\t\t\t\t<span class=\"elementor-button-content-wrapper\">\n\t\t\t\t\t\t\t\t\t<span class=\"elementor-button-text\">Read more<\/span>\n\t\t\t\t\t<\/span>\n\t\t\t\t\t<\/a>\n\t\t\t\t<\/div>\n\t\t\t\t\t\t\t\t<\/div>\n\t\t\t\t<\/div>\n\t\t\t\t\t<\/div>\n\t\t<\/div>\n\t\t\t\t<div class=\"elementor-column elementor-col-50 elementor-top-column elementor-element elementor-element-21c64a1 elementor-hidden-mobile\" data-id=\"21c64a1\" data-element_type=\"column\" data-e-type=\"column\" data-settings=\"{&quot;background_background&quot;:&quot;classic&quot;}\">\n\t\t\t<div class=\"elementor-widget-wrap elementor-element-populated\">\n\t\t\t\t\t\t<div class=\"elementor-element elementor-element-d24e749 elementor-widget elementor-widget-image\" data-id=\"d24e749\" data-element_type=\"widget\" data-e-type=\"widget\" data-widget_type=\"image.default\">\n\t\t\t\t<div class=\"elementor-widget-container\">\n\t\t\t\t\t\t\t\t\t\t\t\t\t\t\t<img loading=\"lazy\" decoding=\"async\" width=\"768\" height=\"524\" src=\"https:\/\/realta.ca\/wp-content\/uploads\/2023\/01\/1470-alex-parent-768x524.jpg\" class=\"attachment-medium_large size-medium_large wp-image-27428\" alt=\"Bienvenue \u00e0 C\u00f4te-des-Neiges\" srcset=\"https:\/\/realta.ca\/wp-content\/uploads\/2023\/01\/1470-alex-parent-768x524.jpg 768w, https:\/\/realta.ca\/wp-content\/uploads\/2023\/01\/1470-alex-parent-300x205.jpg 300w, https:\/\/realta.ca\/wp-content\/uploads\/2023\/01\/1470-alex-parent-1024x699.jpg 1024w, https:\/\/realta.ca\/wp-content\/uploads\/2023\/01\/1470-alex-parent-1536x1049.jpg 1536w, https:\/\/realta.ca\/wp-content\/uploads\/2023\/01\/1470-alex-parent-2048x1398.jpg 2048w\" sizes=\"(max-width: 768px) 100vw, 768px\" \/>\t\t\t\t\t\t\t\t\t\t\t\t\t\t\t<\/div>\n\t\t\t\t<\/div>\n\t\t\t\t\t<\/div>\n\t\t<\/div>\n\t\t\t\t\t<\/div>\n\t\t<\/div>\n\t\t\t\t<\/div>\n\t\t\t\t<\/article>\n\t\t\t\t<\/div>\n\t\t\t\t\t\t<\/div>\n\t\t\t\t<\/div>\n\t\t\t\t\t<\/div>\n\t\t\t\t<\/div>\n\t\t\t\t\t<\/div>\n\t\t\t\t<\/header>\n\t\t\t\t\t<\/div>\n\t\t\t\t<\/div>\n\t\t<div class=\"elementor-element elementor-element-69381c5 js__section e-flex e-con-boxed e-con e-parent\" data-id=\"69381c5\" data-element_type=\"container\" data-e-type=\"container\" data-section-color=\"#fff\">\n\t\t\t\t\t<div class=\"e-con-inner\">\n\t\t\t\t<div class=\"elementor-element elementor-element-b9023de js__section--label elementor-widget elementor-widget-html\" data-id=\"b9023de\" data-element_type=\"widget\" data-e-type=\"widget\" data-widget_type=\"html.default\">\n\t\t\t\t<div class=\"elementor-widget-container\">\n\t\t\t\t\tRealta\t\t\t\t<\/div>\n\t\t\t\t<\/div>\n\t\t<header class=\"elementor-element elementor-element-dd8ad61 e-flex e-con-boxed e-con e-child\" data-id=\"dd8ad61\" data-element_type=\"container\" data-e-type=\"container\" data-settings=\"{&quot;background_background&quot;:&quot;classic&quot;}\">\n\t\t\t\t\t<div class=\"e-con-inner\">\n\t\t<div class=\"elementor-element elementor-element-4346aa4 e-con-full e-flex e-con e-child\" data-id=\"4346aa4\" data-element_type=\"container\" data-e-type=\"container\">\n\t\t\t\t<div class=\"elementor-element elementor-element-c123c2b elementor-widget-mobile__width-initial elementor-widget-tablet__width-initial elementor-widget__width-initial elementor-invisible elementor-widget elementor-widget-heading\" data-id=\"c123c2b\" data-element_type=\"widget\" data-e-type=\"widget\" data-settings=\"{&quot;_animation&quot;:&quot;slideInDown&quot;}\" data-widget_type=\"heading.default\">\n\t\t\t\t<div class=\"elementor-widget-container\">\n\t\t\t\t\t<h1 class=\"elementor-heading-title elementor-size-default\">In C\u00f4te-des-Neiges\/Notre-Dame-de-Gr\u00e2ce , my real estate agency is Realta!<\/h1>\t\t\t\t<\/div>\n\t\t\t\t<\/div>\n\t\t\t\t<div class=\"elementor-element elementor-element-294f6f5 elementor-widget__width-initial elementor-invisible elementor-widget elementor-widget-text-editor\" data-id=\"294f6f5\" data-element_type=\"widget\" data-e-type=\"widget\" data-settings=\"{&quot;_animation&quot;:&quot;fadeInDown&quot;}\" data-widget_type=\"text-editor.default\">\n\t\t\t\t<div class=\"elementor-widget-container\">\n\t\t\t\t\t\t\t\t\t<p>If you\u2019re looking to buy or sell a property in the C\u00f4te-des-Neiges\/Notre-Dame-de-Gr\u00e2ce borough, don\u2019t hesitate to contact a\u00a0<a href=\"https:\/\/realta.ca\/en\/our-brokers\/\">REALTA professional real estate broker<\/a>. They\u2019ll be there to guide and advise you every step of the way.<\/p>\n<p>REALTA real estate brokers know the local CDN\/NDG market inside out, and have the tools they need to assess a property\u2019s value, negotiate the best price and draw up the legal documents. You can trust our experts to make your real estate dream come true!<\/p>\n\t\t\t\t\t\t\t\t<\/div>\n\t\t\t\t<\/div>\n\t\t\t\t<\/div>\n\t\t<div class=\"elementor-element elementor-element-ddc8b66 e-con-full e-flex e-con e-child\" data-id=\"ddc8b66\" data-element_type=\"container\" data-e-type=\"container\">\n\t\t\t\t<div class=\"elementor-element elementor-element-8c0c0ef elementor-widget elementor-widget-image\" data-id=\"8c0c0ef\" data-element_type=\"widget\" data-e-type=\"widget\" data-widget_type=\"image.default\">\n\t\t\t\t<div class=\"elementor-widget-container\">\n\t\t\t\t\t\t\t\t\t\t\t\t\t\t\t<img loading=\"lazy\" decoding=\"async\" width=\"500\" height=\"374\" src=\"https:\/\/realta.ca\/wp-content\/uploads\/2024\/04\/realta_region_footer.jpg\" class=\"attachment-full size-full wp-image-31539\" alt=\"\" srcset=\"https:\/\/realta.ca\/wp-content\/uploads\/2024\/04\/realta_region_footer.jpg 500w, https:\/\/realta.ca\/wp-content\/uploads\/2024\/04\/realta_region_footer-300x224.jpg 300w\" sizes=\"(max-width: 500px) 100vw, 500px\" \/>\t\t\t\t\t\t\t\t\t\t\t\t\t\t\t<\/div>\n\t\t\t\t<\/div>\n\t\t\t\t<\/div>\n\t\t\t\t\t<\/div>\n\t\t\t\t<\/header>\n\t\t<header class=\"elementor-element elementor-element-f2e0c54 e-flex e-con-boxed e-con e-child\" data-id=\"f2e0c54\" data-element_type=\"container\" data-e-type=\"container\" data-settings=\"{&quot;background_background&quot;:&quot;classic&quot;}\">\n\t\t\t\t\t<div class=\"e-con-inner\">\n\t\t\t\t<div class=\"elementor-element elementor-element-b50b2b9 shortcode__sousPage--ville elementor-widget elementor-widget-shortcode\" data-id=\"b50b2b9\" data-element_type=\"widget\" data-e-type=\"widget\" data-widget_type=\"shortcode.default\">\n\t\t\t\t<div class=\"elementor-widget-container\">\n\t\t\t\t\t\t\t<div class=\"elementor-shortcode\"><\/div>\n\t\t\t\t\t\t<\/div>\n\t\t\t\t<\/div>\n\t\t\t\t\t<\/div>\n\t\t\t\t<\/header>\n\t\t\t\t\t<\/div>\n\t\t\t\t<\/div>\n\t\t<div class=\"elementor-element elementor-element-eae2780 js__section e-flex e-con-boxed e-con e-parent\" data-id=\"eae2780\" data-element_type=\"container\" data-e-type=\"container\">\n\t\t\t\t\t<div class=\"e-con-inner\">\n\t\t\t\t<div class=\"elementor-element elementor-element-9424523 js__section--label elementor-widget elementor-widget-html\" data-id=\"9424523\" data-element_type=\"widget\" data-e-type=\"widget\" data-widget_type=\"html.default\">\n\t\t\t\t<div class=\"elementor-widget-container\">\n\t\t\t\t\tSources\t\t\t\t<\/div>\n\t\t\t\t<\/div>\n\t\t<header class=\"elementor-element elementor-element-cdc8636 e-flex e-con-boxed e-con e-child\" data-id=\"cdc8636\" data-element_type=\"container\" data-e-type=\"container\" data-settings=\"{&quot;background_background&quot;:&quot;classic&quot;}\">\n\t\t\t\t\t<div class=\"e-con-inner\">\n\t\t\t\t<div class=\"elementor-element elementor-element-41dc7a3 elementor-widget-mobile__width-inherit elementor-widget-tablet__width-inherit elementor-invisible elementor-widget elementor-widget-heading\" data-id=\"41dc7a3\" data-element_type=\"widget\" data-e-type=\"widget\" data-settings=\"{&quot;_animation&quot;:&quot;slideInDown&quot;}\" data-widget_type=\"heading.default\">\n\t\t\t\t<div class=\"elementor-widget-container\">\n\t\t\t\t\t<h2 class=\"elementor-heading-title elementor-size-default\">Information sources and useful links<\/h2>\t\t\t\t<\/div>\n\t\t\t\t<\/div>\n\t\t\t\t<div class=\"elementor-element elementor-element-d76ad2b elementor-widget-mobile__width-inherit elementor-widget elementor-widget-text-editor\" data-id=\"d76ad2b\" data-element_type=\"widget\" data-e-type=\"widget\" data-widget_type=\"text-editor.default\">\n\t\t\t\t<div class=\"elementor-widget-container\">\n\t\t\t\t\t\t\t\t\t<ul>\n<li><a href=\"https:\/\/montreal.ca\/apropos\/cote-des-neiges-notre-dame-de-grace\" target=\"_blank\" rel=\"noopener\">Site Internet de l\u2019arrondissement C\u00f4te-des-Neiges\/Notre-Dame-de-Gr\u00e2ce<\/a><\/li>\n<li><a href=\"https:\/\/www.facebook.com\/CDN.NDG\/\" target=\"_blank\" rel=\"noopener\">Page Facebook: arrondissement C\u00f4te-des-Neiges\/Notre-Dame-de-Gr\u00e2ce<\/a><\/li>\n<li><a href=\"https:\/\/www.mtl.org\/fr\/experience\/bienvenue-cote-neiges\" target=\"_blank\" rel=\"noopener\">Quartier C\u00f4te-des-Neiges &#8211; MTL.org<\/a><\/li>\n<li><a href=\"https:\/\/imtl.org\/quartier\/Notre-Dame-De-Grace.php\" target=\"_blank\" rel=\"noopener\">Quartier Notre-Dame-de-Gr\u00e2ce &#8211; Mtl.org<\/a><\/li>\n<li><a href=\"https:\/\/montreal.ca\/lieux\/maison-de-la-culture-de-cote-des-neiges\" target=\"_blank\" rel=\"noopener\">Maison de la culture CDN<\/a><\/li>\n<li><a href=\"https:\/\/montreal.ca\/lieux\/maison-de-la-culture-notre-dame-de-grace-monkland\" target=\"_blank\" rel=\"noopener\">Maison de la culture NDG &#8211; Monkland<\/a><\/li>\n<li><a href=\"https:\/\/montreal.ca\/lieux\/maison-de-la-culture-notre-dame-de-grace-botrel\" target=\"_blank\" rel=\"noopener\">Maison de la culture NDG &#8211; Botrel<\/a><\/li>\n<li><a href=\"https:\/\/sdc-cotedesneiges.ca\/\" target=\"_blank\" rel=\"noopener\">SDC C\u00f4te-des-Neiges <\/a><\/li>\n<li><a href=\"https:\/\/journalmetro.com\/local\/2779302\/sdc-notre-dame-de-grace-favoriser-leconomie-locale\/\" target=\"_blank\" rel=\"noopener\">Une SDC pour Notre-Dame-de-Gr\u00e2ce pour favoriser l\u2019\u00e9conomie locale?<\/a><\/li>\n<li><a href=\"https:\/\/montreal.ca\/articles\/ouvrir-un-commerce-dans-cdn-ndg-28683\" target=\"_blank\" rel=\"noopener\">Ouvrir un commerce dans CDN\/NDG<\/a><\/li>\n<li><a href=\"https:\/\/www.conseilcdn.qc.ca\/publications\/\" target=\"_blank\" rel=\"noopener\">Corporation de d\u00e9veloppement communautaire de C\u00f4te-des-Neiges<\/a><\/li>\n<li><a href=\"https:\/\/www.ecohabitation.com\/guides\/1348\/serie-quartiers-ecolos-1-benny-farm-un-modele-ecologique-quebecois-pour-le-developpement-social\/\" target=\"_blank\" rel=\"noopener\">Benny Farm, un mod\u00e8le \u00e9cologique qu\u00e9b\u00e9cois pour le d\u00e9veloppement social<\/a><\/li>\n<li><a href=\"https:\/\/www.onf.ca\/film\/village_mosaique_cote-des\" target=\"_blank\" rel=\"noopener\">Village mosa\u00efque C\u00f4te-des-Neiges &#8211; ONF<\/a><\/li>\n<li><a href=\"https:\/\/oratoire360.com\/\" target=\"_blank\" rel=\"noopener\">Oratoire Saint-Joseph<\/a><\/li>\n<li><a href=\"https:\/\/www.lemontroyal.qc.ca\/\" target=\"_blank\" rel=\"noopener\">Parc Mont-Royal<\/a><\/li>\n<li><a href=\"https:\/\/www.restomontreal.ca\/s\/?restaurants=meilleurs-10-cote-des-neiges-montreal&amp;d=17&amp;sort=best&amp;rand=3187&amp;lang=fr\" target=\"_blank\" rel=\"noopener\">Les 10 Meilleurs Restaurants dans C\u00f4te-des-Neiges &#8211; Resto Mtl<\/a><\/li>\n<li><a href=\"https:\/\/www.restomontreal.ca\/s\/?restaurants=meilleurs-10-notre-dame-de-grace-ndg-montreal&amp;d=167&amp;sort=best&amp;rand=96482&amp;lang=fr\" target=\"_blank\" rel=\"noopener\">Les 10 Meilleurs Restaurants Notre-Dame-de-Gr\u00e2ce &#8211; Resto Mtl<\/a><\/li>\n<li><a href=\"https:\/\/fr.tripadvisor.ca\/Attractions-g155032-Activities-zfn15621163-Montreal_Quebec.html\" target=\"_blank\" rel=\"noopener\">C\u00f4te-des-Neiges\/Notre-Dame-de-Gr\u00e2ce: les meilleures choses \u00e0 voir et \u00e0 faire &#8211; Trip Advisor<\/a><\/li>\n<\/ul>\n\t\t\t\t\t\t\t\t<\/div>\n\t\t\t\t<\/div>\n\t\t\t\t\t<\/div>\n\t\t\t\t<\/header>\n\t\t\t\t\t<\/div>\n\t\t\t\t<\/div>\n\t\t\t\t<\/div>\n\t\t","protected":false},"excerpt":{"rendered":"<p>Properties Welcome to the borough of C\u00f4te-des-Neiges\/Notre-Dame-de-Gr\u00e2ce\u00a0 Welcome to this page dedicated to the C\u00f4te-des-Neiges\/Notre-Dame-de-Gr\u00e2ce borough in Montreal. REALTA,\u00a0real estate agency, is pleased to introduce<\/p>\n","protected":false},"author":1,"featured_media":0,"parent":28244,"menu_order":0,"comment_status":"closed","ping_status":"closed","template":"","meta":{"_acf_changed":false,"footnotes":""},"class_list":["post-29234","page","type-page","status-publish","hentry"],"acf":[],"yoast_head":"<!-- This site is optimized with the Yoast SEO plugin v27.1.1 - https:\/\/yoast.com\/product\/yoast-seo-wordpress\/ -->\n<title>Real estate agency C\u00f4te-des-Neiges\/Notre-Dame-de-Gr\u00e2ce | REALTA<\/title>\n<meta name=\"description\" content=\"Find the ideal property in the C\u00f4te-des-Neiges\/Notre-Dame-de-Gr\u00e2ce Borough. Selection of properties for sale. Info: (438) 603-5050.\" \/>\n<meta name=\"robots\" content=\"index, follow, max-snippet:-1, max-image-preview:large, max-video-preview:-1\" \/>\n<link rel=\"canonical\" href=\"https:\/\/realta.ca\/en\/properties-by-region\/montreal\/montreal-cote-des-neiges-notre-dame-de-grace\/\" \/>\n<meta property=\"og:locale\" content=\"en_US\" \/>\n<meta property=\"og:type\" content=\"article\" \/>\n<meta property=\"og:title\" content=\"Real estate agency C\u00f4te-des-Neiges\/Notre-Dame-de-Gr\u00e2ce | REALTA\" \/>\n<meta property=\"og:description\" content=\"Find the ideal property in the C\u00f4te-des-Neiges\/Notre-Dame-de-Gr\u00e2ce Borough. Selection of properties for sale. Info: (438) 603-5050.\" \/>\n<meta property=\"og:url\" content=\"https:\/\/realta.ca\/en\/properties-by-region\/montreal\/montreal-cote-des-neiges-notre-dame-de-grace\/\" \/>\n<meta property=\"og:site_name\" content=\"Realta\" \/>\n<meta property=\"article:publisher\" content=\"https:\/\/www.facebook.com\/REALTA.agenceimmobiliere\/\" \/>\n<meta property=\"article:modified_time\" content=\"2024-06-04T19:00:50+00:00\" \/>\n<meta property=\"og:image\" content=\"https:\/\/realta.ca\/wp-content\/uploads\/2024\/06\/realta_region_cdnndg_header.png\" \/>\n<meta name=\"twitter:card\" content=\"summary_large_image\" \/>\n<meta name=\"twitter:label1\" content=\"Est. reading time\" \/>\n\t<meta name=\"twitter:data1\" content=\"17 minutes\" \/>\n<!-- \/ Yoast SEO plugin. -->","yoast_head_json":{"title":"Real estate agency C\u00f4te-des-Neiges\/Notre-Dame-de-Gr\u00e2ce | REALTA","description":"Find the ideal property in the C\u00f4te-des-Neiges\/Notre-Dame-de-Gr\u00e2ce Borough. Selection of properties for sale. Info: (438) 603-5050.","robots":{"index":"index","follow":"follow","max-snippet":"max-snippet:-1","max-image-preview":"max-image-preview:large","max-video-preview":"max-video-preview:-1"},"canonical":"https:\/\/realta.ca\/en\/properties-by-region\/montreal\/montreal-cote-des-neiges-notre-dame-de-grace\/","og_locale":"en_US","og_type":"article","og_title":"Real estate agency C\u00f4te-des-Neiges\/Notre-Dame-de-Gr\u00e2ce | REALTA","og_description":"Find the ideal property in the C\u00f4te-des-Neiges\/Notre-Dame-de-Gr\u00e2ce Borough. Selection of properties for sale. Info: (438) 603-5050.","og_url":"https:\/\/realta.ca\/en\/properties-by-region\/montreal\/montreal-cote-des-neiges-notre-dame-de-grace\/","og_site_name":"Realta","article_publisher":"https:\/\/www.facebook.com\/REALTA.agenceimmobiliere\/","article_modified_time":"2024-06-04T19:00:50+00:00","og_image":[{"url":"https:\/\/realta.ca\/wp-content\/uploads\/2024\/06\/realta_region_cdnndg_header.png","type":"","width":"","height":""}],"twitter_card":"summary_large_image","twitter_misc":{"Est. reading time":"17 minutes"},"schema":{"@context":"https:\/\/schema.org","@graph":[{"@type":"WebPage","@id":"https:\/\/realta.ca\/en\/properties-by-region\/montreal\/montreal-cote-des-neiges-notre-dame-de-grace\/","url":"https:\/\/realta.ca\/en\/properties-by-region\/montreal\/montreal-cote-des-neiges-notre-dame-de-grace\/","name":"Real estate agency C\u00f4te-des-Neiges\/Notre-Dame-de-Gr\u00e2ce | REALTA","isPartOf":{"@id":"https:\/\/realta.ca\/en\/#website"},"primaryImageOfPage":{"@id":"https:\/\/realta.ca\/en\/properties-by-region\/montreal\/montreal-cote-des-neiges-notre-dame-de-grace\/#primaryimage"},"image":{"@id":"https:\/\/realta.ca\/en\/properties-by-region\/montreal\/montreal-cote-des-neiges-notre-dame-de-grace\/#primaryimage"},"thumbnailUrl":"https:\/\/realta.ca\/wp-content\/uploads\/2024\/06\/realta_region_cdnndg_header.png","datePublished":"2023-06-28T13:54:26+00:00","dateModified":"2024-06-04T19:00:50+00:00","description":"Find the ideal property in the C\u00f4te-des-Neiges\/Notre-Dame-de-Gr\u00e2ce Borough. Selection of properties for sale. Info: (438) 603-5050.","breadcrumb":{"@id":"https:\/\/realta.ca\/en\/properties-by-region\/montreal\/montreal-cote-des-neiges-notre-dame-de-grace\/#breadcrumb"},"inLanguage":"en-US","potentialAction":[{"@type":"ReadAction","target":["https:\/\/realta.ca\/en\/properties-by-region\/montreal\/montreal-cote-des-neiges-notre-dame-de-grace\/"]}]},{"@type":"ImageObject","inLanguage":"en-US","@id":"https:\/\/realta.ca\/en\/properties-by-region\/montreal\/montreal-cote-des-neiges-notre-dame-de-grace\/#primaryimage","url":"https:\/\/realta.ca\/wp-content\/uploads\/2024\/06\/realta_region_cdnndg_header.png","contentUrl":"https:\/\/realta.ca\/wp-content\/uploads\/2024\/06\/realta_region_cdnndg_header.png"},{"@type":"BreadcrumbList","@id":"https:\/\/realta.ca\/en\/properties-by-region\/montreal\/montreal-cote-des-neiges-notre-dame-de-grace\/#breadcrumb","itemListElement":[{"@type":"ListItem","position":1,"name":"Accueil","item":"https:\/\/realta.ca\/en\/"},{"@type":"ListItem","position":2,"name":"Properties by region","item":"https:\/\/realta.ca\/en\/proprietes-par-region\/"},{"@type":"ListItem","position":3,"name":"Montreal","item":"https:\/\/realta.ca\/en\/proprietes-par-region\/montreal\/"},{"@type":"ListItem","position":4,"name":"Montr\u00e9al C\u00f4te des Neiges Notre-Dame-de-Gr\u00e2ce"}]},{"@type":"WebSite","@id":"https:\/\/realta.ca\/en\/#website","url":"https:\/\/realta.ca\/en\/","name":"REALTA, Agence immobili\u00e8re","description":"Real Estate Agency","publisher":{"@id":"https:\/\/realta.ca\/en\/#organization"},"alternateName":"REALTA, Agence immobili\u00e8re Montr\u00e9al - Qu\u00e9bec","potentialAction":[{"@type":"SearchAction","target":{"@type":"EntryPoint","urlTemplate":"https:\/\/realta.ca\/en\/?s={search_term_string}"},"query-input":{"@type":"PropertyValueSpecification","valueRequired":true,"valueName":"search_term_string"}}],"inLanguage":"en-US"},{"@type":"Organization","@id":"https:\/\/realta.ca\/en\/#organization","name":"REALTA, Agence immobili\u00e8re","alternateName":"REALTA, Agence immobili\u00e8re Montr\u00e9al - Qu\u00e9bec","url":"https:\/\/realta.ca\/en\/","logo":{"@type":"ImageObject","inLanguage":"en-US","@id":"https:\/\/realta.ca\/en\/#\/schema\/logo\/image\/","url":"https:\/\/realta.ca\/wp-content\/uploads\/2021\/12\/realta_favicon.svg","contentUrl":"https:\/\/realta.ca\/wp-content\/uploads\/2021\/12\/realta_favicon.svg","width":250,"height":250,"caption":"REALTA, Agence immobili\u00e8re"},"image":{"@id":"https:\/\/realta.ca\/en\/#\/schema\/logo\/image\/"},"sameAs":["https:\/\/www.facebook.com\/REALTA.agenceimmobiliere\/","https:\/\/www.instagram.com\/realta.agenceimmobiliere\/","https:\/\/www.linkedin.com\/company\/realta_2\/?originalSubdomain=fr","https:\/\/www.youtube.com\/channel\/UCtiSRpwmotgzT18eVPOgYBg\/about"]}]}},"_links":{"self":[{"href":"https:\/\/realta.ca\/en\/wp-json\/wp\/v2\/pages\/29234","targetHints":{"allow":["GET"]}}],"collection":[{"href":"https:\/\/realta.ca\/en\/wp-json\/wp\/v2\/pages"}],"about":[{"href":"https:\/\/realta.ca\/en\/wp-json\/wp\/v2\/types\/page"}],"author":[{"embeddable":true,"href":"https:\/\/realta.ca\/en\/wp-json\/wp\/v2\/users\/1"}],"replies":[{"embeddable":true,"href":"https:\/\/realta.ca\/en\/wp-json\/wp\/v2\/comments?post=29234"}],"version-history":[{"count":21,"href":"https:\/\/realta.ca\/en\/wp-json\/wp\/v2\/pages\/29234\/revisions"}],"predecessor-version":[{"id":32176,"href":"https:\/\/realta.ca\/en\/wp-json\/wp\/v2\/pages\/29234\/revisions\/32176"}],"up":[{"embeddable":true,"href":"https:\/\/realta.ca\/en\/wp-json\/wp\/v2\/pages\/28244"}],"wp:attachment":[{"href":"https:\/\/realta.ca\/en\/wp-json\/wp\/v2\/media?parent=29234"}],"curies":[{"name":"wp","href":"https:\/\/api.w.org\/{rel}","templated":true}]}}