{"id":29505,"date":"2023-07-14T14:22:50","date_gmt":"2023-07-14T18:22:50","guid":{"rendered":"https:\/\/realta.ca\/properties-by-region\/montreal\/montreal-villeray-saint-michel-parc-extension\/"},"modified":"2024-05-20T10:41:48","modified_gmt":"2024-05-20T14:41:48","slug":"montreal-villeray-saint-michel-parc-extension","status":"publish","type":"page","link":"https:\/\/realta.ca\/en\/properties-by-region\/montreal\/montreal-villeray-saint-michel-parc-extension\/","title":{"rendered":"Montr\u00e9al Villeray Saint-Michel Parc-Extension"},"content":{"rendered":"\t\t<div data-elementor-type=\"wp-page\" data-elementor-id=\"29505\" class=\"elementor elementor-29505 elementor-29440\" data-elementor-post-type=\"page\">\n\t\t\t\t<div class=\"elementor-element elementor-element-70b8055 js__section e-flex e-con-boxed e-con e-parent\" data-id=\"70b8055\" data-element_type=\"container\" data-e-type=\"container\">\n\t\t\t\t\t<div class=\"e-con-inner\">\n\t\t\t\t<div class=\"elementor-element elementor-element-701a89d js__section--label elementor-widget elementor-widget-html\" data-id=\"701a89d\" data-element_type=\"widget\" data-e-type=\"widget\" data-widget_type=\"html.default\">\n\t\t\t\t<div class=\"elementor-widget-container\">\n\t\t\t\t\tProperties\t\t\t\t<\/div>\n\t\t\t\t<\/div>\n\t\t<header class=\"elementor-element elementor-element-aef4575 e-flex e-con-boxed e-con e-child\" data-id=\"aef4575\" data-element_type=\"container\" data-e-type=\"container\" data-settings=\"{&quot;background_background&quot;:&quot;classic&quot;}\">\n\t\t\t\t\t<div class=\"e-con-inner\">\n\t\t<div class=\"elementor-element elementor-element-78cb074 e-con-full e-flex e-con e-child\" data-id=\"78cb074\" data-element_type=\"container\" data-e-type=\"container\">\n\t\t\t\t<div class=\"elementor-element elementor-element-8287f2a elementor-widget-tablet__width-initial elementor-invisible elementor-widget elementor-widget-heading\" data-id=\"8287f2a\" data-element_type=\"widget\" data-e-type=\"widget\" data-settings=\"{&quot;_animation&quot;:&quot;slideInDown&quot;}\" data-widget_type=\"heading.default\">\n\t\t\t\t<div class=\"elementor-widget-container\">\n\t\t\t\t\t<h1 class=\"elementor-heading-title elementor-size-default\">Welcome to the borough of <strong>Villeray \/ Saint-Michel \/ Parc-Extension<\/strong>\u00a0<\/h1>\t\t\t\t<\/div>\n\t\t\t\t<\/div>\n\t\t\t\t<div class=\"elementor-element elementor-element-4e96716 elementor-widget__width-initial elementor-widget-tablet__width-inherit elementor-invisible elementor-widget elementor-widget-text-editor\" data-id=\"4e96716\" data-element_type=\"widget\" data-e-type=\"widget\" data-settings=\"{&quot;_animation&quot;:&quot;fadeInDown&quot;}\" data-widget_type=\"text-editor.default\">\n\t\t\t\t<div class=\"elementor-widget-container\">\n\t\t\t\t\t\t\t\t\t<p>Welcome to this page dedicated to the Montreal borough of Villeray\/Saint-Michel\/Parc-Extension. REALTA,\u00a0<a href=\"https:\/\/realta.ca\/en\/properties-by-region\/montreal\/\">a real estate agency<\/a>, introduces you to the neighborhoods, the people, the shops, the services and, of course, the quality of life offered by this highly sought-after area, by residents and tourists alike.<\/p>\n\t\t\t\t\t\t\t\t<\/div>\n\t\t\t\t<\/div>\n\t\t<div class=\"elementor-element elementor-element-5c086d2 e-flex e-con-boxed e-con e-child\" data-id=\"5c086d2\" data-element_type=\"container\" data-e-type=\"container\">\n\t\t\t\t\t<div class=\"e-con-inner\">\n\t\t\t\t<div class=\"elementor-element elementor-element-c1716da elementor-widget__width-auto elementor-mobile-align-center elementor-widget-mobile__width-inherit elementor-widget elementor-widget-button\" data-id=\"c1716da\" data-element_type=\"widget\" data-e-type=\"widget\" data-widget_type=\"button.default\">\n\t\t\t\t<div class=\"elementor-widget-container\">\n\t\t\t\t\t\t\t\t\t<div class=\"elementor-button-wrapper\">\n\t\t\t\t\t<a class=\"elementor-button elementor-button-link elementor-size-sm\" href=\"#histoire\">\n\t\t\t\t\t\t<span class=\"elementor-button-content-wrapper\">\n\t\t\t\t\t\t\t\t\t<span class=\"elementor-button-text\">For his story<\/span>\n\t\t\t\t\t<\/span>\n\t\t\t\t\t<\/a>\n\t\t\t\t<\/div>\n\t\t\t\t\t\t\t\t<\/div>\n\t\t\t\t<\/div>\n\t\t\t\t<div class=\"elementor-element elementor-element-06a0513 elementor-widget__width-auto elementor-mobile-align-center elementor-widget-mobile__width-inherit elementor-widget elementor-widget-button\" data-id=\"06a0513\" data-element_type=\"widget\" data-e-type=\"widget\" data-widget_type=\"button.default\">\n\t\t\t\t<div class=\"elementor-widget-container\">\n\t\t\t\t\t\t\t\t\t<div class=\"elementor-button-wrapper\">\n\t\t\t\t\t<a class=\"elementor-button elementor-button-link elementor-size-sm\" href=\"#quartiers\">\n\t\t\t\t\t\t<span class=\"elementor-button-content-wrapper\">\n\t\t\t\t\t\t\t\t\t<span class=\"elementor-button-text\">For its neighborhoods<\/span>\n\t\t\t\t\t<\/span>\n\t\t\t\t\t<\/a>\n\t\t\t\t<\/div>\n\t\t\t\t\t\t\t\t<\/div>\n\t\t\t\t<\/div>\n\t\t\t\t<div class=\"elementor-element elementor-element-80092c8 elementor-widget__width-auto elementor-mobile-align-center elementor-widget-mobile__width-inherit elementor-widget elementor-widget-button\" data-id=\"80092c8\" data-element_type=\"widget\" data-e-type=\"widget\" data-widget_type=\"button.default\">\n\t\t\t\t<div class=\"elementor-widget-container\">\n\t\t\t\t\t\t\t\t\t<div class=\"elementor-button-wrapper\">\n\t\t\t\t\t<a class=\"elementor-button elementor-button-link elementor-size-sm\" href=\"#commerciales\">\n\t\t\t\t\t\t<span class=\"elementor-button-content-wrapper\">\n\t\t\t\t\t\t\t\t\t<span class=\"elementor-button-text\">For its commercial streets<\/span>\n\t\t\t\t\t<\/span>\n\t\t\t\t\t<\/a>\n\t\t\t\t<\/div>\n\t\t\t\t\t\t\t\t<\/div>\n\t\t\t\t<\/div>\n\t\t\t\t\t<\/div>\n\t\t\t\t<\/div>\n\t\t\t\t<\/div>\n\t\t<div class=\"elementor-element elementor-element-dedcc4b e-con-full elementor-hidden-mobile elementor-hidden-tablet e-flex e-con e-child\" data-id=\"dedcc4b\" data-element_type=\"container\" data-e-type=\"container\">\n\t\t\t\t<div class=\"elementor-element elementor-element-20790ef elementor-widget elementor-widget-image\" data-id=\"20790ef\" data-element_type=\"widget\" data-e-type=\"widget\" data-widget_type=\"image.default\">\n\t\t\t\t<div class=\"elementor-widget-container\">\n\t\t\t\t\t\t\t\t\t\t\t\t\t\t\t<img fetchpriority=\"high\" decoding=\"async\" width=\"500\" height=\"411\" src=\"https:\/\/realta.ca\/wp-content\/uploads\/2024\/05\/realta_region_villeray_header.png\" class=\"attachment-full size-full wp-image-31795\" alt=\"\" srcset=\"https:\/\/realta.ca\/wp-content\/uploads\/2024\/05\/realta_region_villeray_header.png 500w, https:\/\/realta.ca\/wp-content\/uploads\/2024\/05\/realta_region_villeray_header-300x247.png 300w\" sizes=\"(max-width: 500px) 100vw, 500px\" \/>\t\t\t\t\t\t\t\t\t\t\t\t\t\t\t<\/div>\n\t\t\t\t<\/div>\n\t\t\t\t<\/div>\n\t\t\t\t\t<\/div>\n\t\t\t\t<\/header>\n\t\t<section class=\"elementor-element elementor-element-858fa2f e-flex e-con-boxed e-con e-child\" data-id=\"858fa2f\" data-element_type=\"container\" data-e-type=\"container\" id=\"propriete__liste--content\">\n\t\t\t\t\t<div class=\"e-con-inner\">\n\t\t\t\t<div class=\"elementor-element elementor-element-ff06e0b elementor-widget elementor-widget-shortcode\" data-id=\"ff06e0b\" data-element_type=\"widget\" data-e-type=\"widget\" data-widget_type=\"shortcode.default\">\n\t\t\t\t<div class=\"elementor-widget-container\">\n\t\t\t\t\t\t\t<div class=\"elementor-shortcode\"><div class=\"si si-list-of-item direct-layout si-list-of-listings \" \r\n    style=\"--desktop-column-width:3;--laptop-column-width:3;--tablet-column-width:2;--mobile-column-width:1\"  \r\n        si-lazy-load>\r\n    <script id=\"static-data-for-listingcity\">if(typeof $statics == \"undefined\"){$statics = {};}$statics.listingcity = {};$statics.listingcity.configs = {\"access_token\":\"vwAAAB+LCAAAAAAABAAly8FqwzAMANB\\\/8XkqsizJcb5jp16CbMsQCl0YGWyU\\\/ntddnjH9wh7D2vwrixiDD6oAhMlqLELZF54qkgRw0ew1r5+7uf2f2LhQThgiAxg1QxFi4Gb6UJtoGR\\\/n2Pfbv43gy4m1FIH9NRmGAbV1UAt5yppYOE4g\\\/8e+7dv3U6fiZAUkCHhJ+qayirxskSShPEani8BmfMDvwAAAA==\",\"source\":{\"id\":\"c2c07cb5-2208-4d99-9011-e79f8e126230\",\"name\":\"Realta\",\"account_id\":\"e194f20f-f55f-4667-969a-eaa682cf057e\",\"max_item_count\":0},\"alias\":\"listing-city\",\"limit\":50,\"type\":\"listings\",\"filter_group\":{\"operator\":\"and\",\"filters\":[],\"filter_groups\":[]},\"show_filter_tags\":true,\"sort\":\"contract_start_date\",\"sort_reverse\":true,\"searchable\":true,\"sortable\":true,\"mappable\":true,\"show_list_meta\":false,\"list_layout\":{\"lang\":\"\",\"type\":\"standard\",\"preset\":\"direct\",\"layout\":\"standard\",\"scope_class\":\"\",\"page\":null,\"page_not_found_code\":404,\"page_not_found\":null,\"image_hover_effect\":\"none\",\"secondary_layer_effect\":\"fade\",\"displayed_vars\":{\"main\":null,\"secondary\":null},\"styles\":null,\"use_styles\":true,\"primary_layer_position\":\"fix\",\"secondary_layer_bg_opacity\":75,\"isolation\":\"inherit\",\"item_row_space\":{\"desktop\":3,\"laptop\":3,\"tablet\":2,\"mobile\":1},\"custom_css\":\"\",\"communication_mode\":\"basic\",\"form_id\":\"\",\"form_url\":\"\"},\"list_item_layout\":{\"lang\":\"\",\"type\":\"standard\",\"preset\":\"standard\",\"layout\":\"standard\",\"scope_class\":\"\",\"page\":null,\"page_not_found_code\":404,\"page_not_found\":null,\"image_hover_effect\":\"gallery\",\"secondary_layer_effect\":\"fade\",\"displayed_vars\":{\"main\":[{\"key\":\"photo\",\"classes\":\"si-float-anchor\"},{\"key\":\"group\",\"classes\":\"si-padding-block si-resume-texte\",\"items\":[{\"key\":\"city\",\"classes\":[]},{\"key\":\"address\",\"classes\":[]}]},{\"key\":\"flags\",\"classes\":\"si-float-top-right\"},{\"key\":\"open_houses\",\"classes\":\"si-float-top-left si-background-medium-contrast si-padding-size-half\"},{\"key\":\"price\",\"classes\":\"si-padding-block\"}]},\"styles\":\"{\\\"--high-contrast-color\\\":\\\"transparent\\\",\\\"--high-contrast-text-color\\\":\\\"#054A59\\\",\\\"--medium-contrast-text-color\\\":\\\"#054A59\\\",\\\"--medium-contrast-color\\\":\\\"transparent\\\",\\\"--text-color\\\":\\\"#054A59\\\"}\",\"use_styles\":true,\"primary_layer_position\":\"fix\",\"secondary_layer_bg_opacity\":75,\"isolation\":\"inherit\",\"item_row_space\":{\"desktop\":25,\"laptop\":33,\"tablet\":50,\"mobile\":100},\"custom_css\":\"\",\"communication_mode\":\"basic\",\"form_id\":\"\",\"form_url\":\"\"},\"browse_mode\":null,\"shuffle\":false,\"default_zoom_level\":\"auto\",\"smart_focus_tolerance\":5,\"search_engine_options\":{\"type\":\"full\",\"orientation\":\"h\",\"focus_category\":[],\"sticky\":false,\"tabs\":[],\"tabbed\":false,\"filter_tags\":\"none\",\"scope_class\":\"\",\"search_box_placeholder\":{\"en\":\"Address, Centris number, city\",\"fr\":\"Adresse, num\\u00e9ro Centris, municipalit\\u00e9\"},\"fields\":[]},\"search_token\":\"wQAAAB+LCAAAAAAABABVjUEKAyEMRe\\\/y1y666carlCKisRWcicQILYN3rzMwLd3l57+XbEi5KIl7CPcKu4EriVcW2Iv5Kxvs7X6ujjAMFv9yWWlxgfuqsNcpNRZ1KVOJO7XhGGFRJbNkfcMgUguwyZdGw\\\/yIwKuKD+qa+nkjeqUvrNJpzP\\\/t2VMqdNof\\\/IPmcMEAAAA=\",\"priority_group_sort\":\"priority-asc\",\"is_default_type_configs\":false,\"allow_split_view\":false,\"allow_theme_override\":false,\"from_archive\":false};$statics.listingcity.data = [{\"id\":\"edea6a33-567d-471f-9c94-341d5cf0765b\",\"ref_number\":\"13257397\",\"status_code\":\"AVAILABLE\",\"category_code\":\"RESIDENTIAL\",\"subcategory_code\":\"AP\",\"market_codes\":[\"RES\"],\"description\":\"Welcome to this bright 5 1\\\/2 semi-basement unit ideally located in the heart of Villeray, facing Parc de Normanville. Quiet and family-friendly neighborhood, close to schools, daycares, public transit, and Saint-Hubert Street with its shops and restaurants. Fully renovated with taste, the unit features light wood flooring, a contemporary kitchen with all appliances included, and a well-designed living space. Three good-sized bedrooms, each with a closet. Modern bathroom with a glass-enclosed bath-shower. Available May 1st for $1,965\\\/month.\\r\\n\",\"availability_date\":\"2026-05-01T00:00:00Z\",\"available_area\":900,\"available_area_sf\":900,\"available_area_unit_code\":\"SF\",\"video_flag\":false,\"virtual_tour_flag\":false,\"contract\":{\"start_date\":\"2026-04-17T00:00:00Z\"},\"for_sale_flag\":false,\"for_rent_flag\":true,\"price\":{\"lease\":{\"amount\":1965,\"currency\":\"CAD\",\"period_code\":\"M\"},\"rent\":{\"amount\":1965,\"currency\":\"CAD\",\"period_code\":\"M\"},\"foreclosure\":false},\"location\":{\"address\":{\"door\":\"apt. 7\",\"street_number\":\"1251\",\"street_name\":\"Rue Everett\",\"postal_code\":\"H2R 1N4\"},\"country_code\":\"CAN\",\"state_code\":\"QC\",\"region_code\":\"06\",\"city_code\":\"66507\",\"district_code\":\"66507-A\",\"longitude\":-73.6142559999999974706952343694865703582763671875,\"latitude\":45.54563799999999673673301003873348236083984375,\"civic_address\":\"1251 Rue Everett, apt. 7\",\"city\":\"Montr\\u00e9al (Villeray\\\/Saint-Michel\\\/Parc-Extension)\",\"region\":\"Montr\\u00e9al\",\"district\":\"Villeray\",\"full_address\":\"1251 Rue Everett, apt. 7, Montr\\u00e9al (Villeray\\\/Saint-Michel\\\/Parc-Extension)\"},\"building\":{\"category_code\":\"AT\",\"total_levels\":3,\"construction_year\":1949,\"dimension\":{}},\"land\":{\"dimension\":{}},\"main_unit\":{\"room_count\":7,\"bedroom_count\":2,\"bathroom_count\":1,\"waterroom_count\":0},\"photo_url\":\"https:\\\/\\\/blob.source.immo\\\/pic\\\/lis-4-v1POPXkEaPAG90XTmrkg-v1-sm.jpg\",\"brokers_count\":1,\"brokers_ids\":[\"48743390-f4c4-4315-81f9-fba76b0c44a4\"],\"brokers_ref_numbers\":[\"115280\"],\"offices_count\":1,\"offices_ids\":[\"96c19ecb-423d-4488-b44f-8889b15f90fc\"],\"offices_ref_numbers\":[\"500255\"],\"agencies_ids\":[\"cf8eadf7-b7a3-4bb7-a4f8-adec9bd321a2\"],\"agencies_ref_numbers\":[\"500255\"],\"tag_ids\":[],\"priority\":1,\"priority_group_key\":\"for_sale\",\"is_new\":false,\"caption\":\"\",\"category\":\"Residential\",\"transaction\":\"For rent\",\"subcategory\":\"Apartment \\\/ Condo\",\"status\":\"Available\",\"price_text\":\"$1,965 \\\/ month\",\"available_area_unit\":\"sf\",\"counters\":{\"rooms\":{\"bed\":{\"count\":2,\"label\":\"Bedrooms\"},\"bath\":{\"count\":1,\"label\":\"Bathroom\"}}},\"tags\":[{\"label\":\"For rent\"}],\"has_custom_page\":false,\"permalink\":\"\\\/en\\\/listings\\\/montreal\\\/montreal-villeray-saint-michel-parc-extension\\\/for-rent\\\/13257397\\\/\"},{\"id\":\"367d82e5-01c2-45a0-91ec-a2580cd9f27b\",\"ref_number\":\"9868821\",\"status_code\":\"SOLD\",\"category_code\":\"RESIDENTIAL\",\"subcategory_code\":\"BU\",\"market_codes\":[\"RES\"],\"description\":\"The charm of a Montreal shoebox home in Villeray! Characterized by a simple and functional design, this distinctive architectural style reflects a commitment to optimizing space while maintaining a sleek, minimalist look. The home has been expanded, offering a pleasant and inviting living space as well as a basement. The west-facing back patio enjoys afternoon and late-afternoon sun. A garage completes the package.\\r\\n\",\"availability_date\":\"2026-06-15T00:00:00Z\",\"available_area\":798,\"available_area_sf\":798,\"available_area_unit_code\":\"SF\",\"video_flag\":false,\"virtual_tour_flag\":false,\"contract\":{\"start_date\":\"2026-03-19T00:00:00Z\"},\"for_sale_flag\":true,\"for_rent_flag\":false,\"price\":{\"sell\":{\"amount\":649000,\"currency\":\"CAD\"},\"foreclosure\":false},\"location\":{\"address\":{\"street_number\":\"7670\",\"street_name\":\"Rue Cartier\",\"postal_code\":\"H2E 2J7\"},\"country_code\":\"CAN\",\"state_code\":\"QC\",\"region_code\":\"06\",\"city_code\":\"66507\",\"district_code\":\"66507-A\",\"longitude\":-73.6132060000000052468749345280230045318603515625,\"latitude\":45.55134000000000327190718962810933589935302734375,\"civic_address\":\"7670 Rue Cartier\",\"city\":\"Montr\\u00e9al (Villeray\\\/Saint-Michel\\\/Parc-Extension)\",\"region\":\"Montr\\u00e9al\",\"district\":\"Villeray\",\"full_address\":\"7670 Rue Cartier, Montr\\u00e9al (Villeray\\\/Saint-Michel\\\/Parc-Extension)\"},\"building\":{\"category_code\":\"DE\",\"construction_year\":1947,\"assessment\":{\"amount\":290900,\"currency\":\"CAD\",\"year\":2026},\"dimension\":{\"area\":798,\"area_sf\":798,\"area_unit_code\":\"SF\",\"width\":21,\"length\":38,\"unit_code\":\"F\"}},\"land\":{\"assessment\":{\"amount\":282900,\"currency\":\"CAD\",\"year\":2026},\"dimension\":{\"area\":2175,\"area_sf\":2175,\"area_unit_code\":\"SF\",\"width\":25,\"length\":87,\"unit_code\":\"F\"}},\"main_unit\":{\"room_count\":8,\"bedroom_count\":3,\"bathroom_count\":1,\"waterroom_count\":1},\"photo_url\":\"https:\\\/\\\/blob.source.immo\\\/pic\\\/lis-fCcx0ScciUyvBzVdTlI5sQ-v1-sm.jpg\",\"brokers_count\":1,\"brokers_ids\":[\"31c0b95e-1a85-4ba2-b010-d040a548e44d\"],\"brokers_ref_numbers\":[\"75573\"],\"offices_count\":1,\"offices_ids\":[\"96c19ecb-423d-4488-b44f-8889b15f90fc\"],\"offices_ref_numbers\":[\"500255\"],\"agencies_ids\":[\"cf8eadf7-b7a3-4bb7-a4f8-adec9bd321a2\"],\"agencies_ref_numbers\":[\"500255\"],\"tag_ids\":[],\"attributes\":{\"PARKING\":1,\"PARKING_GARAGE\":1,\"GARAGE\":true},\"priority\":2,\"priority_group_key\":\"sold\",\"is_new\":false,\"caption\":\"\",\"category\":\"Residential\",\"transaction\":\"For sale\",\"subcategory\":\"Bungalow\",\"status\":\"Sold\",\"price_text\":\"Sold\",\"available_area_unit\":\"sf\",\"counters\":{\"rooms\":{\"bed\":{\"count\":3,\"label\":\"Bedrooms\"},\"bath\":{\"count\":1,\"label\":\"Bathroom\"},\"hand-holding-water\":{\"count\":1,\"label\":\"Powder room\"}}},\"tags\":[],\"has_custom_page\":false,\"permalink\":\"\\\/en\\\/listings\\\/montreal\\\/montreal-villeray-saint-michel-parc-extension\\\/for-sale\\\/9868821\\\/\"},{\"id\":\"a558d101-574e-4c0c-b4be-ff24a03805ff\",\"ref_number\":\"23344872\",\"status_code\":\"AVAILABLE\",\"category_code\":\"RESIDENTIAL\",\"subcategory_code\":\"AP\",\"market_codes\":[\"RES\"],\"description\":\"In the heart of Villeray, stunning 2-bedroom unit on the 3rd floor of Giantonio. This bright 1,055 sq. ft. condo spans 1\\u00bd levels and features oversized windows, 9 ft+ ceilings, and solid concrete construction. Contemporary open-concept living area combining kitchen, dining room and living room. 2 beautiful bedrooms, 1 full bathroom and a powder room. Private terrace adjacent to the mezzanine + a shared rooftop terrace. Appliances included along with several on-site amenities. Just steps from the metro, Jean-Talon Market, shops and essential services. Available 01\\\/07 - $2,500\\\/month. Indoor parking, locker and bycicle-space on option. To see !\\r\\n\",\"availability_date\":\"2026-07-01T00:00:00Z\",\"available_area\":1055,\"available_area_sf\":1055,\"available_area_unit_code\":\"SF\",\"video_flag\":false,\"virtual_tour_flag\":false,\"contract\":{\"start_date\":\"2026-03-05T00:00:00Z\"},\"for_sale_flag\":false,\"for_rent_flag\":true,\"price\":{\"lease\":{\"amount\":2500,\"currency\":\"CAD\",\"period_code\":\"M\"},\"rent\":{\"amount\":2500,\"currency\":\"CAD\",\"period_code\":\"M\"},\"foreclosure\":false},\"location\":{\"address\":{\"door\":\"apt. 304\",\"street_number\":\"7400\",\"street_name\":\"Rue St-Hubert\",\"postal_code\":\"H2R 2N3\"},\"country_code\":\"CAN\",\"state_code\":\"QC\",\"region_code\":\"06\",\"city_code\":\"66507\",\"district_code\":\"66507-A\",\"longitude\":-73.6164279999999990877768141217529773712158203125,\"latitude\":45.542022000000002890374162234365940093994140625,\"civic_address\":\"7400 Rue St-Hubert, apt. 304\",\"city\":\"Montr\\u00e9al (Villeray\\\/Saint-Michel\\\/Parc-Extension)\",\"region\":\"Montr\\u00e9al\",\"district\":\"Villeray\",\"full_address\":\"7400 Rue St-Hubert, apt. 304, Montr\\u00e9al (Villeray\\\/Saint-Michel\\\/Parc-Extension)\"},\"building\":{\"category_code\":\"AT\",\"total_levels\":3,\"construction_year\":2020,\"dimension\":{}},\"land\":{\"dimension\":{}},\"main_unit\":{\"room_count\":8,\"bedroom_count\":2,\"bathroom_count\":1,\"waterroom_count\":1},\"photo_url\":\"https:\\\/\\\/blob.source.immo\\\/pic\\\/lis-3D1gHSqqLEKtF6jZoG_Dbg-v1-sm.jpg\",\"brokers_count\":1,\"brokers_ids\":[\"48743390-f4c4-4315-81f9-fba76b0c44a4\"],\"brokers_ref_numbers\":[\"115280\"],\"offices_count\":1,\"offices_ids\":[\"96c19ecb-423d-4488-b44f-8889b15f90fc\"],\"offices_ref_numbers\":[\"500255\"],\"agencies_ids\":[\"cf8eadf7-b7a3-4bb7-a4f8-adec9bd321a2\"],\"agencies_ref_numbers\":[\"500255\"],\"tag_ids\":[],\"attributes\":{\"PARKING\":1,\"PARKING_GARAGE\":1},\"priority\":1,\"priority_group_key\":\"for_sale\",\"is_new\":false,\"caption\":\"\",\"category\":\"Residential\",\"transaction\":\"For rent\",\"subcategory\":\"Apartment \\\/ Condo\",\"status\":\"Available\",\"price_text\":\"$2,500 \\\/ month\",\"available_area_unit\":\"sf\",\"counters\":{\"rooms\":{\"bed\":{\"count\":2,\"label\":\"Bedrooms\"},\"bath\":{\"count\":1,\"label\":\"Bathroom\"},\"hand-holding-water\":{\"count\":1,\"label\":\"Powder room\"}}},\"tags\":[{\"label\":\"For rent\"}],\"has_custom_page\":false,\"permalink\":\"\\\/en\\\/listings\\\/montreal\\\/montreal-villeray-saint-michel-parc-extension\\\/for-rent\\\/23344872\\\/\"},{\"id\":\"05439942-87a1-46ee-a3af-8767a6a5ac36\",\"ref_number\":\"12735602\",\"status_code\":\"SOLD\",\"category_code\":\"RESIDENTIAL\",\"subcategory_code\":\"AP\",\"market_codes\":[\"RES\"],\"description\":\"With 2,685 square feet of living space, this apartment stands out with its size and distinctive style, highlighted by magnificent original architectural features integrated into a contemporary aesthetic. Five bedrooms, an intimate back terrace, a pretty little flower-filled courtyard, and two garages have been designed for those seeking space and character.\\r\\n\",\"availability_delay\":60,\"available_area\":2675,\"available_area_sf\":2675,\"available_area_unit_code\":\"SF\",\"video_flag\":false,\"virtual_tour_flag\":false,\"contract\":{\"start_date\":\"2026-01-14T00:00:00Z\"},\"for_sale_flag\":true,\"for_rent_flag\":false,\"price\":{\"sell\":{\"amount\":1349000,\"currency\":\"CAD\"},\"foreclosure\":false},\"location\":{\"address\":{\"street_number\":\"7468\",\"street_name\":\"Av. Christophe-Colomb\",\"postal_code\":\"H2R 2S7\"},\"country_code\":\"CAN\",\"state_code\":\"QC\",\"region_code\":\"06\",\"city_code\":\"66507\",\"district_code\":\"66507-A\",\"longitude\":-73.616727999999994835889083333313465118408203125,\"latitude\":45.54428699999999707870301790535449981689453125,\"civic_address\":\"7468 Av. Christophe-Colomb\",\"city\":\"Montr\\u00e9al (Villeray\\\/Saint-Michel\\\/Parc-Extension)\",\"region\":\"Montr\\u00e9al\",\"district\":\"Villeray\",\"full_address\":\"7468 Av. Christophe-Colomb, Montr\\u00e9al (Villeray\\\/Saint-Michel\\\/Parc-Extension)\"},\"building\":{\"category_code\":\"AT\",\"total_levels\":3,\"construction_year\":1929,\"dimension\":{\"area\":1372,\"area_sf\":1372,\"area_unit_code\":\"SF\",\"width\":30,\"length\":49,\"unit_code\":\"F\"}},\"land\":{\"dimension\":{\"area\":3750,\"area_sf\":3750,\"area_unit_code\":\"SF\",\"width\":30,\"length\":125,\"unit_code\":\"F\"}},\"main_unit\":{\"room_count\":12,\"bedroom_count\":5,\"bathroom_count\":3,\"waterroom_count\":0},\"photo_url\":\"https:\\\/\\\/blob.source.immo\\\/pic\\\/lis-UE2VhY4KYk-TuW3ZNAC-dQ-v1-sm.jpg\",\"brokers_count\":1,\"brokers_ids\":[\"31c0b95e-1a85-4ba2-b010-d040a548e44d\"],\"brokers_ref_numbers\":[\"75573\"],\"offices_count\":1,\"offices_ids\":[\"96c19ecb-423d-4488-b44f-8889b15f90fc\"],\"offices_ref_numbers\":[\"500255\"],\"agencies_ids\":[\"cf8eadf7-b7a3-4bb7-a4f8-adec9bd321a2\"],\"agencies_ref_numbers\":[\"500255\"],\"tag_ids\":[],\"attributes\":{\"HEART_STOVE\":true,\"PARKING\":4,\"PARKING_GARAGE\":2,\"GARAGE\":true},\"priority\":2,\"priority_group_key\":\"sold\",\"is_new\":false,\"caption\":\"\",\"category\":\"Residential\",\"transaction\":\"For sale\",\"subcategory\":\"Apartment \\\/ Condo\",\"status\":\"Sold\",\"price_text\":\"Sold\",\"available_area_unit\":\"sf\",\"counters\":{\"rooms\":{\"bed\":{\"count\":5,\"label\":\"Bedrooms\"},\"bath\":{\"count\":3,\"label\":\"Bathrooms\"}}},\"tags\":[],\"has_custom_page\":false,\"permalink\":\"\\\/en\\\/listings\\\/montreal\\\/montreal-villeray-saint-michel-parc-extension\\\/for-sale\\\/12735602\\\/\"},{\"id\":\"81e1ae0f-3ad5-4da4-ae49-7a3ed94e8a58\",\"ref_number\":\"10788013\",\"status_code\":\"AVAILABLE\",\"category_code\":\"RESIDENTIAL\",\"subcategory_code\":\"AP\",\"market_codes\":[\"RES\"],\"description\":\"In the heart of Villeray, stunning 2-bedroom unit on the 3rd floor of Giantonio. This bright 1,045 sq. ft. condo spans 1\\u00bd levels and features oversized windows, 9 ft+ ceilings, and solid concrete construction. Contemporary open-concept living area combining the kitchen, dining room and living room. 2 beautiful bedrooms, 1 full bathroom and a powder room. Private terrace adjacent to the mezzanine + a shared rooftop terrace. Appliances included along with several on-site amenities. Just steps from the metro, Jean-Talon Market, shops and essential services. Available January 1st for $2,500\\\/month. Indoor parking available as an option. A must see\\r\\n\",\"availability_date\":\"2026-01-01T00:00:00Z\",\"available_area\":1045,\"available_area_sf\":1045,\"available_area_unit_code\":\"SF\",\"video_flag\":false,\"virtual_tour_flag\":false,\"contract\":{\"start_date\":\"2025-11-14T00:00:00Z\"},\"for_sale_flag\":false,\"for_rent_flag\":true,\"price\":{\"lease\":{\"amount\":2500,\"currency\":\"CAD\",\"period_code\":\"M\"},\"rent\":{\"amount\":2500,\"currency\":\"CAD\",\"period_code\":\"M\"},\"foreclosure\":false},\"location\":{\"address\":{\"door\":\"apt. 306\",\"street_number\":\"7400\",\"street_name\":\"Rue St-Hubert\",\"postal_code\":\"H2R 2N3\"},\"country_code\":\"CAN\",\"state_code\":\"QC\",\"region_code\":\"06\",\"city_code\":\"66507\",\"district_code\":\"66507-A\",\"longitude\":-73.6164279999999990877768141217529773712158203125,\"latitude\":45.542022000000002890374162234365940093994140625,\"civic_address\":\"7400 Rue St-Hubert, apt. 306\",\"city\":\"Montr\\u00e9al (Villeray\\\/Saint-Michel\\\/Parc-Extension)\",\"region\":\"Montr\\u00e9al\",\"district\":\"Villeray\",\"full_address\":\"7400 Rue St-Hubert, apt. 306, Montr\\u00e9al (Villeray\\\/Saint-Michel\\\/Parc-Extension)\"},\"building\":{\"category_code\":\"AT\",\"total_levels\":3,\"construction_year\":2020,\"dimension\":{}},\"land\":{\"dimension\":{}},\"main_unit\":{\"room_count\":8,\"bedroom_count\":2,\"bathroom_count\":1,\"waterroom_count\":1},\"photo_url\":\"https:\\\/\\\/blob.source.immo\\\/pic\\\/lis-sejA9QlTpEWC9Mkuzda4rQ-v2-sm.jpg\",\"brokers_count\":1,\"brokers_ids\":[\"48743390-f4c4-4315-81f9-fba76b0c44a4\"],\"brokers_ref_numbers\":[\"115280\"],\"offices_count\":1,\"offices_ids\":[\"96c19ecb-423d-4488-b44f-8889b15f90fc\"],\"offices_ref_numbers\":[\"500255\"],\"agencies_ids\":[\"cf8eadf7-b7a3-4bb7-a4f8-adec9bd321a2\"],\"agencies_ref_numbers\":[\"500255\"],\"tag_ids\":[],\"attributes\":{\"PARKING\":1,\"PARKING_GARAGE\":1},\"priority\":1,\"priority_group_key\":\"for_sale\",\"is_new\":false,\"caption\":\"\",\"category\":\"Residential\",\"transaction\":\"For rent\",\"subcategory\":\"Apartment \\\/ Condo\",\"status\":\"Available\",\"price_text\":\"$2,500 \\\/ month\",\"available_area_unit\":\"sf\",\"counters\":{\"rooms\":{\"bed\":{\"count\":2,\"label\":\"Bedrooms\"},\"bath\":{\"count\":1,\"label\":\"Bathroom\"},\"hand-holding-water\":{\"count\":1,\"label\":\"Powder room\"}}},\"tags\":[{\"label\":\"For rent\"}],\"has_custom_page\":false,\"permalink\":\"\\\/en\\\/listings\\\/montreal\\\/montreal-villeray-saint-michel-parc-extension\\\/for-rent\\\/10788013\\\/\"},{\"id\":\"bccb30f1-d4cb-44fd-9f12-88cc4302d8b5\",\"ref_number\":\"19518696\",\"status_code\":\"AVAILABLE\",\"category_code\":\"RESIDENTIAL\",\"subcategory_code\":\"AP\",\"market_codes\":[\"RES\"],\"description\":\"Charming renovated studio in the heart of Villeray! Perfect for one person, this bright and well-designed space has been completely updated. Ideally located just steps from the metro, caf\\u00e9s, and neighborhood shops, it offers a comfortable and convenient urban lifestyle. Available immediately. Inclusions: refrigerator, stove, dishwasher, electricity, heating, and hot water. A great opportunity to enjoy one of Montreal's most vibrant and sought-after neighborhoods!\\r\\n\",\"availability_delay\":5,\"video_flag\":false,\"virtual_tour_flag\":false,\"contract\":{\"start_date\":\"2025-10-12T00:00:00Z\"},\"for_sale_flag\":false,\"for_rent_flag\":true,\"price\":{\"lease\":{\"amount\":1195,\"currency\":\"CAD\",\"period_code\":\"M\"},\"rent\":{\"amount\":1195,\"currency\":\"CAD\",\"period_code\":\"M\"},\"foreclosure\":false,\"exchangeable\":true},\"location\":{\"address\":{\"door\":\"apt. 306\",\"street_number\":\"7415\",\"street_name\":\"Boul. St-Laurent\",\"postal_code\":\"H2R 1W7\"},\"country_code\":\"CAN\",\"state_code\":\"QC\",\"region_code\":\"06\",\"city_code\":\"66507\",\"district_code\":\"66507-A\",\"longitude\":-73.62106099999999742067302577197551727294921875,\"latitude\":45.53616099999999988767740433104336261749267578125,\"civic_address\":\"7415 Boul. St-Laurent, apt. 306\",\"city\":\"Montr\\u00e9al (Villeray\\\/Saint-Michel\\\/Parc-Extension)\",\"region\":\"Montr\\u00e9al\",\"district\":\"Villeray\",\"full_address\":\"7415 Boul. St-Laurent, apt. 306, Montr\\u00e9al (Villeray\\\/Saint-Michel\\\/Parc-Extension)\"},\"building\":{\"category_code\":\"AT\",\"construction_year\":1961,\"dimension\":{}},\"land\":{\"dimension\":{}},\"main_unit\":{\"room_count\":2,\"bathroom_count\":1,\"waterroom_count\":0},\"photo_url\":\"https:\\\/\\\/blob.source.immo\\\/pic\\\/lis-NEeEYw041EiFcNHmJM7QMw-v2-sm.jpg\",\"brokers_count\":2,\"brokers_ids\":[\"48743390-f4c4-4315-81f9-fba76b0c44a4\",\"aadfdbfe-b34d-49b1-b2af-c7849b20f8fa\"],\"brokers_ref_numbers\":[\"115280\",\"104886\"],\"offices_count\":1,\"offices_ids\":[\"96c19ecb-423d-4488-b44f-8889b15f90fc\"],\"offices_ref_numbers\":[\"500255\"],\"agencies_ids\":[\"cf8eadf7-b7a3-4bb7-a4f8-adec9bd321a2\"],\"agencies_ref_numbers\":[\"500255\"],\"tag_ids\":[],\"priority\":1,\"priority_group_key\":\"for_sale\",\"is_new\":false,\"caption\":\"\",\"category\":\"Residential\",\"transaction\":\"For rent\",\"subcategory\":\"Apartment \\\/ Condo\",\"status\":\"Available\",\"price_text\":\"$1,195 \\\/ month\",\"available_area\":null,\"available_area_unit\":null,\"counters\":{\"rooms\":{\"bath\":{\"count\":1,\"label\":\"Bathroom\"}}},\"tags\":[{\"label\":\"Quick move-in\"},{\"label\":\"For rent\"}],\"has_custom_page\":false,\"permalink\":\"\\\/en\\\/listings\\\/montreal\\\/montreal-villeray-saint-michel-parc-extension\\\/for-rent\\\/19518696\\\/\"}];<\/script><div class=\"si-static-controller\" ng-controller=\"staticDataCtrl\" ng-init=\"init('listingcity')\"><\/div><div class=\"si-list\"><div class=\"item-13257397 city-66507\" style=\"--si-item-index:0\">\r\n<article class=\"si-item si-listing-item si-single-layer-item-layout si-background  si-style-standard si-img-hover-effect-gallery\" \r\n    data-test=\"true\"\r\n    data-ng-mouseover=\"handleListItemOver($event,item)\"\r\n    data-si-hover-class=\"\"\r\n    si-image-rotator=\"13257397:listing-city\" itemscope itemtype=\"http:\/\/schema.org\/Residence\">\r\n    <a itemprop=\"url\" href=\"\/en\/listings\/montreal\/montreal-villeray-saint-michel-parc-extension\/for-rent\/13257397\/\">\r\n        <div class=\"si-item-content\">\r\n            <div class=\"si-layer-container\">\r\n                <div class=\"si-layer si-main-layer\" style=\"\"><div class=\"si-layer-content\">      <div si-lazy-load class=\"si-image si-lazy-loading si-float-anchor\" >\r\n          <img data-si-src=\"https:\/\/blob.source.immo\/pic\/lis-4-v1POPXkEaPAG90XTmrkg-v1-sm.jpg\" data-si-error-src=\"https:\/\/api-v1.source.immo\/lib\/wordpress\/v4.1.0\/styles\/assets\/shadow_listing.jpg\" data-si-srcset=\"https:\/\/blob.source.immo\/pic\/lis-4-v1POPXkEaPAG90XTmrkg-v1-sm.jpg\" data-si-quality-preference=\"\" \/>\r\n      <\/div>         \r\n      <div class=\"si-label-group si-padding-block si-resume-texte\" si-anchor-to=\"si-float-anchor\" style=\"--items-count:2\"><div class=\"si-label si-city notranslate\" si-anchor-to=\"si-float-anchor\">Montr\u00e9al (Villeray\/Saint-Michel\/Parc-Extension)<\/div><div class=\"si-label si-address notranslate\" si-anchor-to=\"si-float-anchor\">1251 Rue Everett, apt. 7<\/div><\/div>      <div class=\"si-flags si-float-top-right si-padding si-padding-size-slim\" si-anchor-to=\"si-float-anchor\" si-hide-empty=\"hard\">\r\n          <div class=\"si-flag si-video\"><si-icon title=\"{{'Video'.siTranslate()}}\">video<\/si-icon> <span class=\"si-label\">{{'Video'.siTranslate()}}<\/span><\/div>\r\n          <div class=\"si-flag si-virtual-tour\"><si-icon title=\"{{'Virtual tour'.siTranslate()}}\">vr-cardboard<\/si-icon> <span class=\"si-label\">{{'Virtual tour'.siTranslate()}}<\/span><\/div>\r\n          <div class=\"si-flag si-new-item\"><si-icon title=\"{{'New'.siTranslate()}}\">star<\/si-icon> <span class=\"si-label\">{{'New'.siTranslate()}}<\/span><\/div>\r\n      <\/div>\r\n            <div class=\"si-label si-open-houses si-float-top-left si-background-medium-contrast si-padding-size-half\" si-anchor-to=\"si-float-anchor\" si-hide-empty=\"hard\" si-hide-empty=\"hard\">\r\n          <div class=\"si-open-house-item\">\r\n              <si-icon>calendar-alt<\/si-icon> <span>{{'Open house'.siTranslate()}}<\/span> <span am-time-ago=\"item.open_houses[0].start_date\"><\/span>\r\n          <\/div>\r\n      <\/div>\r\n      <div class=\"si-label si-padding-block si-price\"  si-anchor-to=\"si-float-anchor\">$1,965 \/ month<\/div><div class=\"si-label si-padding-block si-price-sold\"  si-anchor-to=\"si-float-anchor\">$1,965 \/ month<\/div><\/div><\/div>            <\/div>\r\n        <\/div>\r\n    <\/a>\r\n<\/article><\/div><div class=\"item-9868821 city-66507\" style=\"--si-item-index:1\">\r\n<article class=\"si-item si-listing-item si-single-layer-item-layout si-background si-sold  si-style-standard si-img-hover-effect-gallery si-sold\" \r\n    data-test=\"true\"\r\n    data-ng-mouseover=\"handleListItemOver($event,item)\"\r\n    data-si-hover-class=\"\"\r\n    si-image-rotator=\"9868821:listing-city\" itemscope itemtype=\"http:\/\/schema.org\/Residence\">\r\n    <a itemprop=\"url\" href=\"\/en\/listings\/montreal\/montreal-villeray-saint-michel-parc-extension\/for-sale\/9868821\/\">\r\n        <div class=\"si-item-content\">\r\n            <div class=\"si-layer-container\">\r\n                <div class=\"si-layer si-main-layer\" style=\"\"><div class=\"si-layer-content\">      <div si-lazy-load class=\"si-image si-lazy-loading si-float-anchor\" >\r\n          <img data-si-src=\"https:\/\/blob.source.immo\/pic\/lis-fCcx0ScciUyvBzVdTlI5sQ-v1-sm.jpg\" data-si-error-src=\"https:\/\/api-v1.source.immo\/lib\/wordpress\/v4.1.0\/styles\/assets\/shadow_listing.jpg\" data-si-srcset=\"https:\/\/blob.source.immo\/pic\/lis-fCcx0ScciUyvBzVdTlI5sQ-v1-sm.jpg\" data-si-quality-preference=\"\" \/>\r\n      <\/div>         \r\n      <div class=\"si-label-group si-padding-block si-resume-texte\" si-anchor-to=\"si-float-anchor\" style=\"--items-count:2\"><div class=\"si-label si-city notranslate\" si-anchor-to=\"si-float-anchor\">Montr\u00e9al (Villeray\/Saint-Michel\/Parc-Extension)<\/div><div class=\"si-label si-address notranslate\" si-anchor-to=\"si-float-anchor\">7670 Rue Cartier<\/div><\/div>      <div class=\"si-flags si-float-top-right si-padding si-padding-size-slim\" si-anchor-to=\"si-float-anchor\" si-hide-empty=\"hard\">\r\n          <div class=\"si-flag si-video\"><si-icon title=\"{{'Video'.siTranslate()}}\">video<\/si-icon> <span class=\"si-label\">{{'Video'.siTranslate()}}<\/span><\/div>\r\n          <div class=\"si-flag si-virtual-tour\"><si-icon title=\"{{'Virtual tour'.siTranslate()}}\">vr-cardboard<\/si-icon> <span class=\"si-label\">{{'Virtual tour'.siTranslate()}}<\/span><\/div>\r\n          <div class=\"si-flag si-new-item\"><si-icon title=\"{{'New'.siTranslate()}}\">star<\/si-icon> <span class=\"si-label\">{{'New'.siTranslate()}}<\/span><\/div>\r\n      <\/div>\r\n            <div class=\"si-label si-open-houses si-float-top-left si-background-medium-contrast si-padding-size-half\" si-anchor-to=\"si-float-anchor\" si-hide-empty=\"hard\" si-hide-empty=\"hard\">\r\n          <div class=\"si-open-house-item\">\r\n              <si-icon>calendar-alt<\/si-icon> <span>{{'Open house'.siTranslate()}}<\/span> <span am-time-ago=\"item.open_houses[0].start_date\"><\/span>\r\n          <\/div>\r\n      <\/div>\r\n      <div class=\"si-label si-padding-block si-price\"  si-anchor-to=\"si-float-anchor\">Sold<\/div><div class=\"si-label si-padding-block si-price-sold\"  si-anchor-to=\"si-float-anchor\">Sold<\/div><\/div><\/div>            <\/div>\r\n        <\/div>\r\n    <\/a>\r\n<\/article><\/div><div class=\"item-23344872 city-66507\" style=\"--si-item-index:2\">\r\n<article class=\"si-item si-listing-item si-single-layer-item-layout si-background  si-style-standard si-img-hover-effect-gallery\" \r\n    data-test=\"true\"\r\n    data-ng-mouseover=\"handleListItemOver($event,item)\"\r\n    data-si-hover-class=\"\"\r\n    si-image-rotator=\"23344872:listing-city\" itemscope itemtype=\"http:\/\/schema.org\/Residence\">\r\n    <a itemprop=\"url\" href=\"\/en\/listings\/montreal\/montreal-villeray-saint-michel-parc-extension\/for-rent\/23344872\/\">\r\n        <div class=\"si-item-content\">\r\n            <div class=\"si-layer-container\">\r\n                <div class=\"si-layer si-main-layer\" style=\"\"><div class=\"si-layer-content\">      <div si-lazy-load class=\"si-image si-lazy-loading si-float-anchor\" >\r\n          <img data-si-src=\"https:\/\/blob.source.immo\/pic\/lis-3D1gHSqqLEKtF6jZoG_Dbg-v1-sm.jpg\" data-si-error-src=\"https:\/\/api-v1.source.immo\/lib\/wordpress\/v4.1.0\/styles\/assets\/shadow_listing.jpg\" data-si-srcset=\"https:\/\/blob.source.immo\/pic\/lis-3D1gHSqqLEKtF6jZoG_Dbg-v1-sm.jpg\" data-si-quality-preference=\"\" \/>\r\n      <\/div>         \r\n      <div class=\"si-label-group si-padding-block si-resume-texte\" si-anchor-to=\"si-float-anchor\" style=\"--items-count:2\"><div class=\"si-label si-city notranslate\" si-anchor-to=\"si-float-anchor\">Montr\u00e9al (Villeray\/Saint-Michel\/Parc-Extension)<\/div><div class=\"si-label si-address notranslate\" si-anchor-to=\"si-float-anchor\">7400 Rue St-Hubert, apt. 304<\/div><\/div>      <div class=\"si-flags si-float-top-right si-padding si-padding-size-slim\" si-anchor-to=\"si-float-anchor\" si-hide-empty=\"hard\">\r\n          <div class=\"si-flag si-video\"><si-icon title=\"{{'Video'.siTranslate()}}\">video<\/si-icon> <span class=\"si-label\">{{'Video'.siTranslate()}}<\/span><\/div>\r\n          <div class=\"si-flag si-virtual-tour\"><si-icon title=\"{{'Virtual tour'.siTranslate()}}\">vr-cardboard<\/si-icon> <span class=\"si-label\">{{'Virtual tour'.siTranslate()}}<\/span><\/div>\r\n          <div class=\"si-flag si-new-item\"><si-icon title=\"{{'New'.siTranslate()}}\">star<\/si-icon> <span class=\"si-label\">{{'New'.siTranslate()}}<\/span><\/div>\r\n      <\/div>\r\n            <div class=\"si-label si-open-houses si-float-top-left si-background-medium-contrast si-padding-size-half\" si-anchor-to=\"si-float-anchor\" si-hide-empty=\"hard\" si-hide-empty=\"hard\">\r\n          <div class=\"si-open-house-item\">\r\n              <si-icon>calendar-alt<\/si-icon> <span>{{'Open house'.siTranslate()}}<\/span> <span am-time-ago=\"item.open_houses[0].start_date\"><\/span>\r\n          <\/div>\r\n      <\/div>\r\n      <div class=\"si-label si-padding-block si-price\"  si-anchor-to=\"si-float-anchor\">$2,500 \/ month<\/div><div class=\"si-label si-padding-block si-price-sold\"  si-anchor-to=\"si-float-anchor\">$2,500 \/ month<\/div><\/div><\/div>            <\/div>\r\n        <\/div>\r\n    <\/a>\r\n<\/article><\/div><div class=\"item-12735602 city-66507\" style=\"--si-item-index:3\">\r\n<article class=\"si-item si-listing-item si-single-layer-item-layout si-background si-sold  si-style-standard si-img-hover-effect-gallery si-sold\" \r\n    data-test=\"true\"\r\n    data-ng-mouseover=\"handleListItemOver($event,item)\"\r\n    data-si-hover-class=\"\"\r\n    si-image-rotator=\"12735602:listing-city\" itemscope itemtype=\"http:\/\/schema.org\/Residence\">\r\n    <a itemprop=\"url\" href=\"\/en\/listings\/montreal\/montreal-villeray-saint-michel-parc-extension\/for-sale\/12735602\/\">\r\n        <div class=\"si-item-content\">\r\n            <div class=\"si-layer-container\">\r\n                <div class=\"si-layer si-main-layer\" style=\"\"><div class=\"si-layer-content\">      <div si-lazy-load class=\"si-image si-lazy-loading si-float-anchor\" >\r\n          <img data-si-src=\"https:\/\/blob.source.immo\/pic\/lis-UE2VhY4KYk-TuW3ZNAC-dQ-v1-sm.jpg\" data-si-error-src=\"https:\/\/api-v1.source.immo\/lib\/wordpress\/v4.1.0\/styles\/assets\/shadow_listing.jpg\" data-si-srcset=\"https:\/\/blob.source.immo\/pic\/lis-UE2VhY4KYk-TuW3ZNAC-dQ-v1-sm.jpg\" data-si-quality-preference=\"\" \/>\r\n      <\/div>         \r\n      <div class=\"si-label-group si-padding-block si-resume-texte\" si-anchor-to=\"si-float-anchor\" style=\"--items-count:2\"><div class=\"si-label si-city notranslate\" si-anchor-to=\"si-float-anchor\">Montr\u00e9al (Villeray\/Saint-Michel\/Parc-Extension)<\/div><div class=\"si-label si-address notranslate\" si-anchor-to=\"si-float-anchor\">7468 Av. Christophe-Colomb<\/div><\/div>      <div class=\"si-flags si-float-top-right si-padding si-padding-size-slim\" si-anchor-to=\"si-float-anchor\" si-hide-empty=\"hard\">\r\n          <div class=\"si-flag si-video\"><si-icon title=\"{{'Video'.siTranslate()}}\">video<\/si-icon> <span class=\"si-label\">{{'Video'.siTranslate()}}<\/span><\/div>\r\n          <div class=\"si-flag si-virtual-tour\"><si-icon title=\"{{'Virtual tour'.siTranslate()}}\">vr-cardboard<\/si-icon> <span class=\"si-label\">{{'Virtual tour'.siTranslate()}}<\/span><\/div>\r\n          <div class=\"si-flag si-new-item\"><si-icon title=\"{{'New'.siTranslate()}}\">star<\/si-icon> <span class=\"si-label\">{{'New'.siTranslate()}}<\/span><\/div>\r\n      <\/div>\r\n            <div class=\"si-label si-open-houses si-float-top-left si-background-medium-contrast si-padding-size-half\" si-anchor-to=\"si-float-anchor\" si-hide-empty=\"hard\" si-hide-empty=\"hard\">\r\n          <div class=\"si-open-house-item\">\r\n              <si-icon>calendar-alt<\/si-icon> <span>{{'Open house'.siTranslate()}}<\/span> <span am-time-ago=\"item.open_houses[0].start_date\"><\/span>\r\n          <\/div>\r\n      <\/div>\r\n      <div class=\"si-label si-padding-block si-price\"  si-anchor-to=\"si-float-anchor\">Sold<\/div><div class=\"si-label si-padding-block si-price-sold\"  si-anchor-to=\"si-float-anchor\">Sold<\/div><\/div><\/div>            <\/div>\r\n        <\/div>\r\n    <\/a>\r\n<\/article><\/div><div class=\"item-10788013 city-66507\" style=\"--si-item-index:4\">\r\n<article class=\"si-item si-listing-item si-single-layer-item-layout si-background  si-style-standard si-img-hover-effect-gallery\" \r\n    data-test=\"true\"\r\n    data-ng-mouseover=\"handleListItemOver($event,item)\"\r\n    data-si-hover-class=\"\"\r\n    si-image-rotator=\"10788013:listing-city\" itemscope itemtype=\"http:\/\/schema.org\/Residence\">\r\n    <a itemprop=\"url\" href=\"\/en\/listings\/montreal\/montreal-villeray-saint-michel-parc-extension\/for-rent\/10788013\/\">\r\n        <div class=\"si-item-content\">\r\n            <div class=\"si-layer-container\">\r\n                <div class=\"si-layer si-main-layer\" style=\"\"><div class=\"si-layer-content\">      <div si-lazy-load class=\"si-image si-lazy-loading si-float-anchor\" >\r\n          <img data-si-src=\"https:\/\/blob.source.immo\/pic\/lis-sejA9QlTpEWC9Mkuzda4rQ-v2-sm.jpg\" data-si-error-src=\"https:\/\/api-v1.source.immo\/lib\/wordpress\/v4.1.0\/styles\/assets\/shadow_listing.jpg\" data-si-srcset=\"https:\/\/blob.source.immo\/pic\/lis-sejA9QlTpEWC9Mkuzda4rQ-v2-sm.jpg\" data-si-quality-preference=\"\" \/>\r\n      <\/div>         \r\n      <div class=\"si-label-group si-padding-block si-resume-texte\" si-anchor-to=\"si-float-anchor\" style=\"--items-count:2\"><div class=\"si-label si-city notranslate\" si-anchor-to=\"si-float-anchor\">Montr\u00e9al (Villeray\/Saint-Michel\/Parc-Extension)<\/div><div class=\"si-label si-address notranslate\" si-anchor-to=\"si-float-anchor\">7400 Rue St-Hubert, apt. 306<\/div><\/div>      <div class=\"si-flags si-float-top-right si-padding si-padding-size-slim\" si-anchor-to=\"si-float-anchor\" si-hide-empty=\"hard\">\r\n          <div class=\"si-flag si-video\"><si-icon title=\"{{'Video'.siTranslate()}}\">video<\/si-icon> <span class=\"si-label\">{{'Video'.siTranslate()}}<\/span><\/div>\r\n          <div class=\"si-flag si-virtual-tour\"><si-icon title=\"{{'Virtual tour'.siTranslate()}}\">vr-cardboard<\/si-icon> <span class=\"si-label\">{{'Virtual tour'.siTranslate()}}<\/span><\/div>\r\n          <div class=\"si-flag si-new-item\"><si-icon title=\"{{'New'.siTranslate()}}\">star<\/si-icon> <span class=\"si-label\">{{'New'.siTranslate()}}<\/span><\/div>\r\n      <\/div>\r\n            <div class=\"si-label si-open-houses si-float-top-left si-background-medium-contrast si-padding-size-half\" si-anchor-to=\"si-float-anchor\" si-hide-empty=\"hard\" si-hide-empty=\"hard\">\r\n          <div class=\"si-open-house-item\">\r\n              <si-icon>calendar-alt<\/si-icon> <span>{{'Open house'.siTranslate()}}<\/span> <span am-time-ago=\"item.open_houses[0].start_date\"><\/span>\r\n          <\/div>\r\n      <\/div>\r\n      <div class=\"si-label si-padding-block si-price\"  si-anchor-to=\"si-float-anchor\">$2,500 \/ month<\/div><div class=\"si-label si-padding-block si-price-sold\"  si-anchor-to=\"si-float-anchor\">$2,500 \/ month<\/div><\/div><\/div>            <\/div>\r\n        <\/div>\r\n    <\/a>\r\n<\/article><\/div><div class=\"item-19518696 city-66507\" style=\"--si-item-index:5\">\r\n<article class=\"si-item si-listing-item si-single-layer-item-layout si-background  si-style-standard si-img-hover-effect-gallery\" \r\n    data-test=\"true\"\r\n    data-ng-mouseover=\"handleListItemOver($event,item)\"\r\n    data-si-hover-class=\"\"\r\n    si-image-rotator=\"19518696:listing-city\" itemscope itemtype=\"http:\/\/schema.org\/Residence\">\r\n    <a itemprop=\"url\" href=\"\/en\/listings\/montreal\/montreal-villeray-saint-michel-parc-extension\/for-rent\/19518696\/\">\r\n        <div class=\"si-item-content\">\r\n            <div class=\"si-layer-container\">\r\n                <div class=\"si-layer si-main-layer\" style=\"\"><div class=\"si-layer-content\">      <div si-lazy-load class=\"si-image si-lazy-loading si-float-anchor\" >\r\n          <img data-si-src=\"https:\/\/blob.source.immo\/pic\/lis-NEeEYw041EiFcNHmJM7QMw-v2-sm.jpg\" data-si-error-src=\"https:\/\/api-v1.source.immo\/lib\/wordpress\/v4.1.0\/styles\/assets\/shadow_listing.jpg\" data-si-srcset=\"https:\/\/blob.source.immo\/pic\/lis-NEeEYw041EiFcNHmJM7QMw-v2-sm.jpg\" data-si-quality-preference=\"\" \/>\r\n      <\/div>         \r\n      <div class=\"si-label-group si-padding-block si-resume-texte\" si-anchor-to=\"si-float-anchor\" style=\"--items-count:2\"><div class=\"si-label si-city notranslate\" si-anchor-to=\"si-float-anchor\">Montr\u00e9al (Villeray\/Saint-Michel\/Parc-Extension)<\/div><div class=\"si-label si-address notranslate\" si-anchor-to=\"si-float-anchor\">7415 Boul. St-Laurent, apt. 306<\/div><\/div>      <div class=\"si-flags si-float-top-right si-padding si-padding-size-slim\" si-anchor-to=\"si-float-anchor\" si-hide-empty=\"hard\">\r\n          <div class=\"si-flag si-video\"><si-icon title=\"{{'Video'.siTranslate()}}\">video<\/si-icon> <span class=\"si-label\">{{'Video'.siTranslate()}}<\/span><\/div>\r\n          <div class=\"si-flag si-virtual-tour\"><si-icon title=\"{{'Virtual tour'.siTranslate()}}\">vr-cardboard<\/si-icon> <span class=\"si-label\">{{'Virtual tour'.siTranslate()}}<\/span><\/div>\r\n          <div class=\"si-flag si-new-item\"><si-icon title=\"{{'New'.siTranslate()}}\">star<\/si-icon> <span class=\"si-label\">{{'New'.siTranslate()}}<\/span><\/div>\r\n      <\/div>\r\n            <div class=\"si-label si-open-houses si-float-top-left si-background-medium-contrast si-padding-size-half\" si-anchor-to=\"si-float-anchor\" si-hide-empty=\"hard\" si-hide-empty=\"hard\">\r\n          <div class=\"si-open-house-item\">\r\n              <si-icon>calendar-alt<\/si-icon> <span>{{'Open house'.siTranslate()}}<\/span> <span am-time-ago=\"item.open_houses[0].start_date\"><\/span>\r\n          <\/div>\r\n      <\/div>\r\n      <div class=\"si-label si-padding-block si-price\"  si-anchor-to=\"si-float-anchor\">$1,195 \/ month<\/div><div class=\"si-label si-padding-block si-price-sold\"  si-anchor-to=\"si-float-anchor\">$1,195 \/ month<\/div><\/div><\/div>            <\/div>\r\n        <\/div>\r\n    <\/a>\r\n<\/article><\/div><\/div><\/div><\/div>\n\t\t\t\t\t\t<\/div>\n\t\t\t\t<\/div>\n\t\t\t\t\t<\/div>\n\t\t\t\t<\/section>\n\t\t\t\t\t<\/div>\n\t\t\t\t<\/div>\n\t\t<div class=\"elementor-element elementor-element-cafecc3 js__section e-flex e-con-boxed e-con e-parent\" data-id=\"cafecc3\" data-element_type=\"container\" data-e-type=\"container\" data-section-color=\"#fff\">\n\t\t\t\t\t<div class=\"e-con-inner\">\n\t\t\t\t<div class=\"elementor-element elementor-element-2219878 js__section--label elementor-widget elementor-widget-html\" data-id=\"2219878\" data-element_type=\"widget\" data-e-type=\"widget\" data-widget_type=\"html.default\">\n\t\t\t\t<div class=\"elementor-widget-container\">\n\t\t\t\t\tVilleray\/Saint-Michel\t\t\t\t<\/div>\n\t\t\t\t<\/div>\n\t\t<section class=\"elementor-element elementor-element-fb9ea82 e-flex e-con-boxed e-con e-child\" data-id=\"fb9ea82\" data-element_type=\"container\" data-e-type=\"container\" data-settings=\"{&quot;background_background&quot;:&quot;classic&quot;}\">\n\t\t\t\t\t<div class=\"e-con-inner\">\n\t\t<div class=\"elementor-element elementor-element-5e8e150 e-con-full e-flex e-con e-child\" data-id=\"5e8e150\" data-element_type=\"container\" data-e-type=\"container\">\n\t\t\t\t<div class=\"elementor-element elementor-element-1663c16 elementor-widget-mobile__width-initial elementor-widget-tablet__width-initial elementor-widget__width-initial elementor-invisible elementor-widget elementor-widget-heading\" data-id=\"1663c16\" data-element_type=\"widget\" data-e-type=\"widget\" data-settings=\"{&quot;_animation&quot;:&quot;slideInDown&quot;}\" data-widget_type=\"heading.default\">\n\t\t\t\t<div class=\"elementor-widget-container\">\n\t\t\t\t\t<h2 class=\"elementor-heading-title elementor-size-default\">A land of welcome for cultural communities<\/h2>\t\t\t\t<\/div>\n\t\t\t\t<\/div>\n\t\t\t\t<div class=\"elementor-element elementor-element-640b365 elementor-widget__width-initial elementor-widget elementor-widget-text-editor\" data-id=\"640b365\" data-element_type=\"widget\" data-e-type=\"widget\" data-widget_type=\"text-editor.default\">\n\t\t\t\t<div class=\"elementor-widget-container\">\n\t\t\t\t\t\t\t\t\t<p>As its name suggests, the Villeray\/Saint-Michel\/Parc-Extension borough encompasses three urban areas, located in the north-central part of Montreal, south of Metropolitan Boulevard between L\u2019Acadie Boulevard to the west and 25th Avenue to the east. Each of the borough\u2019s neighborhoods has its own personality and charm. But they all share a common denominator: being a welcoming place for new Quebecers.<\/p>\n\t\t\t\t\t\t\t\t<\/div>\n\t\t\t\t<\/div>\n\t\t\t\t<div class=\"elementor-element elementor-element-1ed484d elementor-widget__width-initial elementor-widget elementor-widget-text-editor\" data-id=\"1ed484d\" data-element_type=\"widget\" data-e-type=\"widget\" data-widget_type=\"text-editor.default\">\n\t\t\t\t<div class=\"elementor-widget-container\">\n\t\t\t\t\t\t\t\t\t<p>In fact, the borough boasts some 100 different cultural communities and speaks over 40 languages in addition to French and English. Access to nine metro stations adds to the borough\u2019s appeal, as does the presence of two major parks: Parc Jarry, a large family playground that also hosts many major cultural and sporting events, and Parc Fr\u00e9d\u00e9ric-Back, one of Canada\u2019s most ambitious environmental rehabilitation projects. With 143,797 residents, Villeray\/Saint-Michel\/Parc-Extension is Montreal\u2019s second most populous borough.<\/p>\n\t\t\t\t\t\t\t\t<\/div>\n\t\t\t\t<\/div>\n\t\t\t\t<\/div>\n\t\t<div class=\"elementor-element elementor-element-9f65e9c e-con-full e-flex e-con e-child\" data-id=\"9f65e9c\" data-element_type=\"container\" data-e-type=\"container\">\n\t\t\t\t<div class=\"elementor-element elementor-element-d0015ca region__imageSource--widget elementor-position-top elementor-widget elementor-widget-image-box\" data-id=\"d0015ca\" data-element_type=\"widget\" data-e-type=\"widget\" data-widget_type=\"image-box.default\">\n\t\t\t\t<div class=\"elementor-widget-container\">\n\t\t\t\t\t<div class=\"elementor-image-box-wrapper\"><figure class=\"elementor-image-box-img\"><img decoding=\"async\" width=\"650\" height=\"367\" src=\"https:\/\/realta.ca\/wp-content\/uploads\/2024\/05\/realta_region_villeray_communautesCulturelles.jpg\" class=\"attachment-full size-full wp-image-31753\" alt=\"\" srcset=\"https:\/\/realta.ca\/wp-content\/uploads\/2024\/05\/realta_region_villeray_communautesCulturelles.jpg 650w, https:\/\/realta.ca\/wp-content\/uploads\/2024\/05\/realta_region_villeray_communautesCulturelles-300x169.jpg 300w\" sizes=\"(max-width: 650px) 100vw, 650px\" \/><\/figure><div class=\"elementor-image-box-content\"><span class=\"elementor-image-box-title\"><i class=\"fa-solid fa-info\"><\/i><\/span><p class=\"elementor-image-box-description\">A landmark of the borough, Parc Jarry is a major Montreal park located in the Parc-Extension district. Known for its world-class tennis stadium, it is renowned for its familiarity and diversity. Parc Jarry is extremely popular with residents of adjacent neighborhoods, as well as with the general public.<\/p><\/div><\/div>\t\t\t\t<\/div>\n\t\t\t\t<\/div>\n\t\t\t\t<\/div>\n\t\t\t\t\t<\/div>\n\t\t\t\t<\/section>\n\t\t\t\t\t<\/div>\n\t\t\t\t<\/div>\n\t\t<div class=\"elementor-element elementor-element-79a73f1 js__section e-flex e-con-boxed e-con e-parent\" data-id=\"79a73f1\" data-element_type=\"container\" data-e-type=\"container\">\n\t\t\t\t\t<div class=\"e-con-inner\">\n\t\t\t\t<div class=\"elementor-element elementor-element-1410db0 js__section--label elementor-widget elementor-widget-html\" data-id=\"1410db0\" data-element_type=\"widget\" data-e-type=\"widget\" data-widget_type=\"html.default\">\n\t\t\t\t<div class=\"elementor-widget-container\">\n\t\t\t\t\tVilleray\/Saint-Michel\t\t\t\t<\/div>\n\t\t\t\t<\/div>\n\t\t<section class=\"elementor-element elementor-element-3e1e64a e-flex e-con-boxed e-con e-child\" data-id=\"3e1e64a\" data-element_type=\"container\" data-e-type=\"container\" id=\"histoire\">\n\t\t\t\t\t<div class=\"e-con-inner\">\n\t\t<div class=\"elementor-element elementor-element-ae7a510 e-con-full e-flex e-con e-child\" data-id=\"ae7a510\" data-element_type=\"container\" data-e-type=\"container\">\n\t\t\t\t<div class=\"elementor-element elementor-element-793f17d region__imageSource--widget elementor-position-top elementor-widget elementor-widget-image-box\" data-id=\"793f17d\" data-element_type=\"widget\" data-e-type=\"widget\" data-widget_type=\"image-box.default\">\n\t\t\t\t<div class=\"elementor-widget-container\">\n\t\t\t\t\t<div class=\"elementor-image-box-wrapper\"><figure class=\"elementor-image-box-img\"><img decoding=\"async\" width=\"650\" height=\"367\" src=\"https:\/\/realta.ca\/wp-content\/uploads\/2024\/05\/realta_region_villeray_histoireGare.jpg\" class=\"attachment-full size-full wp-image-31755\" alt=\"\" srcset=\"https:\/\/realta.ca\/wp-content\/uploads\/2024\/05\/realta_region_villeray_histoireGare.jpg 650w, https:\/\/realta.ca\/wp-content\/uploads\/2024\/05\/realta_region_villeray_histoireGare-300x169.jpg 300w\" sizes=\"(max-width: 650px) 100vw, 650px\" \/><\/figure><div class=\"elementor-image-box-content\"><span class=\"elementor-image-box-title\"><i class=\"fa-solid fa-info\"><\/i><\/span><p class=\"elementor-image-box-description\">Photo of Parc station in 1939, formerly known as Gare Park. Inaugurated in 1931, this station was designed by architect Colin Drewitt. Today, it houses the Parc metro station and the Exo commuter train line to Saint-J\u00e9r\u00f4me.<\/p><\/div><\/div>\t\t\t\t<\/div>\n\t\t\t\t<\/div>\n\t\t\t\t<div class=\"elementor-element elementor-element-9ba70d8 elementor-widget elementor-widget-image\" data-id=\"9ba70d8\" data-element_type=\"widget\" data-e-type=\"widget\" data-widget_type=\"image.default\">\n\t\t\t\t<div class=\"elementor-widget-container\">\n\t\t\t\t\t\t\t\t\t\t\t\t\t\t\t<img loading=\"lazy\" decoding=\"async\" width=\"650\" height=\"367\" src=\"https:\/\/realta.ca\/wp-content\/uploads\/2024\/05\/realta_region_villeray_histoireBus.jpg\" class=\"attachment-full size-full wp-image-31757\" alt=\"\" srcset=\"https:\/\/realta.ca\/wp-content\/uploads\/2024\/05\/realta_region_villeray_histoireBus.jpg 650w, https:\/\/realta.ca\/wp-content\/uploads\/2024\/05\/realta_region_villeray_histoireBus-300x169.jpg 300w\" sizes=\"(max-width: 650px) 100vw, 650px\" \/>\t\t\t\t\t\t\t\t\t\t\t\t\t\t\t<\/div>\n\t\t\t\t<\/div>\n\t\t\t\t<\/div>\n\t\t<div class=\"elementor-element elementor-element-c55a3f2 e-con-full e-flex e-con e-child\" data-id=\"c55a3f2\" data-element_type=\"container\" data-e-type=\"container\">\n\t\t\t\t<div class=\"elementor-element elementor-element-3879dfa elementor-widget-mobile__width-inherit elementor-invisible elementor-widget elementor-widget-heading\" data-id=\"3879dfa\" data-element_type=\"widget\" data-e-type=\"widget\" data-settings=\"{&quot;_animation&quot;:&quot;slideInDown&quot;}\" data-widget_type=\"heading.default\">\n\t\t\t\t<div class=\"elementor-widget-container\">\n\t\t\t\t\t<h2 class=\"elementor-heading-title elementor-size-default\">History<\/h2>\t\t\t\t<\/div>\n\t\t\t\t<\/div>\n\t\t\t\t<div class=\"elementor-element elementor-element-9d6174c elementor-widget__width-initial elementor-widget-mobile__width-inherit elementor-widget elementor-widget-text-editor\" data-id=\"9d6174c\" data-element_type=\"widget\" data-e-type=\"widget\" data-widget_type=\"text-editor.default\">\n\t\t\t\t<div class=\"elementor-widget-container\">\n\t\t\t\t\t\t\t\t\t<p>Until the end of the 19th century, the Villeray\/Saint-Michel\/Parc-Extension borough was nothing more than a vast countryside, an expanse dotted with farmland. The first record of this area appears in 1707. It cites the discovery of several stone quarries (those exploited by Miron and Francon) and the presence of lime kilns and forges at the crossroads of C\u00f4te Saint-Michel and Mont\u00e9e Saint-Michel.<\/p>\n<p>The inauguration of the Canadian Pacific Railway, around 1870, and the creation of lots along Rue Lajeunesse, the former chemin du Sault, marked the beginnings of modernization and transformation of the rural landscape. In 1893, transportation development continued with the introduction of the Montreal Park &amp; Island Railway\u2019s new Millen electric streetcar. Following a route corresponding to today\u2019s Saint-Dominique, Jean-Talon and Lajeunesse streets, the tramway linked the village of Bougie to the village of Sault-au-R\u00e9collet. This new mode of transport paved the way for urban expansion to the north of the island of Montreal.<\/p>\n<p>In the early 20th century, the borough experienced a surge in industrialization and population growth. The hamlets that became villages attracted thousands of workers and families of modest means, fleeing the overcrowding and pollution of the downtown core and access to much more affordable property and housing. The arrival of the Metropolitan Expressway in 1959 encouraged the establishment of numerous industries along Cr\u00e9mazie Boulevard.<\/p>\n<p>Parc-Extension (1910) and Villeray were annexed to Montreal for better urban and sanitary conditions. Ville Saint-Michel was annexed to Montreal in 1968. The Miron and Francon quarries were the main employers until 1988. The growth of the manufacturing sector, particularly the textile industry, encouraged people of foreign origin to settle in these neighborhoods. In Saint-Michel, for example, the population jumped from 6,000 to 68,000 in less than 20 years!<\/p>\n\t\t\t\t\t\t\t\t<\/div>\n\t\t\t\t<\/div>\n\t\t\t\t<\/div>\n\t\t\t\t\t<\/div>\n\t\t\t\t<\/section>\n\t\t<section class=\"elementor-element elementor-element-abfd9c1 e-flex e-con-boxed e-con e-child\" data-id=\"abfd9c1\" data-element_type=\"container\" data-e-type=\"container\" id=\"quartiers\">\n\t\t\t\t\t<div class=\"e-con-inner\">\n\t\t\t\t<div class=\"elementor-element elementor-element-9526a14 elementor-widget-mobile__width-inherit elementor-invisible elementor-widget elementor-widget-heading\" data-id=\"9526a14\" data-element_type=\"widget\" data-e-type=\"widget\" data-settings=\"{&quot;_animation&quot;:&quot;slideInDown&quot;}\" data-widget_type=\"heading.default\">\n\t\t\t\t<div class=\"elementor-widget-container\">\n\t\t\t\t\t<h2 class=\"elementor-heading-title elementor-size-default\">Neighborhoods<\/h2>\t\t\t\t<\/div>\n\t\t\t\t<\/div>\n\t\t<div class=\"elementor-element elementor-element-6cadd60 e-flex e-con-boxed e-con e-child\" data-id=\"6cadd60\" data-element_type=\"container\" data-e-type=\"container\">\n\t\t\t\t\t<div class=\"e-con-inner\">\n\t\t<div class=\"elementor-element elementor-element-a079d86 e-con-full e-flex e-con e-child\" data-id=\"a079d86\" data-element_type=\"container\" data-e-type=\"container\">\n\t\t\t\t<div class=\"elementor-element elementor-element-30b7287 region__imageSource--widget elementor-position-top elementor-widget elementor-widget-image-box\" data-id=\"30b7287\" data-element_type=\"widget\" data-e-type=\"widget\" data-widget_type=\"image-box.default\">\n\t\t\t\t<div class=\"elementor-widget-container\">\n\t\t\t\t\t<div class=\"elementor-image-box-wrapper\"><figure class=\"elementor-image-box-img\"><img loading=\"lazy\" decoding=\"async\" width=\"650\" height=\"367\" src=\"https:\/\/realta.ca\/wp-content\/uploads\/2024\/05\/realta_region_villeray_quartier_parcExtension.jpg\" class=\"attachment-full size-full wp-image-31759\" alt=\"\" srcset=\"https:\/\/realta.ca\/wp-content\/uploads\/2024\/05\/realta_region_villeray_quartier_parcExtension.jpg 650w, https:\/\/realta.ca\/wp-content\/uploads\/2024\/05\/realta_region_villeray_quartier_parcExtension-300x169.jpg 300w\" sizes=\"(max-width: 650px) 100vw, 650px\" \/><\/figure><div class=\"elementor-image-box-content\"><span class=\"elementor-image-box-title\"><i class=\"fa-solid fa-info\"><\/i><\/span><p class=\"elementor-image-box-description\">Community celebration at Howard Park, a great place to relax, enjoy nature and take part in outdoor activities. <a href=\"https:\/\/montreal.ca\/\" target=\"_blank\" rel=\"noopener\">Source<\/a><\/p><\/div><\/div>\t\t\t\t<\/div>\n\t\t\t\t<\/div>\n\t\t\t\t<div class=\"elementor-element elementor-element-db0d15a elementor-widget__width-initial elementor-widget-mobile__width-inherit elementor-widget elementor-widget-heading\" data-id=\"db0d15a\" data-element_type=\"widget\" data-e-type=\"widget\" data-widget_type=\"heading.default\">\n\t\t\t\t<div class=\"elementor-widget-container\">\n\t\t\t\t\t<h3 class=\"elementor-heading-title elementor-size-default\">Parc-Extension<\/h3>\t\t\t\t<\/div>\n\t\t\t\t<\/div>\n\t\t\t\t<div class=\"elementor-element elementor-element-746cda0 elementor-widget-mobile__width-inherit elementor-widget elementor-widget-text-editor\" data-id=\"746cda0\" data-element_type=\"widget\" data-e-type=\"widget\" data-widget_type=\"text-editor.default\">\n\t\t\t\t<div class=\"elementor-widget-container\">\n\t\t\t\t\t\t\t\t\t<p>In 1907, the Park Realty company of Montreal purchased three lots called Park Avenue Extension, hence the name of the neighborhood. Parc-Extension is a neighborhood associated with multi-ethnicity and multiculturalism; it has been a land of immigrants since its birth. Long recognized as Montreal\u2019s Greek district, in recent decades it has welcomed mainly people from Southeast Asia.<\/p>\n<p>Bordered to the west by Boulevard de l\u2019Acadie, to the south and east by the Canadian Pacific Railway, and to the north by Boulevard Cr\u00e9mazie and Autoroute M\u00e9tropolitaine, it is the most densely populated district in the city of Montreal, with over 19,000 inhabitants per km2. It\u2019s a lively neighborhood where cultural communities are present through numerous small local shops (found mainly on Jean-Talon and Jarry streets), restaurants and places of worship.<\/p>\n\t\t\t\t\t\t\t\t<\/div>\n\t\t\t\t<\/div>\n\t\t\t\t<\/div>\n\t\t<div class=\"elementor-element elementor-element-5182fdf e-con-full e-flex e-con e-child\" data-id=\"5182fdf\" data-element_type=\"container\" data-e-type=\"container\">\n\t\t\t\t<div class=\"elementor-element elementor-element-6aac427 elementor-widget elementor-widget-video\" data-id=\"6aac427\" data-element_type=\"widget\" data-e-type=\"widget\" data-settings=\"{&quot;youtube_url&quot;:&quot;https:\\\/\\\/www.youtube.com\\\/watch?v=dNEJ2aB7rxg&quot;,&quot;yt_privacy&quot;:&quot;yes&quot;,&quot;video_type&quot;:&quot;youtube&quot;,&quot;controls&quot;:&quot;yes&quot;}\" data-widget_type=\"video.default\">\n\t\t\t\t<div class=\"elementor-widget-container\">\n\t\t\t\t\t\t\t<div class=\"elementor-wrapper elementor-open-inline\">\n\t\t\t<div class=\"elementor-video\"><\/div>\t\t<\/div>\n\t\t\t\t\t\t<\/div>\n\t\t\t\t<\/div>\n\t\t\t\t<div class=\"elementor-element elementor-element-fdf98e9 elementor-widget__width-initial elementor-widget-mobile__width-inherit elementor-widget elementor-widget-text-editor\" data-id=\"fdf98e9\" data-element_type=\"widget\" data-e-type=\"widget\" data-widget_type=\"text-editor.default\">\n\t\t\t\t<div class=\"elementor-widget-container\">\n\t\t\t\t\t\t\t\t\t<p>To discover Montreal, its history, neighborhoods and attractions: <a href=\"https:\/\/www.youtube.com\/@CapitaineMontreal\" target=\"_blank\" rel=\"noopener\">Capitaine Montr\u00e9al\u2019s Youtube channel<\/a><\/p>\n\t\t\t\t\t\t\t\t<\/div>\n\t\t\t\t<\/div>\n\t\t\t\t<div class=\"elementor-element elementor-element-6f2501a elementor-widget__width-initial elementor-widget-mobile__width-inherit elementor-widget elementor-widget-heading\" data-id=\"6f2501a\" data-element_type=\"widget\" data-e-type=\"widget\" data-widget_type=\"heading.default\">\n\t\t\t\t<div class=\"elementor-widget-container\">\n\t\t\t\t\t<h3 class=\"elementor-heading-title elementor-size-default\">Saint-Michel-Nord<\/h3>\t\t\t\t<\/div>\n\t\t\t\t<\/div>\n\t\t\t\t<div class=\"elementor-element elementor-element-f853daf elementor-widget-mobile__width-inherit elementor-widget elementor-widget-text-editor\" data-id=\"f853daf\" data-element_type=\"widget\" data-e-type=\"widget\" data-widget_type=\"text-editor.default\">\n\t\t\t\t<div class=\"elementor-widget-container\">\n\t\t\t\t\t\t\t\t\t<p>The Saint-Michel-Nord district is located north of M\u00e9tropolitain Boulevard. The CN line forms a barrier to neighboring boroughs (Ahuntsic-Cartierville and Montr\u00e9al-Nord), and from west to east, Papineau Street and 25th Avenue. It corresponds to the Municipal Electoral District of Saint-Michel, home to nearly 28% of the borough\u2019s total population of 39,826.<\/p>\n<p>Primarily residential, this district also boasts four commercial sectors located on boulevard St-Michel, boulevard Cr\u00e9mazie, rue Jarry and boulevard Pie-IX. There are also a number of industrial businesses located east of the Carri\u00e8re Francon, while others line rue Jarry and boulevard Pie-IX. The district was home to H\u00f4pital Saint-Michel, founded in 1956. It ceased operations on March 31, 1996, to become a long-term care facility.<\/p>\n<p>While the district doesn\u2019t offer any major gourmet destinations, as is the case with its neighbors, it does offer some very popular cultural and recreational sites and attractions. Here you\u2019ll find the Saint-Michel environmental complex, Parc Fr\u00e9d\u00e9ric-Back with its soccer complex and Taz Mahal (rouodrome), Cirque du Soleil, Cit\u00e9 des Arts du Cirque and La Tohu. Another jewel in the neighborhood is Habitations Saint-Michel-Nord. The project won an OAQ architectural excellence award in 2021 in the multi-family residential buildings and complexes category. With its rich ethno-cultural community life, fostered by the presence of numerous local organizations, the Saint-Michel-Nord district is a place of life and culture worth discovering!<\/p>\n\t\t\t\t\t\t\t\t<\/div>\n\t\t\t\t<\/div>\n\t\t\t\t<\/div>\n\t\t<div class=\"elementor-element elementor-element-b5aaa64 e-con-full e-flex e-con e-child\" data-id=\"b5aaa64\" data-element_type=\"container\" data-e-type=\"container\">\n\t\t\t\t<div class=\"elementor-element elementor-element-a79bdbd region__imageSource--widget elementor-position-top elementor-widget elementor-widget-image-box\" data-id=\"a79bdbd\" data-element_type=\"widget\" data-e-type=\"widget\" data-widget_type=\"image-box.default\">\n\t\t\t\t<div class=\"elementor-widget-container\">\n\t\t\t\t\t<div class=\"elementor-image-box-wrapper\"><figure class=\"elementor-image-box-img\"><img loading=\"lazy\" decoding=\"async\" width=\"650\" height=\"367\" src=\"https:\/\/realta.ca\/wp-content\/uploads\/2024\/05\/realta_region_villeray_quartier_saintMichelSud.jpg\" class=\"attachment-full size-full wp-image-31761\" alt=\"\" srcset=\"https:\/\/realta.ca\/wp-content\/uploads\/2024\/05\/realta_region_villeray_quartier_saintMichelSud.jpg 650w, https:\/\/realta.ca\/wp-content\/uploads\/2024\/05\/realta_region_villeray_quartier_saintMichelSud-300x169.jpg 300w\" sizes=\"(max-width: 650px) 100vw, 650px\" \/><\/figure><div class=\"elementor-image-box-content\"><span class=\"elementor-image-box-title\"><i class=\"fa-solid fa-info\"><\/i><\/span><p class=\"elementor-image-box-description\">Parc Fran\u00e7ois-Perrault is home to a high school, community organizations, a library and several sports facilities, providing a dynamic and enriching environment for residents. <a href=\"https:\/\/www.facebook.com\/worldurbanplanning\" target=\"_blank\" rel=\"noopener\">Source<\/a><\/p><\/div><\/div>\t\t\t\t<\/div>\n\t\t\t\t<\/div>\n\t\t\t\t<div class=\"elementor-element elementor-element-6cc5d0f elementor-widget__width-initial elementor-widget-mobile__width-inherit elementor-widget elementor-widget-heading\" data-id=\"6cc5d0f\" data-element_type=\"widget\" data-e-type=\"widget\" data-widget_type=\"heading.default\">\n\t\t\t\t<div class=\"elementor-widget-container\">\n\t\t\t\t\t<h3 class=\"elementor-heading-title elementor-size-default\">Saint-Michel-Sud<\/h3>\t\t\t\t<\/div>\n\t\t\t\t<\/div>\n\t\t\t\t<div class=\"elementor-element elementor-element-df8dd62 elementor-widget-mobile__width-inherit elementor-widget elementor-widget-text-editor\" data-id=\"df8dd62\" data-element_type=\"widget\" data-e-type=\"widget\" data-widget_type=\"text-editor.default\">\n\t\t\t\t<div class=\"elementor-widget-container\">\n\t\t\t\t\t\t\t\t\t<p>The Saint-Michel-Sud district is bounded by boulevard Pie-IX (east), rue Jean-Talon (south), autoroute 40 (north) and rue d\u2019Iberville (west). It is home to some 30,000 residents, the majority of whom are immigrants. Smaller in size, the neighborhood attracts many families thanks to its mature tree-lined streets and carefully landscaped parks. The neighborhood boasts a lively civic life, centered mainly around Parc Fran\u00e7ois-Perrault and the former H\u00f4tel-de-ville. Saint-Michel-Sud is known for its industrial heritage, but offers a wide variety of services, shops and restaurants, as well as easy access to public transportation. Two metro stations are located in the district: Iberville and Saint-Michel. In the future, the eastern end of the district will be served by the extension of the metro\u2019s blue line via the future Pie-IX station, and by a bus rapid transit system on the same street.<\/p>\n<p>An interesting shopping and tourist destination is the Petit Maghreb, a neighborhood within a neighborhood. The Petit Maghreb is North America\u2019s first Maghrebi district, centered on Jean-Talon Street between Saint-Michel Boulevard to the west and Pie-IX Boulevard to the east, and of course, home to Maghrebi merchants. Saint-Jean Baptiste Day and the Souk are festivities that attract people of Maghrebi origin every year, but also an increasing number of Italians, Franco-Quebecers and Haitians. Another destination to discover is the Saint-Michel Flea Market, one of the few in Montreal, where you\u2019ll find hidden treasures among the stalls of over 300 merchants. Whether you\u2019re looking for books, records, jewelry, furniture or collectibles, you\u2019re sure to find something to please your loved ones.<\/p>\n\t\t\t\t\t\t\t\t<\/div>\n\t\t\t\t<\/div>\n\t\t\t\t<\/div>\n\t\t<div class=\"elementor-element elementor-element-f6ec688 e-con-full e-flex e-con e-child\" data-id=\"f6ec688\" data-element_type=\"container\" data-e-type=\"container\">\n\t\t\t\t<div class=\"elementor-element elementor-element-8c43989 region__imageSource--widget elementor-position-top elementor-widget elementor-widget-image-box\" data-id=\"8c43989\" data-element_type=\"widget\" data-e-type=\"widget\" data-widget_type=\"image-box.default\">\n\t\t\t\t<div class=\"elementor-widget-container\">\n\t\t\t\t\t<div class=\"elementor-image-box-wrapper\"><figure class=\"elementor-image-box-img\"><img loading=\"lazy\" decoding=\"async\" width=\"650\" height=\"367\" src=\"https:\/\/realta.ca\/wp-content\/uploads\/2024\/05\/realta_region_villeray_quartier_villeray.jpg\" class=\"attachment-full size-full wp-image-31763\" alt=\"\" srcset=\"https:\/\/realta.ca\/wp-content\/uploads\/2024\/05\/realta_region_villeray_quartier_villeray.jpg 650w, https:\/\/realta.ca\/wp-content\/uploads\/2024\/05\/realta_region_villeray_quartier_villeray-300x169.jpg 300w\" sizes=\"(max-width: 650px) 100vw, 650px\" \/><\/figure><div class=\"elementor-image-box-content\"><span class=\"elementor-image-box-title\"><i class=\"fa-solid fa-info\"><\/i><\/span><p class=\"elementor-image-box-description\">The pedestrianization of the street during the summer offers a unique experience thanks to a colorful, warm and refreshing design. Photo: Borough of Villeray-Saint-Michel-Parc Extension<\/p><\/div><\/div>\t\t\t\t<\/div>\n\t\t\t\t<\/div>\n\t\t\t\t<div class=\"elementor-element elementor-element-43deac9 elementor-widget__width-initial elementor-widget-mobile__width-inherit elementor-widget elementor-widget-heading\" data-id=\"43deac9\" data-element_type=\"widget\" data-e-type=\"widget\" data-widget_type=\"heading.default\">\n\t\t\t\t<div class=\"elementor-widget-container\">\n\t\t\t\t\t<h3 class=\"elementor-heading-title elementor-size-default\">Villeray<\/h3>\t\t\t\t<\/div>\n\t\t\t\t<\/div>\n\t\t\t\t<div class=\"elementor-element elementor-element-0db25d6 elementor-widget-mobile__width-inherit elementor-widget elementor-widget-text-editor\" data-id=\"0db25d6\" data-element_type=\"widget\" data-e-type=\"widget\" data-widget_type=\"text-editor.default\">\n\t\t\t\t<div class=\"elementor-widget-container\">\n\t\t\t\t\t\t\t\t\t<p>Villeray is the borough\u2019s oldest district. One of the coolest neighborhoods in the world, according to Time Out magazine, it\u2019s one of the most sought-after places to settle in Montreal. Villeray is known for its tree-lined streets and architectural heritage, typical of the Montreal of the 1900s-1930s. Add to this its twenty or so green alleyways and the mosaic of cultures reflected in its varied restaurants, renowned boutiques and lively terraces, and its vibrant civic and community life. Villeray has preserved its urban village character and its status as a cool oasis in the heart of the city.<\/p>\n<p>Villeray is bounded on the east by Saint-Michel, on the west by Parc-Extension, on the north by Ahuntsic-Cartierville and on the south by Rosemont\/Petite-Patrie. It has a population of over 55,000, more than a third of the borough\u2019s total.<\/p>\n<p>Population density is very high, with 11,705 inhabitants per kilometer2 compared to 3,605 for Montreal as a whole. Some 65% of the population is French-speaking, and the proportion of immigrants is 29%.<\/p>\n<p>More than 1,600 commercial, industrial and service businesses provide over 18,000 jobs. Most of these are in the food sector (convenience stores, large chains, restaurants). As for public services, the two largest employers are Hydro-Qu\u00e9bec (located in Parc-Extension), with over 1,500 jobs, and Jean-Talon Hospital, with over 1,000. The Villeray district boasts 80 community organizations offering a wide range of services to residents, including food assistance, school support, cultural activities and advocacy, as well as social, economic and cultural development services for the community.<\/p>\n\t\t\t\t\t\t\t\t<\/div>\n\t\t\t\t<\/div>\n\t\t\t\t<\/div>\n\t\t\t\t\t<\/div>\n\t\t\t\t<\/div>\n\t\t\t\t\t<\/div>\n\t\t\t\t<\/section>\n\t\t\t\t\t<\/div>\n\t\t\t\t<\/div>\n\t\t<div class=\"elementor-element elementor-element-7c89fa2 js__section e-flex e-con-boxed e-con e-parent\" data-id=\"7c89fa2\" data-element_type=\"container\" data-e-type=\"container\" data-section-color=\"#fff\">\n\t\t\t\t\t<div class=\"e-con-inner\">\n\t\t\t\t<div class=\"elementor-element elementor-element-8690a91 js__section--label elementor-widget elementor-widget-html\" data-id=\"8690a91\" data-element_type=\"widget\" data-e-type=\"widget\" data-widget_type=\"html.default\">\n\t\t\t\t<div class=\"elementor-widget-container\">\n\t\t\t\t\tVilleray\/Saint-Michel\t\t\t\t<\/div>\n\t\t\t\t<\/div>\n\t\t<section class=\"elementor-element elementor-element-a44a10b e-flex e-con-boxed e-con e-child\" data-id=\"a44a10b\" data-element_type=\"container\" data-e-type=\"container\" data-settings=\"{&quot;background_background&quot;:&quot;classic&quot;}\">\n\t\t\t\t\t<div class=\"e-con-inner\">\n\t\t\t\t<div class=\"elementor-element elementor-element-26b54e0 elementor-widget-mobile__width-initial elementor-widget-tablet__width-initial elementor-invisible elementor-widget elementor-widget-heading\" data-id=\"26b54e0\" data-element_type=\"widget\" data-e-type=\"widget\" data-settings=\"{&quot;_animation&quot;:&quot;slideInDown&quot;}\" data-widget_type=\"heading.default\">\n\t\t\t\t<div class=\"elementor-widget-container\">\n\t\t\t\t\t<h2 class=\"elementor-heading-title elementor-size-default\">Villeray\/Saint-Michel\/Parc-Extension in brief<\/h2>\t\t\t\t<\/div>\n\t\t\t\t<\/div>\n\t\t<div class=\"elementor-element elementor-element-e9381ed e-flex e-con-boxed e-con e-child\" data-id=\"e9381ed\" data-element_type=\"container\" data-e-type=\"container\">\n\t\t\t\t\t<div class=\"e-con-inner\">\n\t\t\t\t<div class=\"elementor-element elementor-element-3f089be elementor-widget__width-initial elementor-widget-mobile__width-inherit elementor-widget elementor-widget-text-editor\" data-id=\"3f089be\" data-element_type=\"widget\" data-e-type=\"widget\" data-widget_type=\"text-editor.default\">\n\t\t\t\t<div class=\"elementor-widget-container\">\n\t\t\t\t\t\t\t\t\t<ul>\n<li>Population: 143,853, 8,692 inhabitants per km\u00b2, 8.4% of the total population of the city of Montreal, 2nd in terms of population size.<\/li>\n<li>Average age: 38 versus 38.6 for the city of Montreal.<\/li>\n<li>Surface area: 16.5 km\u00b2.<\/li>\n<li>Person per household: 67% families with children, 2.2 persons per household.<\/li>\n<li>Renters : 72%.<\/li>\n<li>Owners : 28%.<\/li>\n<\/ul>\n\t\t\t\t\t\t\t\t<\/div>\n\t\t\t\t<\/div>\n\t\t\t\t<div class=\"elementor-element elementor-element-b518d8c elementor-widget__width-initial elementor-widget-mobile__width-inherit elementor-widget elementor-widget-text-editor\" data-id=\"b518d8c\" data-element_type=\"widget\" data-e-type=\"widget\" data-widget_type=\"text-editor.default\">\n\t\t\t\t<div class=\"elementor-widget-container\">\n\t\t\t\t\t\t\t\t\t<ul>\n<li>Spoken languages: 57% French, 10% English and 33% other languages, 61% of residents bilingual.<\/li>\n<li>College and university graduates in the 25-64 age group : 42%.<\/li>\n<li>Percentage of residents who use public transit on a daily basis : 45%.<\/li>\n<li>More than 67,000 people in employment.<\/li>\n<li>Self-employed workers account for 10% of the working population aged 15 and over.<\/li>\n<li>Home is the workplace of 6% of the working population.<\/li>\n<\/ul>\n\t\t\t\t\t\t\t\t<\/div>\n\t\t\t\t<\/div>\n\t\t\t\t<div class=\"elementor-element elementor-element-564dc7b elementor-widget__width-initial elementor-widget-mobile__width-inherit elementor-widget elementor-widget-text-editor\" data-id=\"564dc7b\" data-element_type=\"widget\" data-e-type=\"widget\" data-widget_type=\"text-editor.default\">\n\t\t\t\t<div class=\"elementor-widget-container\">\n\t\t\t\t\t\t\t\t\t<ul>\n<li>61 parks<\/li>\n<li>2 major parks<\/li>\n<li>7 community gardens<\/li>\n<\/ul>\n\t\t\t\t\t\t\t\t<\/div>\n\t\t\t\t<\/div>\n\t\t\t\t<div class=\"elementor-element elementor-element-6f24111 elementor-widget__width-initial elementor-widget-mobile__width-inherit elementor-widget elementor-widget-text-editor\" data-id=\"6f24111\" data-element_type=\"widget\" data-e-type=\"widget\" data-widget_type=\"text-editor.default\">\n\t\t\t\t<div class=\"elementor-widget-container\">\n\t\t\t\t\t\t\t\t\t<ul>\n<li>9 subway stations<\/li>\n<li>1 house of culture<\/li>\n<li>1 cultural hall<\/li>\n<\/ul>\n\t\t\t\t\t\t\t\t<\/div>\n\t\t\t\t<\/div>\n\t\t\t\t<div class=\"elementor-element elementor-element-f036f59 elementor-widget__width-initial elementor-widget-mobile__width-inherit elementor-widget elementor-widget-text-editor\" data-id=\"f036f59\" data-element_type=\"widget\" data-e-type=\"widget\" data-widget_type=\"text-editor.default\">\n\t\t\t\t<div class=\"elementor-widget-container\">\n\t\t\t\t\t\t\t\t\t<ul>\n<li>3 libraries<\/li>\n<li>3 outdoor pools<\/li>\n<li>14 water games<\/li>\n<\/ul>\n\t\t\t\t\t\t\t\t<\/div>\n\t\t\t\t<\/div>\n\t\t\t\t<div class=\"elementor-element elementor-element-9b5c7a0 elementor-widget__width-initial elementor-widget-mobile__width-inherit elementor-widget elementor-widget-text-editor\" data-id=\"9b5c7a0\" data-element_type=\"widget\" data-e-type=\"widget\" data-widget_type=\"text-editor.default\">\n\t\t\t\t<div class=\"elementor-widget-container\">\n\t\t\t\t\t\t\t\t\t<ul>\n<li>8 paddling pools<\/li>\n<li>15 outdoor ice rinks<\/li>\n<li>2 arenas<\/li>\n<\/ul>\n\t\t\t\t\t\t\t\t<\/div>\n\t\t\t\t<\/div>\n\t\t\t\t\t<\/div>\n\t\t\t\t<\/div>\n\t\t\t\t\t<\/div>\n\t\t\t\t<\/section>\n\t\t\t\t\t<\/div>\n\t\t\t\t<\/div>\n\t\t<div class=\"elementor-element elementor-element-bdd8719 js__section e-flex e-con-boxed e-con e-parent\" data-id=\"bdd8719\" data-element_type=\"container\" data-e-type=\"container\">\n\t\t\t\t\t<div class=\"e-con-inner\">\n\t\t\t\t<div class=\"elementor-element elementor-element-f395195 js__section--label elementor-widget elementor-widget-html\" data-id=\"f395195\" data-element_type=\"widget\" data-e-type=\"widget\" data-widget_type=\"html.default\">\n\t\t\t\t<div class=\"elementor-widget-container\">\n\t\t\t\t\tVilleray\/Saint-Michel\t\t\t\t<\/div>\n\t\t\t\t<\/div>\n\t\t<section class=\"elementor-element elementor-element-06c8909 e-flex e-con-boxed e-con e-child\" data-id=\"06c8909\" data-element_type=\"container\" data-e-type=\"container\" id=\"commerciales\">\n\t\t\t\t\t<div class=\"e-con-inner\">\n\t\t\t\t<div class=\"elementor-element elementor-element-ff68921 elementor-widget-mobile__width-inherit elementor-invisible elementor-widget elementor-widget-heading\" data-id=\"ff68921\" data-element_type=\"widget\" data-e-type=\"widget\" data-settings=\"{&quot;_animation&quot;:&quot;slideInDown&quot;}\" data-widget_type=\"heading.default\">\n\t\t\t\t<div class=\"elementor-widget-container\">\n\t\t\t\t\t<h2 class=\"elementor-heading-title elementor-size-default\">For its commercial streets<\/h2>\t\t\t\t<\/div>\n\t\t\t\t<\/div>\n\t\t\t\t<div class=\"elementor-element elementor-element-46d31b9 elementor-widget elementor-widget-text-editor\" data-id=\"46d31b9\" data-element_type=\"widget\" data-e-type=\"widget\" data-widget_type=\"text-editor.default\">\n\t\t\t\t<div class=\"elementor-widget-container\">\n\t\t\t\t\t\t\t\t\t<p>The commercial streets of Montreal\u2019s Villeray\/Saint-Michel\/Parc-Extension borough are lively and varied places where you can find everything. The borough boasts a large number of diverse and welcoming local and destination businesses. Some commercial thoroughfares are home to a number of local businesses, offering not only a pleasant shopping experience but also cultural activities right in the heart of each neighborhood, often just a few minutes\u2019 walk away. Let\u2019s discover these urban gems together.<\/p>\n\t\t\t\t\t\t\t\t<\/div>\n\t\t\t\t<\/div>\n\t\t<div class=\"elementor-element elementor-element-a1c148b e-flex e-con-boxed e-con e-child\" data-id=\"a1c148b\" data-element_type=\"container\" data-e-type=\"container\">\n\t\t\t\t\t<div class=\"e-con-inner\">\n\t\t<div class=\"elementor-element elementor-element-ecc3fd6 e-con-full e-flex e-con e-child\" data-id=\"ecc3fd6\" data-element_type=\"container\" data-e-type=\"container\">\n\t\t\t\t<div class=\"elementor-element elementor-element-c8e1489 elementor-widget elementor-widget-image\" data-id=\"c8e1489\" data-element_type=\"widget\" data-e-type=\"widget\" data-widget_type=\"image.default\">\n\t\t\t\t<div class=\"elementor-widget-container\">\n\t\t\t\t\t\t\t\t\t\t\t\t\t\t\t<img loading=\"lazy\" decoding=\"async\" width=\"650\" height=\"367\" src=\"https:\/\/realta.ca\/wp-content\/uploads\/2024\/05\/realta_region_villeray_rue_jeanTalon.jpg\" class=\"attachment-full size-full wp-image-31766\" alt=\"\" srcset=\"https:\/\/realta.ca\/wp-content\/uploads\/2024\/05\/realta_region_villeray_rue_jeanTalon.jpg 650w, https:\/\/realta.ca\/wp-content\/uploads\/2024\/05\/realta_region_villeray_rue_jeanTalon-300x169.jpg 300w\" sizes=\"(max-width: 650px) 100vw, 650px\" \/>\t\t\t\t\t\t\t\t\t\t\t\t\t\t\t<\/div>\n\t\t\t\t<\/div>\n\t\t\t\t<div class=\"elementor-element elementor-element-c2dd3bf elementor-widget__width-initial elementor-widget-mobile__width-inherit elementor-widget elementor-widget-heading\" data-id=\"c2dd3bf\" data-element_type=\"widget\" data-e-type=\"widget\" data-widget_type=\"heading.default\">\n\t\t\t\t<div class=\"elementor-widget-container\">\n\t\t\t\t\t<h3 class=\"elementor-heading-title elementor-size-default\">Jean-Talon (Est &amp; Ouest) street<\/h3>\t\t\t\t<\/div>\n\t\t\t\t<\/div>\n\t\t\t\t<div class=\"elementor-element elementor-element-defae99 elementor-widget-mobile__width-inherit elementor-widget elementor-widget-text-editor\" data-id=\"defae99\" data-element_type=\"widget\" data-e-type=\"widget\" data-widget_type=\"text-editor.default\">\n\t\t\t\t<div class=\"elementor-widget-container\">\n\t\t\t\t\t\t\t\t\t<p>This is the borough\u2019s most important commercial artery. It crosses Montreal from west to east, from boulevard D\u00e9carie to Galeries d\u2019Anjou. It\u2019s a popular destination for locals and visitors alike. The street is lined with boutiques and stores offering something for every taste, from clothing to food to unique handicrafts. Everything takes on a local or international flavor, depending on which part you visit: the Petit Maghreb, the Vietnamese and Thai sector near rue Saint-Denis, the sector near the Jean-Talon public market, the Little Italy sector near boulevard Saint-Laurent or the western part with the South Asian and Mediterranean countries sector in Parc-Extension.<\/p>\n<p>Ouf! Jean-Talon also offers a wide range of cultural and artistic activities organized by the Maison de la culture Claude-L\u00e9veill\u00e9, Place de la Gare and Bar Le Ritz PDB (for Punks Don\u2019t Bend), among others. To discover: built in 1936, Casa Italia is Montreal\u2019s first Italian community center. It presents a variety of cultural activities and events open to the public. Activities include restaurants, exhibitions, cultural events, shows and even an indoor cinema.<\/p>\n\t\t\t\t\t\t\t\t<\/div>\n\t\t\t\t<\/div>\n\t\t\t\t<\/div>\n\t\t<div class=\"elementor-element elementor-element-5885128 e-con-full e-flex e-con e-child\" data-id=\"5885128\" data-element_type=\"container\" data-e-type=\"container\">\n\t\t\t\t<div class=\"elementor-element elementor-element-91d518c elementor-widget elementor-widget-image\" data-id=\"91d518c\" data-element_type=\"widget\" data-e-type=\"widget\" data-widget_type=\"image.default\">\n\t\t\t\t<div class=\"elementor-widget-container\">\n\t\t\t\t\t\t\t\t\t\t\t\t\t\t\t<img loading=\"lazy\" decoding=\"async\" width=\"650\" height=\"367\" src=\"https:\/\/realta.ca\/wp-content\/uploads\/2024\/05\/realta_region_villeray_rue_jarryEst.jpg\" class=\"attachment-full size-full wp-image-31768\" alt=\"\" srcset=\"https:\/\/realta.ca\/wp-content\/uploads\/2024\/05\/realta_region_villeray_rue_jarryEst.jpg 650w, https:\/\/realta.ca\/wp-content\/uploads\/2024\/05\/realta_region_villeray_rue_jarryEst-300x169.jpg 300w\" sizes=\"(max-width: 650px) 100vw, 650px\" \/>\t\t\t\t\t\t\t\t\t\t\t\t\t\t\t<\/div>\n\t\t\t\t<\/div>\n\t\t\t\t<div class=\"elementor-element elementor-element-ae27c07 elementor-widget__width-initial elementor-widget-mobile__width-inherit elementor-widget elementor-widget-heading\" data-id=\"ae27c07\" data-element_type=\"widget\" data-e-type=\"widget\" data-widget_type=\"heading.default\">\n\t\t\t\t<div class=\"elementor-widget-container\">\n\t\t\t\t\t<h3 class=\"elementor-heading-title elementor-size-default\">Jarry Est street<\/h3>\t\t\t\t<\/div>\n\t\t\t\t<\/div>\n\t\t\t\t<div class=\"elementor-element elementor-element-fc310b3 elementor-widget-mobile__width-inherit elementor-widget elementor-widget-text-editor\" data-id=\"fc310b3\" data-element_type=\"widget\" data-e-type=\"widget\" data-widget_type=\"text-editor.default\">\n\t\t\t\t<div class=\"elementor-widget-container\">\n\t\t\t\t\t\t\t\t\t<p>Between boulevard Saint-Laurent and avenue Christophe-Colomb, rue Jarry Est is home to a wide variety of local businesses offering residents a wide range of products and services. Stroll along its sidewalks and let yourself be seduced by the tempting scent of delicatessens, bakeries and fruit shops, or by the comings and goings of people in the cozy caf\u00e9s, trendy bars and restaurants that liven up the neighborhood. This effervescence is further enhanced by the presence of the Jarry metro, transforming it into one of Montreal\u2019s most vibrant thoroughfares.<\/p>\n\t\t\t\t\t\t\t\t<\/div>\n\t\t\t\t<\/div>\n\t\t\t\t<\/div>\n\t\t<div class=\"elementor-element elementor-element-07523ea e-con-full e-flex e-con e-child\" data-id=\"07523ea\" data-element_type=\"container\" data-e-type=\"container\">\n\t\t\t\t<div class=\"elementor-element elementor-element-c106687 elementor-widget elementor-widget-image\" data-id=\"c106687\" data-element_type=\"widget\" data-e-type=\"widget\" data-widget_type=\"image.default\">\n\t\t\t\t<div class=\"elementor-widget-container\">\n\t\t\t\t\t\t\t\t\t\t\t\t\t\t\t<img loading=\"lazy\" decoding=\"async\" width=\"650\" height=\"367\" src=\"https:\/\/realta.ca\/wp-content\/uploads\/2024\/05\/realta_region_villeray_rue_stDenis.jpg\" class=\"attachment-full size-full wp-image-31772\" alt=\"\" srcset=\"https:\/\/realta.ca\/wp-content\/uploads\/2024\/05\/realta_region_villeray_rue_stDenis.jpg 650w, https:\/\/realta.ca\/wp-content\/uploads\/2024\/05\/realta_region_villeray_rue_stDenis-300x169.jpg 300w\" sizes=\"(max-width: 650px) 100vw, 650px\" \/>\t\t\t\t\t\t\t\t\t\t\t\t\t\t\t<\/div>\n\t\t\t\t<\/div>\n\t\t\t\t<div class=\"elementor-element elementor-element-6624f54 elementor-widget__width-initial elementor-widget-mobile__width-inherit elementor-widget elementor-widget-heading\" data-id=\"6624f54\" data-element_type=\"widget\" data-e-type=\"widget\" data-widget_type=\"heading.default\">\n\t\t\t\t<div class=\"elementor-widget-container\">\n\t\t\t\t\t<h3 class=\"elementor-heading-title elementor-size-default\">Saint-Denis street<\/h3>\t\t\t\t<\/div>\n\t\t\t\t<\/div>\n\t\t\t\t<div class=\"elementor-element elementor-element-5a68dff elementor-widget-mobile__width-inherit elementor-widget elementor-widget-text-editor\" data-id=\"5a68dff\" data-element_type=\"widget\" data-e-type=\"widget\" data-widget_type=\"text-editor.default\">\n\t\t\t\t<div class=\"elementor-widget-container\">\n\t\t\t\t\t\t\t\t\t<p>Opened in 1818, this street was named in memory of Denis Viger, husband of the lady who sold the land to open the road. It crosses Montreal, from the St. Lawrence River to Rivi\u00e8re des Prairies. To the south, this street lies at the heart of the Quartier Latin and is one of the main arteries of the Plateau Mont-Royal. Farther north, in the Villeray district, shops are rarefied to make way for handsome residential triplexes and professional offices. There are a few specialty boutiques, international grocery stores and trendy restaurants, for example, just off the following cross-streets: Jarry, Jean-Talon and B\u00e9langer.<\/p>\n\t\t\t\t\t\t\t\t<\/div>\n\t\t\t\t<\/div>\n\t\t\t\t<\/div>\n\t\t<div class=\"elementor-element elementor-element-3971dc0 e-con-full e-flex e-con e-child\" data-id=\"3971dc0\" data-element_type=\"container\" data-e-type=\"container\">\n\t\t\t\t<div class=\"elementor-element elementor-element-3c93acb elementor-widget elementor-widget-image\" data-id=\"3c93acb\" data-element_type=\"widget\" data-e-type=\"widget\" data-widget_type=\"image.default\">\n\t\t\t\t<div class=\"elementor-widget-container\">\n\t\t\t\t\t\t\t\t\t\t\t\t\t\t\t<img loading=\"lazy\" decoding=\"async\" width=\"650\" height=\"367\" src=\"https:\/\/realta.ca\/wp-content\/uploads\/2024\/05\/realta_region_villeray_rue_stMichel.jpg\" class=\"attachment-full size-full wp-image-31770\" alt=\"\" srcset=\"https:\/\/realta.ca\/wp-content\/uploads\/2024\/05\/realta_region_villeray_rue_stMichel.jpg 650w, https:\/\/realta.ca\/wp-content\/uploads\/2024\/05\/realta_region_villeray_rue_stMichel-300x169.jpg 300w\" sizes=\"(max-width: 650px) 100vw, 650px\" \/>\t\t\t\t\t\t\t\t\t\t\t\t\t\t\t<\/div>\n\t\t\t\t<\/div>\n\t\t\t\t<div class=\"elementor-element elementor-element-a316234 elementor-widget__width-initial elementor-widget-mobile__width-inherit elementor-widget elementor-widget-heading\" data-id=\"a316234\" data-element_type=\"widget\" data-e-type=\"widget\" data-widget_type=\"heading.default\">\n\t\t\t\t<div class=\"elementor-widget-container\">\n\t\t\t\t\t<h3 class=\"elementor-heading-title elementor-size-default\">Saint-Michel Boulevard<\/h3>\t\t\t\t<\/div>\n\t\t\t\t<\/div>\n\t\t\t\t<div class=\"elementor-element elementor-element-59e60d8 elementor-widget-mobile__width-inherit elementor-widget elementor-widget-text-editor\" data-id=\"59e60d8\" data-element_type=\"widget\" data-e-type=\"widget\" data-widget_type=\"text-editor.default\">\n\t\t\t\t<div class=\"elementor-widget-container\">\n\t\t\t\t\t\t\t\t\t<p>The main commercial artery in the district of the same name, boulevard Saint-Michel boasts some one hundred commercial establishments spread over two main sections: one between rue Champdor\u00e9 and avenue \u00c9mile-Journault, and the other between rue D\u2019H\u00e9relle and rue Everett. The commercial fabric is continuous, and this street, mainly accessible by car and via the 67 bus, boasts a large number of parking spaces. With its many pharmacies, banks and small markets, it\u2019s the ideal place to do your day-to-day shopping. The boulevard was officially established in 1938. It takes its name from Archangel Michael, the patron saint of knights.<\/p>\n\t\t\t\t\t\t\t\t<\/div>\n\t\t\t\t<\/div>\n\t\t\t\t<\/div>\n\t\t<div class=\"elementor-element elementor-element-532c255 e-con-full e-flex e-con e-child\" data-id=\"532c255\" data-element_type=\"container\" data-e-type=\"container\">\n\t\t\t\t<div class=\"elementor-element elementor-element-9c7f6dd elementor-widget elementor-widget-image\" data-id=\"9c7f6dd\" data-element_type=\"widget\" data-e-type=\"widget\" data-widget_type=\"image.default\">\n\t\t\t\t<div class=\"elementor-widget-container\">\n\t\t\t\t\t\t\t\t\t\t\t\t\t\t\t<img loading=\"lazy\" decoding=\"async\" width=\"650\" height=\"367\" src=\"https:\/\/realta.ca\/wp-content\/uploads\/2024\/05\/realta_region_villeray_rue_villeray.jpg\" class=\"attachment-full size-full wp-image-31774\" alt=\"\" srcset=\"https:\/\/realta.ca\/wp-content\/uploads\/2024\/05\/realta_region_villeray_rue_villeray.jpg 650w, https:\/\/realta.ca\/wp-content\/uploads\/2024\/05\/realta_region_villeray_rue_villeray-300x169.jpg 300w\" sizes=\"(max-width: 650px) 100vw, 650px\" \/>\t\t\t\t\t\t\t\t\t\t\t\t\t\t\t<\/div>\n\t\t\t\t<\/div>\n\t\t\t\t<div class=\"elementor-element elementor-element-2852412 elementor-widget__width-initial elementor-widget-mobile__width-inherit elementor-widget elementor-widget-heading\" data-id=\"2852412\" data-element_type=\"widget\" data-e-type=\"widget\" data-widget_type=\"heading.default\">\n\t\t\t\t<div class=\"elementor-widget-container\">\n\t\t\t\t\t<h3 class=\"elementor-heading-title elementor-size-default\">Villeray street<\/h3>\t\t\t\t<\/div>\n\t\t\t\t<\/div>\n\t\t\t\t<div class=\"elementor-element elementor-element-1bf927b elementor-widget-mobile__width-inherit elementor-widget elementor-widget-text-editor\" data-id=\"1bf927b\" data-element_type=\"widget\" data-e-type=\"widget\" data-widget_type=\"text-editor.default\">\n\t\t\t\t<div class=\"elementor-widget-container\">\n\t\t\t\t\t\t\t\t\t<p>Villeray Street, the old village and the neighborhood take their name from Louis Rouer de Villeray (1629-1700), member of the Sovereign Council of New France and comptroller of the Compagnie du Canada. Originally, Villeray Street was a rural thoroughfare linking the surrounding villages to the city of Montreal. Over time, it underwent significant urban development and became a popular semi-commercial thoroughfare. Here, you\u2019ll find old stone buildings reminiscent of colonial times, Victorian-style houses with colorful facades, and modern buildings adding a contemporary touch. This street attracts people with its restaurants and caf\u00e9s: Tapeo, Meson, Caf\u00e9 Vito, Caf\u00e9 Velours, Boulangerie Sandrine Caf\u00e9, Caf\u00e9 Perko and Le toasteur Villeray, as well as its boutiques: Atelier Entre-Peaux, Cockluch and Articho. Don\u2019t miss: Miss Villeray! An iconic neighborhood bar since 1960, Miss Villeray is a warm and special place to spend an evening with friends, dancing and partying. Ready to go out? Don\u2019t forget Miss Villeray\u2019s 10 commandments, because they mean business!<\/p>\n\t\t\t\t\t\t\t\t<\/div>\n\t\t\t\t<\/div>\n\t\t\t\t<\/div>\n\t\t<div class=\"elementor-element elementor-element-01abb46 e-con-full e-flex e-con e-child\" data-id=\"01abb46\" data-element_type=\"container\" data-e-type=\"container\">\n\t\t\t\t<div class=\"elementor-element elementor-element-4782e2b elementor-widget elementor-widget-image\" data-id=\"4782e2b\" data-element_type=\"widget\" data-e-type=\"widget\" data-widget_type=\"image.default\">\n\t\t\t\t<div class=\"elementor-widget-container\">\n\t\t\t\t\t\t\t\t\t\t\t\t\t\t\t<img loading=\"lazy\" decoding=\"async\" width=\"650\" height=\"367\" src=\"https:\/\/realta.ca\/wp-content\/uploads\/2024\/05\/realta_region_villeray_rue_belanger.jpg\" class=\"attachment-full size-full wp-image-31776\" alt=\"\" srcset=\"https:\/\/realta.ca\/wp-content\/uploads\/2024\/05\/realta_region_villeray_rue_belanger.jpg 650w, https:\/\/realta.ca\/wp-content\/uploads\/2024\/05\/realta_region_villeray_rue_belanger-300x169.jpg 300w\" sizes=\"(max-width: 650px) 100vw, 650px\" \/>\t\t\t\t\t\t\t\t\t\t\t\t\t\t\t<\/div>\n\t\t\t\t<\/div>\n\t\t\t\t<div class=\"elementor-element elementor-element-6c8c285 elementor-widget__width-initial elementor-widget-mobile__width-inherit elementor-widget elementor-widget-heading\" data-id=\"6c8c285\" data-element_type=\"widget\" data-e-type=\"widget\" data-widget_type=\"heading.default\">\n\t\t\t\t<div class=\"elementor-widget-container\">\n\t\t\t\t\t<h3 class=\"elementor-heading-title elementor-size-default\">B\u00e9langer street<\/h3>\t\t\t\t<\/div>\n\t\t\t\t<\/div>\n\t\t\t\t<div class=\"elementor-element elementor-element-a47f671 elementor-widget-mobile__width-inherit elementor-widget elementor-widget-text-editor\" data-id=\"a47f671\" data-element_type=\"widget\" data-e-type=\"widget\" data-widget_type=\"text-editor.default\">\n\t\t\t\t<div class=\"elementor-widget-container\">\n\t\t\t\t\t\t\t\t\t<p>Semi-commercial, rue B\u00e9langer stretches from boulevard Saint-Laurent to boulevard des Galeries d\u2019Anjou, for a total distance of 8.3 kilometers. The section in the Villeray district is a lively and charming thoroughfare. It\u2019s packed with stores, restaurants and cultural activities, making it a popular destination for locals and visitors alike. Whether you\u2019re looking for a good meal, a unique boutique or simply a pleasant stroll, rue B\u00e9langer is sure to please. The street was opened in 1875. Its name comes from Louis-Nazaire B\u00e9langer, a 19th-century Canadian businessman and politician who gave up part of his lot to build the street.<\/p>\n\t\t\t\t\t\t\t\t<\/div>\n\t\t\t\t<\/div>\n\t\t\t\t<\/div>\n\t\t<div class=\"elementor-element elementor-element-a5c4301 e-con-full e-flex e-con e-child\" data-id=\"a5c4301\" data-element_type=\"container\" data-e-type=\"container\">\n\t\t\t\t<div class=\"elementor-element elementor-element-e4f0a82 elementor-widget elementor-widget-image\" data-id=\"e4f0a82\" data-element_type=\"widget\" data-e-type=\"widget\" data-widget_type=\"image.default\">\n\t\t\t\t<div class=\"elementor-widget-container\">\n\t\t\t\t\t\t\t\t\t\t\t\t\t\t\t<img loading=\"lazy\" decoding=\"async\" width=\"650\" height=\"367\" src=\"https:\/\/realta.ca\/wp-content\/uploads\/2024\/05\/realta_region_villeray_rue_cremazie.jpg\" class=\"attachment-full size-full wp-image-31778\" alt=\"\" srcset=\"https:\/\/realta.ca\/wp-content\/uploads\/2024\/05\/realta_region_villeray_rue_cremazie.jpg 650w, https:\/\/realta.ca\/wp-content\/uploads\/2024\/05\/realta_region_villeray_rue_cremazie-300x169.jpg 300w\" sizes=\"(max-width: 650px) 100vw, 650px\" \/>\t\t\t\t\t\t\t\t\t\t\t\t\t\t\t<\/div>\n\t\t\t\t<\/div>\n\t\t\t\t<div class=\"elementor-element elementor-element-d318072 elementor-widget__width-initial elementor-widget-mobile__width-inherit elementor-widget elementor-widget-heading\" data-id=\"d318072\" data-element_type=\"widget\" data-e-type=\"widget\" data-widget_type=\"heading.default\">\n\t\t\t\t<div class=\"elementor-widget-container\">\n\t\t\t\t\t<h3 class=\"elementor-heading-title elementor-size-default\">Cr\u00e9mazie Boulevard<\/h3>\t\t\t\t<\/div>\n\t\t\t\t<\/div>\n\t\t\t\t<div class=\"elementor-element elementor-element-fd87c79 elementor-widget-mobile__width-inherit elementor-widget elementor-widget-text-editor\" data-id=\"fd87c79\" data-element_type=\"widget\" data-e-type=\"widget\" data-widget_type=\"text-editor.default\">\n\t\t\t\t<div class=\"elementor-widget-container\">\n\t\t\t\t\t\t\t\t\t<p>This east-west artery is known to motorists as the service road of the boulevard M\u00e9tropolitain. The boulevard\u2019s name pays tribute to writer and poet Octave Cr\u00e9mazie (1827-1879). In the borough, it allows traffic to flow between 25th Avenue to the east and boulevard L\u2019Acadie to the west, and concerns only the southern part of the boulevard. It\u2019s home to commercial squares, office buildings and public institutions: Maison des sourds, Tohu, Place Saint-Michel, Complexe Cr\u00e9mazie 1, 2 and 3, \u00c9cole Victor-Dor\u00e9, \u00c9glise Saint-Alphonse d\u2019Youville, Conseil scolaire de l\u2019\u00eele de Montr\u00e9al, Monast\u00e8re des p\u00e8res r\u00e9demptoristes, Place Cr\u00e9mazie, to name but a few. There are a few small shopping islands offering basic services, including a few fast-food restaurants.<\/p>\n\t\t\t\t\t\t\t\t<\/div>\n\t\t\t\t<\/div>\n\t\t\t\t<\/div>\n\t\t<div class=\"elementor-element elementor-element-23a24b0 e-con-full e-flex e-con e-child\" data-id=\"23a24b0\" data-element_type=\"container\" data-e-type=\"container\">\n\t\t\t\t<div class=\"elementor-element elementor-element-cf580c1 elementor-widget elementor-widget-image\" data-id=\"cf580c1\" data-element_type=\"widget\" data-e-type=\"widget\" data-widget_type=\"image.default\">\n\t\t\t\t<div class=\"elementor-widget-container\">\n\t\t\t\t\t\t\t\t\t\t\t\t\t\t\t<img loading=\"lazy\" decoding=\"async\" width=\"650\" height=\"367\" src=\"https:\/\/realta.ca\/wp-content\/uploads\/2024\/05\/realta_region_villeray_rue_castelnau.jpg\" class=\"attachment-full size-full wp-image-31780\" alt=\"\" srcset=\"https:\/\/realta.ca\/wp-content\/uploads\/2024\/05\/realta_region_villeray_rue_castelnau.jpg 650w, https:\/\/realta.ca\/wp-content\/uploads\/2024\/05\/realta_region_villeray_rue_castelnau-300x169.jpg 300w\" sizes=\"(max-width: 650px) 100vw, 650px\" \/>\t\t\t\t\t\t\t\t\t\t\t\t\t\t\t<\/div>\n\t\t\t\t<\/div>\n\t\t\t\t<div class=\"elementor-element elementor-element-eddede0 elementor-widget__width-initial elementor-widget-mobile__width-inherit elementor-widget elementor-widget-heading\" data-id=\"eddede0\" data-element_type=\"widget\" data-e-type=\"widget\" data-widget_type=\"heading.default\">\n\t\t\t\t<div class=\"elementor-widget-container\">\n\t\t\t\t\t<h3 class=\"elementor-heading-title elementor-size-default\">Castelnau Street<\/h3>\t\t\t\t<\/div>\n\t\t\t\t<\/div>\n\t\t\t\t<div class=\"elementor-element elementor-element-3404522 elementor-widget-mobile__width-inherit elementor-widget elementor-widget-text-editor\" data-id=\"3404522\" data-element_type=\"widget\" data-e-type=\"widget\" data-widget_type=\"text-editor.default\">\n\t\t\t\t<div class=\"elementor-widget-container\">\n\t\t\t\t\t\t\t\t\t<p>This street in the Villeray district was named after General Curi\u00e8re de Castelnau. This beautiful east-west street was once the center of the Sainte-C\u00e9cile parish. From June 28 to September 3, rue De Castelnau will be pedestrianized, creating a friendly public square for Villeray residents to enjoy. On the program: the placottoir gallery, BURROS ou la f\u00eate, a celebration embracing paradoxes as a means of reconciling ourselves with our human-animal selves, IMPULSO, an Afro-Colombian-inspired contemporary dance performance paying tribute to human power, strength and perseverance, caf\u00e9 terraces, lively zones featuring local businesses, an outdoor visual arts exhibition; all in a warm and friendly setting.<\/p>\n\t\t\t\t\t\t\t\t<\/div>\n\t\t\t\t<\/div>\n\t\t\t\t<\/div>\n\t\t<div class=\"elementor-element elementor-element-6c0c0b0 e-con-full e-flex e-con e-child\" data-id=\"6c0c0b0\" data-element_type=\"container\" data-e-type=\"container\">\n\t\t\t\t<div class=\"elementor-element elementor-element-e3e3b4e elementor-widget elementor-widget-image\" data-id=\"e3e3b4e\" data-element_type=\"widget\" data-e-type=\"widget\" data-widget_type=\"image.default\">\n\t\t\t\t<div class=\"elementor-widget-container\">\n\t\t\t\t\t\t\t\t\t\t\t\t\t\t\t<img loading=\"lazy\" decoding=\"async\" width=\"650\" height=\"367\" src=\"https:\/\/realta.ca\/wp-content\/uploads\/2024\/05\/realta_region_villeray_rue_stHubert.jpg\" class=\"attachment-full size-full wp-image-31782\" alt=\"\" srcset=\"https:\/\/realta.ca\/wp-content\/uploads\/2024\/05\/realta_region_villeray_rue_stHubert.jpg 650w, https:\/\/realta.ca\/wp-content\/uploads\/2024\/05\/realta_region_villeray_rue_stHubert-300x169.jpg 300w\" sizes=\"(max-width: 650px) 100vw, 650px\" \/>\t\t\t\t\t\t\t\t\t\t\t\t\t\t\t<\/div>\n\t\t\t\t<\/div>\n\t\t\t\t<div class=\"elementor-element elementor-element-d5ebf6b elementor-widget__width-initial elementor-widget-mobile__width-inherit elementor-widget elementor-widget-heading\" data-id=\"d5ebf6b\" data-element_type=\"widget\" data-e-type=\"widget\" data-widget_type=\"heading.default\">\n\t\t\t\t<div class=\"elementor-widget-container\">\n\t\t\t\t\t<h3 class=\"elementor-heading-title elementor-size-default\">Saint-Hubert Street<\/h3>\t\t\t\t<\/div>\n\t\t\t\t<\/div>\n\t\t\t\t<div class=\"elementor-element elementor-element-9f2ceb5 elementor-widget-mobile__width-inherit elementor-widget elementor-widget-text-editor\" data-id=\"9f2ceb5\" data-element_type=\"widget\" data-e-type=\"widget\" data-widget_type=\"text-editor.default\">\n\t\t\t\t<div class=\"elementor-widget-container\">\n\t\t\t\t\t\t\t\t\t<p>Every Montrealer knows this street from Plaza Saint-Hubert, located between Jean-Talon and Bellechasse streets. With its uniquely Canadian weather protection canopy, it is one of the city\u2019s most important commercial thoroughfares, attracting thousands of visitors every year. Part of the Plaza is located in the Villeray\/Saint-Michel\/Parc-Extension borough. It starts at rue B\u00e9langer and runs all the way to boulevard Cr\u00e9mazie. There are many shops up to rue Jarry, but fewer beyond. Saint-Hubert Street crosses the island of Montreal from south to north. Around 1826, a first portion of Saint-Hubert Street was opened to traffic, and a second in 1865 after Hubert-Joseph Lacroix ceded the land. It attracted the French-Canadian elite, who built vast mansions here.<\/p>\n\t\t\t\t\t\t\t\t<\/div>\n\t\t\t\t<\/div>\n\t\t\t\t<\/div>\n\t\t\t\t\t<\/div>\n\t\t\t\t<\/div>\n\t\t\t\t\t<\/div>\n\t\t\t\t<\/section>\n\t\t<section class=\"elementor-element elementor-element-f8a6abf e-flex e-con-boxed e-con e-child\" data-id=\"f8a6abf\" data-element_type=\"container\" data-e-type=\"container\" data-settings=\"{&quot;background_background&quot;:&quot;classic&quot;}\">\n\t\t\t\t\t<div class=\"e-con-inner\">\n\t\t\t\t<div class=\"elementor-element elementor-element-8828174 elementor-widget-mobile__width-initial elementor-widget-tablet__width-initial elementor-widget__width-initial elementor-invisible elementor-widget elementor-widget-heading\" data-id=\"8828174\" data-element_type=\"widget\" data-e-type=\"widget\" data-settings=\"{&quot;_animation&quot;:&quot;slideInDown&quot;}\" data-widget_type=\"heading.default\">\n\t\t\t\t<div class=\"elementor-widget-container\">\n\t\t\t\t\t<h2 class=\"elementor-heading-title elementor-size-default\">Why buy a property in Villeray-Saint-Michel-Parc-Extension?<\/h2>\t\t\t\t<\/div>\n\t\t\t\t<\/div>\n\t\t<div class=\"elementor-element elementor-element-77c1420 e-flex e-con-boxed e-con e-child\" data-id=\"77c1420\" data-element_type=\"container\" data-e-type=\"container\">\n\t\t\t\t\t<div class=\"e-con-inner\">\n\t\t\t\t<div class=\"elementor-element elementor-element-e8ffae2 elementor-widget elementor-widget-text-editor\" data-id=\"e8ffae2\" data-element_type=\"widget\" data-e-type=\"widget\" data-widget_type=\"text-editor.default\">\n\t\t\t\t<div class=\"elementor-widget-container\">\n\t\t\t\t\t\t\t\t\t<p>Whatever the borough or neighborhood, Montreal is generally well served in terms of amenities and services. And the Villeray\/Saint-Michel\/Parc-Extension borough is no exception. Grocery stores, pharmacies, medical clinics and professionals of all kinds, restaurants\/bars and boutiques can be found on one of the many commercial arteries mentioned above, on the side streets or on those of a neighboring district.<\/p>\n<p>If need be, the public transit network, major east-west and north-south arteries and highways provide access to everything that\u2019s popular in Montreal (including downtown) and neighboring cities. When it comes to municipal services in the borough, residents are well served.<\/p>\n\t\t\t\t\t\t\t\t<\/div>\n\t\t\t\t<\/div>\n\t\t\t\t\t<\/div>\n\t\t\t\t<\/div>\n\t\t\t\t\t<\/div>\n\t\t\t\t<\/section>\n\t\t<section class=\"elementor-element elementor-element-a10524d e-flex e-con-boxed e-con e-child\" data-id=\"a10524d\" data-element_type=\"container\" data-e-type=\"container\">\n\t\t\t\t\t<div class=\"e-con-inner\">\n\t\t<div class=\"elementor-element elementor-element-800bff7 e-flex e-con-boxed e-con e-child\" data-id=\"800bff7\" data-element_type=\"container\" data-e-type=\"container\">\n\t\t\t\t\t<div class=\"e-con-inner\">\n\t\t<div class=\"elementor-element elementor-element-b2951cc e-con-full e-flex e-con e-child\" data-id=\"b2951cc\" data-element_type=\"container\" data-e-type=\"container\">\n\t\t\t\t<div class=\"elementor-element elementor-element-9a048f5 elementor-widget elementor-widget-image\" data-id=\"9a048f5\" data-element_type=\"widget\" data-e-type=\"widget\" data-widget_type=\"image.default\">\n\t\t\t\t<div class=\"elementor-widget-container\">\n\t\t\t\t\t\t\t\t\t\t\t\t\t\t\t<img loading=\"lazy\" decoding=\"async\" width=\"650\" height=\"367\" src=\"https:\/\/realta.ca\/wp-content\/uploads\/2024\/05\/realta_region_villeray_education.jpg\" class=\"attachment-full size-full wp-image-31784\" alt=\"\" srcset=\"https:\/\/realta.ca\/wp-content\/uploads\/2024\/05\/realta_region_villeray_education.jpg 650w, https:\/\/realta.ca\/wp-content\/uploads\/2024\/05\/realta_region_villeray_education-300x169.jpg 300w\" sizes=\"(max-width: 650px) 100vw, 650px\" \/>\t\t\t\t\t\t\t\t\t\t\t\t\t\t\t<\/div>\n\t\t\t\t<\/div>\n\t\t\t\t<div class=\"elementor-element elementor-element-b806cd2 elementor-widget-mobile__width-inherit elementor-invisible elementor-widget elementor-widget-heading\" data-id=\"b806cd2\" data-element_type=\"widget\" data-e-type=\"widget\" data-settings=\"{&quot;_animation&quot;:&quot;slideInDown&quot;}\" data-widget_type=\"heading.default\">\n\t\t\t\t<div class=\"elementor-widget-container\">\n\t\t\t\t\t<h2 class=\"elementor-heading-title elementor-size-default\">For its <b>educational<\/b> services<\/h2>\t\t\t\t<\/div>\n\t\t\t\t<\/div>\n\t\t\t\t<div class=\"elementor-element elementor-element-13cf626 elementor-widget-mobile__width-inherit elementor-widget elementor-widget-text-editor\" data-id=\"13cf626\" data-element_type=\"widget\" data-e-type=\"widget\" data-widget_type=\"text-editor.default\">\n\t\t\t\t<div class=\"elementor-widget-container\">\n\t\t\t\t\t\t\t\t\t<p>One of the most important services to consider for young families is certainly the proximity of early childhood centers (37), primary and secondary schools, public CEGEPs and private institutions. In the public sector, there are more than 25 primary and secondary schools. These include Barclay Elementary School, which welcomes over 500 students from more than 40 different countries, followed by Lucien-Pag\u00e9, Georges-Vanier, Louis-Joseph-Papineau and John F. Kennedy High Schools.<\/p>\n<p>There\u2019s also a renowned specialized school, the \u00c9cole Nationale de Cirque, and private establishments such as Coll\u00e8ge Fran\u00e7ais (high school) and Coll\u00e8ge Reine-Marie. Two other types of projects delight youngsters and their parents: the Camp des Arts offers day camps and intensive courses with artistic and recreational components for youngsters aged 5 to 16, and the Patro Villeray offers a diversity of leisure activities (sports, aquatic, outdoor, environmental, cultural, pastoral and community actions) for all clienteles: youngsters, teenagers, adults and seniors.<\/p>\n\t\t\t\t\t\t\t\t<\/div>\n\t\t\t\t<\/div>\n\t\t\t\t<\/div>\n\t\t<div class=\"elementor-element elementor-element-7ac1c5a e-con-full e-flex e-con e-child\" data-id=\"7ac1c5a\" data-element_type=\"container\" data-e-type=\"container\">\n\t\t\t\t<div class=\"elementor-element elementor-element-8f6f73c elementor-widget elementor-widget-image\" data-id=\"8f6f73c\" data-element_type=\"widget\" data-e-type=\"widget\" data-widget_type=\"image.default\">\n\t\t\t\t<div class=\"elementor-widget-container\">\n\t\t\t\t\t\t\t\t\t\t\t\t\t\t\t<img loading=\"lazy\" decoding=\"async\" width=\"650\" height=\"367\" src=\"https:\/\/realta.ca\/wp-content\/uploads\/2024\/04\/realta_region_villeMarie_sport.jpg\" class=\"attachment-full size-full wp-image-31528\" alt=\"\" srcset=\"https:\/\/realta.ca\/wp-content\/uploads\/2024\/04\/realta_region_villeMarie_sport.jpg 650w, https:\/\/realta.ca\/wp-content\/uploads\/2024\/04\/realta_region_villeMarie_sport-300x169.jpg 300w\" sizes=\"(max-width: 650px) 100vw, 650px\" \/>\t\t\t\t\t\t\t\t\t\t\t\t\t\t\t<\/div>\n\t\t\t\t<\/div>\n\t\t\t\t<div class=\"elementor-element elementor-element-039d1be elementor-widget__width-initial elementor-widget-mobile__width-inherit elementor-invisible elementor-widget elementor-widget-heading\" data-id=\"039d1be\" data-element_type=\"widget\" data-e-type=\"widget\" data-settings=\"{&quot;_animation&quot;:&quot;slideInDown&quot;}\" data-widget_type=\"heading.default\">\n\t\t\t\t<div class=\"elementor-widget-container\">\n\t\t\t\t\t<h2 class=\"elementor-heading-title elementor-size-default\">For its <b>cultural<\/b> life<\/h2>\t\t\t\t<\/div>\n\t\t\t\t<\/div>\n\t\t\t\t<div class=\"elementor-element elementor-element-c5422c9 elementor-widget-mobile__width-inherit elementor-widget elementor-widget-text-editor\" data-id=\"c5422c9\" data-element_type=\"widget\" data-e-type=\"widget\" data-widget_type=\"text-editor.default\">\n\t\t\t\t<div class=\"elementor-widget-container\">\n\t\t\t\t\t\t\t\t\t<p>If you\u2019re looking for ideas for cultural outings, you won\u2019t be disappointed! Obviously, the leader here is the Maison de la culture Claude-L\u00e9veill\u00e9, whose annual cultural program is varied and accessible: dance shows, theater, music concerts, visual arts exhibitions and cinema. In 2023, it organized the event \u201d40 ans de culture dans les quartiers\u201d: an exhibition on the history of maisons de la culture at Complexe William-Hingston. Other cultural organizations offering their own program of events include: Afrique en mouvements, Alliance Th\u00e9\u00e2trale ha\u00eftienne, Cit\u00e9 des arts du cirque \u2013 TOHU, Cr\u00e9ations Etc, Dynamo Th\u00e9\u00e2tre, Festival Vue sur la rel\u00e8ve, Les Deux Mondes, compagnie de th\u00e9\u00e2tre, Terres en vues, soci\u00e9t\u00e9 pour la diffusion de la culture autochtone, Th\u00e9\u00e2tre Bouches D\u00e9cousues and Th\u00e9\u00e2tre de l\u2019\u0152il. To discover: reflecting the reality of the neighborhood, the Complexe William-Hingston library offers books in several foreign languages, including Hindi, Bengali, Tamil, Greek, Punjabi, Urdu, Gujarati, Spanish and Italian.<\/p>\n\t\t\t\t\t\t\t\t<\/div>\n\t\t\t\t<\/div>\n\t\t\t\t<\/div>\n\t\t<div class=\"elementor-element elementor-element-feaf0c7 e-con-full e-flex e-con e-child\" data-id=\"feaf0c7\" data-element_type=\"container\" data-e-type=\"container\">\n\t\t\t\t<div class=\"elementor-element elementor-element-72914c9 elementor-widget elementor-widget-image\" data-id=\"72914c9\" data-element_type=\"widget\" data-e-type=\"widget\" data-widget_type=\"image.default\">\n\t\t\t\t<div class=\"elementor-widget-container\">\n\t\t\t\t\t\t\t\t\t\t\t\t\t\t\t<img loading=\"lazy\" decoding=\"async\" width=\"650\" height=\"367\" src=\"https:\/\/realta.ca\/wp-content\/uploads\/2024\/05\/realta_region_villeray_sport.jpg\" class=\"attachment-full size-full wp-image-31786\" alt=\"\" srcset=\"https:\/\/realta.ca\/wp-content\/uploads\/2024\/05\/realta_region_villeray_sport.jpg 650w, https:\/\/realta.ca\/wp-content\/uploads\/2024\/05\/realta_region_villeray_sport-300x169.jpg 300w\" sizes=\"(max-width: 650px) 100vw, 650px\" \/>\t\t\t\t\t\t\t\t\t\t\t\t\t\t\t<\/div>\n\t\t\t\t<\/div>\n\t\t\t\t<div class=\"elementor-element elementor-element-f6887ef elementor-widget-mobile__width-inherit elementor-invisible elementor-widget elementor-widget-heading\" data-id=\"f6887ef\" data-element_type=\"widget\" data-e-type=\"widget\" data-settings=\"{&quot;_animation&quot;:&quot;slideInDown&quot;}\" data-widget_type=\"heading.default\">\n\t\t\t\t<div class=\"elementor-widget-container\">\n\t\t\t\t\t<h2 class=\"elementor-heading-title elementor-size-default\">Sport and leisure<\/h2>\t\t\t\t<\/div>\n\t\t\t\t<\/div>\n\t\t\t\t<div class=\"elementor-element elementor-element-4783238 elementor-widget-mobile__width-inherit elementor-widget elementor-widget-text-editor\" data-id=\"4783238\" data-element_type=\"widget\" data-e-type=\"widget\" data-widget_type=\"text-editor.default\">\n\t\t\t\t<div class=\"elementor-widget-container\">\n\t\t\t\t\t\t\t\t\t<p>Throughout the summer, young and old alike will take part in a host of fun activities and outdoor shows in the borough\u2019s parks and public squares. The program includes a variety of sports and leisure activities, outdoor reading, outdoor shows and exhibitions. Among the most popular sports activities are cycling, soccer and swimming. For the enjoyment of youngsters and their parents, the Villeray\/Saint-Michel\/Parc-Extension borough has three outdoor swimming pools, 14 water games and 8 paddling pools. In winter, the borough\u2019s 15 parks and 2 arenas make it easy to enjoy your favorite sport: skating, sliding, field hockey, cross-country skiing, snowshoeing, tobogganing and more. Other sites, outside the borough but close by, offer a panoply of outdoor activities: Mount Royal Park and the nature parks of Anse-\u00e0-l\u2019Orme, Bois-de-Liesse and \u00cele-de-la-Visitation.<\/p>\n\t\t\t\t\t\t\t\t<\/div>\n\t\t\t\t<\/div>\n\t\t\t\t<\/div>\n\t\t<div class=\"elementor-element elementor-element-5f9c73d e-con-full e-flex e-con e-child\" data-id=\"5f9c73d\" data-element_type=\"container\" data-e-type=\"container\">\n\t\t\t\t<div class=\"elementor-element elementor-element-bbdde74 elementor-widget elementor-widget-image\" data-id=\"bbdde74\" data-element_type=\"widget\" data-e-type=\"widget\" data-widget_type=\"image.default\">\n\t\t\t\t<div class=\"elementor-widget-container\">\n\t\t\t\t\t\t\t\t\t\t\t\t\t\t\t<img loading=\"lazy\" decoding=\"async\" width=\"650\" height=\"367\" src=\"https:\/\/realta.ca\/wp-content\/uploads\/2024\/05\/realta_region_villeray_restauration.jpg\" class=\"attachment-full size-full wp-image-31788\" alt=\"\" srcset=\"https:\/\/realta.ca\/wp-content\/uploads\/2024\/05\/realta_region_villeray_restauration.jpg 650w, https:\/\/realta.ca\/wp-content\/uploads\/2024\/05\/realta_region_villeray_restauration-300x169.jpg 300w\" sizes=\"(max-width: 650px) 100vw, 650px\" \/>\t\t\t\t\t\t\t\t\t\t\t\t\t\t\t<\/div>\n\t\t\t\t<\/div>\n\t\t\t\t<div class=\"elementor-element elementor-element-d0fa326 elementor-widget-mobile__width-inherit elementor-invisible elementor-widget elementor-widget-heading\" data-id=\"d0fa326\" data-element_type=\"widget\" data-e-type=\"widget\" data-settings=\"{&quot;_animation&quot;:&quot;slideInDown&quot;}\" data-widget_type=\"heading.default\">\n\t\t\t\t<div class=\"elementor-widget-container\">\n\t\t\t\t\t<h2 class=\"elementor-heading-title elementor-size-default\">Gourmet destinations<\/h2>\t\t\t\t<\/div>\n\t\t\t\t<\/div>\n\t\t\t\t<div class=\"elementor-element elementor-element-d2ab6b7 elementor-widget-mobile__width-inherit elementor-widget elementor-widget-text-editor\" data-id=\"d2ab6b7\" data-element_type=\"widget\" data-e-type=\"widget\" data-widget_type=\"text-editor.default\">\n\t\t\t\t<div class=\"elementor-widget-container\">\n\t\t\t\t\t\t\t\t\t<p>A residence in the Villeray\/Saint-Michel\/Parc-Extension borough allows people to become tourists in their own neighborhood and discover the vibrancy of their living environment by exploring its caf\u00e9s, patisseries, restaurants and other culinary destinations. Here are eight popular restaurants in the borough:<\/p>\n<p>&nbsp;<\/p>\n<ul>\n<li>Tapeo: In Villeray, discover the tasty tapas of refined, inventive Spanish cuisine. You\u2019ll appreciate the talent and mastery of chef Marie-Fleur St-Pierre, as well as the authentic service provided by the owners and attentive staff. Tapeo\u2019s varied menu will delight you.<\/li>\n<li>Le Petit Alep: In Little Italy, Syrian and Armenian cuisine accompanied by tasty cocktails, served in a peaceful setting with walls adorned with artwork and a terrace.<\/li>\n<li>Mes\u00f3n Spanish General Restaurant: Located in the heart of the Villeray district, Mes\u00f3n is a unique bistro. The restaurant offers a relaxed environment in which to enjoy original, comforting Spanish-inspired cuisine. Young and energetic, the Mes\u00f3n team is delighted to welcome you in a vibrant atmosphere.<\/li>\n<li>India\u2019s Oven: In Parc-Extension, sample classic Indian tandouris, curries and vegetarian dishes served in a pleasant atmosphere. Bring your own wine.<\/li>\n<li>Caf\u00e9 Vito: This small, elegant espresso bar on a street corner offers hot and cold drinks, paninis and gelato.<\/li>\n<li>Bombay Mahal: In Parc-Extension, this restaurant serves incredible Indian dishes in a comfortable setting that pays tribute to India\u2019s rich cultural history. Vegetarian dishes, chicken, lamb, seafood, Tandoori, Thali and Biryani.<\/li>\n<li>Marven\u2019s Restaurant: Renowned in Montreal for its typically Greek dishes, Marven\u2019s is an intergenerational restaurant that has become a must-visit thanks to its tasty dishes and warm atmosphere.<\/li>\n<li>Fanfare Boulangerie-Resto: Located on Jarry St. East in Villeray, enjoy breads and pastries made with 100% organic and Canadian flours, quality coffees and colorful, tasty dishes for brunch or lunch.<\/li>\n<li><\/li>\n<\/ul>\n\t\t\t\t\t\t\t\t<\/div>\n\t\t\t\t<\/div>\n\t\t\t\t<\/div>\n\t\t<div class=\"elementor-element elementor-element-5d2cb6b e-con-full e-flex e-con e-child\" data-id=\"5d2cb6b\" data-element_type=\"container\" data-e-type=\"container\">\n\t\t\t\t<div class=\"elementor-element elementor-element-2ede85c elementor-widget elementor-widget-image\" data-id=\"2ede85c\" data-element_type=\"widget\" data-e-type=\"widget\" data-widget_type=\"image.default\">\n\t\t\t\t<div class=\"elementor-widget-container\">\n\t\t\t\t\t\t\t\t\t\t\t\t\t\t\t<img loading=\"lazy\" decoding=\"async\" width=\"650\" height=\"367\" src=\"https:\/\/realta.ca\/wp-content\/uploads\/2024\/05\/realta_region_villeray_sante.jpg\" class=\"attachment-full size-full wp-image-31790\" alt=\"\" srcset=\"https:\/\/realta.ca\/wp-content\/uploads\/2024\/05\/realta_region_villeray_sante.jpg 650w, https:\/\/realta.ca\/wp-content\/uploads\/2024\/05\/realta_region_villeray_sante-300x169.jpg 300w\" sizes=\"(max-width: 650px) 100vw, 650px\" \/>\t\t\t\t\t\t\t\t\t\t\t\t\t\t\t<\/div>\n\t\t\t\t<\/div>\n\t\t\t\t<div class=\"elementor-element elementor-element-7fb73e1 elementor-widget-mobile__width-inherit elementor-invisible elementor-widget elementor-widget-heading\" data-id=\"7fb73e1\" data-element_type=\"widget\" data-e-type=\"widget\" data-settings=\"{&quot;_animation&quot;:&quot;slideInDown&quot;}\" data-widget_type=\"heading.default\">\n\t\t\t\t<div class=\"elementor-widget-container\">\n\t\t\t\t\t<h2 class=\"elementor-heading-title elementor-size-default\">For <b>nearby medical services<\/b><\/h2>\t\t\t\t<\/div>\n\t\t\t\t<\/div>\n\t\t\t\t<div class=\"elementor-element elementor-element-1b2cac9 elementor-widget-mobile__width-inherit elementor-widget elementor-widget-text-editor\" data-id=\"1b2cac9\" data-element_type=\"widget\" data-e-type=\"widget\" data-widget_type=\"text-editor.default\">\n\t\t\t\t<div class=\"elementor-widget-container\">\n\t\t\t\t\t\t\t\t\t<p>The people of the Villeray\/Saint-Michel\/Parc-Extension borough are well served by the Quebec healthcare network. The Jean-Talon Hospital, located in Villeray, offers general and specialized healthcare services. It is part of the Centre int\u00e9gr\u00e9 universitaire de sant\u00e9 et de services sociaux (CIUSSS) du Nord-de-l\u2019\u00cele-de-Montr\u00e9al, which also includes three local community service centers (CLSCs) in the borough: the CLSC de Saint-Michel, the CLSC de Parc-Extension and the CLSC de Villeray. These CLSCs offer front-line services such as vaccination, nursing, mental health, nutrition, prevention and health promotion. Several private medical, dental and optometry clinics round out the healthcare offering.<\/p>\n\t\t\t\t\t\t\t\t<\/div>\n\t\t\t\t<\/div>\n\t\t\t\t<\/div>\n\t\t<div class=\"elementor-element elementor-element-4cb9148 e-con-full e-flex e-con e-child\" data-id=\"4cb9148\" data-element_type=\"container\" data-e-type=\"container\">\n\t\t\t\t<div class=\"elementor-element elementor-element-45128c3 elementor-widget elementor-widget-image\" data-id=\"45128c3\" data-element_type=\"widget\" data-e-type=\"widget\" data-widget_type=\"image.default\">\n\t\t\t\t<div class=\"elementor-widget-container\">\n\t\t\t\t\t\t\t\t\t\t\t\t\t\t\t<img loading=\"lazy\" decoding=\"async\" width=\"650\" height=\"367\" src=\"https:\/\/realta.ca\/wp-content\/uploads\/2024\/05\/realta_region_villeray_marcheImmobilier.jpg\" class=\"attachment-full size-full wp-image-31804\" alt=\"\" srcset=\"https:\/\/realta.ca\/wp-content\/uploads\/2024\/05\/realta_region_villeray_marcheImmobilier.jpg 650w, https:\/\/realta.ca\/wp-content\/uploads\/2024\/05\/realta_region_villeray_marcheImmobilier-300x169.jpg 300w\" sizes=\"(max-width: 650px) 100vw, 650px\" \/>\t\t\t\t\t\t\t\t\t\t\t\t\t\t\t<\/div>\n\t\t\t\t<\/div>\n\t\t\t\t<div class=\"elementor-element elementor-element-66e20ed elementor-widget-mobile__width-inherit elementor-invisible elementor-widget elementor-widget-heading\" data-id=\"66e20ed\" data-element_type=\"widget\" data-e-type=\"widget\" data-settings=\"{&quot;_animation&quot;:&quot;slideInDown&quot;}\" data-widget_type=\"heading.default\">\n\t\t\t\t<div class=\"elementor-widget-container\">\n\t\t\t\t\t<h2 class=\"elementor-heading-title elementor-size-default\">For its <b>dynamic real estate market<\/b><\/h2>\t\t\t\t<\/div>\n\t\t\t\t<\/div>\n\t\t\t\t<div class=\"elementor-element elementor-element-3b6f1e3 elementor-widget-mobile__width-inherit elementor-widget elementor-widget-text-editor\" data-id=\"3b6f1e3\" data-element_type=\"widget\" data-e-type=\"widget\" data-widget_type=\"text-editor.default\">\n\t\t\t\t<div class=\"elementor-widget-container\">\n\t\t\t\t\t\t\t\t\t<p>The Villeray\/Saint-Michel\/Parc-Extension borough is one of Montreal\u2019s most diverse and dynamic. It comprises three areas with varied profiles, each offering opportunities and challenges for property buyers and sellers. For its part, Villeray is a booming neighborhood that is attracting more and more young families and professionals. It features a mix of single-family homes, duplexes, triplexes and condos, many of which have been renovated or built recently. Saint-Michel, on the other hand, is a popular, multicultural neighborhood offering more affordable properties than the Montreal average. It features mainly single-family homes and plexes, some of which are in need of renovation. Finally, Parc-Extension is a historically working-class, immigrant neighborhood currently undergoing a major transformation. It\u2019s mostly plexes and condos, some of which are new or under construction. Overall, from Q1 to Q2 2023, the average median price rose by 4% for single-family homes and 2% for condominiums.<\/p>\n<p>*Source: Centris June 2023<\/p>\n\t\t\t\t\t\t\t\t<\/div>\n\t\t\t\t<\/div>\n\t\t\t\t<\/div>\n\t\t\t\t\t<\/div>\n\t\t\t\t<\/div>\n\t\t\t\t\t<\/div>\n\t\t\t\t<\/section>\n\t\t<section class=\"elementor-element elementor-element-7a11cba e-flex e-con-boxed e-con e-child\" data-id=\"7a11cba\" data-element_type=\"container\" data-e-type=\"container\">\n\t\t\t\t\t<div class=\"e-con-inner\">\n\t\t<div class=\"elementor-element elementor-element-7f988cb e-con-full e-flex e-con e-child\" data-id=\"7f988cb\" data-element_type=\"container\" data-e-type=\"container\">\n\t\t\t\t<div class=\"elementor-element elementor-element-31d4ae6 elementor-widget-mobile__width-inherit elementor-invisible elementor-widget elementor-widget-heading\" data-id=\"31d4ae6\" data-element_type=\"widget\" data-e-type=\"widget\" data-settings=\"{&quot;_animation&quot;:&quot;slideInDown&quot;}\" data-widget_type=\"heading.default\">\n\t\t\t\t<div class=\"elementor-widget-container\">\n\t\t\t\t\t<h2 class=\"elementor-heading-title elementor-size-default\">Median price<br \/>Single-family homes<\/h2>\t\t\t\t<\/div>\n\t\t\t\t<\/div>\n\t\t\t\t<div class=\"elementor-element elementor-element-4011601 elementor-widget elementor-widget-shortcode\" data-id=\"4011601\" data-element_type=\"widget\" data-e-type=\"widget\" data-widget_type=\"shortcode.default\">\n\t\t\t\t<div class=\"elementor-widget-container\">\n\t\t\t\t\t\t\t<div class=\"elementor-shortcode\">        <div class=\"region__stat\">\r\n            <div class=\"region__stat--cities\">\r\n                                <div class=\"region__stat--city region__median--city\">\r\n                        <label class=\"region__city--label\">Westmount<\/label>\r\n                                                    <price>2 250 000 <\/price>\r\n                                                \r\n                    <\/div>          \r\n                                        <div class=\"region__stat--city region__median--city\">\r\n                        <label class=\"region__city--label\">Outremont<\/label>\r\n                                                    <price>2 071 625 <\/price>\r\n                                                \r\n                    <\/div>          \r\n                                        <div class=\"region__stat--city region__median--city\">\r\n                        <label class=\"region__city--label\">Hampstead<\/label>\r\n                                                    <price>1 804 375 <\/price>\r\n                                                \r\n                    <\/div>          \r\n                                        <div class=\"region__stat--city region__median--city\">\r\n                        <label class=\"region__city--label\">Ville de Mont-Royal<\/label>\r\n                                                    <price>1 742 500 <\/price>\r\n                                                \r\n                    <\/div>          \r\n                                        <div class=\"region__stat--city region__median--city\">\r\n                        <label class=\"region__city--label\">C\u00f4te-des-Neiges\/Notre-Dame-de-Gr\u00e2ce<\/label>\r\n                                                    <price>1 345 000 <\/price>\r\n                                                \r\n                    <\/div>          \r\n                                        <div class=\"region__stat--city region__median--city\">\r\n                        <label class=\"region__city--label\">Le Plateau-Mont-Royal<\/label>\r\n                                                    <price>1 308 750 <\/price>\r\n                                                \r\n                    <\/div>          \r\n                                        <div class=\"region__stat--city region__median--city region__stat--bold\">\r\n                        <label class=\"region__city--label\">Ville-Marie<\/label>\r\n                                                    <price>1 194 250 <\/price>\r\n                                                \r\n                    <\/div>          \r\n                                        <div class=\"region__stat--city region__median--city\">\r\n                        <label class=\"region__city--label\">RSMT\/La-Petite-Patrie<\/label>\r\n                                                    <price>1 072 000 <\/price>\r\n                                                \r\n                    <\/div>          \r\n                                        <div class=\"region__stat--city region__median--city\">\r\n                        <label class=\"region__city--label\">Verdun\/\u00cele-des-S\u0153urs<\/label>\r\n                                                    <price>1 054 550 <\/price>\r\n                                                \r\n                    <\/div>          \r\n                                        <div class=\"region__stat--city region__median--city\">\r\n                        <label class=\"region__city--label\">Beaconsfield<\/label>\r\n                                                    <price>1 045 000 <\/price>\r\n                                                \r\n                    <\/div>          \r\n                                        <div class=\"region__stat--city region__median--city\">\r\n                        <label class=\"region__city--label\">C\u00f4te-Saint-Luc<\/label>\r\n                                                    <price>942 500 <\/price>\r\n                                                \r\n                    <\/div>          \r\n                                        <div class=\"region__stat--city region__median--city\">\r\n                        <label class=\"region__city--label\">Kirkland<\/label>\r\n                                                    <price>872 500 <\/price>\r\n                                                \r\n                    <\/div>          \r\n                                        <div class=\"region__stat--city region__median--city\">\r\n                        <label class=\"region__city--label\">Ahuntsic-Cartierville<\/label>\r\n                                                    <price>865 000 <\/price>\r\n                                                \r\n                    <\/div>          \r\n                                        <div class=\"region__stat--city region__median--city\">\r\n                        <label class=\"region__city--label\">Saint-Laurent<\/label>\r\n                                                    <price>815 000 <\/price>\r\n                                                \r\n                    <\/div>          \r\n                                        <div class=\"region__stat--city region__median--city\">\r\n                        <label class=\"region__city--label\">Sud-Ouest<\/label>\r\n                                                    <price>800 000 <\/price>\r\n                                                \r\n                    <\/div>          \r\n                                        <div class=\"region__stat--city region__median--city\">\r\n                        <label class=\"region__city--label\">L'\u00cele-Bizard\/Sainte-Genevi\u00e8ve<\/label>\r\n                                                    <price>800 000 <\/price>\r\n                                                \r\n                    <\/div>          \r\n                                        <div class=\"region__stat--city region__median--city\">\r\n                        <label class=\"region__city--label\">Lasalle<\/label>\r\n                                                    <price>765 000 <\/price>\r\n                                                \r\n                    <\/div>          \r\n                                        <div class=\"region__stat--city region__median--city\">\r\n                        <label class=\"region__city--label\">Pointe-Claire<\/label>\r\n                                                    <price>760 000 <\/price>\r\n                                                \r\n                    <\/div>          \r\n                                        <div class=\"region__stat--city region__median--city\">\r\n                        <label class=\"region__city--label\">Dollard-des-Ormeaux<\/label>\r\n                                                    <price>758 500 <\/price>\r\n                                                \r\n                    <\/div>          \r\n                                        <div class=\"region__stat--city region__median--city\">\r\n                        <label class=\"region__city--label\">Dorval<\/label>\r\n                                                    <price>722 000 <\/price>\r\n                                                \r\n                    <\/div>          \r\n                                        <div class=\"region__stat--city region__median--city\">\r\n                        <label class=\"region__city--label\">Saint-L\u00e9onard<\/label>\r\n                                                    <price>689 000 <\/price>\r\n                                                \r\n                    <\/div>          \r\n                                        <div class=\"region__stat--city region__median--city\">\r\n                        <label class=\"region__city--label\">Lachine<\/label>\r\n                                                    <price>675 000 <\/price>\r\n                                                \r\n                    <\/div>          \r\n                                        <div class=\"region__stat--city region__median--city\">\r\n                        <label class=\"region__city--label\">Villeray\/St-Michel\/Parc-Extension<\/label>\r\n                                                    <price>666 000 <\/price>\r\n                                                \r\n                    <\/div>          \r\n                                        <div class=\"region__stat--city region__median--city\">\r\n                        <label class=\"region__city--label\">Pierrefonds-Roxboro<\/label>\r\n                                                    <price>650 000 <\/price>\r\n                                                \r\n                    <\/div>          \r\n                                        <div class=\"region__stat--city region__median--city\">\r\n                        <label class=\"region__city--label\">Anjou<\/label>\r\n                                                    <price>610 000 <\/price>\r\n                                                \r\n                    <\/div>          \r\n                                        <div class=\"region__stat--city region__median--city\">\r\n                        <label class=\"region__city--label\">Mercier-Hochelaga-Maisonneuve<\/label>\r\n                                                    <price>575 000 <\/price>\r\n                                                \r\n                    <\/div>          \r\n                                        <div class=\"region__stat--city region__median--city\">\r\n                        <label class=\"region__city--label\">Rivi\u00e8re-des-Prairies\/Pointe-aux-Trembles<\/label>\r\n                                                    <price>550 000 <\/price>\r\n                                                \r\n                    <\/div>          \r\n                                        <div class=\"region__stat--city region__median--city\">\r\n                        <label class=\"region__city--label\">Montr\u00e9al-Nord<\/label>\r\n                                                    <price>505 000 <\/price>\r\n                                                \r\n                    <\/div>          \r\n                                <\/div>\r\n            <div class=\"region__stat--source\">\r\n                <p>Source : <a href=\"https:\/\/www.centris.ca\/\" target=\"_blank\">Centris<\/a><\/p>\r\n                <p>Update : September 2025<\/p>\r\n            <\/div>\r\n        <\/div>\r\n        <\/div>\n\t\t\t\t\t\t<\/div>\n\t\t\t\t<\/div>\n\t\t\t\t<\/div>\n\t\t<div class=\"elementor-element elementor-element-c8b9357 e-con-full e-flex e-con e-child\" data-id=\"c8b9357\" data-element_type=\"container\" data-e-type=\"container\">\n\t\t\t\t<div class=\"elementor-element elementor-element-5f6353a elementor-widget-mobile__width-inherit elementor-invisible elementor-widget elementor-widget-heading\" data-id=\"5f6353a\" data-element_type=\"widget\" data-e-type=\"widget\" data-settings=\"{&quot;_animation&quot;:&quot;slideInDown&quot;}\" data-widget_type=\"heading.default\">\n\t\t\t\t<div class=\"elementor-widget-container\">\n\t\t\t\t\t<h2 class=\"elementor-heading-title elementor-size-default\">Median price<br \/>Condominium<\/h2>\t\t\t\t<\/div>\n\t\t\t\t<\/div>\n\t\t\t\t<div class=\"elementor-element elementor-element-63210fe elementor-widget elementor-widget-shortcode\" data-id=\"63210fe\" data-element_type=\"widget\" data-e-type=\"widget\" data-widget_type=\"shortcode.default\">\n\t\t\t\t<div class=\"elementor-widget-container\">\n\t\t\t\t\t\t\t<div class=\"elementor-shortcode\">        <div class=\"region__stat\">\r\n            <div class=\"region__stat--cities\">\r\n                                <div class=\"region__stat--city region__median--city\">\r\n                        <label class=\"region__city--label\">Westmount<\/label>\r\n                                                    <price>912 875 <\/price>\r\n                                                \r\n                    <\/div>          \r\n                                        <div class=\"region__stat--city region__median--city\">\r\n                        <label class=\"region__city--label\">Outremont<\/label>\r\n                                                    <price>797 250 <\/price>\r\n                                                \r\n                    <\/div>          \r\n                                        <div class=\"region__stat--city region__median--city\">\r\n                        <label class=\"region__city--label\">Dorval<\/label>\r\n                                                    <price>722 000 <\/price>\r\n                                                \r\n                    <\/div>          \r\n                                        <div class=\"region__stat--city region__median--city\">\r\n                        <label class=\"region__city--label\">Ville de Mont-Royal<\/label>\r\n                                                    <price>646 500 <\/price>\r\n                                                \r\n                    <\/div>          \r\n                                        <div class=\"region__stat--city region__median--city\">\r\n                        <label class=\"region__city--label\">Le Plateau-Mont-Royal<\/label>\r\n                                                    <price>590 000 <\/price>\r\n                                                \r\n                    <\/div>          \r\n                                        <div class=\"region__stat--city region__median--city\">\r\n                        <label class=\"region__city--label\">Verdun\/\u00cele-des-S\u0153urs<\/label>\r\n                                                    <price>578 000 <\/price>\r\n                                                \r\n                    <\/div>          \r\n                                        <div class=\"region__stat--city region__median--city\">\r\n                        <label class=\"region__city--label\">Pointe-Claire<\/label>\r\n                                                    <price>561 250 <\/price>\r\n                                                \r\n                    <\/div>          \r\n                                        <div class=\"region__stat--city region__median--city\">\r\n                        <label class=\"region__city--label\">C\u00f4te-des-Neiges\/Notre-Dame-de-Gr\u00e2ce<\/label>\r\n                                                    <price>560 000 <\/price>\r\n                                                \r\n                    <\/div>          \r\n                                        <div class=\"region__stat--city region__median--city\">\r\n                        <label class=\"region__city--label\">RSMT\/La-Petite-Patrie<\/label>\r\n                                                    <price>550 000 <\/price>\r\n                                                \r\n                    <\/div>          \r\n                                        <div class=\"region__stat--city region__median--city\">\r\n                        <label class=\"region__city--label\">C\u00f4te-Saint-Luc<\/label>\r\n                                                    <price>549 000 <\/price>\r\n                                                \r\n                    <\/div>          \r\n                                        <div class=\"region__stat--city region__median--city\">\r\n                        <label class=\"region__city--label\">Dollard-des-Ormeaux<\/label>\r\n                                                    <price>486 000 <\/price>\r\n                                                \r\n                    <\/div>          \r\n                                        <div class=\"region__stat--city region__median--city\">\r\n                        <label class=\"region__city--label\">Sud-Ouest<\/label>\r\n                                                    <price>480 000 <\/price>\r\n                                                \r\n                    <\/div>          \r\n                                        <div class=\"region__stat--city region__median--city\">\r\n                        <label class=\"region__city--label\">Saint-Laurent<\/label>\r\n                                                    <price>475 000 <\/price>\r\n                                                \r\n                    <\/div>          \r\n                                        <div class=\"region__stat--city region__median--city region__stat--bold\">\r\n                        <label class=\"region__city--label\">Ville-Marie<\/label>\r\n                                                    <price>471 500 <\/price>\r\n                                                \r\n                    <\/div>          \r\n                                        <div class=\"region__stat--city region__median--city\">\r\n                        <label class=\"region__city--label\">Lasalle<\/label>\r\n                                                    <price>463 000 <\/price>\r\n                                                \r\n                    <\/div>          \r\n                                        <div class=\"region__stat--city region__median--city\">\r\n                        <label class=\"region__city--label\">Villeray\/St-Michel\/Parc-Extension<\/label>\r\n                                                    <price>455 000 <\/price>\r\n                                                \r\n                    <\/div>          \r\n                                        <div class=\"region__stat--city region__median--city\">\r\n                        <label class=\"region__city--label\">Lachine<\/label>\r\n                                                    <price>431 500 <\/price>\r\n                                                \r\n                    <\/div>          \r\n                                        <div class=\"region__stat--city region__median--city\">\r\n                        <label class=\"region__city--label\">Ahuntsic-Cartierville<\/label>\r\n                                                    <price>424 687 <\/price>\r\n                                                \r\n                    <\/div>          \r\n                                        <div class=\"region__stat--city region__median--city\">\r\n                        <label class=\"region__city--label\">Saint-L\u00e9onard<\/label>\r\n                                                    <price>406 750 <\/price>\r\n                                                \r\n                    <\/div>          \r\n                                        <div class=\"region__stat--city region__median--city\">\r\n                        <label class=\"region__city--label\">Mercier-Hochelaga-Maisonneuve<\/label>\r\n                                                    <price>405 000 <\/price>\r\n                                                \r\n                    <\/div>          \r\n                                        <div class=\"region__stat--city region__median--city\">\r\n                        <label class=\"region__city--label\">Pierrefonds-Roxboro<\/label>\r\n                                                    <price>372 500 <\/price>\r\n                                                \r\n                    <\/div>          \r\n                                        <div class=\"region__stat--city region__median--city\">\r\n                        <label class=\"region__city--label\">Anjou<\/label>\r\n                                                    <price>360 000 <\/price>\r\n                                                \r\n                    <\/div>          \r\n                                        <div class=\"region__stat--city region__median--city\">\r\n                        <label class=\"region__city--label\">Rivi\u00e8re-des-Prairies\/Pointe-aux-Trembles<\/label>\r\n                                                    <price>349 000 <\/price>\r\n                                                \r\n                    <\/div>          \r\n                                        <div class=\"region__stat--city region__median--city\">\r\n                        <label class=\"region__city--label\">Montr\u00e9al-Nord<\/label>\r\n                                                    <price>330 000 <\/price>\r\n                                                \r\n                    <\/div>          \r\n                                        <div class=\"region__stat--city region__median--city\">\r\n                        <label class=\"region__city--label\">L'\u00cele-Bizard\/Sainte-Genevi\u00e8ve<\/label>\r\n                                                    <price>0 <\/price>\r\n                                                \r\n                    <\/div>          \r\n                                        <div class=\"region__stat--city region__median--city\">\r\n                        <label class=\"region__city--label\">Kirkland<\/label>\r\n                                                    <price>0 <\/price>\r\n                                                \r\n                    <\/div>          \r\n                                        <div class=\"region__stat--city region__median--city\">\r\n                        <label class=\"region__city--label\">Hampstead<\/label>\r\n                                                    <price>0 <\/price>\r\n                                                \r\n                    <\/div>          \r\n                                        <div class=\"region__stat--city region__median--city\">\r\n                        <label class=\"region__city--label\">Beaconsfield<\/label>\r\n                                                    <price>0 <\/price>\r\n                                                \r\n                    <\/div>          \r\n                                <\/div>\r\n            <div class=\"region__stat--source\">\r\n                <p>Source : <a href=\"https:\/\/www.centris.ca\/\" target=\"_blank\">Centris<\/a><\/p>\r\n                <p>Update : September 2025<\/p>\r\n            <\/div>\r\n        <\/div>\r\n        <\/div>\n\t\t\t\t\t\t<\/div>\n\t\t\t\t<\/div>\n\t\t\t\t<\/div>\n\t\t\t\t\t<\/div>\n\t\t\t\t<\/section>\n\t\t\t\t\t<\/div>\n\t\t\t\t<\/div>\n\t\t<div class=\"elementor-element elementor-element-8e4aea2 js__section e-flex e-con-boxed e-con e-parent\" data-id=\"8e4aea2\" data-element_type=\"container\" data-e-type=\"container\" data-section-color=\"#fff\">\n\t\t\t\t\t<div class=\"e-con-inner\">\n\t\t\t\t<div class=\"elementor-element elementor-element-611e299 js__section--label elementor-widget elementor-widget-html\" data-id=\"611e299\" data-element_type=\"widget\" data-e-type=\"widget\" data-widget_type=\"html.default\">\n\t\t\t\t<div class=\"elementor-widget-container\">\n\t\t\t\t\tArticle\t\t\t\t<\/div>\n\t\t\t\t<\/div>\n\t\t<header class=\"elementor-element elementor-element-1f3a75e e-flex e-con-boxed e-con e-child\" data-id=\"1f3a75e\" data-element_type=\"container\" data-e-type=\"container\" data-settings=\"{&quot;background_background&quot;:&quot;classic&quot;}\">\n\t\t\t\t\t<div class=\"e-con-inner\">\n\t\t<div class=\"elementor-element elementor-element-6c94822 e-flex e-con-boxed e-con e-child\" data-id=\"6c94822\" data-element_type=\"container\" data-e-type=\"container\">\n\t\t\t\t\t<div class=\"e-con-inner\">\n\t\t\t\t<div class=\"elementor-element elementor-element-392d7c9 elementor-grid-1 elementor-grid-tablet-1 elementor-posts--thumbnail-top elementor-grid-mobile-1 elementor-widget elementor-widget-posts\" data-id=\"392d7c9\" data-element_type=\"widget\" data-e-type=\"widget\" data-settings=\"{&quot;custom_columns&quot;:&quot;1&quot;,&quot;custom_columns_tablet&quot;:&quot;1&quot;,&quot;custom_columns_mobile&quot;:&quot;1&quot;,&quot;custom_row_gap&quot;:{&quot;unit&quot;:&quot;px&quot;,&quot;size&quot;:35,&quot;sizes&quot;:[]},&quot;custom_row_gap_tablet&quot;:{&quot;unit&quot;:&quot;px&quot;,&quot;size&quot;:&quot;&quot;,&quot;sizes&quot;:[]},&quot;custom_row_gap_mobile&quot;:{&quot;unit&quot;:&quot;px&quot;,&quot;size&quot;:&quot;&quot;,&quot;sizes&quot;:[]}}\" data-widget_type=\"posts.custom\">\n\t\t\t\t<div class=\"elementor-widget-container\">\n\t\t\t\t\t      <div class=\"ecs-posts elementor-posts-container elementor-posts   elementor-grid elementor-posts--skin-custom\" data-settings=\"{&quot;current_page&quot;:1,&quot;max_num_pages&quot;:1,&quot;load_method&quot;:&quot;&quot;,&quot;widget_id&quot;:&quot;392d7c9&quot;,&quot;post_id&quot;:29505,&quot;theme_id&quot;:29505,&quot;change_url&quot;:false,&quot;reinit_js&quot;:false}\">\n      \t\t<article id=\"post-26991\" class=\"elementor-post elementor-grid-item ecs-post-loop post-26991 post type-post status-publish format-standard has-post-thumbnail hentry category-neighborhoods\">\n\t\t\t\t<div data-elementor-type=\"loop\" data-elementor-id=\"26465\" class=\"elementor elementor-26465 elementor-26382 elementor-26382 post-26991 post type-post status-publish format-standard has-post-thumbnail hentry category-neighborhoods\" data-elementor-post-type=\"elementor_library\">\n\t\t\t\t\t<div class=\"elementor-section elementor-top-section elementor-element elementor-element-76811d5 elementor-section-content-middle elementor-section-boxed elementor-section-height-default elementor-section-height-default\" data-id=\"76811d5\" data-element_type=\"section\" data-e-type=\"section\">\n\t\t\t\t\t\t<div class=\"elementor-container elementor-column-gap-default\">\n\t\t\t\t\t<div class=\"elementor-column elementor-col-50 elementor-top-column elementor-element elementor-element-b6772da\" data-id=\"b6772da\" data-element_type=\"column\" data-e-type=\"column\">\n\t\t\t<div class=\"elementor-widget-wrap elementor-element-populated\">\n\t\t\t\t\t\t<div class=\"elementor-element elementor-element-38d215b elementor-widget__width-initial elementor-widget-mobile__width-inherit elementor-widget-tablet__width-initial elementor-invisible elementor-widget elementor-widget-heading\" data-id=\"38d215b\" data-element_type=\"widget\" data-e-type=\"widget\" data-settings=\"{&quot;_animation&quot;:&quot;slideInDown&quot;}\" data-widget_type=\"heading.default\">\n\t\t\t\t<div class=\"elementor-widget-container\">\n\t\t\t\t\t<h2 class=\"elementor-heading-title elementor-size-default\">The Villeray neighbourhood in all its angles<\/h2>\t\t\t\t<\/div>\n\t\t\t\t<\/div>\n\t\t\t\t<div class=\"elementor-element elementor-element-3439316 elementor-widget__width-initial elementor-widget-mobile__width-inherit elementor-widget elementor-widget-text-editor\" data-id=\"3439316\" data-element_type=\"widget\" data-e-type=\"widget\" data-widget_type=\"text-editor.default\">\n\t\t\t\t<div class=\"elementor-widget-container\">\n\t\t\t\t\t\t\t\t\tWith an impressive number of media reports highlighting its dynamism, the Villeray district is without a doubt one of the most sought-after neighbourhoods in\t\t\t\t\t\t\t\t<\/div>\n\t\t\t\t<\/div>\n\t\t\t\t<div class=\"elementor-element elementor-element-b830816 bouton_clair bouton__rouge elementor-widget elementor-widget-button\" data-id=\"b830816\" data-element_type=\"widget\" data-e-type=\"widget\" data-widget_type=\"button.default\">\n\t\t\t\t<div class=\"elementor-widget-container\">\n\t\t\t\t\t\t\t\t\t<div class=\"elementor-button-wrapper\">\n\t\t\t\t\t<a class=\"elementor-button elementor-button-link elementor-size-sm\" href=\"https:\/\/realta.ca\/en\/the-villeray-neighbourhood-in-all-its-angles-2\/\">\n\t\t\t\t\t\t<span class=\"elementor-button-content-wrapper\">\n\t\t\t\t\t\t\t\t\t<span class=\"elementor-button-text\">Read more<\/span>\n\t\t\t\t\t<\/span>\n\t\t\t\t\t<\/a>\n\t\t\t\t<\/div>\n\t\t\t\t\t\t\t\t<\/div>\n\t\t\t\t<\/div>\n\t\t\t\t\t<\/div>\n\t\t<\/div>\n\t\t\t\t<div class=\"elementor-column elementor-col-50 elementor-top-column elementor-element elementor-element-21c64a1 elementor-hidden-mobile\" data-id=\"21c64a1\" data-element_type=\"column\" data-e-type=\"column\" data-settings=\"{&quot;background_background&quot;:&quot;classic&quot;}\">\n\t\t\t<div class=\"elementor-widget-wrap elementor-element-populated\">\n\t\t\t\t\t\t<div class=\"elementor-element elementor-element-d24e749 elementor-widget elementor-widget-image\" data-id=\"d24e749\" data-element_type=\"widget\" data-e-type=\"widget\" data-widget_type=\"image.default\">\n\t\t\t\t<div class=\"elementor-widget-container\">\n\t\t\t\t\t\t\t\t\t\t\t\t\t\t\t<img loading=\"lazy\" decoding=\"async\" width=\"768\" height=\"546\" src=\"https:\/\/realta.ca\/wp-content\/uploads\/2022\/10\/Untitled-design-94-768x546.png\" class=\"attachment-medium_large size-medium_large wp-image-26938\" alt=\"quartier Villeray\" srcset=\"https:\/\/realta.ca\/wp-content\/uploads\/2022\/10\/Untitled-design-94-768x546.png 768w, https:\/\/realta.ca\/wp-content\/uploads\/2022\/10\/Untitled-design-94-300x213.png 300w, https:\/\/realta.ca\/wp-content\/uploads\/2022\/10\/Untitled-design-94-1024x728.png 1024w, https:\/\/realta.ca\/wp-content\/uploads\/2022\/10\/Untitled-design-94-1536x1093.png 1536w, https:\/\/realta.ca\/wp-content\/uploads\/2022\/10\/Untitled-design-94-2048x1457.png 2048w\" sizes=\"(max-width: 768px) 100vw, 768px\" \/>\t\t\t\t\t\t\t\t\t\t\t\t\t\t\t<\/div>\n\t\t\t\t<\/div>\n\t\t\t\t\t<\/div>\n\t\t<\/div>\n\t\t\t\t\t<\/div>\n\t\t<\/div>\n\t\t\t\t<\/div>\n\t\t\t\t<\/article>\n\t\t\t\t<\/div>\n\t\t\t\t\t\t<\/div>\n\t\t\t\t<\/div>\n\t\t\t\t\t<\/div>\n\t\t\t\t<\/div>\n\t\t\t\t\t<\/div>\n\t\t\t\t<\/header>\n\t\t\t\t\t<\/div>\n\t\t\t\t<\/div>\n\t\t<div class=\"elementor-element elementor-element-b991396 js__section e-flex e-con-boxed e-con e-parent\" data-id=\"b991396\" data-element_type=\"container\" data-e-type=\"container\" data-section-color=\"#fff\">\n\t\t\t\t\t<div class=\"e-con-inner\">\n\t\t\t\t<div class=\"elementor-element elementor-element-2556704 js__section--label elementor-widget elementor-widget-html\" data-id=\"2556704\" data-element_type=\"widget\" data-e-type=\"widget\" data-widget_type=\"html.default\">\n\t\t\t\t<div class=\"elementor-widget-container\">\n\t\t\t\t\tRealta\t\t\t\t<\/div>\n\t\t\t\t<\/div>\n\t\t<header class=\"elementor-element elementor-element-274d4f7 e-flex e-con-boxed e-con e-child\" data-id=\"274d4f7\" data-element_type=\"container\" data-e-type=\"container\" data-settings=\"{&quot;background_background&quot;:&quot;classic&quot;}\">\n\t\t\t\t\t<div class=\"e-con-inner\">\n\t\t<div class=\"elementor-element elementor-element-203f3e4 e-con-full e-flex e-con e-child\" data-id=\"203f3e4\" data-element_type=\"container\" data-e-type=\"container\">\n\t\t\t\t<div class=\"elementor-element elementor-element-cc9fbd9 elementor-widget-mobile__width-initial elementor-widget-tablet__width-initial elementor-widget__width-initial elementor-invisible elementor-widget elementor-widget-heading\" data-id=\"cc9fbd9\" data-element_type=\"widget\" data-e-type=\"widget\" data-settings=\"{&quot;_animation&quot;:&quot;slideInDown&quot;}\" data-widget_type=\"heading.default\">\n\t\t\t\t<div class=\"elementor-widget-container\">\n\t\t\t\t\t<h1 class=\"elementor-heading-title elementor-size-default\">In Villeray\/St-Michel\/Parc-Extension, my real estate agency is Realta!<\/h1>\t\t\t\t<\/div>\n\t\t\t\t<\/div>\n\t\t\t\t<div class=\"elementor-element elementor-element-444a615 elementor-widget__width-initial elementor-invisible elementor-widget elementor-widget-text-editor\" data-id=\"444a615\" data-element_type=\"widget\" data-e-type=\"widget\" data-settings=\"{&quot;_animation&quot;:&quot;fadeInDown&quot;}\" data-widget_type=\"text-editor.default\">\n\t\t\t\t<div class=\"elementor-widget-container\">\n\t\t\t\t\t\t\t\t\t<p>There are many reasons to live in Villeray\/St-Michel\/Parc-Extension.<\/p>\n<p>Whether you\u2019re selling your property or looking for the perfect home or condo to buy, there are many opportunities. Whether you\u2019re a buyer or a seller, take advantage of our real estate expertise for a successful marketing, or a purchase with a clear head.<\/p>\n<p>Meet the\u00a0<a href=\"\/en\/our-brokers\/\" target=\"_blank\" rel=\"noopener\">members of the REALTA team, Villeray\/St-Michel\/Parc-Extension real estate broker.<\/a><\/p>\n\t\t\t\t\t\t\t\t<\/div>\n\t\t\t\t<\/div>\n\t\t\t\t<\/div>\n\t\t<div class=\"elementor-element elementor-element-837be01 e-con-full e-flex e-con e-child\" data-id=\"837be01\" data-element_type=\"container\" data-e-type=\"container\">\n\t\t\t\t<div class=\"elementor-element elementor-element-48174d1 elementor-widget elementor-widget-image\" data-id=\"48174d1\" data-element_type=\"widget\" data-e-type=\"widget\" data-widget_type=\"image.default\">\n\t\t\t\t<div class=\"elementor-widget-container\">\n\t\t\t\t\t\t\t\t\t\t\t\t\t\t\t<img loading=\"lazy\" decoding=\"async\" width=\"500\" height=\"374\" src=\"https:\/\/realta.ca\/wp-content\/uploads\/2024\/04\/realta_region_footer.jpg\" class=\"attachment-full size-full wp-image-31539\" alt=\"\" srcset=\"https:\/\/realta.ca\/wp-content\/uploads\/2024\/04\/realta_region_footer.jpg 500w, https:\/\/realta.ca\/wp-content\/uploads\/2024\/04\/realta_region_footer-300x224.jpg 300w\" sizes=\"(max-width: 500px) 100vw, 500px\" \/>\t\t\t\t\t\t\t\t\t\t\t\t\t\t\t<\/div>\n\t\t\t\t<\/div>\n\t\t\t\t<\/div>\n\t\t\t\t\t<\/div>\n\t\t\t\t<\/header>\n\t\t<header class=\"elementor-element elementor-element-47069d1 e-flex e-con-boxed e-con e-child\" data-id=\"47069d1\" data-element_type=\"container\" data-e-type=\"container\" data-settings=\"{&quot;background_background&quot;:&quot;classic&quot;}\">\n\t\t\t\t\t<div class=\"e-con-inner\">\n\t\t\t\t<div class=\"elementor-element elementor-element-cd91198 shortcode__sousPage--ville elementor-widget elementor-widget-shortcode\" data-id=\"cd91198\" data-element_type=\"widget\" data-e-type=\"widget\" id=\"region_montreal_liste\" data-widget_type=\"shortcode.default\">\n\t\t\t\t<div class=\"elementor-widget-container\">\n\t\t\t\t\t\t\t<div class=\"elementor-shortcode\"><\/div>\n\t\t\t\t\t\t<\/div>\n\t\t\t\t<\/div>\n\t\t\t\t\t<\/div>\n\t\t\t\t<\/header>\n\t\t\t\t\t<\/div>\n\t\t\t\t<\/div>\n\t\t<div class=\"elementor-element elementor-element-0361372 js__section e-flex e-con-boxed e-con e-parent\" data-id=\"0361372\" data-element_type=\"container\" data-e-type=\"container\">\n\t\t\t\t\t<div class=\"e-con-inner\">\n\t\t\t\t<div class=\"elementor-element elementor-element-96b24bc js__section--label elementor-widget elementor-widget-html\" data-id=\"96b24bc\" data-element_type=\"widget\" data-e-type=\"widget\" data-widget_type=\"html.default\">\n\t\t\t\t<div class=\"elementor-widget-container\">\n\t\t\t\t\tSources\t\t\t\t<\/div>\n\t\t\t\t<\/div>\n\t\t<header class=\"elementor-element elementor-element-8cfd223 e-flex e-con-boxed e-con e-child\" data-id=\"8cfd223\" data-element_type=\"container\" data-e-type=\"container\" data-settings=\"{&quot;background_background&quot;:&quot;classic&quot;}\">\n\t\t\t\t\t<div class=\"e-con-inner\">\n\t\t\t\t<div class=\"elementor-element elementor-element-73f3d2d elementor-widget-mobile__width-inherit elementor-widget-tablet__width-inherit elementor-invisible elementor-widget elementor-widget-heading\" data-id=\"73f3d2d\" data-element_type=\"widget\" data-e-type=\"widget\" data-settings=\"{&quot;_animation&quot;:&quot;slideInDown&quot;}\" data-widget_type=\"heading.default\">\n\t\t\t\t<div class=\"elementor-widget-container\">\n\t\t\t\t\t<h2 class=\"elementor-heading-title elementor-size-default\">Information sources and useful links<\/h2>\t\t\t\t<\/div>\n\t\t\t\t<\/div>\n\t\t\t\t<div class=\"elementor-element elementor-element-203549b elementor-widget-mobile__width-inherit elementor-widget elementor-widget-text-editor\" data-id=\"203549b\" data-element_type=\"widget\" data-e-type=\"widget\" data-widget_type=\"text-editor.default\">\n\t\t\t\t<div class=\"elementor-widget-container\">\n\t\t\t\t\t\t\t\t\t<ul>\n<li><a href=\"https:\/\/montreal.ca\/villeray-saint-michel-parc-extension\">Borough of Villeray\/Saint-Michel\/Parc-Extension website<\/a><\/li>\n<li><a href=\"https:\/\/www.facebook.com\/arrondissement.vsp\/?locale=fr_CA\">Villeray\/Saint-Michel\/Parc-Extension \u2013 Facebook page<\/a><\/li>\n<li><a href=\"https:\/\/ville.montreal.qc.ca\/pls\/portal\/docs\/page\/arrond_vsp_fr\/media\/documents\/carte_arrondissement_vsp_2011.pdf\">Map of Villeray\/Saint-Michel\/Parc-Extension Borough<\/a><\/li>\n<li><a href=\"https:\/\/montreal.ca\/articles\/ressources-communautaires-dans-vsp-8435\">Community resources in VSP<\/a><\/li>\n<li><a href=\"https:\/\/ville.montreal.qc.ca\/pls\/portal\/docs\/page\/arrond_vsp_fr\/media\/documents\/portrait_villeray.pdf\">Portrait of the Villeray district<\/a><\/li>\n<li><a href=\"https:\/\/www.facebook.com\/groups\/villagevilleray\/\">Vivre Villeray \u2013 Facebook Group<\/a><\/li>\n<li><a href=\"https:\/\/www.solidaritesvilleray.org\/Accueil\">CDC Solidarit\u00e9s Villeray<\/a><\/li>\n<li><a href=\"https:\/\/docs.google.com\/document\/d\/1j3eAE0Vq3bVwmnslTs9TBJz9VjFBoWA6G4F7LtF2qI4\/edit\">Resource guide \u2013 Quartier Villeray<\/a><\/li>\n<li><a href=\"https:\/\/numerique.banq.qc.ca\/patrimoine\/details\/52327\/2978058\">Les merveilleux progr\u00e8s du quartier Villeray \u2013 Souvenir album from the 1940s<\/a><\/li>\n<li><a href=\"https:\/\/aqtr.com\/system\/files\/file_manager\/lundi_pm_armand.pdf\">Place de Castelnau<\/a><\/li>\n<li><a href=\"https:\/\/patrovilleray.ca\/\">Patro Villeray<\/a><\/li>\n<li><a href=\"https:\/\/numerique.banq.qc.ca\/patrimoine\/details\/52327\/2465221\">Saint-Michel district profile<\/a><\/li>\n<li><a href=\"https:\/\/ville.montreal.qc.ca\/pls\/portal\/docs\/PAGE\/ARROND_VSP_FR\/MEDIA\/DOCUMENTS\/LA_PETITE_HISTOIRE_DE_SAINT-MICHEL.PDF\">A short history of Saint-Michel from country to city 1699-1968<\/a><\/li>\n<li><a href=\"https:\/\/www.vivre-saint-michel.org\/saint-michel\/ressources-du-quartier\/\" target=\"_blank\" rel=\"noopener\">Ressources du quartier \u2013 Healthy living \u2013 Saint-Michel<\/a><\/li>\n<li><a href=\"https:\/\/www.facebook.com\/pages\/March%C3%A9-Aux-Puces-St-Michel\/265813333495252?paipv=0&amp;eav=AfaGolcettNO4YufN-sqVaBEsPlFmSLz5Y2CiwXz3AgQQDDZUCXvI35ChCveiXaTzUM&amp;_rdr\">St-Michel Flea Market<\/a><\/li>\n<li><a href=\"https:\/\/numerique.banq.qc.ca\/patrimoine\/details\/52327\/2465219\">Portrait of the Parc-Extension district<\/a><\/li>\n<li><a href=\"https:\/\/www.facebook.com\/pages\/Parc-Extension\/322480251121061\">Parc-Extension \u2013 Facebook page<\/a><\/li>\n<li><a href=\"https:\/\/www.ressourcealimentation.org\/\" target=\"_blank\" rel=\"noopener\">Ressource Action-Alimentation de Parc-Extension<\/a><\/li>\n<li><a href=\"https:\/\/ville.montreal.qc.ca\/memoiresdesmontrealais\/le-petit-maghreb-un-projet-ambitieux\">Le Petit Maghreb, an ambitious project<\/a><\/li>\n<li><a href=\"https:\/\/montreal.ca\/lieux\/parc-jarry\">Jarry Park<\/a><\/li>\n<li><a href=\"https:\/\/www.facebook.com\/maisoncultureclaudeleveillee\">Maison de la culture Claude-L\u00e9veill\u00e9e \u2013 Facebook page<\/a><\/li>\n<li><a href=\"https:\/\/www.taz.ca\/installations\/\">Le Taz \u2013 Roller rink<\/a><\/li>\n<\/ul>\n\t\t\t\t\t\t\t\t<\/div>\n\t\t\t\t<\/div>\n\t\t\t\t\t<\/div>\n\t\t\t\t<\/header>\n\t\t\t\t\t<\/div>\n\t\t\t\t<\/div>\n\t\t\t\t<\/div>\n\t\t","protected":false},"excerpt":{"rendered":"<p>Properties Welcome to the borough of Villeray \/ Saint-Michel \/ Parc-Extension\u00a0 Welcome to this page dedicated to the Montreal borough of Villeray\/Saint-Michel\/Parc-Extension. REALTA,\u00a0a real estate<\/p>\n","protected":false},"author":1,"featured_media":0,"parent":28244,"menu_order":0,"comment_status":"closed","ping_status":"closed","template":"","meta":{"_acf_changed":false,"footnotes":""},"class_list":["post-29505","page","type-page","status-publish","hentry"],"acf":[],"yoast_head":"<!-- This site is optimized with the Yoast SEO plugin v27.1.1 - https:\/\/yoast.com\/product\/yoast-seo-wordpress\/ -->\n<title>Real estate agency Villeray Saint-Michel Parc Extension | REALTA<\/title>\n<meta name=\"description\" content=\"Find the ideal property in the Villeray Saint-Michel Parc Extension Borough. Selection of properties for sale. Information: (438) 603-5050.\" \/>\n<meta name=\"robots\" content=\"index, follow, max-snippet:-1, max-image-preview:large, max-video-preview:-1\" \/>\n<link rel=\"canonical\" href=\"https:\/\/realta.ca\/en\/properties-by-region\/montreal\/montreal-villeray-saint-michel-parc-extension\/\" \/>\n<meta property=\"og:locale\" content=\"en_US\" \/>\n<meta property=\"og:type\" content=\"article\" \/>\n<meta property=\"og:title\" content=\"Real estate agency Villeray Saint-Michel Parc Extension | REALTA\" \/>\n<meta property=\"og:description\" content=\"Find the ideal property in the Villeray Saint-Michel Parc Extension Borough. Selection of properties for sale. Information: (438) 603-5050.\" \/>\n<meta property=\"og:url\" content=\"https:\/\/realta.ca\/en\/properties-by-region\/montreal\/montreal-villeray-saint-michel-parc-extension\/\" \/>\n<meta property=\"og:site_name\" content=\"Realta\" \/>\n<meta property=\"article:publisher\" content=\"https:\/\/www.facebook.com\/REALTA.agenceimmobiliere\/\" \/>\n<meta property=\"article:modified_time\" content=\"2024-05-20T14:41:48+00:00\" \/>\n<meta property=\"og:image\" content=\"https:\/\/realta.ca\/wp-content\/uploads\/2024\/05\/realta_region_villeray_header.png\" \/>\n<meta name=\"twitter:card\" content=\"summary_large_image\" \/>\n<meta name=\"twitter:label1\" content=\"Est. reading time\" \/>\n\t<meta name=\"twitter:data1\" content=\"27 minutes\" \/>\n<!-- \/ Yoast SEO plugin. -->","yoast_head_json":{"title":"Real estate agency Villeray Saint-Michel Parc Extension | REALTA","description":"Find the ideal property in the Villeray Saint-Michel Parc Extension Borough. Selection of properties for sale. Information: (438) 603-5050.","robots":{"index":"index","follow":"follow","max-snippet":"max-snippet:-1","max-image-preview":"max-image-preview:large","max-video-preview":"max-video-preview:-1"},"canonical":"https:\/\/realta.ca\/en\/properties-by-region\/montreal\/montreal-villeray-saint-michel-parc-extension\/","og_locale":"en_US","og_type":"article","og_title":"Real estate agency Villeray Saint-Michel Parc Extension | REALTA","og_description":"Find the ideal property in the Villeray Saint-Michel Parc Extension Borough. Selection of properties for sale. Information: (438) 603-5050.","og_url":"https:\/\/realta.ca\/en\/properties-by-region\/montreal\/montreal-villeray-saint-michel-parc-extension\/","og_site_name":"Realta","article_publisher":"https:\/\/www.facebook.com\/REALTA.agenceimmobiliere\/","article_modified_time":"2024-05-20T14:41:48+00:00","og_image":[{"url":"https:\/\/realta.ca\/wp-content\/uploads\/2024\/05\/realta_region_villeray_header.png","type":"","width":"","height":""}],"twitter_card":"summary_large_image","twitter_misc":{"Est. reading time":"27 minutes"},"schema":{"@context":"https:\/\/schema.org","@graph":[{"@type":"WebPage","@id":"https:\/\/realta.ca\/en\/properties-by-region\/montreal\/montreal-villeray-saint-michel-parc-extension\/","url":"https:\/\/realta.ca\/en\/properties-by-region\/montreal\/montreal-villeray-saint-michel-parc-extension\/","name":"Real estate agency Villeray Saint-Michel Parc Extension | REALTA","isPartOf":{"@id":"https:\/\/realta.ca\/en\/#website"},"primaryImageOfPage":{"@id":"https:\/\/realta.ca\/en\/properties-by-region\/montreal\/montreal-villeray-saint-michel-parc-extension\/#primaryimage"},"image":{"@id":"https:\/\/realta.ca\/en\/properties-by-region\/montreal\/montreal-villeray-saint-michel-parc-extension\/#primaryimage"},"thumbnailUrl":"https:\/\/realta.ca\/wp-content\/uploads\/2024\/05\/realta_region_villeray_header.png","datePublished":"2023-07-14T18:22:50+00:00","dateModified":"2024-05-20T14:41:48+00:00","description":"Find the ideal property in the Villeray Saint-Michel Parc Extension Borough. Selection of properties for sale. Information: (438) 603-5050.","breadcrumb":{"@id":"https:\/\/realta.ca\/en\/properties-by-region\/montreal\/montreal-villeray-saint-michel-parc-extension\/#breadcrumb"},"inLanguage":"en-US","potentialAction":[{"@type":"ReadAction","target":["https:\/\/realta.ca\/en\/properties-by-region\/montreal\/montreal-villeray-saint-michel-parc-extension\/"]}]},{"@type":"ImageObject","inLanguage":"en-US","@id":"https:\/\/realta.ca\/en\/properties-by-region\/montreal\/montreal-villeray-saint-michel-parc-extension\/#primaryimage","url":"https:\/\/realta.ca\/wp-content\/uploads\/2024\/05\/realta_region_villeray_header.png","contentUrl":"https:\/\/realta.ca\/wp-content\/uploads\/2024\/05\/realta_region_villeray_header.png"},{"@type":"BreadcrumbList","@id":"https:\/\/realta.ca\/en\/properties-by-region\/montreal\/montreal-villeray-saint-michel-parc-extension\/#breadcrumb","itemListElement":[{"@type":"ListItem","position":1,"name":"Accueil","item":"https:\/\/realta.ca\/en\/"},{"@type":"ListItem","position":2,"name":"Properties by region","item":"https:\/\/realta.ca\/en\/proprietes-par-region\/"},{"@type":"ListItem","position":3,"name":"Montreal","item":"https:\/\/realta.ca\/en\/proprietes-par-region\/montreal\/"},{"@type":"ListItem","position":4,"name":"Montr\u00e9al Villeray Saint-Michel Parc-Extension"}]},{"@type":"WebSite","@id":"https:\/\/realta.ca\/en\/#website","url":"https:\/\/realta.ca\/en\/","name":"REALTA, Agence immobili\u00e8re","description":"Real Estate Agency","publisher":{"@id":"https:\/\/realta.ca\/en\/#organization"},"alternateName":"REALTA, Agence immobili\u00e8re Montr\u00e9al - Qu\u00e9bec","potentialAction":[{"@type":"SearchAction","target":{"@type":"EntryPoint","urlTemplate":"https:\/\/realta.ca\/en\/?s={search_term_string}"},"query-input":{"@type":"PropertyValueSpecification","valueRequired":true,"valueName":"search_term_string"}}],"inLanguage":"en-US"},{"@type":"Organization","@id":"https:\/\/realta.ca\/en\/#organization","name":"REALTA, Agence immobili\u00e8re","alternateName":"REALTA, Agence immobili\u00e8re Montr\u00e9al - Qu\u00e9bec","url":"https:\/\/realta.ca\/en\/","logo":{"@type":"ImageObject","inLanguage":"en-US","@id":"https:\/\/realta.ca\/en\/#\/schema\/logo\/image\/","url":"https:\/\/realta.ca\/wp-content\/uploads\/2021\/12\/realta_favicon.svg","contentUrl":"https:\/\/realta.ca\/wp-content\/uploads\/2021\/12\/realta_favicon.svg","width":250,"height":250,"caption":"REALTA, Agence immobili\u00e8re"},"image":{"@id":"https:\/\/realta.ca\/en\/#\/schema\/logo\/image\/"},"sameAs":["https:\/\/www.facebook.com\/REALTA.agenceimmobiliere\/","https:\/\/www.instagram.com\/realta.agenceimmobiliere\/","https:\/\/www.linkedin.com\/company\/realta_2\/?originalSubdomain=fr","https:\/\/www.youtube.com\/channel\/UCtiSRpwmotgzT18eVPOgYBg\/about"]}]}},"_links":{"self":[{"href":"https:\/\/realta.ca\/en\/wp-json\/wp\/v2\/pages\/29505","targetHints":{"allow":["GET"]}}],"collection":[{"href":"https:\/\/realta.ca\/en\/wp-json\/wp\/v2\/pages"}],"about":[{"href":"https:\/\/realta.ca\/en\/wp-json\/wp\/v2\/types\/page"}],"author":[{"embeddable":true,"href":"https:\/\/realta.ca\/en\/wp-json\/wp\/v2\/users\/1"}],"replies":[{"embeddable":true,"href":"https:\/\/realta.ca\/en\/wp-json\/wp\/v2\/comments?post=29505"}],"version-history":[{"count":14,"href":"https:\/\/realta.ca\/en\/wp-json\/wp\/v2\/pages\/29505\/revisions"}],"predecessor-version":[{"id":31893,"href":"https:\/\/realta.ca\/en\/wp-json\/wp\/v2\/pages\/29505\/revisions\/31893"}],"up":[{"embeddable":true,"href":"https:\/\/realta.ca\/en\/wp-json\/wp\/v2\/pages\/28244"}],"wp:attachment":[{"href":"https:\/\/realta.ca\/en\/wp-json\/wp\/v2\/media?parent=29505"}],"curies":[{"name":"wp","href":"https:\/\/api.w.org\/{rel}","templated":true}]}}