{"id":32026,"date":"2024-05-22T12:33:50","date_gmt":"2024-05-22T16:33:50","guid":{"rendered":"https:\/\/realta.ca\/properties-by-region\/montreal\/montreal-lachine\/"},"modified":"2024-05-22T12:35:45","modified_gmt":"2024-05-22T16:35:45","slug":"montreal-lachine","status":"publish","type":"page","link":"https:\/\/realta.ca\/en\/properties-by-region\/montreal\/montreal-lachine\/","title":{"rendered":"Montr\u00e9al Lachine"},"content":{"rendered":"\t\t<div data-elementor-type=\"wp-page\" data-elementor-id=\"32026\" class=\"elementor elementor-32026 elementor-31914\" data-elementor-post-type=\"page\">\n\t\t\t\t<div class=\"elementor-element elementor-element-a30f9ff js__section e-flex e-con-boxed e-con e-parent\" data-id=\"a30f9ff\" data-element_type=\"container\" data-e-type=\"container\">\n\t\t\t\t\t<div class=\"e-con-inner\">\n\t\t\t\t<div class=\"elementor-element elementor-element-3630f335 js__section--label elementor-widget elementor-widget-html\" data-id=\"3630f335\" data-element_type=\"widget\" data-e-type=\"widget\" data-widget_type=\"html.default\">\n\t\t\t\t<div class=\"elementor-widget-container\">\n\t\t\t\t\tProperties\t\t\t\t<\/div>\n\t\t\t\t<\/div>\n\t\t<header class=\"elementor-element elementor-element-1296adf8 e-flex e-con-boxed e-con e-child\" data-id=\"1296adf8\" data-element_type=\"container\" data-e-type=\"container\" data-settings=\"{&quot;background_background&quot;:&quot;classic&quot;}\">\n\t\t\t\t\t<div class=\"e-con-inner\">\n\t\t<div class=\"elementor-element elementor-element-70a6bd6f e-con-full e-flex e-con e-child\" data-id=\"70a6bd6f\" data-element_type=\"container\" data-e-type=\"container\">\n\t\t\t\t<div class=\"elementor-element elementor-element-5f6266ae elementor-widget-tablet__width-initial elementor-widget__width-initial elementor-invisible elementor-widget elementor-widget-heading\" data-id=\"5f6266ae\" data-element_type=\"widget\" data-e-type=\"widget\" data-settings=\"{&quot;_animation&quot;:&quot;slideInDown&quot;}\" data-widget_type=\"heading.default\">\n\t\t\t\t<div class=\"elementor-widget-container\">\n\t\t\t\t\t<h1 class=\"elementor-heading-title elementor-size-default\">Welcome to the borough of <strong>Lachine<\/strong> <\/h1>\t\t\t\t<\/div>\n\t\t\t\t<\/div>\n\t\t\t\t<div class=\"elementor-element elementor-element-391defd4 elementor-widget__width-initial elementor-widget-tablet__width-inherit elementor-invisible elementor-widget elementor-widget-text-editor\" data-id=\"391defd4\" data-element_type=\"widget\" data-e-type=\"widget\" data-settings=\"{&quot;_animation&quot;:&quot;fadeInDown&quot;}\" data-widget_type=\"text-editor.default\">\n\t\t\t\t<div class=\"elementor-widget-container\">\n\t\t\t\t\t\t\t\t\t<p>REALTA, <a href=\"https:\/\/realta.ca\/en\/properties-by-region\/montreal\/\">your Montreal real estate agency<\/a>, invites you to explore the borough of Lachine. Located southwest of Montreal, where the canal of the same name meets the St. Lawrence River, Lachine is an area that harmoniously blends history and modernity, offering a living and working environment that appeals to businesses and individuals alike. Whether couples, families, young professionals or retirees, Lachine is universally appreciated for its quality of life. It&#8217;s also a popular destination for tourists looking to spend some quality time in one of the Big Island&#8217;s charming spots. What would you say to a visit?   <\/p>\n\t\t\t\t\t\t\t\t<\/div>\n\t\t\t\t<\/div>\n\t\t<div class=\"elementor-element elementor-element-4646c4d8 e-flex e-con-boxed e-con e-child\" data-id=\"4646c4d8\" data-element_type=\"container\" data-e-type=\"container\">\n\t\t\t\t\t<div class=\"e-con-inner\">\n\t\t\t\t<div class=\"elementor-element elementor-element-31a444dd elementor-widget__width-auto elementor-mobile-align-center elementor-widget-mobile__width-inherit elementor-widget elementor-widget-button\" data-id=\"31a444dd\" data-element_type=\"widget\" data-e-type=\"widget\" data-widget_type=\"button.default\">\n\t\t\t\t<div class=\"elementor-widget-container\">\n\t\t\t\t\t\t\t\t\t<div class=\"elementor-button-wrapper\">\n\t\t\t\t\t<a class=\"elementor-button elementor-button-link elementor-size-sm\" href=\"#histoire\">\n\t\t\t\t\t\t<span class=\"elementor-button-content-wrapper\">\n\t\t\t\t\t\t\t\t\t<span class=\"elementor-button-text\">For his story<\/span>\n\t\t\t\t\t<\/span>\n\t\t\t\t\t<\/a>\n\t\t\t\t<\/div>\n\t\t\t\t\t\t\t\t<\/div>\n\t\t\t\t<\/div>\n\t\t\t\t<div class=\"elementor-element elementor-element-4d259e26 elementor-widget__width-auto elementor-mobile-align-center elementor-widget-mobile__width-inherit elementor-widget elementor-widget-button\" data-id=\"4d259e26\" data-element_type=\"widget\" data-e-type=\"widget\" data-widget_type=\"button.default\">\n\t\t\t\t<div class=\"elementor-widget-container\">\n\t\t\t\t\t\t\t\t\t<div class=\"elementor-button-wrapper\">\n\t\t\t\t\t<a class=\"elementor-button elementor-button-link elementor-size-sm\" href=\"#quartiers\">\n\t\t\t\t\t\t<span class=\"elementor-button-content-wrapper\">\n\t\t\t\t\t\t\t\t\t<span class=\"elementor-button-text\">Neighborhoods<\/span>\n\t\t\t\t\t<\/span>\n\t\t\t\t\t<\/a>\n\t\t\t\t<\/div>\n\t\t\t\t\t\t\t\t<\/div>\n\t\t\t\t<\/div>\n\t\t\t\t<div class=\"elementor-element elementor-element-7478fc82 elementor-widget__width-auto elementor-mobile-align-center elementor-widget-mobile__width-inherit elementor-widget elementor-widget-button\" data-id=\"7478fc82\" data-element_type=\"widget\" data-e-type=\"widget\" data-widget_type=\"button.default\">\n\t\t\t\t<div class=\"elementor-widget-container\">\n\t\t\t\t\t\t\t\t\t<div class=\"elementor-button-wrapper\">\n\t\t\t\t\t<a class=\"elementor-button elementor-button-link elementor-size-sm\" href=\"#commerciales\">\n\t\t\t\t\t\t<span class=\"elementor-button-content-wrapper\">\n\t\t\t\t\t\t\t\t\t<span class=\"elementor-button-text\">For its commercial streets<\/span>\n\t\t\t\t\t<\/span>\n\t\t\t\t\t<\/a>\n\t\t\t\t<\/div>\n\t\t\t\t\t\t\t\t<\/div>\n\t\t\t\t<\/div>\n\t\t\t\t\t<\/div>\n\t\t\t\t<\/div>\n\t\t\t\t<\/div>\n\t\t<div class=\"elementor-element elementor-element-1dd26a2b e-con-full elementor-hidden-mobile elementor-hidden-tablet e-flex e-con e-child\" data-id=\"1dd26a2b\" data-element_type=\"container\" data-e-type=\"container\">\n\t\t\t\t<div class=\"elementor-element elementor-element-1b90532f elementor-widget elementor-widget-image\" data-id=\"1b90532f\" data-element_type=\"widget\" data-e-type=\"widget\" data-widget_type=\"image.default\">\n\t\t\t\t<div class=\"elementor-widget-container\">\n\t\t\t\t\t\t\t\t\t\t\t\t\t\t\t<img fetchpriority=\"high\" decoding=\"async\" width=\"500\" height=\"282\" src=\"https:\/\/realta.ca\/wp-content\/uploads\/2024\/05\/realta_region_lachine_header.png\" class=\"attachment-full size-full wp-image-31918\" alt=\"\" srcset=\"https:\/\/realta.ca\/wp-content\/uploads\/2024\/05\/realta_region_lachine_header.png 500w, https:\/\/realta.ca\/wp-content\/uploads\/2024\/05\/realta_region_lachine_header-300x169.png 300w\" sizes=\"(max-width: 500px) 100vw, 500px\" \/>\t\t\t\t\t\t\t\t\t\t\t\t\t\t\t<\/div>\n\t\t\t\t<\/div>\n\t\t\t\t<\/div>\n\t\t\t\t\t<\/div>\n\t\t\t\t<\/header>\n\t\t<section class=\"elementor-element elementor-element-18904137 e-flex e-con-boxed e-con e-child\" data-id=\"18904137\" data-element_type=\"container\" data-e-type=\"container\" id=\"propriete__liste--content\">\n\t\t\t\t\t<div class=\"e-con-inner\">\n\t\t\t\t<div class=\"elementor-element elementor-element-730c0fd3 elementor-widget elementor-widget-shortcode\" data-id=\"730c0fd3\" data-element_type=\"widget\" data-e-type=\"widget\" data-widget_type=\"shortcode.default\">\n\t\t\t\t<div class=\"elementor-widget-container\">\n\t\t\t\t\t\t\t<div class=\"elementor-shortcode\"><div class=\"si si-list-of-item direct-layout si-list-of-listings \" \r\n    style=\"--desktop-column-width:3;--laptop-column-width:3;--tablet-column-width:2;--mobile-column-width:1\"  \r\n        si-lazy-load>\r\n    <script id=\"static-data-for-listingcity\">if(typeof $statics == \"undefined\"){$statics = {};}$statics.listingcity = {};$statics.listingcity.configs = {\"access_token\":\"vwAAAB+LCAAAAAAABAAdzVEKwjAMANC79NtImrZJu3P45c9IuxSGoEMmKOLdrR7g8d5uXdzkEANrrgsgKkFE9lADdeAo6Fm8xMLu4LS12+O6z39jvsRO2KGn1CEyCxQuCqbKmVrHJPYz2zpf7DUAZ03UwkgstAG6QjVWYBWpKXQs0Q9gz22927zobgMREgMmQDohTYhTwGNJkqOUs\\\/t8AWmJxw2\\\/AAAA\",\"source\":{\"id\":\"c2c07cb5-2208-4d99-9011-e79f8e126230\",\"name\":\"Realta\",\"account_id\":\"e194f20f-f55f-4667-969a-eaa682cf057e\",\"max_item_count\":0},\"alias\":\"listing-city\",\"limit\":50,\"type\":\"listings\",\"filter_group\":{\"operator\":\"and\",\"filters\":[],\"filter_groups\":[]},\"show_filter_tags\":true,\"sort\":\"contract_start_date\",\"sort_reverse\":true,\"searchable\":true,\"sortable\":true,\"mappable\":true,\"show_list_meta\":false,\"list_layout\":{\"lang\":\"\",\"type\":\"standard\",\"preset\":\"direct\",\"layout\":\"standard\",\"scope_class\":\"\",\"page\":null,\"page_not_found_code\":404,\"page_not_found\":null,\"image_hover_effect\":\"none\",\"secondary_layer_effect\":\"fade\",\"displayed_vars\":{\"main\":null,\"secondary\":null},\"styles\":null,\"use_styles\":true,\"primary_layer_position\":\"fix\",\"secondary_layer_bg_opacity\":75,\"isolation\":\"inherit\",\"item_row_space\":{\"desktop\":3,\"laptop\":3,\"tablet\":2,\"mobile\":1},\"custom_css\":\"\",\"communication_mode\":\"basic\",\"form_id\":\"\",\"form_url\":\"\"},\"list_item_layout\":{\"lang\":\"\",\"type\":\"standard\",\"preset\":\"standard\",\"layout\":\"standard\",\"scope_class\":\"\",\"page\":null,\"page_not_found_code\":404,\"page_not_found\":null,\"image_hover_effect\":\"gallery\",\"secondary_layer_effect\":\"fade\",\"displayed_vars\":{\"main\":[{\"key\":\"photo\",\"classes\":\"si-float-anchor\"},{\"key\":\"group\",\"classes\":\"si-padding-block si-resume-texte\",\"items\":[{\"key\":\"city\",\"classes\":[]},{\"key\":\"address\",\"classes\":[]}]},{\"key\":\"flags\",\"classes\":\"si-float-top-right\"},{\"key\":\"open_houses\",\"classes\":\"si-float-top-left si-background-medium-contrast si-padding-size-half\"},{\"key\":\"price\",\"classes\":\"si-padding-block\"}]},\"styles\":\"{\\\"--high-contrast-color\\\":\\\"transparent\\\",\\\"--high-contrast-text-color\\\":\\\"#054A59\\\",\\\"--medium-contrast-text-color\\\":\\\"#054A59\\\",\\\"--medium-contrast-color\\\":\\\"transparent\\\",\\\"--text-color\\\":\\\"#054A59\\\"}\",\"use_styles\":true,\"primary_layer_position\":\"fix\",\"secondary_layer_bg_opacity\":75,\"isolation\":\"inherit\",\"item_row_space\":{\"desktop\":25,\"laptop\":33,\"tablet\":50,\"mobile\":100},\"custom_css\":\"\",\"communication_mode\":\"basic\",\"form_id\":\"\",\"form_url\":\"\"},\"browse_mode\":null,\"shuffle\":false,\"default_zoom_level\":\"auto\",\"smart_focus_tolerance\":5,\"search_engine_options\":{\"type\":\"full\",\"orientation\":\"h\",\"focus_category\":[],\"sticky\":false,\"tabs\":[],\"tabbed\":false,\"filter_tags\":\"none\",\"scope_class\":\"\",\"search_box_placeholder\":{\"en\":\"Address, Centris number, city\",\"fr\":\"Adresse, num\\u00e9ro Centris, municipalit\\u00e9\"},\"fields\":[]},\"search_token\":\"wQAAAB+LCAAAAAAABABVjUEKAyEMRe\\\/y1y666carlCKisRWcicQILYN3rzMwLd3l57+XbEi5KIl7CPcKu4EriVcW2Iv5Kxvs7X6ujjAMFv9yWWlxgfuqsNcpNRZ1KVOJO7XhGGFRJbNkfcMgUguwyZdGw\\\/yIwKuKD+qa+nkjeqUvrNJpzP\\\/t2VMqdNof\\\/IPmcMEAAAA=\",\"priority_group_sort\":\"priority-asc\",\"is_default_type_configs\":false,\"allow_split_view\":false,\"allow_theme_override\":false,\"from_archive\":false};$statics.listingcity.data = [{\"id\":\"5c0ab278-f3fe-4b01-8b96-2454a1140d63\",\"ref_number\":\"27859522\",\"status_code\":\"AVAILABLE\",\"category_code\":\"MULTI-FAMILY\",\"subcategory_code\":\"3X\",\"market_codes\":[\"RES\",\"COM\"],\"description\":\"Explore a promising triplex in a serene neighborhood near LaSalle Park. With three spacious apartments featuring 2 bedrooms, a cozy living room, separate dining, and storage, it offers ample living space. Roof redone in 2017, back balconies renovated, and front doors replaced for enhanced security. Enjoy nearby park tranquility and sports amenities. Convenient bus access. Ideal for those seeking a project in a coveted location.  None of the tenants meet the TAL criteria's for the maintenance of premises. One of the appartment will be free on July 1st 2026\\r\\n\",\"available_area\":977.240000000000009094947017729282379150390625,\"available_area_sf\":977.240000000000009094947017729282379150390625,\"available_area_min\":977.240000000000009094947017729282379150390625,\"available_area_min_sf\":977.240000000000009094947017729282379150390625,\"available_area_unit_code\":\"SF\",\"video_flag\":false,\"virtual_tour_flag\":false,\"contract\":{\"start_date\":\"2026-04-30T00:00:00Z\"},\"for_sale_flag\":true,\"for_rent_flag\":false,\"price\":{\"sell\":{\"amount\":825000,\"currency\":\"CAD\"},\"foreclosure\":false},\"location\":{\"address\":{\"street_number\":\"680-684\",\"street_name\":\"5e Avenue\",\"postal_code\":\"H8S 2W2\"},\"country_code\":\"CAN\",\"state_code\":\"QC\",\"region_code\":\"06\",\"city_code\":\"66057\",\"district_code\":\"66057-B\",\"longitude\":-73.6682362199999971608121995814144611358642578125,\"latitude\":45.44148854000000170572093338705599308013916015625,\"civic_address\":\"680-684 5e Avenue\",\"city\":\"Montr\\u00e9al (Lachine)\",\"region\":\"Montr\\u00e9al\",\"district\":\"East\",\"full_address\":\"680-684 5e Avenue, Montr\\u00e9al (Lachine)\"},\"building\":{\"category_code\":\"SD\",\"total_levels\":3,\"construction_year\":1910,\"assessment\":{\"amount\":527500,\"currency\":\"CAD\",\"year\":2024},\"dimension\":{\"area\":977.240000000000009094947017729282379150390625,\"area_sf\":977.240000000000009094947017729282379150390625,\"area_unit_code\":\"SF\",\"width\":25.199999999999999289457264239899814128875732421875,\"length\":75,\"unit_code\":\"F\",\"irregular\":true}},\"land\":{\"assessment\":{\"amount\":287400,\"currency\":\"CAD\",\"year\":2024},\"dimension\":{\"area\":3750,\"area_sf\":3750,\"area_unit_code\":\"SF\",\"width\":50,\"length\":75,\"unit_code\":\"F\"}},\"main_unit\":{\"room_count\":6,\"bedroom_count\":2,\"bathroom_count\":1,\"waterroom_count\":0},\"photo_url\":\"https:\\\/\\\/blob.source.immo\\\/pic\\\/lis-Nl3vIfzxR0mLutit-UXbCg-v1-sm.jpg\",\"brokers_count\":2,\"brokers_ids\":[\"c9b60c68-377d-4732-ac76-d83fb9c0dcb6\",\"9712788e-e5b4-4d25-a5c6-623078e51bad\"],\"brokers_ref_numbers\":[\"106038\",\"76601\"],\"offices_count\":1,\"offices_ids\":[\"96c19ecb-423d-4488-b44f-8889b15f90fc\"],\"offices_ref_numbers\":[\"500255\"],\"agencies_ids\":[\"cf8eadf7-b7a3-4bb7-a4f8-adec9bd321a2\"],\"agencies_ref_numbers\":[\"500255\"],\"tag_ids\":[],\"attributes\":{\"PARKING\":3},\"priority\":1,\"priority_group_key\":\"for_sale\",\"is_new\":true,\"caption\":\"\",\"category\":\"Multi-housing\",\"transaction\":\"For sale\",\"subcategory\":\"Triplex\",\"status\":\"Available\",\"price_text\":\"$825,000\",\"available_area_unit\":\"sf\",\"counters\":{\"rooms\":{\"bed\":{\"count\":2,\"label\":\"Bedrooms\"},\"bath\":{\"count\":1,\"label\":\"Bathroom\"}}},\"tags\":[{\"label\":\"New\"}],\"has_custom_page\":false,\"permalink\":\"\\\/en\\\/listings\\\/montreal\\\/montreal-lachine\\\/for-sale\\\/27859522\\\/\"},{\"id\":\"c0e634f8-0dcb-4336-8859-80ebf699daf1\",\"ref_number\":\"14342459\",\"status_code\":\"AVAILABLE\",\"category_code\":\"MULTI-FAMILY\",\"subcategory_code\":\"3X\",\"market_codes\":[\"RES\",\"COM\"],\"description\":\"This well-maintained triplex offers a practical and versatile layout. The property includes two spacious 3-bedroom units with a living room, dining room, hardwood floors, and washer and dryer in each unit. The basement unit features one bedroom and a functional layout. Bright living spaces, well-proportioned rooms, and thoughtful layouts enhance everyday comfort. Ideally situated near parks, schools, public transportation, bike paths, and local amenities, this property enjoys a desirable Lachine setting.\\r\\n\",\"available_area\":972,\"available_area_sf\":972,\"available_area_min\":972,\"available_area_min_sf\":972,\"available_area_unit_code\":\"SF\",\"video_flag\":false,\"virtual_tour_flag\":false,\"contract\":{\"start_date\":\"2026-02-20T00:00:00Z\"},\"for_sale_flag\":true,\"for_rent_flag\":false,\"price\":{\"sell\":{\"amount\":749000,\"currency\":\"CAD\"},\"foreclosure\":false},\"location\":{\"address\":{\"street_number\":\"950-954\",\"street_name\":\"10e Avenue\",\"postal_code\":\"H8S 3G2\"},\"country_code\":\"CAN\",\"state_code\":\"QC\",\"region_code\":\"06\",\"city_code\":\"66057\",\"district_code\":\"66057-B\",\"longitude\":-73.6726738800000049423033487983047962188720703125,\"latitude\":45.4467285799999984874375513754785060882568359375,\"civic_address\":\"950-954 10e Avenue\",\"city\":\"Montr\\u00e9al (Lachine)\",\"region\":\"Montr\\u00e9al\",\"district\":\"East\",\"full_address\":\"950-954 10e Avenue, Montr\\u00e9al (Lachine)\"},\"building\":{\"category_code\":\"SD\",\"construction_year\":1941,\"assessment\":{\"amount\":287300,\"currency\":\"CAD\",\"year\":2026},\"dimension\":{\"area\":972,\"area_sf\":972,\"area_unit_code\":\"SF\",\"width\":24,\"length\":41,\"unit_code\":\"F\"}},\"land\":{\"assessment\":{\"amount\":284300,\"currency\":\"CAD\",\"year\":2026},\"dimension\":{\"area\":4500,\"area_sf\":4500,\"area_unit_code\":\"SF\",\"width\":50,\"length\":90,\"unit_code\":\"F\"}},\"main_unit\":{\"room_count\":6,\"bedroom_count\":3,\"bathroom_count\":1,\"waterroom_count\":0},\"photo_url\":\"https:\\\/\\\/blob.source.immo\\\/pic\\\/lis-sgWmD0hE0ECC0ZbBZ45C1g-v1-sm.jpg\",\"brokers_count\":2,\"brokers_ids\":[\"c9b60c68-377d-4732-ac76-d83fb9c0dcb6\",\"9712788e-e5b4-4d25-a5c6-623078e51bad\"],\"brokers_ref_numbers\":[\"106038\",\"76601\"],\"offices_count\":1,\"offices_ids\":[\"96c19ecb-423d-4488-b44f-8889b15f90fc\"],\"offices_ref_numbers\":[\"500255\"],\"agencies_ids\":[\"cf8eadf7-b7a3-4bb7-a4f8-adec9bd321a2\"],\"agencies_ref_numbers\":[\"500255\"],\"tag_ids\":[],\"attributes\":{\"PARKING\":4},\"priority\":1,\"priority_group_key\":\"for_sale\",\"is_new\":false,\"caption\":\"\",\"category\":\"Multi-housing\",\"transaction\":\"For sale\",\"subcategory\":\"Triplex\",\"status\":\"Available\",\"price_text\":\"$749,000\",\"available_area_unit\":\"sf\",\"counters\":{\"rooms\":{\"bed\":{\"count\":3,\"label\":\"Bedrooms\"},\"bath\":{\"count\":1,\"label\":\"Bathroom\"}}},\"tags\":[],\"has_custom_page\":false,\"permalink\":\"\\\/en\\\/listings\\\/montreal\\\/montreal-lachine\\\/for-sale\\\/14342459\\\/\"}];<\/script><div class=\"si-static-controller\" ng-controller=\"staticDataCtrl\" ng-init=\"init('listingcity')\"><\/div><div class=\"si-list\"><div class=\"item-27859522 city-66057\" style=\"--si-item-index:0\">\r\n<article class=\"si-item si-listing-item si-single-layer-item-layout si-background si-is-new si-has-flags  si-style-standard si-img-hover-effect-gallery\" \r\n    data-test=\"true\"\r\n    data-ng-mouseover=\"handleListItemOver($event,item)\"\r\n    data-si-hover-class=\"\"\r\n    si-image-rotator=\"27859522:listing-city\" itemscope itemtype=\"http:\/\/schema.org\/Residence\">\r\n    <a itemprop=\"url\" href=\"\/en\/listings\/montreal\/montreal-lachine\/for-sale\/27859522\/\">\r\n        <div class=\"si-item-content\">\r\n            <div class=\"si-layer-container\">\r\n                <div class=\"si-layer si-main-layer\" style=\"\"><div class=\"si-layer-content\">      <div si-lazy-load class=\"si-image si-lazy-loading si-float-anchor\" >\r\n          <img data-si-src=\"https:\/\/blob.source.immo\/pic\/lis-Nl3vIfzxR0mLutit-UXbCg-v1-sm.jpg\" data-si-error-src=\"https:\/\/api-v1.source.immo\/lib\/wordpress\/v4.1.0\/styles\/assets\/shadow_listing.jpg\" data-si-srcset=\"https:\/\/blob.source.immo\/pic\/lis-Nl3vIfzxR0mLutit-UXbCg-v1-sm.jpg\" data-si-quality-preference=\"\" \/>\r\n      <\/div>         \r\n      <div class=\"si-label-group si-padding-block si-resume-texte\" si-anchor-to=\"si-float-anchor\" style=\"--items-count:2\"><div class=\"si-label si-city notranslate\" si-anchor-to=\"si-float-anchor\">Montr\u00e9al (Lachine)<\/div><div class=\"si-label si-address notranslate\" si-anchor-to=\"si-float-anchor\">680-684 5e Avenue<\/div><\/div>      <div class=\"si-flags si-float-top-right si-padding si-padding-size-slim\" si-anchor-to=\"si-float-anchor\" si-hide-empty=\"hard\">\r\n          <div class=\"si-flag si-video\"><si-icon title=\"{{'Video'.siTranslate()}}\">video<\/si-icon> <span class=\"si-label\">{{'Video'.siTranslate()}}<\/span><\/div>\r\n          <div class=\"si-flag si-virtual-tour\"><si-icon title=\"{{'Virtual tour'.siTranslate()}}\">vr-cardboard<\/si-icon> <span class=\"si-label\">{{'Virtual tour'.siTranslate()}}<\/span><\/div>\r\n          <div class=\"si-flag si-new-item\"><si-icon title=\"{{'New'.siTranslate()}}\">star<\/si-icon> <span class=\"si-label\">{{'New'.siTranslate()}}<\/span><\/div>\r\n      <\/div>\r\n            <div class=\"si-label si-open-houses si-float-top-left si-background-medium-contrast si-padding-size-half\" si-anchor-to=\"si-float-anchor\" si-hide-empty=\"hard\" si-hide-empty=\"hard\">\r\n          <div class=\"si-open-house-item\">\r\n              <si-icon>calendar-alt<\/si-icon> <span>{{'Open house'.siTranslate()}}<\/span> <span am-time-ago=\"item.open_houses[0].start_date\"><\/span>\r\n          <\/div>\r\n      <\/div>\r\n      <div class=\"si-label si-padding-block si-price\"  si-anchor-to=\"si-float-anchor\">$825,000<\/div><div class=\"si-label si-padding-block si-price-sold\"  si-anchor-to=\"si-float-anchor\">$825,000<\/div><\/div><\/div>            <\/div>\r\n        <\/div>\r\n    <\/a>\r\n<\/article><\/div><div class=\"item-14342459 city-66057\" style=\"--si-item-index:1\">\r\n<article class=\"si-item si-listing-item si-single-layer-item-layout si-background  si-style-standard si-img-hover-effect-gallery\" \r\n    data-test=\"true\"\r\n    data-ng-mouseover=\"handleListItemOver($event,item)\"\r\n    data-si-hover-class=\"\"\r\n    si-image-rotator=\"14342459:listing-city\" itemscope itemtype=\"http:\/\/schema.org\/Residence\">\r\n    <a itemprop=\"url\" href=\"\/en\/listings\/montreal\/montreal-lachine\/for-sale\/14342459\/\">\r\n        <div class=\"si-item-content\">\r\n            <div class=\"si-layer-container\">\r\n                <div class=\"si-layer si-main-layer\" style=\"\"><div class=\"si-layer-content\">      <div si-lazy-load class=\"si-image si-lazy-loading si-float-anchor\" >\r\n          <img data-si-src=\"https:\/\/blob.source.immo\/pic\/lis-sgWmD0hE0ECC0ZbBZ45C1g-v1-sm.jpg\" data-si-error-src=\"https:\/\/api-v1.source.immo\/lib\/wordpress\/v4.1.0\/styles\/assets\/shadow_listing.jpg\" data-si-srcset=\"https:\/\/blob.source.immo\/pic\/lis-sgWmD0hE0ECC0ZbBZ45C1g-v1-sm.jpg\" data-si-quality-preference=\"\" \/>\r\n      <\/div>         \r\n      <div class=\"si-label-group si-padding-block si-resume-texte\" si-anchor-to=\"si-float-anchor\" style=\"--items-count:2\"><div class=\"si-label si-city notranslate\" si-anchor-to=\"si-float-anchor\">Montr\u00e9al (Lachine)<\/div><div class=\"si-label si-address notranslate\" si-anchor-to=\"si-float-anchor\">950-954 10e Avenue<\/div><\/div>      <div class=\"si-flags si-float-top-right si-padding si-padding-size-slim\" si-anchor-to=\"si-float-anchor\" si-hide-empty=\"hard\">\r\n          <div class=\"si-flag si-video\"><si-icon title=\"{{'Video'.siTranslate()}}\">video<\/si-icon> <span class=\"si-label\">{{'Video'.siTranslate()}}<\/span><\/div>\r\n          <div class=\"si-flag si-virtual-tour\"><si-icon title=\"{{'Virtual tour'.siTranslate()}}\">vr-cardboard<\/si-icon> <span class=\"si-label\">{{'Virtual tour'.siTranslate()}}<\/span><\/div>\r\n          <div class=\"si-flag si-new-item\"><si-icon title=\"{{'New'.siTranslate()}}\">star<\/si-icon> <span class=\"si-label\">{{'New'.siTranslate()}}<\/span><\/div>\r\n      <\/div>\r\n            <div class=\"si-label si-open-houses si-float-top-left si-background-medium-contrast si-padding-size-half\" si-anchor-to=\"si-float-anchor\" si-hide-empty=\"hard\" si-hide-empty=\"hard\">\r\n          <div class=\"si-open-house-item\">\r\n              <si-icon>calendar-alt<\/si-icon> <span>{{'Open house'.siTranslate()}}<\/span> <span am-time-ago=\"item.open_houses[0].start_date\"><\/span>\r\n          <\/div>\r\n      <\/div>\r\n      <div class=\"si-label si-padding-block si-price\"  si-anchor-to=\"si-float-anchor\">$749,000<\/div><div class=\"si-label si-padding-block si-price-sold\"  si-anchor-to=\"si-float-anchor\">$749,000<\/div><\/div><\/div>            <\/div>\r\n        <\/div>\r\n    <\/a>\r\n<\/article><\/div><\/div><\/div><\/div>\n\t\t\t\t\t\t<\/div>\n\t\t\t\t<\/div>\n\t\t\t\t\t<\/div>\n\t\t\t\t<\/section>\n\t\t\t\t\t<\/div>\n\t\t\t\t<\/div>\n\t\t<div class=\"elementor-element elementor-element-15e798b5 js__section e-flex e-con-boxed e-con e-parent\" data-id=\"15e798b5\" data-element_type=\"container\" data-e-type=\"container\" data-section-color=\"#fff\">\n\t\t\t\t\t<div class=\"e-con-inner\">\n\t\t\t\t<div class=\"elementor-element elementor-element-612e5327 js__section--label elementor-widget elementor-widget-html\" data-id=\"612e5327\" data-element_type=\"widget\" data-e-type=\"widget\" data-widget_type=\"html.default\">\n\t\t\t\t<div class=\"elementor-widget-container\">\n\t\t\t\t\tLachine\t\t\t\t<\/div>\n\t\t\t\t<\/div>\n\t\t<section class=\"elementor-element elementor-element-5591f4bc e-flex e-con-boxed e-con e-child\" data-id=\"5591f4bc\" data-element_type=\"container\" data-e-type=\"container\" data-settings=\"{&quot;background_background&quot;:&quot;classic&quot;}\">\n\t\t\t\t\t<div class=\"e-con-inner\">\n\t\t<div class=\"elementor-element elementor-element-28826eac e-con-full e-flex e-con e-child\" data-id=\"28826eac\" data-element_type=\"container\" data-e-type=\"container\">\n\t\t\t\t<div class=\"elementor-element elementor-element-2d0bd93e elementor-widget-mobile__width-initial elementor-widget-tablet__width-initial elementor-widget__width-initial elementor-invisible elementor-widget elementor-widget-heading\" data-id=\"2d0bd93e\" data-element_type=\"widget\" data-e-type=\"widget\" data-settings=\"{&quot;_animation&quot;:&quot;slideInDown&quot;}\" data-widget_type=\"heading.default\">\n\t\t\t\t<div class=\"elementor-widget-container\">\n\t\t\t\t\t<h2 class=\"elementor-heading-title elementor-size-default\">Where is the borough of Lachine located?<\/h2>\t\t\t\t<\/div>\n\t\t\t\t<\/div>\n\t\t\t\t<div class=\"elementor-element elementor-element-30b0ed50 elementor-widget__width-initial elementor-widget elementor-widget-text-editor\" data-id=\"30b0ed50\" data-element_type=\"widget\" data-e-type=\"widget\" data-widget_type=\"text-editor.default\">\n\t\t\t\t<div class=\"elementor-widget-container\">\n\t\t\t\t\t\t\t\t\t<p>On the southwest shore of the island of Montreal, the borough of Lachine is bordered to the northwest by Dorval, to the north by C\u00f4te-St-Luc and to the northeast by the municipality of Montreal West. To the east is the borough of LaSalle. The Lachine Canal, to the southeast, naturally delimits Lachine from LaSalle, while the St. Lawrence River runs along its entire southern border. From its eastern border, Lachine is some 10 kilometers from downtown Montreal, which can be reached by car in about 15 minutes, depending on traffic conditions. With a surface area of 20 km2, its territory is home to a population of 46,428 (2021). Saint-Pierre and Lachine first joined forces in 2000. Two years later, the new Lachine became a borough of Montreal, ranking 16th out of 19 for population size.      <\/p>\n\t\t\t\t\t\t\t\t<\/div>\n\t\t\t\t<\/div>\n\t\t\t\t<\/div>\n\t\t<div class=\"elementor-element elementor-element-301ca4fe e-con-full e-flex e-con e-child\" data-id=\"301ca4fe\" data-element_type=\"container\" data-e-type=\"container\">\n\t\t\t\t<div class=\"elementor-element elementor-element-057cfc3 region__imageSource--widget elementor-position-top elementor-widget elementor-widget-image-box\" data-id=\"057cfc3\" data-element_type=\"widget\" data-e-type=\"widget\" data-widget_type=\"image-box.default\">\n\t\t\t\t<div class=\"elementor-widget-container\">\n\t\t\t\t\t<div class=\"elementor-image-box-wrapper\"><figure class=\"elementor-image-box-img\"><img decoding=\"async\" width=\"650\" height=\"367\" src=\"https:\/\/realta.ca\/wp-content\/uploads\/2024\/05\/realta_region_lachine_emplacement.jpg\" class=\"attachment-full size-full wp-image-31923\" alt=\"\" srcset=\"https:\/\/realta.ca\/wp-content\/uploads\/2024\/05\/realta_region_lachine_emplacement.jpg 650w, https:\/\/realta.ca\/wp-content\/uploads\/2024\/05\/realta_region_lachine_emplacement-300x169.jpg 300w\" sizes=\"(max-width: 650px) 100vw, 650px\" \/><\/figure><div class=\"elementor-image-box-content\"><span class=\"elementor-image-box-title\"><i class=\"fa-solid fa-info\"><\/i><\/span><p class=\"elementor-image-box-description\">A must-see! Visit the Lachine Fur Trade National Historic Site - Parks Canada, starting in June. Discover an authentic fur and trade goods warehouse built in 1803. From your first steps, you'll take a 200-year leap back in the history of Lachine and Canada. Take advantage of your visit to discover Old Lachine and its famous canal.    <\/p><\/div><\/div>\t\t\t\t<\/div>\n\t\t\t\t<\/div>\n\t\t\t\t<\/div>\n\t\t\t\t\t<\/div>\n\t\t\t\t<\/section>\n\t\t<section class=\"elementor-element elementor-element-7f739df e-flex e-con-boxed e-con e-child\" data-id=\"7f739df\" data-element_type=\"container\" data-e-type=\"container\" data-settings=\"{&quot;background_background&quot;:&quot;classic&quot;}\">\n\t\t\t\t\t<div class=\"e-con-inner\">\n\t\t<div class=\"elementor-element elementor-element-e4c6a86 e-con-full e-flex e-con e-child\" data-id=\"e4c6a86\" data-element_type=\"container\" data-e-type=\"container\">\n\t\t\t\t<div class=\"elementor-element elementor-element-a488887 elementor-widget-mobile__width-initial elementor-widget-tablet__width-initial elementor-widget__width-initial elementor-invisible elementor-widget elementor-widget-heading\" data-id=\"a488887\" data-element_type=\"widget\" data-e-type=\"widget\" data-settings=\"{&quot;_animation&quot;:&quot;slideInDown&quot;}\" data-widget_type=\"heading.default\">\n\t\t\t\t<div class=\"elementor-widget-container\">\n\t\t\t\t\t<h2 class=\"elementor-heading-title elementor-size-default\">A quiet, industrialized borough\n <\/h2>\t\t\t\t<\/div>\n\t\t\t\t<\/div>\n\t\t\t\t<div class=\"elementor-element elementor-element-d6abc92 elementor-widget__width-initial elementor-widget elementor-widget-text-editor\" data-id=\"d6abc92\" data-element_type=\"widget\" data-e-type=\"widget\" data-widget_type=\"text-editor.default\">\n\t\t\t\t<div class=\"elementor-widget-container\">\n\t\t\t\t\t\t\t\t\t<p>According to the testimonials available online, Lachine is unanimously appreciated for its quality of life. For example, the Union fran\u00e7aise de Montr\u00e9al describes it as an essentially residential, quiet and family-friendly neighborhood. The following elements contribute significantly to its reputation: beautiful riverside parks, historic buildings, high-quality sports and cultural facilities, and renowned schools. In addition, revitalization initiatives such as the \u00c9coquartier Lachine-Est and the Saint-Pierre Inclusive and Resilient Neighborhood Project aim to enhance these qualities by creating an attractive, ecological, healthy and sustainable living environment, supported by a dynamic economic sector (shops and services) and an efficient, environmentally-friendly transportation system.   <\/p>\n\t\t\t\t\t\t\t\t<\/div>\n\t\t\t\t<\/div>\n\t\t\t\t<\/div>\n\t\t<div class=\"elementor-element elementor-element-b303258 e-con-full e-flex e-con e-child\" data-id=\"b303258\" data-element_type=\"container\" data-e-type=\"container\">\n\t\t\t\t<div class=\"elementor-element elementor-element-5fd3e05 region__imageSource--widget elementor-position-top elementor-widget elementor-widget-image-box\" data-id=\"5fd3e05\" data-element_type=\"widget\" data-e-type=\"widget\" data-widget_type=\"image-box.default\">\n\t\t\t\t<div class=\"elementor-widget-container\">\n\t\t\t\t\t<div class=\"elementor-image-box-wrapper\"><figure class=\"elementor-image-box-img\"><img decoding=\"async\" width=\"650\" height=\"367\" src=\"https:\/\/realta.ca\/wp-content\/uploads\/2024\/05\/realta_region_lachine_tranquilite.jpg\" class=\"attachment-full size-full wp-image-31925\" alt=\"\" srcset=\"https:\/\/realta.ca\/wp-content\/uploads\/2024\/05\/realta_region_lachine_tranquilite.jpg 650w, https:\/\/realta.ca\/wp-content\/uploads\/2024\/05\/realta_region_lachine_tranquilite-300x169.jpg 300w\" sizes=\"(max-width: 650px) 100vw, 650px\" \/><\/figure><div class=\"elementor-image-box-content\"><span class=\"elementor-image-box-title\"><i class=\"fa-solid fa-info\"><\/i><\/span><p class=\"elementor-image-box-description\">Where does the name Lachine come from? Originally called Saint-Sulpice, Lachine was originally a seigneury granted to Ren\u00e9 Robert Cavelier de La Salle. He set out to discover the route to China. The expedition was unsuccessful, so Saint-Sulpice was humorously nicknamed.   <\/p><\/div><\/div>\t\t\t\t<\/div>\n\t\t\t\t<\/div>\n\t\t\t\t<\/div>\n\t\t\t\t\t<\/div>\n\t\t\t\t<\/section>\n\t\t\t\t\t<\/div>\n\t\t\t\t<\/div>\n\t\t<div class=\"elementor-element elementor-element-6f97d214 js__section e-flex e-con-boxed e-con e-parent\" data-id=\"6f97d214\" data-element_type=\"container\" data-e-type=\"container\">\n\t\t\t\t\t<div class=\"e-con-inner\">\n\t\t\t\t<div class=\"elementor-element elementor-element-5c18231c js__section--label elementor-widget elementor-widget-html\" data-id=\"5c18231c\" data-element_type=\"widget\" data-e-type=\"widget\" data-widget_type=\"html.default\">\n\t\t\t\t<div class=\"elementor-widget-container\">\n\t\t\t\t\tLachine\t\t\t\t<\/div>\n\t\t\t\t<\/div>\n\t\t<section class=\"elementor-element elementor-element-146c45e7 e-flex e-con-boxed e-con e-child\" data-id=\"146c45e7\" data-element_type=\"container\" data-e-type=\"container\" id=\"histoire\">\n\t\t\t\t\t<div class=\"e-con-inner\">\n\t\t<div class=\"elementor-element elementor-element-750e6129 e-con-full e-flex e-con e-child\" data-id=\"750e6129\" data-element_type=\"container\" data-e-type=\"container\">\n\t\t\t\t<div class=\"elementor-element elementor-element-86b4905 region__imageSource--widget elementor-position-top elementor-widget elementor-widget-image-box\" data-id=\"86b4905\" data-element_type=\"widget\" data-e-type=\"widget\" data-widget_type=\"image-box.default\">\n\t\t\t\t<div class=\"elementor-widget-container\">\n\t\t\t\t\t<div class=\"elementor-image-box-wrapper\"><figure class=\"elementor-image-box-img\"><img loading=\"lazy\" decoding=\"async\" width=\"650\" height=\"367\" src=\"https:\/\/realta.ca\/wp-content\/uploads\/2024\/05\/realta_region_lachine_histoire.jpg\" class=\"attachment-full size-full wp-image-31927\" alt=\"\" srcset=\"https:\/\/realta.ca\/wp-content\/uploads\/2024\/05\/realta_region_lachine_histoire.jpg 650w, https:\/\/realta.ca\/wp-content\/uploads\/2024\/05\/realta_region_lachine_histoire-300x169.jpg 300w\" sizes=\"(max-width: 650px) 100vw, 650px\" \/><\/figure><div class=\"elementor-image-box-content\"><span class=\"elementor-image-box-title\"><i class=\"fa-solid fa-info\"><\/i><\/span><p class=\"elementor-image-box-description\">2017 marked Lachine's 350th anniversary, an event it celebrated at the same time as Montreal. The departure of Cavelier de La Salle from C\u00f4te Saint-Sulpice, on July 6, 1669, can be seen here. Drawing from D\u00e9sir\u00e9 Girouard's book Lake St.Louis old and new, illustrated and Cavelier de La Salle (1893) Source: Ville de Montr\u00e9al, Capsules historiques  \n<\/p><\/div><\/div>\t\t\t\t<\/div>\n\t\t\t\t<\/div>\n\t\t\t\t<div class=\"elementor-element elementor-element-2e26471 elementor-widget elementor-widget-image\" data-id=\"2e26471\" data-element_type=\"widget\" data-e-type=\"widget\" data-widget_type=\"image.default\">\n\t\t\t\t<div class=\"elementor-widget-container\">\n\t\t\t\t\t\t\t\t\t\t\t\t\t\t\t<img loading=\"lazy\" decoding=\"async\" width=\"650\" height=\"367\" src=\"https:\/\/realta.ca\/wp-content\/uploads\/2024\/05\/realta_region_lachine_histoire02.jpg\" class=\"attachment-full size-full wp-image-31929\" alt=\"\" srcset=\"https:\/\/realta.ca\/wp-content\/uploads\/2024\/05\/realta_region_lachine_histoire02.jpg 650w, https:\/\/realta.ca\/wp-content\/uploads\/2024\/05\/realta_region_lachine_histoire02-300x169.jpg 300w\" sizes=\"(max-width: 650px) 100vw, 650px\" \/>\t\t\t\t\t\t\t\t\t\t\t\t\t\t\t<\/div>\n\t\t\t\t<\/div>\n\t\t\t\t<\/div>\n\t\t<div class=\"elementor-element elementor-element-7ffedfda e-con-full e-flex e-con e-child\" data-id=\"7ffedfda\" data-element_type=\"container\" data-e-type=\"container\">\n\t\t\t\t<div class=\"elementor-element elementor-element-16b0c556 elementor-widget-mobile__width-inherit elementor-invisible elementor-widget elementor-widget-heading\" data-id=\"16b0c556\" data-element_type=\"widget\" data-e-type=\"widget\" data-settings=\"{&quot;_animation&quot;:&quot;slideInDown&quot;}\" data-widget_type=\"heading.default\">\n\t\t\t\t<div class=\"elementor-widget-container\">\n\t\t\t\t\t<h2 class=\"elementor-heading-title elementor-size-default\">History<\/h2>\t\t\t\t<\/div>\n\t\t\t\t<\/div>\n\t\t\t\t<div class=\"elementor-element elementor-element-69215b5 elementor-widget__width-initial elementor-widget-mobile__width-inherit elementor-widget elementor-widget-text-editor\" data-id=\"69215b5\" data-element_type=\"widget\" data-e-type=\"widget\" data-widget_type=\"text-editor.default\">\n\t\t\t\t<div class=\"elementor-widget-container\">\n\t\t\t\t\t\t\t\t\t<p>Lachine is one of Quebec&#8217;s oldest settlements, with the arrival of the first French colonists in 1662. The areas we identify today as Dorval, Lachine and LaSalle were acquired in 1672 by seigneur Ren\u00e9-Robert Cavelier de LaSalle. However, settlement was not without conflict. During the 17th century, persistent tensions marked relations between French settlers in the St. Lawrence Valley, their native allies (Algonquins, Micmacs, Innus, Anichinab\u00e9s, Abenakis and Malecites) and the Iroquois. Against this tense backdrop, Lachine was the scene of an Iroquois attack on August 5, 1689. To get to the bottom of the story, we invite you to listen to the audio report: <a href=\"https:\/\/ici.radio-canada.ca\/ohdio\/premiere\/emissions\/aujourd-hui-l-histoire\/segments\/entrevue\/153356\/massacre-lachine-1689-eric-bedard\" target=\"_blank\" rel=\"noopener\">Le massacre de Lachine<\/a> racont\u00e9 par \u00c9ric B\u00e9dard &#8211; Radio Canada.     <\/p>\n<p>December 24, 1872 marked the official incorporation of the City of Lachine, following a request from the residents. At that time, it was established that municipal elections would be held annually in January, with a one-year term for the mayor and a two-year term for the councillors. Today, general elections, whether provincial, municipal or school board, are generally held every four years.  <\/p>\n\t\t\t\t\t\t\t\t<\/div>\n\t\t\t\t<\/div>\n\t\t\t\t<\/div>\n\t\t\t\t\t<\/div>\n\t\t\t\t<\/section>\n\t\t<section class=\"elementor-element elementor-element-9664c30 e-flex e-con-boxed e-con e-child\" data-id=\"9664c30\" data-element_type=\"container\" data-e-type=\"container\">\n\t\t\t\t\t<div class=\"e-con-inner\">\n\t\t<div class=\"elementor-element elementor-element-b62b06f e-flex e-con-boxed e-con e-child\" data-id=\"b62b06f\" data-element_type=\"container\" data-e-type=\"container\">\n\t\t\t\t\t<div class=\"e-con-inner\">\n\t\t<div class=\"elementor-element elementor-element-2018b28 e-con-full e-flex e-con e-child\" data-id=\"2018b28\" data-element_type=\"container\" data-e-type=\"container\">\n\t\t\t\t<div class=\"elementor-element elementor-element-196dd07 elementor-widget elementor-widget-image\" data-id=\"196dd07\" data-element_type=\"widget\" data-e-type=\"widget\" data-widget_type=\"image.default\">\n\t\t\t\t<div class=\"elementor-widget-container\">\n\t\t\t\t\t\t\t\t\t\t\t\t\t\t\t<img loading=\"lazy\" decoding=\"async\" width=\"650\" height=\"367\" src=\"https:\/\/realta.ca\/wp-content\/uploads\/2024\/05\/realta_region_lachine_histoireCanal.jpg\" class=\"attachment-full size-full wp-image-31931\" alt=\"\" srcset=\"https:\/\/realta.ca\/wp-content\/uploads\/2024\/05\/realta_region_lachine_histoireCanal.jpg 650w, https:\/\/realta.ca\/wp-content\/uploads\/2024\/05\/realta_region_lachine_histoireCanal-300x169.jpg 300w\" sizes=\"(max-width: 650px) 100vw, 650px\" \/>\t\t\t\t\t\t\t\t\t\t\t\t\t\t\t<\/div>\n\t\t\t\t<\/div>\n\t\t\t\t<div class=\"elementor-element elementor-element-35e2513 elementor-widget__width-initial elementor-widget-mobile__width-inherit elementor-widget elementor-widget-heading\" data-id=\"35e2513\" data-element_type=\"widget\" data-e-type=\"widget\" data-widget_type=\"heading.default\">\n\t\t\t\t<div class=\"elementor-widget-container\">\n\t\t\t\t\t<h3 class=\"elementor-heading-title elementor-size-default\">Lachine Canal<\/h3>\t\t\t\t<\/div>\n\t\t\t\t<\/div>\n\t\t\t\t<div class=\"elementor-element elementor-element-4e1fb3e elementor-widget-mobile__width-inherit elementor-widget elementor-widget-text-editor\" data-id=\"4e1fb3e\" data-element_type=\"widget\" data-e-type=\"widget\" data-widget_type=\"text-editor.default\">\n\t\t\t\t<div class=\"elementor-widget-container\">\n\t\t\t\t\t\t\t\t\t<p>Built between 1821 and 1825, the Lachine Canal played a crucial role in the local and national economy, bypassing the perilous rapids of the St. Lawrence and securing the transport of goods between Montreal and the Great Lakes. This corridor was an important lever for trade, industrialization, job creation and urban expansion, marking a key episode in Canada&#8217;s economic history and remaining an essential element of river navigation during this period. <\/p>\n<p>Following the opening of the St. Lawrence Seaway in 1959, the Lachine Canal lost its key industrial role, leading to its closure and the disappearance of the industries it had attracted, notably in what is now the Lachine-Est district. Transformed into a must-see recreational area, the canal now offers 13.5 kilometers of lush green trails linking the Old Port to Lake Saint-Louis, perfect for strolling and exploring. Lined with witnesses to its industrial past, the waterway lends itself to a multitude of outdoor and nautical activities. The banks of the canal, enlivened by a variety of events and cultural activities, have become dynamic and welcoming places. Today, the Lachine Canal attracts a wide range of visitors, offering an ideal setting for family getaways, bike rides or moments of relaxation.    <\/p>\n\t\t\t\t\t\t\t\t<\/div>\n\t\t\t\t<\/div>\n\t\t\t\t<\/div>\n\t\t<div class=\"elementor-element elementor-element-8ac0b40 e-con-full e-flex e-con e-child\" data-id=\"8ac0b40\" data-element_type=\"container\" data-e-type=\"container\">\n\t\t\t\t<div class=\"elementor-element elementor-element-01f5ec1 elementor-widget elementor-widget-image\" data-id=\"01f5ec1\" data-element_type=\"widget\" data-e-type=\"widget\" data-widget_type=\"image.default\">\n\t\t\t\t<div class=\"elementor-widget-container\">\n\t\t\t\t\t\t\t\t\t\t\t\t\t\t\t<img loading=\"lazy\" decoding=\"async\" width=\"650\" height=\"367\" src=\"https:\/\/realta.ca\/wp-content\/uploads\/2024\/05\/realta_region_lachine_histoireFerAcier.jpg\" class=\"attachment-full size-full wp-image-31933\" alt=\"\" srcset=\"https:\/\/realta.ca\/wp-content\/uploads\/2024\/05\/realta_region_lachine_histoireFerAcier.jpg 650w, https:\/\/realta.ca\/wp-content\/uploads\/2024\/05\/realta_region_lachine_histoireFerAcier-300x169.jpg 300w\" sizes=\"(max-width: 650px) 100vw, 650px\" \/>\t\t\t\t\t\t\t\t\t\t\t\t\t\t\t<\/div>\n\t\t\t\t<\/div>\n\t\t\t\t<div class=\"elementor-element elementor-element-863b361 elementor-widget__width-initial elementor-widget-mobile__width-inherit elementor-widget elementor-widget-heading\" data-id=\"863b361\" data-element_type=\"widget\" data-e-type=\"widget\" data-widget_type=\"heading.default\">\n\t\t\t\t<div class=\"elementor-widget-container\">\n\t\t\t\t\t<h3 class=\"elementor-heading-title elementor-size-default\">The city of iron and steel<\/h3>\t\t\t\t<\/div>\n\t\t\t\t<\/div>\n\t\t\t\t<div class=\"elementor-element elementor-element-7671fec elementor-widget-mobile__width-inherit elementor-widget elementor-widget-text-editor\" data-id=\"7671fec\" data-element_type=\"widget\" data-e-type=\"widget\" data-widget_type=\"text-editor.default\">\n\t\t\t\t<div class=\"elementor-widget-container\">\n\t\t\t\t\t\t\t\t\t<p>With the rise of the Lachine Canal, the area attracted steel companies between 1867 and the early 20th century, giving rise to the area now known as La Cit\u00e9 du fer et de l&#8217;acier, or Lachine-Est. This area, bordered by the Lachine Canal, Chemin de la C\u00f4te-Saint-Paul, 1st Avenue and 14th Avenue, saw its industrial development accelerate with the establishment of the Dominion Bridge Company Limited in 1883. This company was founded to capitalize on the opportunities generated by the expansion of the Canadian Pacific rail network. Other major industrial complexes were added, including Dominion Wire and Dominion Wire Rope, whose structures are still partly visible today. Today, in the section between Verdun and Lasalle, many industrial buildings along the canal have been preserved and converted into lofts and offices. The Lachine-Est project is at the heart of a major redevelopment project, which will include the integration of the remnants of this industrial era.     <\/p>\n\t\t\t\t\t\t\t\t<\/div>\n\t\t\t\t<\/div>\n\t\t\t\t<\/div>\n\t\t\t\t\t<\/div>\n\t\t\t\t<\/div>\n\t\t\t\t\t<\/div>\n\t\t\t\t<\/section>\n\t\t<section class=\"elementor-element elementor-element-6eb932dc e-flex e-con-boxed e-con e-child\" data-id=\"6eb932dc\" data-element_type=\"container\" data-e-type=\"container\" id=\"quartiers\">\n\t\t\t\t\t<div class=\"e-con-inner\">\n\t\t\t\t<div class=\"elementor-element elementor-element-0e18a1e elementor-widget-mobile__width-inherit elementor-invisible elementor-widget elementor-widget-heading\" data-id=\"0e18a1e\" data-element_type=\"widget\" data-e-type=\"widget\" data-settings=\"{&quot;_animation&quot;:&quot;slideInDown&quot;}\" data-widget_type=\"heading.default\">\n\t\t\t\t<div class=\"elementor-widget-container\">\n\t\t\t\t\t<h2 class=\"elementor-heading-title elementor-size-default\">Neighborhoods<\/h2>\t\t\t\t<\/div>\n\t\t\t\t<\/div>\n\t\t<div class=\"elementor-element elementor-element-5bc3532 e-flex e-con-boxed e-con e-child\" data-id=\"5bc3532\" data-element_type=\"container\" data-e-type=\"container\">\n\t\t\t\t\t<div class=\"e-con-inner\">\n\t\t<div class=\"elementor-element elementor-element-35c197d3 e-con-full e-flex e-con e-child\" data-id=\"35c197d3\" data-element_type=\"container\" data-e-type=\"container\">\n\t\t\t\t<div class=\"elementor-element elementor-element-21383c38 region__imageSource--widget elementor-position-top elementor-widget elementor-widget-image-box\" data-id=\"21383c38\" data-element_type=\"widget\" data-e-type=\"widget\" data-widget_type=\"image-box.default\">\n\t\t\t\t<div class=\"elementor-widget-container\">\n\t\t\t\t\t<div class=\"elementor-image-box-wrapper\"><figure class=\"elementor-image-box-img\"><img loading=\"lazy\" decoding=\"async\" width=\"650\" height=\"367\" src=\"https:\/\/realta.ca\/wp-content\/uploads\/2024\/05\/realta_region_lachine_quartier_saintPierre.jpg\" class=\"attachment-full size-full wp-image-31935\" alt=\"\" srcset=\"https:\/\/realta.ca\/wp-content\/uploads\/2024\/05\/realta_region_lachine_quartier_saintPierre.jpg 650w, https:\/\/realta.ca\/wp-content\/uploads\/2024\/05\/realta_region_lachine_quartier_saintPierre-300x169.jpg 300w\" sizes=\"(max-width: 650px) 100vw, 650px\" \/><\/figure><div class=\"elementor-image-box-content\"><span class=\"elementor-image-box-title\"><i class=\"fa-solid fa-info\"><\/i><\/span><p class=\"elementor-image-box-description\">The Saint-Pierre district is covered by several heat islands. The aim of the Revitalisation Saint-Pierre project is to develop spaces with greening potential so that\u0300 the neighborhood will have cleaner, greener and more user-friendly spaces. <\/p><\/div><\/div>\t\t\t\t<\/div>\n\t\t\t\t<\/div>\n\t\t\t\t<div class=\"elementor-element elementor-element-2a423bf1 elementor-widget__width-initial elementor-widget-mobile__width-inherit elementor-widget elementor-widget-heading\" data-id=\"2a423bf1\" data-element_type=\"widget\" data-e-type=\"widget\" data-widget_type=\"heading.default\">\n\t\t\t\t<div class=\"elementor-widget-container\">\n\t\t\t\t\t<h3 class=\"elementor-heading-title elementor-size-default\">Saint-Pierre district<\/h3>\t\t\t\t<\/div>\n\t\t\t\t<\/div>\n\t\t\t\t<div class=\"elementor-element elementor-element-1ec553dd elementor-widget-mobile__width-inherit elementor-widget elementor-widget-text-editor\" data-id=\"1ec553dd\" data-element_type=\"widget\" data-e-type=\"widget\" data-widget_type=\"text-editor.default\">\n\t\t\t\t<div class=\"elementor-widget-container\">\n\t\t\t\t\t\t\t\t\t<p>Remnants of the former town of Saint-Pierre, founded in 1894, the neighborhood is located in northeast Lachine and is home to over 5,200 inhabitants spread over an area of 2.15 km2. Surrounded by imposing transportation infrastructures (viaducts, highway, railroad), the district is physically isolated from the rest of the borough, severely limiting interaction with neighboring areas. Fortunately, the Saint-Pierre district is one of the first three areas in Montreal to become an \u201cinclusive and resilient district\u201d (QIR). This new approach by the City of Montreal aims to reduce inequities in the city&#8217;s most vulnerable neighborhoods. Saint-Jacques and Dollard streets are the main commercial arteries.    <\/p>\n\t\t\t\t\t\t\t\t<\/div>\n\t\t\t\t<\/div>\n\t\t\t\t<\/div>\n\t\t<div class=\"elementor-element elementor-element-4f56a1fe e-con-full e-flex e-con e-child\" data-id=\"4f56a1fe\" data-element_type=\"container\" data-e-type=\"container\">\n\t\t\t\t<div class=\"elementor-element elementor-element-6acf05a0 region__imageSource--widget elementor-position-top elementor-widget elementor-widget-image-box\" data-id=\"6acf05a0\" data-element_type=\"widget\" data-e-type=\"widget\" data-widget_type=\"image-box.default\">\n\t\t\t\t<div class=\"elementor-widget-container\">\n\t\t\t\t\t<div class=\"elementor-image-box-wrapper\"><figure class=\"elementor-image-box-img\"><img loading=\"lazy\" decoding=\"async\" width=\"650\" height=\"367\" src=\"https:\/\/realta.ca\/wp-content\/uploads\/2024\/05\/realta_region_lachine_quartier_lachineEst.jpg\" class=\"attachment-full size-full wp-image-31937\" alt=\"\" srcset=\"https:\/\/realta.ca\/wp-content\/uploads\/2024\/05\/realta_region_lachine_quartier_lachineEst.jpg 650w, https:\/\/realta.ca\/wp-content\/uploads\/2024\/05\/realta_region_lachine_quartier_lachineEst-300x169.jpg 300w\" sizes=\"(max-width: 650px) 100vw, 650px\" \/><\/figure><div class=\"elementor-image-box-content\"><span class=\"elementor-image-box-title\"><i class=\"fa-solid fa-info\"><\/i><\/span><p class=\"elementor-image-box-description\">Following the example of Ateliers Angus, a true inspiration for the east end of Montreal, the Lachine-Est sector, the cradle of Canadian industrialization, will be transformed into a brand-new urban district. Source: <a href=\"https:\/\/www.youtube.com\/@arrondissementdelachine9812\" target=\"_blank\" rel=\"nofollow nooponer\">Borough of Lachine - Youtube channel<\/a> \n<\/p><\/div><\/div>\t\t\t\t<\/div>\n\t\t\t\t<\/div>\n\t\t\t\t<div class=\"elementor-element elementor-element-34c53685 elementor-widget__width-initial elementor-widget-mobile__width-inherit elementor-widget elementor-widget-heading\" data-id=\"34c53685\" data-element_type=\"widget\" data-e-type=\"widget\" data-widget_type=\"heading.default\">\n\t\t\t\t<div class=\"elementor-widget-container\">\n\t\t\t\t\t<h3 class=\"elementor-heading-title elementor-size-default\">Lachine East<\/h3>\t\t\t\t<\/div>\n\t\t\t\t<\/div>\n\t\t\t\t<div class=\"elementor-element elementor-element-5b17ce51 elementor-widget-mobile__width-inherit elementor-widget elementor-widget-text-editor\" data-id=\"5b17ce51\" data-element_type=\"widget\" data-e-type=\"widget\" data-widget_type=\"text-editor.default\">\n\t\t\t\t<div class=\"elementor-widget-container\">\n\t\t\t\t\t\t\t\t\t<p>The urban plan for the Lachine-Est eco-neighborhood favors heritage conservation, greenery and sustainable mobility. The project calls for the construction of nearly 7,800 homes, including affordable social housing adapted to families, as well as 223,000 m\u00b2 of economic activity zones. Approximately 22% of the developable area will be dedicated to parks and public spaces, aimed at mitigating heat islands and optimizing stormwater management. More than three kilometers of pedestrian and bicycle paths are planned, with the possibility of a public transport service. Subsequent phases include a review of urban planning standards, technical studies and talks to establish an elementary school and sports complex.    <\/p>\n\t\t\t\t\t\t\t\t<\/div>\n\t\t\t\t<\/div>\n\t\t\t\t<\/div>\n\t\t<div class=\"elementor-element elementor-element-19718bcb e-con-full e-flex e-con e-child\" data-id=\"19718bcb\" data-element_type=\"container\" data-e-type=\"container\">\n\t\t\t\t<div class=\"elementor-element elementor-element-f3620f7 elementor-widget elementor-widget-image\" data-id=\"f3620f7\" data-element_type=\"widget\" data-e-type=\"widget\" data-widget_type=\"image.default\">\n\t\t\t\t<div class=\"elementor-widget-container\">\n\t\t\t\t\t\t\t\t\t\t\t\t\t\t\t<img loading=\"lazy\" decoding=\"async\" width=\"650\" height=\"367\" src=\"https:\/\/realta.ca\/wp-content\/uploads\/2024\/05\/realta_region_lachine_quartier_lachineOuest.jpg\" class=\"attachment-full size-full wp-image-31939\" alt=\"\" srcset=\"https:\/\/realta.ca\/wp-content\/uploads\/2024\/05\/realta_region_lachine_quartier_lachineOuest.jpg 650w, https:\/\/realta.ca\/wp-content\/uploads\/2024\/05\/realta_region_lachine_quartier_lachineOuest-300x169.jpg 300w\" sizes=\"(max-width: 650px) 100vw, 650px\" \/>\t\t\t\t\t\t\t\t\t\t\t\t\t\t\t<\/div>\n\t\t\t\t<\/div>\n\t\t\t\t<div class=\"elementor-element elementor-element-1f123d25 elementor-widget__width-initial elementor-widget-mobile__width-inherit elementor-widget elementor-widget-heading\" data-id=\"1f123d25\" data-element_type=\"widget\" data-e-type=\"widget\" data-widget_type=\"heading.default\">\n\t\t\t\t<div class=\"elementor-widget-container\">\n\t\t\t\t\t<h3 class=\"elementor-heading-title elementor-size-default\">Lachine West<\/h3>\t\t\t\t<\/div>\n\t\t\t\t<\/div>\n\t\t\t\t<div class=\"elementor-element elementor-element-b6cbfb3 elementor-widget-mobile__width-inherit elementor-widget elementor-widget-text-editor\" data-id=\"b6cbfb3\" data-element_type=\"widget\" data-e-type=\"widget\" data-widget_type=\"text-editor.default\">\n\t\t\t\t<div class=\"elementor-widget-container\">\n\t\t\t\t\t\t\t\t\t<p>Located in the western part of the borough, this neighborhood runs from north to south, encompassing the Fort-Rolland electoral district and the western portion of the Le Canal district. It is distinguished by a diversity of urban elements, combining varied housing, commercial sectors and green spaces. Lively thoroughfares such as 38th Avenue, 41st Avenue and 55th Avenue, as well as Victoria Street and St. Joseph Boulevard, are the main centers of activity. There are also several riverside parks, including Summerlea, Sorley Point and Saint-Louis. The latter is home to the Lachine Lighthouse, offering one of the most impressive views of the Montreal sunset. The area bounded to the south by the A20 and to the north by Highway 520 is emerging as a center of economic activity, hosting a variety of businesses and Canadian National facilities.     <\/p>\n\t\t\t\t\t\t\t\t<\/div>\n\t\t\t\t<\/div>\n\t\t\t\t<\/div>\n\t\t<div class=\"elementor-element elementor-element-7b817422 e-con-full e-flex e-con e-child\" data-id=\"7b817422\" data-element_type=\"container\" data-e-type=\"container\">\n\t\t\t\t<div class=\"elementor-element elementor-element-954dd58 elementor-widget elementor-widget-video\" data-id=\"954dd58\" data-element_type=\"widget\" data-e-type=\"widget\" data-settings=\"{&quot;youtube_url&quot;:&quot;https:\\\/\\\/youtu.be\\\/-RZPAQNZ7ic?si=WQNTWjEVw4KejLyW&quot;,&quot;yt_privacy&quot;:&quot;yes&quot;,&quot;video_type&quot;:&quot;youtube&quot;,&quot;controls&quot;:&quot;yes&quot;}\" data-widget_type=\"video.default\">\n\t\t\t\t<div class=\"elementor-widget-container\">\n\t\t\t\t\t\t\t<div class=\"elementor-wrapper elementor-open-inline\">\n\t\t\t<div class=\"elementor-video\"><\/div>\t\t<\/div>\n\t\t\t\t\t\t<\/div>\n\t\t\t\t<\/div>\n\t\t\t\t<div class=\"elementor-element elementor-element-f670e67 elementor-widget__width-initial elementor-widget-mobile__width-inherit elementor-widget elementor-widget-text-editor\" data-id=\"f670e67\" data-element_type=\"widget\" data-e-type=\"widget\" data-widget_type=\"text-editor.default\">\n\t\t\t\t<div class=\"elementor-widget-container\">\n\t\t\t\t\t\t\t\t\t<p>Using photos, videos and 3D modeling, this video presents the residential, commercial and tourism development potential of Old Lachine and the future Lachine-Est eco-district.<br \/>Source: <a href=\"https:\/\/www.youtube.com\/@arrondissementdelachine9812\" target=\"_blank\" rel=\"noopener\">Borough of Lachine &#8211; Youtube channel <\/a><\/p>\n\t\t\t\t\t\t\t\t<\/div>\n\t\t\t\t<\/div>\n\t\t\t\t<div class=\"elementor-element elementor-element-101d7617 elementor-widget__width-initial elementor-widget-mobile__width-inherit elementor-widget elementor-widget-heading\" data-id=\"101d7617\" data-element_type=\"widget\" data-e-type=\"widget\" data-widget_type=\"heading.default\">\n\t\t\t\t<div class=\"elementor-widget-container\">\n\t\t\t\t\t<h3 class=\"elementor-heading-title elementor-size-default\">Old Lachine<\/h3>\t\t\t\t<\/div>\n\t\t\t\t<\/div>\n\t\t\t\t<div class=\"elementor-element elementor-element-22b668cf elementor-widget-mobile__width-inherit elementor-widget elementor-widget-text-editor\" data-id=\"22b668cf\" data-element_type=\"widget\" data-e-type=\"widget\" data-widget_type=\"text-editor.default\">\n\t\t\t\t<div class=\"elementor-widget-container\">\n\t\t\t\t\t\t\t\t\t<p>Old Lachine is the borough&#8217;s historic center, representing one of Montreal&#8217;s oldest areas, established in 1667 as a fur-trading post. This area invites you to explore Sainte-Anne&#8217;s Church, erected in 1703, and the Mus\u00e9e de Lachine, which illustrates the community&#8217;s past. Over time, this area became the village of people working on the Lachine Canal and in the steel industry. Today, after more than 350 years, Vieux-Lachine has preserved its village feel, with cobbled streets, stone mansions and historic buildings refurbished as restaurants, art galleries and craft stores. Stroll along rue Notre-Dame, rue Saint-Louis and boulevard Saint-Joseph, between 7th and 20th avenues, and you&#8217;ll discover old buildings from the French and English periods.    <\/p>\n<p>Another not-to-be-missed feature of Old Lachine is the Old Canal. Its banks have been converted into a linear park, much appreciated by walkers. It used to be a way for boats to avoid the Lachine rapids. Today, you can walk or cycle along its banks and admire the locks. It&#8217;s a major tourist attraction. Old Lachine celebrates its rich heritage every August at the Festival de l&#8217;\u00cele-Paroisse, with historical re-enactments, crafts, music and gastronomy.     <\/p>\n\t\t\t\t\t\t\t\t<\/div>\n\t\t\t\t<\/div>\n\t\t\t\t<\/div>\n\t\t\t\t\t<\/div>\n\t\t\t\t<\/div>\n\t\t\t\t\t<\/div>\n\t\t\t\t<\/section>\n\t\t\t\t\t<\/div>\n\t\t\t\t<\/div>\n\t\t<div class=\"elementor-element elementor-element-3af3bc04 js__section e-flex e-con-boxed e-con e-parent\" data-id=\"3af3bc04\" data-element_type=\"container\" data-e-type=\"container\" data-section-color=\"#fff\">\n\t\t\t\t\t<div class=\"e-con-inner\">\n\t\t\t\t<div class=\"elementor-element elementor-element-569f11be js__section--label elementor-widget elementor-widget-html\" data-id=\"569f11be\" data-element_type=\"widget\" data-e-type=\"widget\" data-widget_type=\"html.default\">\n\t\t\t\t<div class=\"elementor-widget-container\">\n\t\t\t\t\tLachine\t\t\t\t<\/div>\n\t\t\t\t<\/div>\n\t\t<section class=\"elementor-element elementor-element-3b688622 e-flex e-con-boxed e-con e-child\" data-id=\"3b688622\" data-element_type=\"container\" data-e-type=\"container\" data-settings=\"{&quot;background_background&quot;:&quot;classic&quot;}\">\n\t\t\t\t\t<div class=\"e-con-inner\">\n\t\t\t\t<div class=\"elementor-element elementor-element-1ec3032f elementor-widget-mobile__width-initial elementor-widget-tablet__width-initial elementor-invisible elementor-widget elementor-widget-heading\" data-id=\"1ec3032f\" data-element_type=\"widget\" data-e-type=\"widget\" data-settings=\"{&quot;_animation&quot;:&quot;slideInDown&quot;}\" data-widget_type=\"heading.default\">\n\t\t\t\t<div class=\"elementor-widget-container\">\n\t\t\t\t\t<h2 class=\"elementor-heading-title elementor-size-default\">The borough in figures <\/h2>\t\t\t\t<\/div>\n\t\t\t\t<\/div>\n\t\t<div class=\"elementor-element elementor-element-281224db e-flex e-con-boxed e-con e-child\" data-id=\"281224db\" data-element_type=\"container\" data-e-type=\"container\">\n\t\t\t\t\t<div class=\"e-con-inner\">\n\t\t\t\t<div class=\"elementor-element elementor-element-69eaca34 elementor-widget__width-initial elementor-widget-mobile__width-inherit elementor-widget elementor-widget-text-editor\" data-id=\"69eaca34\" data-element_type=\"widget\" data-e-type=\"widget\" data-widget_type=\"text-editor.default\">\n\t\t\t\t<div class=\"elementor-widget-container\">\n\t\t\t\t\t\t\t\t\t<ul>\n<li>Population: 45,743, 2,584 inhabitants per km\u00b2.<\/li>\n<li>Average age: 42 versus 38.6 for Montreal as a whole<\/li>\n<li>Surface area: 17.7 km\u00b2<\/li>\n<li>Persons per household: 2.1 persons per household on average<br \/>One-person households: 40% &#8211; Two-person households: 29% Three-person households: 14% &#8211; Three-person households: 14<\/li>\n<li>Average income: $40,620.00<\/li>\n<li>Renters: 57%<\/li>\n<li>Owners: 43%<\/li>\n<\/ul>\n\t\t\t\t\t\t\t\t<\/div>\n\t\t\t\t<\/div>\n\t\t\t\t<div class=\"elementor-element elementor-element-2035f0e4 elementor-widget__width-initial elementor-widget-mobile__width-inherit elementor-widget elementor-widget-text-editor\" data-id=\"2035f0e4\" data-element_type=\"widget\" data-e-type=\"widget\" data-widget_type=\"text-editor.default\">\n\t\t\t\t<div class=\"elementor-widget-container\">\n\t\t\t\t\t\t\t\t\t<ul>\n<li>Immigration: almost 23% of residents are foreign-born <\/li>\n<li>Languages spoken: 59% French, 30% English only and 11% other languages<\/li>\n<li>People with college or university diplomas in the 25-64 age group: 43%.<\/li>\n<li>62% of the borough&#8217;s working population drive a car to work, while 6% use the car as a passenger. Nearly 22% of workers use public transit and 8% walk to work. People who cycle to work account for 1% of the active population.  <\/li>\n<\/ul>\n\t\t\t\t\t\t\t\t<\/div>\n\t\t\t\t<\/div>\n\t\t\t\t<div class=\"elementor-element elementor-element-4c584833 elementor-widget__width-initial elementor-widget-mobile__width-inherit elementor-widget elementor-widget-text-editor\" data-id=\"4c584833\" data-element_type=\"widget\" data-e-type=\"widget\" data-widget_type=\"text-editor.default\">\n\t\t\t\t<div class=\"elementor-widget-container\">\n\t\t\t\t\t\t\t\t\t<ul>\n<li>1 cultural center<\/li>\n<li>2 libraries <\/li>\n<li>49 parks and green spaces<\/li>\n<li>23 soccer fields <\/li>\n<li>3 community gardens<\/li>\n<li>2 arenas<\/li>\n<\/ul>\n\t\t\t\t\t\t\t\t<\/div>\n\t\t\t\t<\/div>\n\t\t\t\t<div class=\"elementor-element elementor-element-6a301939 elementor-widget__width-initial elementor-widget-mobile__width-inherit elementor-widget elementor-widget-text-editor\" data-id=\"6a301939\" data-element_type=\"widget\" data-e-type=\"widget\" data-widget_type=\"text-editor.default\">\n\t\t\t\t<div class=\"elementor-widget-container\">\n\t\t\t\t\t\t\t\t\t<ul>\n<li>8 outdoor skating rinks<\/li>\n<li>3 indoor pools <\/li>\n<li>3 outdoor pools <\/li>\n<li>3 outdoor children&#8217;s pools<\/li>\n<li>3 water play areas <\/li>\n<li>9 baseball fields<\/li>\n<\/ul>\n\t\t\t\t\t\t\t\t<\/div>\n\t\t\t\t<\/div>\n\t\t\t\t<div class=\"elementor-element elementor-element-5d65a379 elementor-widget__width-initial elementor-widget-mobile__width-inherit elementor-widget elementor-widget-text-editor\" data-id=\"5d65a379\" data-element_type=\"widget\" data-e-type=\"widget\" data-widget_type=\"text-editor.default\">\n\t\t\t\t<div class=\"elementor-widget-container\">\n\t\t\t\t\t\t\t\t\t<ul>\n<li>20 tennis courts <\/li>\n<li>5 pickleball courts <\/li>\n<li>2 skate parks <\/li>\n<li>1 performance and exhibition hall<\/li>\n<li>1 public market <\/li>\n<li>1 museum<\/li>\n<\/ul>\n\t\t\t\t\t\t\t\t<\/div>\n\t\t\t\t<\/div>\n\t\t\t\t<div class=\"elementor-element elementor-element-6ff6434e elementor-widget__width-initial elementor-widget-mobile__width-inherit elementor-widget elementor-widget-text-editor\" data-id=\"6ff6434e\" data-element_type=\"widget\" data-e-type=\"widget\" data-widget_type=\"text-editor.default\">\n\t\t\t\t<div class=\"elementor-widget-container\">\n\t\t\t\t\t\t\t\t\t<ul>\n<li>11 historic sites <\/li>\n<li>5 hiking trails <\/li>\n<li>1 cross-country ski trail<\/li>\n<li>1 beach volleyball court<\/li>\n<li>1 outdoor dance floor<\/li>\n<li>1 athletics track<\/li>\n<\/ul>\n\t\t\t\t\t\t\t\t<\/div>\n\t\t\t\t<\/div>\n\t\t\t\t\t<\/div>\n\t\t\t\t<\/div>\n\t\t\t\t\t<\/div>\n\t\t\t\t<\/section>\n\t\t\t\t\t<\/div>\n\t\t\t\t<\/div>\n\t\t<div class=\"elementor-element elementor-element-5a71777d js__section e-flex e-con-boxed e-con e-parent\" data-id=\"5a71777d\" data-element_type=\"container\" data-e-type=\"container\">\n\t\t\t\t\t<div class=\"e-con-inner\">\n\t\t\t\t<div class=\"elementor-element elementor-element-5a7a7c67 js__section--label elementor-widget elementor-widget-html\" data-id=\"5a7a7c67\" data-element_type=\"widget\" data-e-type=\"widget\" data-widget_type=\"html.default\">\n\t\t\t\t<div class=\"elementor-widget-container\">\n\t\t\t\t\tLachine\t\t\t\t<\/div>\n\t\t\t\t<\/div>\n\t\t<section class=\"elementor-element elementor-element-3b58c0c9 e-flex e-con-boxed e-con e-child\" data-id=\"3b58c0c9\" data-element_type=\"container\" data-e-type=\"container\">\n\t\t\t\t\t<div class=\"e-con-inner\">\n\t\t\t\t<div class=\"elementor-element elementor-element-68f8ac6c elementor-widget-mobile__width-inherit elementor-invisible elementor-widget elementor-widget-heading\" data-id=\"68f8ac6c\" data-element_type=\"widget\" data-e-type=\"widget\" data-settings=\"{&quot;_animation&quot;:&quot;slideInDown&quot;}\" data-widget_type=\"heading.default\">\n\t\t\t\t<div class=\"elementor-widget-container\">\n\t\t\t\t\t<h2 class=\"elementor-heading-title elementor-size-default\">For its commercial streets <\/h2>\t\t\t\t<\/div>\n\t\t\t\t<\/div>\n\t\t<div class=\"elementor-element elementor-element-105f7c84 e-flex e-con-boxed e-con e-child\" data-id=\"105f7c84\" data-element_type=\"container\" data-e-type=\"container\">\n\t\t\t\t\t<div class=\"e-con-inner\">\n\t\t<div class=\"elementor-element elementor-element-7ef8166a e-con-full e-flex e-con e-child\" data-id=\"7ef8166a\" data-element_type=\"container\" data-e-type=\"container\">\n\t\t\t\t<div class=\"elementor-element elementor-element-ff0f281 elementor-widget elementor-widget-image\" data-id=\"ff0f281\" data-element_type=\"widget\" data-e-type=\"widget\" data-widget_type=\"image.default\">\n\t\t\t\t<div class=\"elementor-widget-container\">\n\t\t\t\t\t\t\t\t\t\t\t\t\t\t\t<img loading=\"lazy\" decoding=\"async\" width=\"650\" height=\"367\" src=\"https:\/\/realta.ca\/wp-content\/uploads\/2024\/05\/realta_region_lachine_commerce_NotreDame.jpg\" class=\"attachment-full size-full wp-image-31941\" alt=\"\" srcset=\"https:\/\/realta.ca\/wp-content\/uploads\/2024\/05\/realta_region_lachine_commerce_NotreDame.jpg 650w, https:\/\/realta.ca\/wp-content\/uploads\/2024\/05\/realta_region_lachine_commerce_NotreDame-300x169.jpg 300w\" sizes=\"(max-width: 650px) 100vw, 650px\" \/>\t\t\t\t\t\t\t\t\t\t\t\t\t\t\t<\/div>\n\t\t\t\t<\/div>\n\t\t\t\t<div class=\"elementor-element elementor-element-3ef458be elementor-widget__width-initial elementor-widget-mobile__width-inherit elementor-widget elementor-widget-heading\" data-id=\"3ef458be\" data-element_type=\"widget\" data-e-type=\"widget\" data-widget_type=\"heading.default\">\n\t\t\t\t<div class=\"elementor-widget-container\">\n\t\t\t\t\t<h3 class=\"elementor-heading-title elementor-size-default\">Notre-Dame Street<\/h3>\t\t\t\t<\/div>\n\t\t\t\t<\/div>\n\t\t\t\t<div class=\"elementor-element elementor-element-7ca555a4 elementor-widget-mobile__width-inherit elementor-widget elementor-widget-text-editor\" data-id=\"7ca555a4\" data-element_type=\"widget\" data-e-type=\"widget\" data-widget_type=\"text-editor.default\">\n\t\t\t\t<div class=\"elementor-widget-container\">\n\t\t\t\t\t\t\t\t\t<p>It&#8217;s the borough&#8217;s main commercial artery, with over 130 shops, services and specialized organizations. It&#8217;s also part of the heart of Old Lachine, with its many historic buildings, including the Public Market, opened in 1845 (corner of 18th Avenue). The section between 6th and 19th avenues is the focus of a revitalization project designed to transform Notre-Dame into a civic space that reflects the people of Lachine.  <\/p>\n\t\t\t\t\t\t\t\t<\/div>\n\t\t\t\t<\/div>\n\t\t\t\t<\/div>\n\t\t<div class=\"elementor-element elementor-element-7c84e23d e-con-full e-flex e-con e-child\" data-id=\"7c84e23d\" data-element_type=\"container\" data-e-type=\"container\">\n\t\t\t\t<div class=\"elementor-element elementor-element-4ddce5c6 elementor-widget elementor-widget-image\" data-id=\"4ddce5c6\" data-element_type=\"widget\" data-e-type=\"widget\" data-widget_type=\"image.default\">\n\t\t\t\t<div class=\"elementor-widget-container\">\n\t\t\t\t\t\t\t\t\t\t\t\t\t\t\t<img loading=\"lazy\" decoding=\"async\" width=\"650\" height=\"367\" src=\"https:\/\/realta.ca\/wp-content\/uploads\/2024\/05\/realta_region_lachine_commerce_victoria.jpg\" class=\"attachment-full size-full wp-image-31943\" alt=\"\" srcset=\"https:\/\/realta.ca\/wp-content\/uploads\/2024\/05\/realta_region_lachine_commerce_victoria.jpg 650w, https:\/\/realta.ca\/wp-content\/uploads\/2024\/05\/realta_region_lachine_commerce_victoria-300x169.jpg 300w\" sizes=\"(max-width: 650px) 100vw, 650px\" \/>\t\t\t\t\t\t\t\t\t\t\t\t\t\t\t<\/div>\n\t\t\t\t<\/div>\n\t\t\t\t<div class=\"elementor-element elementor-element-194868de elementor-widget__width-initial elementor-widget-mobile__width-inherit elementor-widget elementor-widget-heading\" data-id=\"194868de\" data-element_type=\"widget\" data-e-type=\"widget\" data-widget_type=\"heading.default\">\n\t\t\t\t<div class=\"elementor-widget-container\">\n\t\t\t\t\t<h3 class=\"elementor-heading-title elementor-size-default\">Victoria Street<\/h3>\t\t\t\t<\/div>\n\t\t\t\t<\/div>\n\t\t\t\t<div class=\"elementor-element elementor-element-572d51ba elementor-widget-mobile__width-inherit elementor-widget elementor-widget-text-editor\" data-id=\"572d51ba\" data-element_type=\"widget\" data-e-type=\"widget\" data-widget_type=\"text-editor.default\">\n\t\t\t\t<div class=\"elementor-widget-container\">\n\t\t\t\t\t\t\t\t\t<p>This street crosses the borough from east to west. The commercial section is located mainly in the downtown area, and is home to boutiques, garages, caf\u00e9s and restaurants. There are also medical and dental clinics. For a break, there&#8217;s the large Parc Lasalle.   <\/p>\n\t\t\t\t\t\t\t\t<\/div>\n\t\t\t\t<\/div>\n\t\t\t\t<\/div>\n\t\t<div class=\"elementor-element elementor-element-40d9a42c e-con-full e-flex e-con e-child\" data-id=\"40d9a42c\" data-element_type=\"container\" data-e-type=\"container\">\n\t\t\t\t<div class=\"elementor-element elementor-element-1ffd7121 elementor-widget elementor-widget-image\" data-id=\"1ffd7121\" data-element_type=\"widget\" data-e-type=\"widget\" data-widget_type=\"image.default\">\n\t\t\t\t<div class=\"elementor-widget-container\">\n\t\t\t\t\t\t\t\t\t\t\t\t\t\t\t<img loading=\"lazy\" decoding=\"async\" width=\"650\" height=\"367\" src=\"https:\/\/realta.ca\/wp-content\/uploads\/2024\/05\/realta_region_lachine_commerce_saintJoseph.jpg\" class=\"attachment-full size-full wp-image-31945\" alt=\"\" srcset=\"https:\/\/realta.ca\/wp-content\/uploads\/2024\/05\/realta_region_lachine_commerce_saintJoseph.jpg 650w, https:\/\/realta.ca\/wp-content\/uploads\/2024\/05\/realta_region_lachine_commerce_saintJoseph-300x169.jpg 300w\" sizes=\"(max-width: 650px) 100vw, 650px\" \/>\t\t\t\t\t\t\t\t\t\t\t\t\t\t\t<\/div>\n\t\t\t\t<\/div>\n\t\t\t\t<div class=\"elementor-element elementor-element-5ace9840 elementor-widget__width-initial elementor-widget-mobile__width-inherit elementor-widget elementor-widget-heading\" data-id=\"5ace9840\" data-element_type=\"widget\" data-e-type=\"widget\" data-widget_type=\"heading.default\">\n\t\t\t\t<div class=\"elementor-widget-container\">\n\t\t\t\t\t<h3 class=\"elementor-heading-title elementor-size-default\">Saint Joseph Boulevard<\/h3>\t\t\t\t<\/div>\n\t\t\t\t<\/div>\n\t\t\t\t<div class=\"elementor-element elementor-element-42ff5bce elementor-widget-mobile__width-inherit elementor-widget elementor-widget-text-editor\" data-id=\"42ff5bce\" data-element_type=\"widget\" data-e-type=\"widget\" data-widget_type=\"text-editor.default\">\n\t\t\t\t<div class=\"elementor-widget-container\">\n\t\t\t\t\t\t\t\t\t<p>This boulevard runs alongside the St. Lawrence River and Lac Saint-Louis, and is linked to boulevard Lasalle in the borough of the same name, and to Lakeshore Road in the City of Dorval. It is the main access route to the Old Canal and waterfront parks. The Vieux-Lachine area is home to restaurants and boutiques of all kinds. Coll\u00e8ge Saint-Anne (primary\/secondary\/college), with its 3,700 students and 475 staff members, has been providing a lively atmosphere since 1861. L&#8217;Entrep\u00f4t, Maison de la culture is also a major attraction on the boulevard.    <\/p>\n\t\t\t\t\t\t\t\t<\/div>\n\t\t\t\t<\/div>\n\t\t\t\t<\/div>\n\t\t<div class=\"elementor-element elementor-element-4dafb8b3 e-con-full e-flex e-con e-child\" data-id=\"4dafb8b3\" data-element_type=\"container\" data-e-type=\"container\">\n\t\t\t\t<div class=\"elementor-element elementor-element-6269e1c9 elementor-widget elementor-widget-image\" data-id=\"6269e1c9\" data-element_type=\"widget\" data-e-type=\"widget\" data-widget_type=\"image.default\">\n\t\t\t\t<div class=\"elementor-widget-container\">\n\t\t\t\t\t\t\t\t\t\t\t\t\t\t\t<img loading=\"lazy\" decoding=\"async\" width=\"650\" height=\"367\" src=\"https:\/\/realta.ca\/wp-content\/uploads\/2024\/05\/realta_region_lachine_commerce_remembrance.jpg\" class=\"attachment-full size-full wp-image-31947\" alt=\"\" srcset=\"https:\/\/realta.ca\/wp-content\/uploads\/2024\/05\/realta_region_lachine_commerce_remembrance.jpg 650w, https:\/\/realta.ca\/wp-content\/uploads\/2024\/05\/realta_region_lachine_commerce_remembrance-300x169.jpg 300w\" sizes=\"(max-width: 650px) 100vw, 650px\" \/>\t\t\t\t\t\t\t\t\t\t\t\t\t\t\t<\/div>\n\t\t\t\t<\/div>\n\t\t\t\t<div class=\"elementor-element elementor-element-5db09c40 elementor-widget__width-initial elementor-widget-mobile__width-inherit elementor-widget elementor-widget-heading\" data-id=\"5db09c40\" data-element_type=\"widget\" data-e-type=\"widget\" data-widget_type=\"heading.default\">\n\t\t\t\t<div class=\"elementor-widget-container\">\n\t\t\t\t\t<h3 class=\"elementor-heading-title elementor-size-default\">Remembrance Street<\/h3>\t\t\t\t<\/div>\n\t\t\t\t<\/div>\n\t\t\t\t<div class=\"elementor-element elementor-element-ebfbd2f elementor-widget-mobile__width-inherit elementor-widget elementor-widget-text-editor\" data-id=\"ebfbd2f\" data-element_type=\"widget\" data-e-type=\"widget\" data-widget_type=\"text-editor.default\">\n\t\t\t\t<div class=\"elementor-widget-container\">\n\t\t\t\t\t\t\t\t\t<p>Located between Parc Lasalle and Victoria Street, this small thoroughfare is home to Galeries Lachine (45 stores) and two major food banners.<\/p>\n\t\t\t\t\t\t\t\t<\/div>\n\t\t\t\t<\/div>\n\t\t\t\t<\/div>\n\t\t<div class=\"elementor-element elementor-element-7c289276 e-con-full e-flex e-con e-child\" data-id=\"7c289276\" data-element_type=\"container\" data-e-type=\"container\">\n\t\t\t\t<div class=\"elementor-element elementor-element-55e07c3 elementor-widget elementor-widget-image\" data-id=\"55e07c3\" data-element_type=\"widget\" data-e-type=\"widget\" data-widget_type=\"image.default\">\n\t\t\t\t<div class=\"elementor-widget-container\">\n\t\t\t\t\t\t\t\t\t\t\t\t\t\t\t<img loading=\"lazy\" decoding=\"async\" width=\"650\" height=\"367\" src=\"https:\/\/realta.ca\/wp-content\/uploads\/2024\/05\/realta_region_lachine_commerce_provost.jpg\" class=\"attachment-full size-full wp-image-31949\" alt=\"\" srcset=\"https:\/\/realta.ca\/wp-content\/uploads\/2024\/05\/realta_region_lachine_commerce_provost.jpg 650w, https:\/\/realta.ca\/wp-content\/uploads\/2024\/05\/realta_region_lachine_commerce_provost-300x169.jpg 300w\" sizes=\"(max-width: 650px) 100vw, 650px\" \/>\t\t\t\t\t\t\t\t\t\t\t\t\t\t\t<\/div>\n\t\t\t\t<\/div>\n\t\t\t\t<div class=\"elementor-element elementor-element-6dc5d249 elementor-widget__width-initial elementor-widget-mobile__width-inherit elementor-widget elementor-widget-heading\" data-id=\"6dc5d249\" data-element_type=\"widget\" data-e-type=\"widget\" data-widget_type=\"heading.default\">\n\t\t\t\t<div class=\"elementor-widget-container\">\n\t\t\t\t\t<h3 class=\"elementor-heading-title elementor-size-default\">Provost Street<\/h3>\t\t\t\t<\/div>\n\t\t\t\t<\/div>\n\t\t\t\t<div class=\"elementor-element elementor-element-5d9e9e10 elementor-widget-mobile__width-inherit elementor-widget elementor-widget-text-editor\" data-id=\"5d9e9e10\" data-element_type=\"widget\" data-e-type=\"widget\" data-widget_type=\"text-editor.default\">\n\t\t\t\t<div class=\"elementor-widget-container\">\n\t\t\t\t\t\t\t\t\t<p>Located between rue Victoria and avenu George V, rue Provost is home to some sixty businesses. These include convenience stores, professional services and restaurants. There are several schools and four parks.  <\/p>\n\t\t\t\t\t\t\t\t<\/div>\n\t\t\t\t<\/div>\n\t\t\t\t<\/div>\n\t\t\t\t\t<\/div>\n\t\t\t\t<\/div>\n\t\t\t\t\t<\/div>\n\t\t\t\t<\/section>\n\t\t<section class=\"elementor-element elementor-element-54d74447 e-flex e-con-boxed e-con e-child\" data-id=\"54d74447\" data-element_type=\"container\" data-e-type=\"container\" data-settings=\"{&quot;background_background&quot;:&quot;classic&quot;}\">\n\t\t\t\t\t<div class=\"e-con-inner\">\n\t\t\t\t<div class=\"elementor-element elementor-element-2a129837 elementor-widget-mobile__width-initial elementor-widget-tablet__width-initial elementor-widget__width-initial elementor-invisible elementor-widget elementor-widget-heading\" data-id=\"2a129837\" data-element_type=\"widget\" data-e-type=\"widget\" data-settings=\"{&quot;_animation&quot;:&quot;slideInDown&quot;}\" data-widget_type=\"heading.default\">\n\t\t\t\t<div class=\"elementor-widget-container\">\n\t\t\t\t\t<h2 class=\"elementor-heading-title elementor-size-default\">Lachine's main attractions<\/h2>\t\t\t\t<\/div>\n\t\t\t\t<\/div>\n\t\t<div class=\"elementor-element elementor-element-78910bc7 e-flex e-con-boxed e-con e-child\" data-id=\"78910bc7\" data-element_type=\"container\" data-e-type=\"container\">\n\t\t\t\t\t<div class=\"e-con-inner\">\n\t\t\t\t<div class=\"elementor-element elementor-element-70ca6bb9 elementor-widget elementor-widget-text-editor\" data-id=\"70ca6bb9\" data-element_type=\"widget\" data-e-type=\"widget\" data-widget_type=\"text-editor.default\">\n\t\t\t\t<div class=\"elementor-widget-container\">\n\t\t\t\t\t\t\t\t\t<p>Lachine offers many attractions that will interest residents and day-trippers alike. Whether you&#8217;re interested in history, culture, nature or just plain fun, there&#8217;s something of interest for everyone in Lachine. Here are the main attractions, and as you explore these, you&#8217;ll find many more:  <\/p>\n\t\t\t\t\t\t\t\t<\/div>\n\t\t\t\t<\/div>\n\t\t\t\t\t<\/div>\n\t\t\t\t<\/div>\n\t\t<div class=\"elementor-element elementor-element-691a3783 e-flex e-con-boxed e-con e-child\" data-id=\"691a3783\" data-element_type=\"container\" data-e-type=\"container\">\n\t\t\t\t\t<div class=\"e-con-inner\">\n\t\t\t\t<div class=\"elementor-element elementor-element-2000d96e elementor-widget__width-initial elementor-widget-mobile__width-inherit elementor-widget elementor-widget-text-editor\" data-id=\"2000d96e\" data-element_type=\"widget\" data-e-type=\"widget\" data-widget_type=\"text-editor.default\">\n\t\t\t\t<div class=\"elementor-widget-container\">\n\t\t\t\t\t\t\t\t\t<p><span style=\"color: #009ca6;\">Lachine Canal:<\/span><\/p>\n<p>This historic canal, a UNESCO World Heritage Site, offers picturesque walks, bike paths, locks and seasonal events.<\/p>\n\t\t\t\t\t\t\t\t<\/div>\n\t\t\t\t<\/div>\n\t\t\t\t<div class=\"elementor-element elementor-element-377b9ea5 elementor-widget__width-initial elementor-widget-mobile__width-inherit elementor-widget elementor-widget-text-editor\" data-id=\"377b9ea5\" data-element_type=\"widget\" data-e-type=\"widget\" data-widget_type=\"text-editor.default\">\n\t\t\t\t<div class=\"elementor-widget-container\">\n\t\t\t\t\t\t\t\t\t<p><span style=\"color: #009ca6;\">Lachine Canal multi-purpose trail:<\/span><\/p>\n<p>The Lachine Canal, built in 1825 to bypass the rapids, stretches 14.5 km between the Old Port and Lake Saint-Louis. It is both an inland waterway and an urban park rich in history. <\/p>\n\t\t\t\t\t\t\t\t<\/div>\n\t\t\t\t<\/div>\n\t\t\t\t<div class=\"elementor-element elementor-element-72722e1c elementor-widget__width-initial elementor-widget-mobile__width-inherit elementor-widget elementor-widget-text-editor\" data-id=\"72722e1c\" data-element_type=\"widget\" data-e-type=\"widget\" data-widget_type=\"text-editor.default\">\n\t\t\t\t<div class=\"elementor-widget-container\">\n\t\t\t\t\t\t\t\t\t<p><span style=\"color: #009ca6;\">Fur Trade at Lachine National Historic Site:<\/span><\/p>\n<p>Built in 1803, this old \u201cstone shed\u201d is an important witness to Montreal&#8217;s fur trade epic.<\/p>\n\t\t\t\t\t\t\t\t<\/div>\n\t\t\t\t<\/div>\n\t\t\t\t<div class=\"elementor-element elementor-element-6d0bfef1 elementor-widget__width-initial elementor-widget-mobile__width-inherit elementor-widget elementor-widget-text-editor\" data-id=\"6d0bfef1\" data-element_type=\"widget\" data-e-type=\"widget\" data-widget_type=\"text-editor.default\">\n\t\t\t\t<div class=\"elementor-widget-container\">\n\t\t\t\t\t\t\t\t\t<p><span style=\"color: #009ca6;\">Ren\u00e9-L\u00e9vesque Park:<\/span><\/p>\n<p>This park offers spectacular views of the St. Lawrence River, hiking trails, picnic areas, sports fields and an open-air amphitheatre.<\/p>\n\t\t\t\t\t\t\t\t<\/div>\n\t\t\t\t<\/div>\n\t\t\t\t<div class=\"elementor-element elementor-element-45e011d9 elementor-widget__width-initial elementor-widget-mobile__width-inherit elementor-widget elementor-widget-text-editor\" data-id=\"45e011d9\" data-element_type=\"widget\" data-e-type=\"widget\" data-widget_type=\"text-editor.default\">\n\t\t\t\t<div class=\"elementor-widget-container\">\n\t\t\t\t\t\t\t\t\t<p><span style=\"color: #009ca6;\">Lachine Museum:<\/span><\/p>\n<p>Located on the banks of the St. Lawrence River, this museum invites you to discover the history of the Maison Le Ber-Le Moyne. The museum features exhibits on the history and culture of Lachine, including First Nations, navigation and industry. <\/p>\n\t\t\t\t\t\t\t\t<\/div>\n\t\t\t\t<\/div>\n\t\t\t\t<div class=\"elementor-element elementor-element-7a58195 elementor-widget__width-initial elementor-widget-mobile__width-inherit elementor-widget elementor-widget-text-editor\" data-id=\"7a58195\" data-element_type=\"widget\" data-e-type=\"widget\" data-widget_type=\"text-editor.default\">\n\t\t\t\t<div class=\"elementor-widget-container\">\n\t\t\t\t\t\t\t\t\t<p><span style=\"color: #009ca6;\">Lachine Market:<\/span><\/p>\n<p>This open-air market offers fresh produce, local crafts and special events.<\/p>\n\t\t\t\t\t\t\t\t<\/div>\n\t\t\t\t<\/div>\n\t\t\t\t<div class=\"elementor-element elementor-element-1506b7e elementor-widget__width-initial elementor-widget-mobile__width-inherit elementor-widget elementor-widget-text-editor\" data-id=\"1506b7e\" data-element_type=\"widget\" data-e-type=\"widget\" data-widget_type=\"text-editor.default\">\n\t\t\t\t<div class=\"elementor-widget-container\">\n\t\t\t\t\t\t\t\t\t<p><span style=\"color: #009ca6;\">Old Lachine:<\/span><\/p>\n<p>This historic district is home to 19th-century buildings, art galleries, unique boutiques, restaurants and caf\u00e9s.<\/p>\n\t\t\t\t\t\t\t\t<\/div>\n\t\t\t\t<\/div>\n\t\t\t\t<div class=\"elementor-element elementor-element-965f140 elementor-widget__width-initial elementor-widget-mobile__width-inherit elementor-widget elementor-widget-text-editor\" data-id=\"965f140\" data-element_type=\"widget\" data-e-type=\"widget\" data-widget_type=\"text-editor.default\">\n\t\t\t\t<div class=\"elementor-widget-container\">\n\t\t\t\t\t\t\t\t\t<p><span style=\"color: #009ca6;\">Lachine Music Festival:<\/span><\/p>\n<p>A dozen free concerts a year for 45 years, over 500 concerts featuring 6,000 artists and musicians? This is the rich heritage of the Lachine Classical Music Festival organized by Concerts Lachine. <\/p>\n\t\t\t\t\t\t\t\t<\/div>\n\t\t\t\t<\/div>\n\t\t\t\t\t<\/div>\n\t\t\t\t<\/div>\n\t\t\t\t\t<\/div>\n\t\t\t\t<\/section>\n\t\t<section class=\"elementor-element elementor-element-7f43b027 e-flex e-con-boxed e-con e-child\" data-id=\"7f43b027\" data-element_type=\"container\" data-e-type=\"container\">\n\t\t\t\t\t<div class=\"e-con-inner\">\n\t\t<div class=\"elementor-element elementor-element-471c56fe e-flex e-con-boxed e-con e-child\" data-id=\"471c56fe\" data-element_type=\"container\" data-e-type=\"container\">\n\t\t\t\t\t<div class=\"e-con-inner\">\n\t\t<div class=\"elementor-element elementor-element-39b9dccc e-con-full e-flex e-con e-child\" data-id=\"39b9dccc\" data-element_type=\"container\" data-e-type=\"container\">\n\t\t\t\t<div class=\"elementor-element elementor-element-f65bcb4 elementor-widget elementor-widget-video\" data-id=\"f65bcb4\" data-element_type=\"widget\" data-e-type=\"widget\" data-settings=\"{&quot;youtube_url&quot;:&quot;https:\\\/\\\/youtu.be\\\/HpUjG9EvK54?si=kECPEuRzkSVPPQJj&quot;,&quot;yt_privacy&quot;:&quot;yes&quot;,&quot;video_type&quot;:&quot;youtube&quot;,&quot;controls&quot;:&quot;yes&quot;}\" data-widget_type=\"video.default\">\n\t\t\t\t<div class=\"elementor-widget-container\">\n\t\t\t\t\t\t\t<div class=\"elementor-wrapper elementor-open-inline\">\n\t\t\t<div class=\"elementor-video\"><\/div>\t\t<\/div>\n\t\t\t\t\t\t<\/div>\n\t\t\t\t<\/div>\n\t\t\t\t<div class=\"elementor-element elementor-element-4e2a64a0 elementor-widget__width-initial elementor-widget-mobile__width-inherit elementor-invisible elementor-widget elementor-widget-heading\" data-id=\"4e2a64a0\" data-element_type=\"widget\" data-e-type=\"widget\" data-settings=\"{&quot;_animation&quot;:&quot;slideInDown&quot;}\" data-widget_type=\"heading.default\">\n\t\t\t\t<div class=\"elementor-widget-container\">\n\t\t\t\t\t<h2 class=\"elementor-heading-title elementor-size-default\">Making <b>lachine<\/b> dance<\/h2>\t\t\t\t<\/div>\n\t\t\t\t<\/div>\n\t\t\t\t<div class=\"elementor-element elementor-element-1ed9f372 elementor-widget-mobile__width-inherit elementor-widget elementor-widget-text-editor\" data-id=\"1ed9f372\" data-element_type=\"widget\" data-e-type=\"widget\" data-widget_type=\"text-editor.default\">\n\t\t\t\t<div class=\"elementor-widget-container\">\n\t\t\t\t\t\t\t\t\t<p>The Borough of Lachine presents Faire danser Lachine. Directed by Maude Lecours, choreographer and creator of Faire danser un village, the video benefits from the collaboration of 230 Lachinois and Lachinoises who dance in various symbolic places of the territory to the sound of the song Au rythme de l&#8217;eau, custom-composed by Lachine-born singer-songwriter Joseph Boonen.  <\/p>\n<p>This video highlights some of Lachine&#8217;s attractions. But above all, it highlights the people who live here. People of all ages and backgrounds, merchants, Borough staff and SIM (fire station 64) gathered in a variety of locations to show their attachment to Lachine&#8230; by dancing!  <\/p>\n\t\t\t\t\t\t\t\t<\/div>\n\t\t\t\t<\/div>\n\t\t\t\t<\/div>\n\t\t<div class=\"elementor-element elementor-element-29ef6f99 e-con-full e-flex e-con e-child\" data-id=\"29ef6f99\" data-element_type=\"container\" data-e-type=\"container\">\n\t\t\t\t<div class=\"elementor-element elementor-element-4d62aa35 elementor-widget elementor-widget-image\" data-id=\"4d62aa35\" data-element_type=\"widget\" data-e-type=\"widget\" data-widget_type=\"image.default\">\n\t\t\t\t<div class=\"elementor-widget-container\">\n\t\t\t\t\t\t\t\t\t\t\t\t\t\t\t<img loading=\"lazy\" decoding=\"async\" width=\"650\" height=\"367\" src=\"https:\/\/realta.ca\/wp-content\/uploads\/2024\/05\/realta_region_lachine_immobilier.jpg\" class=\"attachment-full size-full wp-image-31951\" alt=\"\" srcset=\"https:\/\/realta.ca\/wp-content\/uploads\/2024\/05\/realta_region_lachine_immobilier.jpg 650w, https:\/\/realta.ca\/wp-content\/uploads\/2024\/05\/realta_region_lachine_immobilier-300x169.jpg 300w\" sizes=\"(max-width: 650px) 100vw, 650px\" \/>\t\t\t\t\t\t\t\t\t\t\t\t\t\t\t<\/div>\n\t\t\t\t<\/div>\n\t\t\t\t<div class=\"elementor-element elementor-element-57c664c4 elementor-widget__width-initial elementor-widget-mobile__width-inherit elementor-invisible elementor-widget elementor-widget-heading\" data-id=\"57c664c4\" data-element_type=\"widget\" data-e-type=\"widget\" data-settings=\"{&quot;_animation&quot;:&quot;slideInDown&quot;}\" data-widget_type=\"heading.default\">\n\t\t\t\t<div class=\"elementor-widget-container\">\n\t\t\t\t\t<h2 class=\"elementor-heading-title elementor-size-default\">Let's talk real estate in <b>Lachine<\/b> <\/h2>\t\t\t\t<\/div>\n\t\t\t\t<\/div>\n\t\t\t\t<div class=\"elementor-element elementor-element-27b2952 elementor-widget-mobile__width-inherit elementor-widget elementor-widget-text-editor\" data-id=\"27b2952\" data-element_type=\"widget\" data-e-type=\"widget\" data-widget_type=\"text-editor.default\">\n\t\t\t\t<div class=\"elementor-widget-container\">\n\t\t\t\t\t\t\t\t\t<p>As highlighted in this presentation, the borough of Lachine offers an enriching living environment that blends historical heritage with urban vitality. Framed by the Lachine Canal and Lake Saint-Louis, it boasts abundant green spaces, including parks along the shoreline, ideal for families and nature lovers. There are also excellent schools, as well as a variety of shops and professional services. Finally, its proximity to downtown and promising urban development projects make Lachine an attractive choice for real estate investment and relocation.   <\/p>\n\t\t\t\t\t\t\t\t<\/div>\n\t\t\t\t<\/div>\n\t\t\t\t<\/div>\n\t\t\t\t\t<\/div>\n\t\t\t\t<\/div>\n\t\t\t\t\t<\/div>\n\t\t\t\t<\/section>\n\t\t<section class=\"elementor-element elementor-element-dc34523 e-flex e-con-boxed e-con e-child\" data-id=\"dc34523\" data-element_type=\"container\" data-e-type=\"container\" data-settings=\"{&quot;background_background&quot;:&quot;classic&quot;}\">\n\t\t\t\t\t<div class=\"e-con-inner\">\n\t\t\t\t<div class=\"elementor-element elementor-element-98cd772 elementor-widget-mobile__width-initial elementor-widget-tablet__width-initial elementor-invisible elementor-widget elementor-widget-heading\" data-id=\"98cd772\" data-element_type=\"widget\" data-e-type=\"widget\" data-settings=\"{&quot;_animation&quot;:&quot;slideInDown&quot;}\" data-widget_type=\"heading.default\">\n\t\t\t\t<div class=\"elementor-widget-container\">\n\t\t\t\t\t<h2 class=\"elementor-heading-title elementor-size-default\">Real estate, an important financial asset<\/h2>\t\t\t\t<\/div>\n\t\t\t\t<\/div>\n\t\t<div class=\"elementor-element elementor-element-d8dc442 e-flex e-con-boxed e-con e-child\" data-id=\"d8dc442\" data-element_type=\"container\" data-e-type=\"container\">\n\t\t\t\t\t<div class=\"e-con-inner\">\n\t\t\t\t<div class=\"elementor-element elementor-element-5557f22 elementor-widget elementor-widget-text-editor\" data-id=\"5557f22\" data-element_type=\"widget\" data-e-type=\"widget\" data-widget_type=\"text-editor.default\">\n\t\t\t\t<div class=\"elementor-widget-container\">\n\t\t\t\t\t\t\t\t\t<p>Buying a home is a type of asset that can represent a significant financial value in a person&#8217;s life. It can generate income, appreciate in value over time and\/or offer protection against inflation. Since 2011, Montreal&#8217;s real estate market has grown by leaps and bounds. In Lachine, the median price of single-family homes has doubled, while that of condos has risen significantly, offering owners a substantial return on their investment. The growth in property values is even greater when compared with 2001 prices.    <\/p>\n\t\t\t\t\t\t\t\t<\/div>\n\t\t\t\t<\/div>\n\t\t\t\t<div class=\"elementor-element elementor-element-be9d54f elementor-widget__width-inherit elementor-widget elementor-widget-shortcode\" data-id=\"be9d54f\" data-element_type=\"widget\" data-e-type=\"widget\" data-widget_type=\"shortcode.default\">\n\t\t\t\t<div class=\"elementor-widget-container\">\n\t\t\t\t\t\t\t<div class=\"elementor-shortcode\">        <div class=\"region__stat\">\r\n            <div class=\"region__stat--cities\">\r\n\r\n                <div class=\"region__stat--city region__stat--header col-4\">\r\n                    <label><\/label>\r\n                    <label>2023<br \/>Median price<\/label>\r\n                    <label>2011<br \/>Median price<\/label>\r\n                    <label>2011-2023<br \/>Variation<\/label>\r\n                    <label>2001-2011<br \/>Variation<\/label>\r\n                <\/div>\r\n                <div class=\"region__stat--city region__stat--main col-4\">\r\n                    <label class=\"region__city--label\">Single-family homes<\/label>\r\n                    <div>\r\n                        <label class=\"region__mobile--label\">2023 Median price:<\/label>\r\n                        <price>666 000<\/price>\r\n                    <\/div>\r\n                    <div>\r\n                        <label class=\"region__mobile--label\">2011 Median price:<\/label>\r\n                        <price>331 850<\/price>\r\n                    <\/div>\r\n                    <div>\r\n                        <label class=\"region__mobile--label\">2011-2023 Variation:<\/label>\r\n                        <percent>101<\/percent>\r\n                    <\/div>\r\n                    <div>\r\n                        <label class=\"region__mobile--label\">2001-2011 Variation:<\/label>\r\n                        <percent>156<\/percent>\r\n                    <\/div>\r\n                <\/div>  \r\n                <div class=\"region__stat--city region__stat--main col-4\">\r\n                    <label class=\"region__city--label\">Condominiums<\/label>\r\n                    <div>\r\n                        <label class=\"region__mobile--label\">2023 Median price:<\/label>\r\n                        <price>375 000<\/price>\r\n                    <\/div>\r\n                    <div>\r\n                        <label class=\"region__mobile--label\">2011 Median price:<\/label>\r\n                        <price>233 500<\/price>\r\n                    <\/div>\r\n                    <div>\r\n                        <label class=\"region__mobile--label\">2011-2023 Variation:<\/label>\r\n                        <percent>61<\/percent>\r\n                    <\/div>\r\n                    <div>\r\n                        <label class=\"region__mobile--label\">2001-2011 Variation:<\/label>\r\n                        <percent>176<\/percent>\r\n                    <\/div>\r\n                <\/div> \r\n\r\n            <\/div>\r\n            <div class=\"region__stat--source\">\r\n                <p>Source : <a href=\"https:\/\/lactualite.com\/finances-personnelles\/le-prix-des-maisons-region-par-region\/\" target=\"_blank\">House prices, region by region - L'Actualit\u00e9 magazine, March 9, 2011<\/a><\/p>\r\n            <\/div>\r\n        <\/div>\r\n        <\/div>\n\t\t\t\t\t\t<\/div>\n\t\t\t\t<\/div>\n\t\t\t\t<div class=\"elementor-element elementor-element-1aa1bd7 elementor-widget elementor-widget-text-editor\" data-id=\"1aa1bd7\" data-element_type=\"widget\" data-e-type=\"widget\" data-widget_type=\"text-editor.default\">\n\t\t\t\t<div class=\"elementor-widget-container\">\n\t\t\t\t\t\t\t\t\t<p>As the following table shows, real estate prices in Lachine remain attractive when compared to other Montreal neighborhoods or neighboring cities. Single-family homes make up the majority of properties in Lachine, with a variety of styles including bungalows, cottages and townhouses. Prices vary according to sector, age and size. According to Centris, the median price of single-family homes in Lachine was $666,000 for the cumulative last four quarters of 2023. It ranks 12th in our sample of 15 local boroughs and cities. The supply of condos in Lachine is more limited, but growing. Prices vary according to condo type, location and inclusions. According to Centris, the median condo price in Lachine was $375,000 for the cumulative last four quarters of 2023. Here again, the results show that condo prices in Lachine remain among the lowest in our sample.        <\/p>\n\t\t\t\t\t\t\t\t<\/div>\n\t\t\t\t<\/div>\n\t\t\t\t\t<\/div>\n\t\t\t\t<\/div>\n\t\t\t\t\t<\/div>\n\t\t\t\t<\/section>\n\t\t<section class=\"elementor-element elementor-element-6b5e6e9b e-flex e-con-boxed e-con e-child\" data-id=\"6b5e6e9b\" data-element_type=\"container\" data-e-type=\"container\">\n\t\t\t\t\t<div class=\"e-con-inner\">\n\t\t<div class=\"elementor-element elementor-element-6c642637 e-con-full e-flex e-con e-child\" data-id=\"6c642637\" data-element_type=\"container\" data-e-type=\"container\">\n\t\t\t\t<div class=\"elementor-element elementor-element-708abe74 elementor-widget-mobile__width-inherit elementor-invisible elementor-widget elementor-widget-heading\" data-id=\"708abe74\" data-element_type=\"widget\" data-e-type=\"widget\" data-settings=\"{&quot;_animation&quot;:&quot;slideInDown&quot;}\" data-widget_type=\"heading.default\">\n\t\t\t\t<div class=\"elementor-widget-container\">\n\t\t\t\t\t<h2 class=\"elementor-heading-title elementor-size-default\">Median price<br>Single-family homes<\/h2>\t\t\t\t<\/div>\n\t\t\t\t<\/div>\n\t\t\t\t<div class=\"elementor-element elementor-element-7670a883 elementor-widget elementor-widget-shortcode\" data-id=\"7670a883\" data-element_type=\"widget\" data-e-type=\"widget\" data-widget_type=\"shortcode.default\">\n\t\t\t\t<div class=\"elementor-widget-container\">\n\t\t\t\t\t\t\t<div class=\"elementor-shortcode\">        <div class=\"region__stat\">\r\n            <div class=\"region__stat--cities\">\r\n                                <div class=\"region__stat--city region__median--city\">\r\n                        <label class=\"region__city--label\">Westmount<\/label>\r\n                                                    <price>2 250 000 <\/price>\r\n                                                \r\n                    <\/div>          \r\n                                        <div class=\"region__stat--city region__median--city\">\r\n                        <label class=\"region__city--label\">Outremont<\/label>\r\n                                                    <price>2 071 625 <\/price>\r\n                                                \r\n                    <\/div>          \r\n                                        <div class=\"region__stat--city region__median--city\">\r\n                        <label class=\"region__city--label\">Hampstead<\/label>\r\n                                                    <price>1 804 375 <\/price>\r\n                                                \r\n                    <\/div>          \r\n                                        <div class=\"region__stat--city region__median--city\">\r\n                        <label class=\"region__city--label\">Ville de Mont-Royal<\/label>\r\n                                                    <price>1 742 500 <\/price>\r\n                                                \r\n                    <\/div>          \r\n                                        <div class=\"region__stat--city region__median--city\">\r\n                        <label class=\"region__city--label\">C\u00f4te-des-Neiges\/Notre-Dame-de-Gr\u00e2ce<\/label>\r\n                                                    <price>1 345 000 <\/price>\r\n                                                \r\n                    <\/div>          \r\n                                        <div class=\"region__stat--city region__median--city\">\r\n                        <label class=\"region__city--label\">Le Plateau-Mont-Royal<\/label>\r\n                                                    <price>1 308 750 <\/price>\r\n                                                \r\n                    <\/div>          \r\n                                        <div class=\"region__stat--city region__median--city\">\r\n                        <label class=\"region__city--label\">Ville-Marie<\/label>\r\n                                                    <price>1 194 250 <\/price>\r\n                                                \r\n                    <\/div>          \r\n                                        <div class=\"region__stat--city region__median--city\">\r\n                        <label class=\"region__city--label\">RSMT\/La-Petite-Patrie<\/label>\r\n                                                    <price>1 072 000 <\/price>\r\n                                                \r\n                    <\/div>          \r\n                                        <div class=\"region__stat--city region__median--city\">\r\n                        <label class=\"region__city--label\">Verdun\/\u00cele-des-S\u0153urs<\/label>\r\n                                                    <price>1 054 550 <\/price>\r\n                                                \r\n                    <\/div>          \r\n                                        <div class=\"region__stat--city region__median--city\">\r\n                        <label class=\"region__city--label\">Beaconsfield<\/label>\r\n                                                    <price>1 045 000 <\/price>\r\n                                                \r\n                    <\/div>          \r\n                                        <div class=\"region__stat--city region__median--city\">\r\n                        <label class=\"region__city--label\">C\u00f4te-Saint-Luc<\/label>\r\n                                                    <price>942 500 <\/price>\r\n                                                \r\n                    <\/div>          \r\n                                        <div class=\"region__stat--city region__median--city\">\r\n                        <label class=\"region__city--label\">Kirkland<\/label>\r\n                                                    <price>872 500 <\/price>\r\n                                                \r\n                    <\/div>          \r\n                                        <div class=\"region__stat--city region__median--city\">\r\n                        <label class=\"region__city--label\">Ahuntsic-Cartierville<\/label>\r\n                                                    <price>865 000 <\/price>\r\n                                                \r\n                    <\/div>          \r\n                                        <div class=\"region__stat--city region__median--city\">\r\n                        <label class=\"region__city--label\">Saint-Laurent<\/label>\r\n                                                    <price>815 000 <\/price>\r\n                                                \r\n                    <\/div>          \r\n                                        <div class=\"region__stat--city region__median--city\">\r\n                        <label class=\"region__city--label\">Sud-Ouest<\/label>\r\n                                                    <price>800 000 <\/price>\r\n                                                \r\n                    <\/div>          \r\n                                        <div class=\"region__stat--city region__median--city\">\r\n                        <label class=\"region__city--label\">L'\u00cele-Bizard\/Sainte-Genevi\u00e8ve<\/label>\r\n                                                    <price>800 000 <\/price>\r\n                                                \r\n                    <\/div>          \r\n                                        <div class=\"region__stat--city region__median--city\">\r\n                        <label class=\"region__city--label\">Lasalle<\/label>\r\n                                                    <price>765 000 <\/price>\r\n                                                \r\n                    <\/div>          \r\n                                        <div class=\"region__stat--city region__median--city\">\r\n                        <label class=\"region__city--label\">Pointe-Claire<\/label>\r\n                                                    <price>760 000 <\/price>\r\n                                                \r\n                    <\/div>          \r\n                                        <div class=\"region__stat--city region__median--city\">\r\n                        <label class=\"region__city--label\">Dollard-des-Ormeaux<\/label>\r\n                                                    <price>758 500 <\/price>\r\n                                                \r\n                    <\/div>          \r\n                                        <div class=\"region__stat--city region__median--city\">\r\n                        <label class=\"region__city--label\">Dorval<\/label>\r\n                                                    <price>722 000 <\/price>\r\n                                                \r\n                    <\/div>          \r\n                                        <div class=\"region__stat--city region__median--city\">\r\n                        <label class=\"region__city--label\">Saint-L\u00e9onard<\/label>\r\n                                                    <price>689 000 <\/price>\r\n                                                \r\n                    <\/div>          \r\n                                        <div class=\"region__stat--city region__median--city region__stat--bold\">\r\n                        <label class=\"region__city--label\">Lachine<\/label>\r\n                                                    <price>675 000 <\/price>\r\n                                                \r\n                    <\/div>          \r\n                                        <div class=\"region__stat--city region__median--city\">\r\n                        <label class=\"region__city--label\">Villeray\/St-Michel\/Parc-Extension<\/label>\r\n                                                    <price>666 000 <\/price>\r\n                                                \r\n                    <\/div>          \r\n                                        <div class=\"region__stat--city region__median--city\">\r\n                        <label class=\"region__city--label\">Pierrefonds-Roxboro<\/label>\r\n                                                    <price>650 000 <\/price>\r\n                                                \r\n                    <\/div>          \r\n                                        <div class=\"region__stat--city region__median--city\">\r\n                        <label class=\"region__city--label\">Anjou<\/label>\r\n                                                    <price>610 000 <\/price>\r\n                                                \r\n                    <\/div>          \r\n                                        <div class=\"region__stat--city region__median--city\">\r\n                        <label class=\"region__city--label\">Mercier-Hochelaga-Maisonneuve<\/label>\r\n                                                    <price>575 000 <\/price>\r\n                                                \r\n                    <\/div>          \r\n                                        <div class=\"region__stat--city region__median--city\">\r\n                        <label class=\"region__city--label\">Rivi\u00e8re-des-Prairies\/Pointe-aux-Trembles<\/label>\r\n                                                    <price>550 000 <\/price>\r\n                                                \r\n                    <\/div>          \r\n                                        <div class=\"region__stat--city region__median--city\">\r\n                        <label class=\"region__city--label\">Montr\u00e9al-Nord<\/label>\r\n                                                    <price>505 000 <\/price>\r\n                                                \r\n                    <\/div>          \r\n                                <\/div>\r\n            <div class=\"region__stat--source\">\r\n                <p>Source : <a href=\"https:\/\/www.centris.ca\/\" target=\"_blank\">Centris<\/a><\/p>\r\n                <p>Update : September 2025<\/p>\r\n            <\/div>\r\n        <\/div>\r\n        <\/div>\n\t\t\t\t\t\t<\/div>\n\t\t\t\t<\/div>\n\t\t\t\t<\/div>\n\t\t<div class=\"elementor-element elementor-element-56c7f8b9 e-con-full e-flex e-con e-child\" data-id=\"56c7f8b9\" data-element_type=\"container\" data-e-type=\"container\">\n\t\t\t\t<div class=\"elementor-element elementor-element-7d70402e elementor-widget-mobile__width-inherit elementor-invisible elementor-widget elementor-widget-heading\" data-id=\"7d70402e\" data-element_type=\"widget\" data-e-type=\"widget\" data-settings=\"{&quot;_animation&quot;:&quot;slideInDown&quot;}\" data-widget_type=\"heading.default\">\n\t\t\t\t<div class=\"elementor-widget-container\">\n\t\t\t\t\t<h2 class=\"elementor-heading-title elementor-size-default\">Median price<br>Condominium<\/h2>\t\t\t\t<\/div>\n\t\t\t\t<\/div>\n\t\t\t\t<div class=\"elementor-element elementor-element-436d8bd0 elementor-widget elementor-widget-shortcode\" data-id=\"436d8bd0\" data-element_type=\"widget\" data-e-type=\"widget\" data-widget_type=\"shortcode.default\">\n\t\t\t\t<div class=\"elementor-widget-container\">\n\t\t\t\t\t\t\t<div class=\"elementor-shortcode\">        <div class=\"region__stat\">\r\n            <div class=\"region__stat--cities\">\r\n                                <div class=\"region__stat--city region__median--city\">\r\n                        <label class=\"region__city--label\">Westmount<\/label>\r\n                                                    <price>912 875 <\/price>\r\n                                                \r\n                    <\/div>          \r\n                                        <div class=\"region__stat--city region__median--city\">\r\n                        <label class=\"region__city--label\">Outremont<\/label>\r\n                                                    <price>797 250 <\/price>\r\n                                                \r\n                    <\/div>          \r\n                                        <div class=\"region__stat--city region__median--city\">\r\n                        <label class=\"region__city--label\">Dorval<\/label>\r\n                                                    <price>722 000 <\/price>\r\n                                                \r\n                    <\/div>          \r\n                                        <div class=\"region__stat--city region__median--city\">\r\n                        <label class=\"region__city--label\">Ville de Mont-Royal<\/label>\r\n                                                    <price>646 500 <\/price>\r\n                                                \r\n                    <\/div>          \r\n                                        <div class=\"region__stat--city region__median--city\">\r\n                        <label class=\"region__city--label\">Le Plateau-Mont-Royal<\/label>\r\n                                                    <price>590 000 <\/price>\r\n                                                \r\n                    <\/div>          \r\n                                        <div class=\"region__stat--city region__median--city\">\r\n                        <label class=\"region__city--label\">Verdun\/\u00cele-des-S\u0153urs<\/label>\r\n                                                    <price>578 000 <\/price>\r\n                                                \r\n                    <\/div>          \r\n                                        <div class=\"region__stat--city region__median--city\">\r\n                        <label class=\"region__city--label\">Pointe-Claire<\/label>\r\n                                                    <price>561 250 <\/price>\r\n                                                \r\n                    <\/div>          \r\n                                        <div class=\"region__stat--city region__median--city\">\r\n                        <label class=\"region__city--label\">C\u00f4te-des-Neiges\/Notre-Dame-de-Gr\u00e2ce<\/label>\r\n                                                    <price>560 000 <\/price>\r\n                                                \r\n                    <\/div>          \r\n                                        <div class=\"region__stat--city region__median--city\">\r\n                        <label class=\"region__city--label\">RSMT\/La-Petite-Patrie<\/label>\r\n                                                    <price>550 000 <\/price>\r\n                                                \r\n                    <\/div>          \r\n                                        <div class=\"region__stat--city region__median--city\">\r\n                        <label class=\"region__city--label\">C\u00f4te-Saint-Luc<\/label>\r\n                                                    <price>549 000 <\/price>\r\n                                                \r\n                    <\/div>          \r\n                                        <div class=\"region__stat--city region__median--city\">\r\n                        <label class=\"region__city--label\">Dollard-des-Ormeaux<\/label>\r\n                                                    <price>486 000 <\/price>\r\n                                                \r\n                    <\/div>          \r\n                                        <div class=\"region__stat--city region__median--city\">\r\n                        <label class=\"region__city--label\">Sud-Ouest<\/label>\r\n                                                    <price>480 000 <\/price>\r\n                                                \r\n                    <\/div>          \r\n                                        <div class=\"region__stat--city region__median--city\">\r\n                        <label class=\"region__city--label\">Saint-Laurent<\/label>\r\n                                                    <price>475 000 <\/price>\r\n                                                \r\n                    <\/div>          \r\n                                        <div class=\"region__stat--city region__median--city\">\r\n                        <label class=\"region__city--label\">Ville-Marie<\/label>\r\n                                                    <price>471 500 <\/price>\r\n                                                \r\n                    <\/div>          \r\n                                        <div class=\"region__stat--city region__median--city\">\r\n                        <label class=\"region__city--label\">Lasalle<\/label>\r\n                                                    <price>463 000 <\/price>\r\n                                                \r\n                    <\/div>          \r\n                                        <div class=\"region__stat--city region__median--city\">\r\n                        <label class=\"region__city--label\">Villeray\/St-Michel\/Parc-Extension<\/label>\r\n                                                    <price>455 000 <\/price>\r\n                                                \r\n                    <\/div>          \r\n                                        <div class=\"region__stat--city region__median--city region__stat--bold\">\r\n                        <label class=\"region__city--label\">Lachine<\/label>\r\n                                                    <price>431 500 <\/price>\r\n                                                \r\n                    <\/div>          \r\n                                        <div class=\"region__stat--city region__median--city\">\r\n                        <label class=\"region__city--label\">Ahuntsic-Cartierville<\/label>\r\n                                                    <price>424 687 <\/price>\r\n                                                \r\n                    <\/div>          \r\n                                        <div class=\"region__stat--city region__median--city\">\r\n                        <label class=\"region__city--label\">Saint-L\u00e9onard<\/label>\r\n                                                    <price>406 750 <\/price>\r\n                                                \r\n                    <\/div>          \r\n                                        <div class=\"region__stat--city region__median--city\">\r\n                        <label class=\"region__city--label\">Mercier-Hochelaga-Maisonneuve<\/label>\r\n                                                    <price>405 000 <\/price>\r\n                                                \r\n                    <\/div>          \r\n                                        <div class=\"region__stat--city region__median--city\">\r\n                        <label class=\"region__city--label\">Pierrefonds-Roxboro<\/label>\r\n                                                    <price>372 500 <\/price>\r\n                                                \r\n                    <\/div>          \r\n                                        <div class=\"region__stat--city region__median--city\">\r\n                        <label class=\"region__city--label\">Anjou<\/label>\r\n                                                    <price>360 000 <\/price>\r\n                                                \r\n                    <\/div>          \r\n                                        <div class=\"region__stat--city region__median--city\">\r\n                        <label class=\"region__city--label\">Rivi\u00e8re-des-Prairies\/Pointe-aux-Trembles<\/label>\r\n                                                    <price>349 000 <\/price>\r\n                                                \r\n                    <\/div>          \r\n                                        <div class=\"region__stat--city region__median--city\">\r\n                        <label class=\"region__city--label\">Montr\u00e9al-Nord<\/label>\r\n                                                    <price>330 000 <\/price>\r\n                                                \r\n                    <\/div>          \r\n                                        <div class=\"region__stat--city region__median--city\">\r\n                        <label class=\"region__city--label\">L'\u00cele-Bizard\/Sainte-Genevi\u00e8ve<\/label>\r\n                                                    <price>0 <\/price>\r\n                                                \r\n                    <\/div>          \r\n                                        <div class=\"region__stat--city region__median--city\">\r\n                        <label class=\"region__city--label\">Kirkland<\/label>\r\n                                                    <price>0 <\/price>\r\n                                                \r\n                    <\/div>          \r\n                                        <div class=\"region__stat--city region__median--city\">\r\n                        <label class=\"region__city--label\">Hampstead<\/label>\r\n                                                    <price>0 <\/price>\r\n                                                \r\n                    <\/div>          \r\n                                        <div class=\"region__stat--city region__median--city\">\r\n                        <label class=\"region__city--label\">Beaconsfield<\/label>\r\n                                                    <price>0 <\/price>\r\n                                                \r\n                    <\/div>          \r\n                                <\/div>\r\n            <div class=\"region__stat--source\">\r\n                <p>Source : <a href=\"https:\/\/www.centris.ca\/\" target=\"_blank\">Centris<\/a><\/p>\r\n                <p>Update : September 2025<\/p>\r\n            <\/div>\r\n        <\/div>\r\n        <\/div>\n\t\t\t\t\t\t<\/div>\n\t\t\t\t<\/div>\n\t\t\t\t<\/div>\n\t\t\t\t\t<\/div>\n\t\t\t\t<\/section>\n\t\t\t\t\t<\/div>\n\t\t\t\t<\/div>\n\t\t<div class=\"elementor-element elementor-element-78b5e348 js__section e-flex e-con-boxed e-con e-parent\" data-id=\"78b5e348\" data-element_type=\"container\" data-e-type=\"container\" data-section-color=\"#fff\">\n\t\t\t\t\t<div class=\"e-con-inner\">\n\t\t\t\t<div class=\"elementor-element elementor-element-33614a4f js__section--label elementor-widget elementor-widget-html\" data-id=\"33614a4f\" data-element_type=\"widget\" data-e-type=\"widget\" data-widget_type=\"html.default\">\n\t\t\t\t<div class=\"elementor-widget-container\">\n\t\t\t\t\tRealta\t\t\t\t<\/div>\n\t\t\t\t<\/div>\n\t\t<header class=\"elementor-element elementor-element-2ef73eb1 e-flex e-con-boxed e-con e-child\" data-id=\"2ef73eb1\" data-element_type=\"container\" data-e-type=\"container\" data-settings=\"{&quot;background_background&quot;:&quot;classic&quot;}\">\n\t\t\t\t\t<div class=\"e-con-inner\">\n\t\t<div class=\"elementor-element elementor-element-335c9ac5 e-con-full e-flex e-con e-child\" data-id=\"335c9ac5\" data-element_type=\"container\" data-e-type=\"container\">\n\t\t\t\t<div class=\"elementor-element elementor-element-6bc02a57 elementor-widget-mobile__width-initial elementor-widget-tablet__width-initial elementor-widget__width-initial elementor-invisible elementor-widget elementor-widget-heading\" data-id=\"6bc02a57\" data-element_type=\"widget\" data-e-type=\"widget\" data-settings=\"{&quot;_animation&quot;:&quot;slideInDown&quot;}\" data-widget_type=\"heading.default\">\n\t\t\t\t<div class=\"elementor-widget-container\">\n\t\t\t\t\t<h1 class=\"elementor-heading-title elementor-size-default\">Lachine, my real estate agency is Realta!<\/h1>\t\t\t\t<\/div>\n\t\t\t\t<\/div>\n\t\t\t\t<div class=\"elementor-element elementor-element-5edd1c9c elementor-widget__width-initial elementor-invisible elementor-widget elementor-widget-text-editor\" data-id=\"5edd1c9c\" data-element_type=\"widget\" data-e-type=\"widget\" data-settings=\"{&quot;_animation&quot;:&quot;fadeInDown&quot;}\" data-widget_type=\"text-editor.default\">\n\t\t\t\t<div class=\"elementor-widget-container\">\n\t\t\t\t\t\t\t\t\t<p>If you&#8217;re looking to buy or sell a property in the Lachine borough, don&#8217;t hesitate to contact one of <a href=\"https:\/\/realta.ca\/en\/our-brokers\/\">REALTA&#8217;s professional real estate brokers<\/a>. He&#8217;ll be there to guide and advise you every step of the way. REALTA real estate brokers are familiar with the local Lachine market and have the tools they need to assess a property&#8217;s value, negotiate the best price and draw up the legal documents. You can trust our experts to make your real estate dream come true!  <\/p>\n\t\t\t\t\t\t\t\t<\/div>\n\t\t\t\t<\/div>\n\t\t\t\t<\/div>\n\t\t<div class=\"elementor-element elementor-element-5d6b40de e-con-full e-flex e-con e-child\" data-id=\"5d6b40de\" data-element_type=\"container\" data-e-type=\"container\">\n\t\t\t\t<div class=\"elementor-element elementor-element-373e3b06 elementor-widget elementor-widget-image\" data-id=\"373e3b06\" data-element_type=\"widget\" data-e-type=\"widget\" data-widget_type=\"image.default\">\n\t\t\t\t<div class=\"elementor-widget-container\">\n\t\t\t\t\t\t\t\t\t\t\t\t\t\t\t<img loading=\"lazy\" decoding=\"async\" width=\"500\" height=\"374\" src=\"https:\/\/realta.ca\/wp-content\/uploads\/2024\/04\/realta_region_footer.jpg\" class=\"attachment-full size-full wp-image-31539\" alt=\"\" srcset=\"https:\/\/realta.ca\/wp-content\/uploads\/2024\/04\/realta_region_footer.jpg 500w, https:\/\/realta.ca\/wp-content\/uploads\/2024\/04\/realta_region_footer-300x224.jpg 300w\" sizes=\"(max-width: 500px) 100vw, 500px\" \/>\t\t\t\t\t\t\t\t\t\t\t\t\t\t\t<\/div>\n\t\t\t\t<\/div>\n\t\t\t\t<\/div>\n\t\t\t\t\t<\/div>\n\t\t\t\t<\/header>\n\t\t<header class=\"elementor-element elementor-element-5095c07 e-flex e-con-boxed e-con e-child\" data-id=\"5095c07\" data-element_type=\"container\" data-e-type=\"container\" data-settings=\"{&quot;background_background&quot;:&quot;classic&quot;}\">\n\t\t\t\t\t<div class=\"e-con-inner\">\n\t\t\t\t<div class=\"elementor-element elementor-element-3fb5234d shortcode__sousPage--ville elementor-widget elementor-widget-shortcode\" data-id=\"3fb5234d\" data-element_type=\"widget\" data-e-type=\"widget\" id=\"region_montreal_liste\" data-widget_type=\"shortcode.default\">\n\t\t\t\t<div class=\"elementor-widget-container\">\n\t\t\t\t\t\t\t<div class=\"elementor-shortcode\"><ul class=\"ville__sibling--content\"><li class=\"ville__sibling--item region__liste--cus\"><a href=\"https:\/\/realta.ca\/en\/properties-by-region\/montreal\/montreal-ahuntsic-cartierville\/\">Montr\u00e9al Ahuntsic-Cartierville<\/a><\/li><li class=\"ville__sibling--item region__liste--cus\"><a href=\"https:\/\/realta.ca\/en\/properties-by-region\/montreal\/montreal-cote-des-neiges-notre-dame-de-grace\/\">Montr\u00e9al C\u00f4te des Neiges Notre-Dame-de-Gr\u00e2ce<\/a><\/li><li class=\"ville__sibling--item region__liste--cus\"><a href=\"https:\/\/realta.ca\/en\/properties-by-region\/montreal\/montreal-le-plateau-mont-royal\/\">Montr\u00e9al le plateau Mont-Royal<\/a><\/li><li class=\"ville__sibling--item region__liste--cus\"><a href=\"https:\/\/realta.ca\/en\/properties-by-region\/montreal\/montreal-le-sud-ouest\/\">Montr\u00e9al le Sud-Ouest<\/a><\/li><li class=\"ville__sibling--item region__liste--cus\"><a href=\"https:\/\/realta.ca\/en\/properties-by-region\/montreal\/montreal-outremont\/\">Montr\u00e9al Outremont<\/a><\/li><li class=\"ville__sibling--item region__liste--cus\"><a href=\"https:\/\/realta.ca\/en\/properties-by-region\/montreal\/montreal-rosemont-la-petite-patrie\/\">Montr\u00e9al Rosemont &#8211; La Petite-Patrie<\/a><\/li><li class=\"ville__sibling--item region__liste--cus\"><a href=\"https:\/\/realta.ca\/en\/properties-by-region\/montreal\/montreal-verdun-ile-des-soeurs\/\">Montr\u00e9al Verdun &#8211; \u00cele des Soeurs<\/a><\/li><li class=\"ville__sibling--item region__liste--cus\"><a href=\"https:\/\/realta.ca\/en\/properties-by-region\/montreal\/montreal-ville-marie\/\">Montr\u00e9al Ville-marie<\/a><\/li><li class=\"ville__sibling--item region__liste--cus\"><a href=\"https:\/\/realta.ca\/en\/properties-by-region\/montreal\/montreal-villeray-saint-michel-parc-extension\/\">Montr\u00e9al Villeray Saint-Michel Parc-Extension<\/a><\/li><li class=\"ville__sibling--item region__liste--cus\"><a href=\"https:\/\/realta.ca\/en\/properties-by-region\/montreal\/town-of-mount-royal\/\">Town of Mount Royal<\/a><\/li><\/ul><\/div>\n\t\t\t\t\t\t<\/div>\n\t\t\t\t<\/div>\n\t\t\t\t\t<\/div>\n\t\t\t\t<\/header>\n\t\t\t\t\t<\/div>\n\t\t\t\t<\/div>\n\t\t<div class=\"elementor-element elementor-element-20cf4cd5 js__section e-flex e-con-boxed e-con e-parent\" data-id=\"20cf4cd5\" data-element_type=\"container\" data-e-type=\"container\">\n\t\t\t\t\t<div class=\"e-con-inner\">\n\t\t\t\t<div class=\"elementor-element elementor-element-4e9b0f42 js__section--label elementor-widget elementor-widget-html\" data-id=\"4e9b0f42\" data-element_type=\"widget\" data-e-type=\"widget\" data-widget_type=\"html.default\">\n\t\t\t\t<div class=\"elementor-widget-container\">\n\t\t\t\t\tSources\t\t\t\t<\/div>\n\t\t\t\t<\/div>\n\t\t<header class=\"elementor-element elementor-element-728faa87 e-flex e-con-boxed e-con e-child\" data-id=\"728faa87\" data-element_type=\"container\" data-e-type=\"container\" data-settings=\"{&quot;background_background&quot;:&quot;classic&quot;}\">\n\t\t\t\t\t<div class=\"e-con-inner\">\n\t\t\t\t<div class=\"elementor-element elementor-element-2d5a84b1 elementor-widget-mobile__width-inherit elementor-widget-tablet__width-inherit elementor-invisible elementor-widget elementor-widget-heading\" data-id=\"2d5a84b1\" data-element_type=\"widget\" data-e-type=\"widget\" data-settings=\"{&quot;_animation&quot;:&quot;slideInDown&quot;}\" data-widget_type=\"heading.default\">\n\t\t\t\t<div class=\"elementor-widget-container\">\n\t\t\t\t\t<h2 class=\"elementor-heading-title elementor-size-default\">Information sources and useful links<\/h2>\t\t\t\t<\/div>\n\t\t\t\t<\/div>\n\t\t\t\t<div class=\"elementor-element elementor-element-5c287611 elementor-widget-mobile__width-inherit elementor-widget elementor-widget-text-editor\" data-id=\"5c287611\" data-element_type=\"widget\" data-e-type=\"widget\" data-widget_type=\"text-editor.default\">\n\t\t\t\t<div class=\"elementor-widget-container\">\n\t\t\t\t\t\t\t\t\t<ul>\n<li><a href=\"https:\/\/montreal.ca\/lieux\/mairie-darrondissement-de-lachine\" target=\"_blank\" rel=\"nofollow noopener nooponer\">City of Montreal website<\/a><\/li>\n<li><a href=\"https:\/\/montreal.ca\/lieux\/mairie-darrondissement-de-lachine\" target=\"_blank\" rel=\"nofollow noopener nooponer\">Lachine Borough Council website<\/a><u> <\/u><\/li>\n<li><a href=\"https:\/\/montreal.ca\/apropos\/lachine\" target=\"_blank\" rel=\"nofollow noopener nooponer\">Borough of Lachine website<\/a><u> <\/u><\/li>\n<li><a href=\"https:\/\/parcs.canada.ca\/lhn-nhs\/qc\/canallachine\/culture\" target=\"_blank\" rel=\"nofollow noopener nooponer\">Lachine Canal National Historic Site<\/a><\/li>\n<li><a href=\"https:\/\/numerique.banq.qc.ca\/patrimoine\/details\/52327\/2316635?docref=6G-iXNIcn1Cfnhqf7T5mYg\" target=\"_blank\" rel=\"nofollow noopener nooponer\">Evaluation of Lachine&#8217;s urban heritage &#8211; Digital BanQ<\/a><\/li>\n<li><a href=\"https:\/\/ici.radio-canada.ca\/ohdio\/premiere\/emissions\/le-15-18\/segments\/chronique\/26997\/eau-potable-usine-traitement-lachine\" target=\"_blank\" rel=\"nofollow noopener nooponer\">L&#8217;eau au c\u0153ur de l&#8217;arrondissement de Lachine<\/a><\/li>\n<li><a href=\"https:\/\/bv.cdeacf.ca\/EA_HTML\/2005_04_0512.htm\" target=\"_blank\" rel=\"nofollow noopener nooponer\">The Lachine Canal and its neighbourhoods &#8211; L&#8217;autre Montr\u00e9al<\/a><\/li>\n<li><a href=\"https:\/\/ville.montreal.qc.ca\/pls\/portal\/docs\/page\/arrond_lch_fr\/media\/documents\/recueil_capsules_historiques.pdf\" target=\"_blank\" rel=\"nofollow noopener nooponer\">Lachine &#8211; Historical capsules<\/a><\/li>\n<li><a href=\"https:\/\/www.lapresse.ca\/actualites\/grand-montreal\/2022-09-27\/lachine-est\/le-berceau-industriel-ou-on-reve-d-un-ecoquartier.php\" target=\"_blank\" rel=\"nofollow noopener nooponer\">Lachine-Est &#8211; Le berceau industriel o\u00f9 on r\u00eave d&#8217;un \u00e9coquartier &#8211; La Presse<\/a><\/li>\n<li><a href=\"https:\/\/ocpm.qc.ca\/sites\/default\/files\/pdf\/P%20118\/3-1_ppu_ecoquartier_lachine-est.pdf\" target=\"_blank\" rel=\"nofollow noopener nooponer\">Lachine-Est eco-district<\/a><\/li>\n<li><a href=\"https:\/\/www.mtl.org\/fr\/explorer\/quartiers\/les-quartiers-du-canal\" target=\"_blank\" rel=\"nofollow noopener nooponer\">Follow the Lachine Canal<\/a><\/li>\n<li><a href=\"https:\/\/www.facebook.com\/groups\/infocrime\/?locale=fr_FR\" target=\"_blank\" rel=\"nofollow noopener nooponer\">Info \u00e0 Lachine &#8211; Facebook Group<\/a><\/li>\n<li><a href=\"https:\/\/www.youtube.com\/watch?v=VY-twssN-xg\" target=\"_blank\" rel=\"nofollow noopener nooponer\">The Lachine Canal by bike! &#8211; Capitaine Montr\u00e9al<\/a><\/li>\n<li><a href=\"https:\/\/mesquartiers.wordpress.com\/2015\/06\/15\/lachine\/\" target=\"_blank\" rel=\"nofollow noopener nooponer\">Mes quartiers &#8211; Lachine &#8211; Gilles Beaudry&#8217;s blog<\/a><\/li>\n<li><a href=\"https:\/\/notredamelachine.ca\/\" target=\"_blank\" rel=\"nofollow noopener nooponer\">Notre-Dame Street in Lachine<\/a><\/li>\n<li><a href=\"https:\/\/www.facebook.com\/societedhistoiredelachine\" target=\"_blank\" rel=\"nofollow noopener nooponer\">Lachine Historical Society &#8211; Facebook Page<\/a><\/li>\n<li><a href=\"https:\/\/www.ledevoir.com\/plaisirs\/voyage\/354440\/lachine-le-bout-du-monde-est-si-pres\" target=\"_blank\" rel=\"nofollow noopener nooponer\">Lachine : le bout du monde est si pr\u00e8s &#8211; Article Le Devoir<\/a><\/li>\n<li><a href=\"https:\/\/collegial.sainteanne.ca\/a-propos-de-nous\/historique\/#:~:text=Le%20Coll%C3%A8ge%20Sainte-Anne%20ouvre,programmes%20d'%C3%A9tudes%20se%20diversifient.\" target=\"_blank\" rel=\"nofollow noopener nooponer\">Coll\u00e8ge Sainte-Anne<\/a><\/li>\n<li><a href=\"https:\/\/montreal.ca\/programmes\/le-programme-graffiti-de-lachine#pg-multi-volet-1\" target=\"_blank\" rel=\"nofollow noopener nooponer\">Lachine&#8217;s Graffiti program<\/a><\/li>\n<li><a href=\"https:\/\/grandquebec.com\/vie-communautaire\/ville-de-saint-pierre\/\" target=\"_blank\" rel=\"nofollow noopener nooponer\">Saint-Pierre City<\/a><\/li>\n<li><a href=\"https:\/\/www.revitalisationsaintpierre.ca\/\" target=\"_blank\" rel=\"nofollow noopener nooponer\">Revitalizing Saint-Pierre<\/a><\/li>\n<li><a href=\"https:\/\/www.centris.ca\/\" target=\"_blank\" rel=\"nofollow noopener nooponer\">Centris &#8211; Lachine &#8211; Real estate statistics<\/a><\/li>\n<li><a href=\"https:\/\/journalmetro.com\/actualites\/montreal\/568021\/palmares-des-quartiers-de-montreal-levaluation-detaillee-des-40-quartiers\/\" target=\"_blank\" rel=\"nofollow noopener nooponer\">Palmar\u00e8s des quartiers de Montr\u00e9al: detailed evaluation of the 40 neighborhoods<\/a><\/li>\n<\/ul>\n\t\t\t\t\t\t\t\t<\/div>\n\t\t\t\t<\/div>\n\t\t\t\t\t<\/div>\n\t\t\t\t<\/header>\n\t\t\t\t\t<\/div>\n\t\t\t\t<\/div>\n\t\t\t\t<\/div>\n\t\t","protected":false},"excerpt":{"rendered":"<p>Properties Welcome to the borough of Lachine REALTA, your Montreal real estate agency, invites you to explore the borough of Lachine. Located southwest of Montreal, where the canal of the same name meets the St. Lawrence River, Lachine is an area that harmoniously blends history and modernity, offering a living and working environment that appeals [&hellip;]<\/p>\n","protected":false},"author":1,"featured_media":0,"parent":28244,"menu_order":0,"comment_status":"closed","ping_status":"closed","template":"","meta":{"_acf_changed":false,"footnotes":""},"class_list":["post-32026","page","type-page","status-publish","hentry"],"acf":[],"yoast_head":"<!-- This site is optimized with the Yoast SEO plugin v27.1.1 - https:\/\/yoast.com\/product\/yoast-seo-wordpress\/ -->\n<title>Montr\u00e9al Lachine | Realta<\/title>\n<meta name=\"robots\" content=\"index, follow, max-snippet:-1, max-image-preview:large, max-video-preview:-1\" \/>\n<link rel=\"canonical\" href=\"https:\/\/realta.ca\/en\/properties-by-region\/montreal\/montreal-lachine\/\" \/>\n<meta property=\"og:locale\" content=\"en_US\" \/>\n<meta property=\"og:type\" content=\"article\" \/>\n<meta property=\"og:title\" content=\"Montr\u00e9al Lachine | Realta\" \/>\n<meta property=\"og:description\" content=\"Properties Welcome to the borough of Lachine REALTA, your Montreal real estate agency, invites you to explore the borough of Lachine. Located southwest of Montreal, where the canal of the same name meets the St. Lawrence River, Lachine is an area that harmoniously blends history and modernity, offering a living and working environment that appeals [&hellip;]\" \/>\n<meta property=\"og:url\" content=\"https:\/\/realta.ca\/en\/properties-by-region\/montreal\/montreal-lachine\/\" \/>\n<meta property=\"og:site_name\" content=\"Realta\" \/>\n<meta property=\"article:publisher\" content=\"https:\/\/www.facebook.com\/REALTA.agenceimmobiliere\/\" \/>\n<meta property=\"article:modified_time\" content=\"2024-05-22T16:35:45+00:00\" \/>\n<meta property=\"og:image\" content=\"https:\/\/realta.ca\/wp-content\/uploads\/2024\/05\/realta_region_lachine_header.png\" \/>\n<meta name=\"twitter:card\" content=\"summary_large_image\" \/>\n<meta name=\"twitter:label1\" content=\"Est. reading time\" \/>\n\t<meta name=\"twitter:data1\" content=\"15 minutes\" \/>\n<!-- \/ Yoast SEO plugin. -->","yoast_head_json":{"title":"Montr\u00e9al Lachine | Realta","robots":{"index":"index","follow":"follow","max-snippet":"max-snippet:-1","max-image-preview":"max-image-preview:large","max-video-preview":"max-video-preview:-1"},"canonical":"https:\/\/realta.ca\/en\/properties-by-region\/montreal\/montreal-lachine\/","og_locale":"en_US","og_type":"article","og_title":"Montr\u00e9al Lachine | Realta","og_description":"Properties Welcome to the borough of Lachine REALTA, your Montreal real estate agency, invites you to explore the borough of Lachine. Located southwest of Montreal, where the canal of the same name meets the St. Lawrence River, Lachine is an area that harmoniously blends history and modernity, offering a living and working environment that appeals [&hellip;]","og_url":"https:\/\/realta.ca\/en\/properties-by-region\/montreal\/montreal-lachine\/","og_site_name":"Realta","article_publisher":"https:\/\/www.facebook.com\/REALTA.agenceimmobiliere\/","article_modified_time":"2024-05-22T16:35:45+00:00","og_image":[{"url":"https:\/\/realta.ca\/wp-content\/uploads\/2024\/05\/realta_region_lachine_header.png","type":"","width":"","height":""}],"twitter_card":"summary_large_image","twitter_misc":{"Est. reading time":"15 minutes"},"schema":{"@context":"https:\/\/schema.org","@graph":[{"@type":"WebPage","@id":"https:\/\/realta.ca\/en\/properties-by-region\/montreal\/montreal-lachine\/","url":"https:\/\/realta.ca\/en\/properties-by-region\/montreal\/montreal-lachine\/","name":"Montr\u00e9al Lachine | Realta","isPartOf":{"@id":"https:\/\/realta.ca\/en\/#website"},"primaryImageOfPage":{"@id":"https:\/\/realta.ca\/en\/properties-by-region\/montreal\/montreal-lachine\/#primaryimage"},"image":{"@id":"https:\/\/realta.ca\/en\/properties-by-region\/montreal\/montreal-lachine\/#primaryimage"},"thumbnailUrl":"https:\/\/realta.ca\/wp-content\/uploads\/2024\/05\/realta_region_lachine_header.png","datePublished":"2024-05-22T16:33:50+00:00","dateModified":"2024-05-22T16:35:45+00:00","breadcrumb":{"@id":"https:\/\/realta.ca\/en\/properties-by-region\/montreal\/montreal-lachine\/#breadcrumb"},"inLanguage":"en-US","potentialAction":[{"@type":"ReadAction","target":["https:\/\/realta.ca\/en\/properties-by-region\/montreal\/montreal-lachine\/"]}]},{"@type":"ImageObject","inLanguage":"en-US","@id":"https:\/\/realta.ca\/en\/properties-by-region\/montreal\/montreal-lachine\/#primaryimage","url":"https:\/\/realta.ca\/wp-content\/uploads\/2024\/05\/realta_region_lachine_header.png","contentUrl":"https:\/\/realta.ca\/wp-content\/uploads\/2024\/05\/realta_region_lachine_header.png"},{"@type":"BreadcrumbList","@id":"https:\/\/realta.ca\/en\/properties-by-region\/montreal\/montreal-lachine\/#breadcrumb","itemListElement":[{"@type":"ListItem","position":1,"name":"Accueil","item":"https:\/\/realta.ca\/en\/"},{"@type":"ListItem","position":2,"name":"Properties by region","item":"https:\/\/realta.ca\/en\/proprietes-par-region\/"},{"@type":"ListItem","position":3,"name":"Montreal","item":"https:\/\/realta.ca\/en\/proprietes-par-region\/montreal\/"},{"@type":"ListItem","position":4,"name":"Montr\u00e9al Lachine"}]},{"@type":"WebSite","@id":"https:\/\/realta.ca\/en\/#website","url":"https:\/\/realta.ca\/en\/","name":"REALTA, Agence immobili\u00e8re","description":"Real Estate Agency","publisher":{"@id":"https:\/\/realta.ca\/en\/#organization"},"alternateName":"REALTA, Agence immobili\u00e8re Montr\u00e9al - Qu\u00e9bec","potentialAction":[{"@type":"SearchAction","target":{"@type":"EntryPoint","urlTemplate":"https:\/\/realta.ca\/en\/?s={search_term_string}"},"query-input":{"@type":"PropertyValueSpecification","valueRequired":true,"valueName":"search_term_string"}}],"inLanguage":"en-US"},{"@type":"Organization","@id":"https:\/\/realta.ca\/en\/#organization","name":"REALTA, Agence immobili\u00e8re","alternateName":"REALTA, Agence immobili\u00e8re Montr\u00e9al - Qu\u00e9bec","url":"https:\/\/realta.ca\/en\/","logo":{"@type":"ImageObject","inLanguage":"en-US","@id":"https:\/\/realta.ca\/en\/#\/schema\/logo\/image\/","url":"https:\/\/realta.ca\/wp-content\/uploads\/2021\/12\/realta_favicon.svg","contentUrl":"https:\/\/realta.ca\/wp-content\/uploads\/2021\/12\/realta_favicon.svg","width":250,"height":250,"caption":"REALTA, Agence immobili\u00e8re"},"image":{"@id":"https:\/\/realta.ca\/en\/#\/schema\/logo\/image\/"},"sameAs":["https:\/\/www.facebook.com\/REALTA.agenceimmobiliere\/","https:\/\/www.instagram.com\/realta.agenceimmobiliere\/","https:\/\/www.linkedin.com\/company\/realta_2\/?originalSubdomain=fr","https:\/\/www.youtube.com\/channel\/UCtiSRpwmotgzT18eVPOgYBg\/about"]}]}},"_links":{"self":[{"href":"https:\/\/realta.ca\/en\/wp-json\/wp\/v2\/pages\/32026","targetHints":{"allow":["GET"]}}],"collection":[{"href":"https:\/\/realta.ca\/en\/wp-json\/wp\/v2\/pages"}],"about":[{"href":"https:\/\/realta.ca\/en\/wp-json\/wp\/v2\/types\/page"}],"author":[{"embeddable":true,"href":"https:\/\/realta.ca\/en\/wp-json\/wp\/v2\/users\/1"}],"replies":[{"embeddable":true,"href":"https:\/\/realta.ca\/en\/wp-json\/wp\/v2\/comments?post=32026"}],"version-history":[{"count":5,"href":"https:\/\/realta.ca\/en\/wp-json\/wp\/v2\/pages\/32026\/revisions"}],"predecessor-version":[{"id":32031,"href":"https:\/\/realta.ca\/en\/wp-json\/wp\/v2\/pages\/32026\/revisions\/32031"}],"up":[{"embeddable":true,"href":"https:\/\/realta.ca\/en\/wp-json\/wp\/v2\/pages\/28244"}],"wp:attachment":[{"href":"https:\/\/realta.ca\/en\/wp-json\/wp\/v2\/media?parent=32026"}],"curies":[{"name":"wp","href":"https:\/\/api.w.org\/{rel}","templated":true}]}}