{"id":33211,"date":"2025-05-23T13:32:02","date_gmt":"2025-05-23T17:32:02","guid":{"rendered":"https:\/\/realta.ca\/properties-by-region\/montreal\/montreal-le-sud-ouest\/"},"modified":"2025-05-30T09:36:34","modified_gmt":"2025-05-30T13:36:34","slug":"montreal-le-sud-ouest","status":"publish","type":"page","link":"https:\/\/realta.ca\/en\/properties-by-region\/montreal\/montreal-le-sud-ouest\/","title":{"rendered":"Montr\u00e9al le Sud-Ouest"},"content":{"rendered":"\t\t<div data-elementor-type=\"wp-page\" data-elementor-id=\"33211\" class=\"elementor elementor-33211 elementor-33078\" data-elementor-post-type=\"page\">\n\t\t\t\t<div class=\"elementor-element elementor-element-4f693737 js__section e-flex e-con-boxed e-con e-parent\" data-id=\"4f693737\" data-element_type=\"container\" data-e-type=\"container\">\n\t\t\t\t\t<div class=\"e-con-inner\">\n\t\t\t\t<div class=\"elementor-element elementor-element-2b9c9f7c js__section--label elementor-widget elementor-widget-html\" data-id=\"2b9c9f7c\" data-element_type=\"widget\" data-e-type=\"widget\" data-widget_type=\"html.default\">\n\t\t\t\t<div class=\"elementor-widget-container\">\n\t\t\t\t\tProperties\t\t\t\t<\/div>\n\t\t\t\t<\/div>\n\t\t<header class=\"elementor-element elementor-element-6f0b2eb e-flex e-con-boxed e-con e-child\" data-id=\"6f0b2eb\" data-element_type=\"container\" data-e-type=\"container\" data-settings=\"{&quot;background_background&quot;:&quot;classic&quot;}\">\n\t\t\t\t\t<div class=\"e-con-inner\">\n\t\t<div class=\"elementor-element elementor-element-569d030f e-con-full e-flex e-con e-child\" data-id=\"569d030f\" data-element_type=\"container\" data-e-type=\"container\">\n\t\t\t\t<div class=\"elementor-element elementor-element-3d8d806e elementor-widget-tablet__width-initial elementor-widget__width-initial elementor-invisible elementor-widget elementor-widget-heading\" data-id=\"3d8d806e\" data-element_type=\"widget\" data-e-type=\"widget\" data-settings=\"{&quot;_animation&quot;:&quot;slideInDown&quot;}\" data-widget_type=\"heading.default\">\n\t\t\t\t<div class=\"elementor-widget-container\">\n\t\t\t\t\t<h1 class=\"elementor-heading-title elementor-size-default\">Welcome to the borough of Le <strong>Sud-Ouest<\/strong> <\/h1>\t\t\t\t<\/div>\n\t\t\t\t<\/div>\n\t\t\t\t<div class=\"elementor-element elementor-element-591f6c61 elementor-widget__width-initial elementor-widget-tablet__width-inherit elementor-invisible elementor-widget elementor-widget-text-editor\" data-id=\"591f6c61\" data-element_type=\"widget\" data-e-type=\"widget\" data-settings=\"{&quot;_animation&quot;:&quot;fadeInDown&quot;}\" data-widget_type=\"text-editor.default\">\n\t\t\t\t<div class=\"elementor-widget-container\">\n\t\t\t\t\t\t\t\t\t<p>REALTA, <a href=\"https:\/\/realta.ca\/en\/properties-by-region\/montreal\/\">your real estate agency specializing in Montreal&#8217;s Sud-Ouest<\/a>, invites you to explore this authentic corner of Montreal. Let yourself be seduced by its six neighborhoods, where history blends with modernity in a friendly atmosphere. Our team of experienced and passionate brokers know this borough inside out, and have been accompanying buyers and sellers for years. Their verdict is clear: the Sud-Ouest is an ideal place to live, stroll and thrive.   <\/p>\n\t\t\t\t\t\t\t\t<\/div>\n\t\t\t\t<\/div>\n\t\t<div class=\"elementor-element elementor-element-743b6b3c e-flex e-con-boxed e-con e-child\" data-id=\"743b6b3c\" data-element_type=\"container\" data-e-type=\"container\">\n\t\t\t\t\t<div class=\"e-con-inner\">\n\t\t\t\t<div class=\"elementor-element elementor-element-450d97f2 elementor-widget__width-auto elementor-mobile-align-center elementor-widget-mobile__width-inherit elementor-widget elementor-widget-button\" data-id=\"450d97f2\" data-element_type=\"widget\" data-e-type=\"widget\" data-widget_type=\"button.default\">\n\t\t\t\t<div class=\"elementor-widget-container\">\n\t\t\t\t\t\t\t\t\t<div class=\"elementor-button-wrapper\">\n\t\t\t\t\t<a class=\"elementor-button elementor-button-link elementor-size-sm\" href=\"#histoire\">\n\t\t\t\t\t\t<span class=\"elementor-button-content-wrapper\">\n\t\t\t\t\t\t\t\t\t<span class=\"elementor-button-text\">For his story<\/span>\n\t\t\t\t\t<\/span>\n\t\t\t\t\t<\/a>\n\t\t\t\t<\/div>\n\t\t\t\t\t\t\t\t<\/div>\n\t\t\t\t<\/div>\n\t\t\t\t<div class=\"elementor-element elementor-element-309e9432 elementor-widget__width-auto elementor-mobile-align-center elementor-widget-mobile__width-inherit elementor-widget elementor-widget-button\" data-id=\"309e9432\" data-element_type=\"widget\" data-e-type=\"widget\" data-widget_type=\"button.default\">\n\t\t\t\t<div class=\"elementor-widget-container\">\n\t\t\t\t\t\t\t\t\t<div class=\"elementor-button-wrapper\">\n\t\t\t\t\t<a class=\"elementor-button elementor-button-link elementor-size-sm\" href=\"#quartiers\">\n\t\t\t\t\t\t<span class=\"elementor-button-content-wrapper\">\n\t\t\t\t\t\t\t\t\t<span class=\"elementor-button-text\">Neighborhoods<\/span>\n\t\t\t\t\t<\/span>\n\t\t\t\t\t<\/a>\n\t\t\t\t<\/div>\n\t\t\t\t\t\t\t\t<\/div>\n\t\t\t\t<\/div>\n\t\t\t\t<div class=\"elementor-element elementor-element-64637f25 elementor-widget__width-auto elementor-mobile-align-center elementor-widget-mobile__width-inherit elementor-widget elementor-widget-button\" data-id=\"64637f25\" data-element_type=\"widget\" data-e-type=\"widget\" data-widget_type=\"button.default\">\n\t\t\t\t<div class=\"elementor-widget-container\">\n\t\t\t\t\t\t\t\t\t<div class=\"elementor-button-wrapper\">\n\t\t\t\t\t<a class=\"elementor-button elementor-button-link elementor-size-sm\" href=\"#commerciales\">\n\t\t\t\t\t\t<span class=\"elementor-button-content-wrapper\">\n\t\t\t\t\t\t\t\t\t<span class=\"elementor-button-text\">For its commercial streets<\/span>\n\t\t\t\t\t<\/span>\n\t\t\t\t\t<\/a>\n\t\t\t\t<\/div>\n\t\t\t\t\t\t\t\t<\/div>\n\t\t\t\t<\/div>\n\t\t\t\t\t<\/div>\n\t\t\t\t<\/div>\n\t\t\t\t<\/div>\n\t\t<div class=\"elementor-element elementor-element-48f7267e e-con-full elementor-hidden-mobile elementor-hidden-tablet e-flex e-con e-child\" data-id=\"48f7267e\" data-element_type=\"container\" data-e-type=\"container\">\n\t\t\t\t<div class=\"elementor-element elementor-element-2b053b29 elementor-widget elementor-widget-image\" data-id=\"2b053b29\" data-element_type=\"widget\" data-e-type=\"widget\" data-widget_type=\"image.default\">\n\t\t\t\t<div class=\"elementor-widget-container\">\n\t\t\t\t\t\t\t\t\t\t\t\t\t\t\t<img fetchpriority=\"high\" decoding=\"async\" width=\"500\" height=\"440\" src=\"https:\/\/realta.ca\/wp-content\/uploads\/2025\/05\/realta_region_sudOuest_header.png\" class=\"attachment-full size-full wp-image-33081\" alt=\"\" srcset=\"https:\/\/realta.ca\/wp-content\/uploads\/2025\/05\/realta_region_sudOuest_header.png 500w, https:\/\/realta.ca\/wp-content\/uploads\/2025\/05\/realta_region_sudOuest_header-300x264.png 300w\" sizes=\"(max-width: 500px) 100vw, 500px\" \/>\t\t\t\t\t\t\t\t\t\t\t\t\t\t\t<\/div>\n\t\t\t\t<\/div>\n\t\t\t\t<\/div>\n\t\t\t\t\t<\/div>\n\t\t\t\t<\/header>\n\t\t<section class=\"elementor-element elementor-element-48f3abe4 e-flex e-con-boxed e-con e-child\" data-id=\"48f3abe4\" data-element_type=\"container\" data-e-type=\"container\" id=\"propriete__liste--content\">\n\t\t\t\t\t<div class=\"e-con-inner\">\n\t\t\t\t<div class=\"elementor-element elementor-element-6c0d2891 elementor-widget elementor-widget-shortcode\" data-id=\"6c0d2891\" data-element_type=\"widget\" data-e-type=\"widget\" data-widget_type=\"shortcode.default\">\n\t\t\t\t<div class=\"elementor-widget-container\">\n\t\t\t\t\t\t\t<div class=\"elementor-shortcode\"><div class=\"si si-list-of-item direct-layout si-list-of-listings \" \r\n    style=\"--desktop-column-width:3;--laptop-column-width:3;--tablet-column-width:2;--mobile-column-width:1\"  \r\n        si-lazy-load>\r\n    <script id=\"static-data-for-listingcity\">if(typeof $statics == \"undefined\"){$statics = {};}$statics.listingcity = {};$statics.listingcity.configs = {\"access_token\":\"vwAAAB+LCAAAAAAABAAdy0sKAjEMANC7dG0kTZN+5hyu3AxpJ4VB0EFGUMS7W33793br4ibXjVCKLcBqCuxzANWq4LWK50po1NzBaWu3x3Wf\\\/8d84U7YoYt04BgTlFgUTDVmah0l2e9s63yx1wgxq1ALC6CFNkJXqBYVoqZUJXQs7Eew57bebV50t5EIKQIyUDoRTSFPQseQSiYuZ\\\/f5AgC+qj6\\\/AAAA\",\"source\":{\"id\":\"c2c07cb5-2208-4d99-9011-e79f8e126230\",\"name\":\"Realta\",\"account_id\":\"e194f20f-f55f-4667-969a-eaa682cf057e\",\"max_item_count\":0},\"alias\":\"listing-city\",\"limit\":50,\"type\":\"listings\",\"filter_group\":{\"operator\":\"and\",\"filters\":[],\"filter_groups\":[]},\"show_filter_tags\":true,\"sort\":\"contract_start_date\",\"sort_reverse\":true,\"searchable\":true,\"sortable\":true,\"mappable\":true,\"show_list_meta\":false,\"list_layout\":{\"lang\":\"\",\"type\":\"standard\",\"preset\":\"direct\",\"layout\":\"standard\",\"scope_class\":\"\",\"page\":null,\"page_not_found_code\":404,\"page_not_found\":null,\"image_hover_effect\":\"none\",\"secondary_layer_effect\":\"fade\",\"displayed_vars\":{\"main\":null,\"secondary\":null},\"styles\":null,\"use_styles\":true,\"primary_layer_position\":\"fix\",\"secondary_layer_bg_opacity\":75,\"isolation\":\"inherit\",\"item_row_space\":{\"desktop\":3,\"laptop\":3,\"tablet\":2,\"mobile\":1},\"custom_css\":\"\",\"communication_mode\":\"basic\",\"form_id\":\"\",\"form_url\":\"\"},\"list_item_layout\":{\"lang\":\"\",\"type\":\"standard\",\"preset\":\"standard\",\"layout\":\"standard\",\"scope_class\":\"\",\"page\":null,\"page_not_found_code\":404,\"page_not_found\":null,\"image_hover_effect\":\"gallery\",\"secondary_layer_effect\":\"fade\",\"displayed_vars\":{\"main\":[{\"key\":\"photo\",\"classes\":\"si-float-anchor\"},{\"key\":\"group\",\"classes\":\"si-padding-block si-resume-texte\",\"items\":[{\"key\":\"city\",\"classes\":[]},{\"key\":\"address\",\"classes\":[]}]},{\"key\":\"flags\",\"classes\":\"si-float-top-right\"},{\"key\":\"open_houses\",\"classes\":\"si-float-top-left si-background-medium-contrast si-padding-size-half\"},{\"key\":\"price\",\"classes\":\"si-padding-block\"}]},\"styles\":\"{\\\"--high-contrast-color\\\":\\\"transparent\\\",\\\"--high-contrast-text-color\\\":\\\"#054A59\\\",\\\"--medium-contrast-text-color\\\":\\\"#054A59\\\",\\\"--medium-contrast-color\\\":\\\"transparent\\\",\\\"--text-color\\\":\\\"#054A59\\\"}\",\"use_styles\":true,\"primary_layer_position\":\"fix\",\"secondary_layer_bg_opacity\":75,\"isolation\":\"inherit\",\"item_row_space\":{\"desktop\":25,\"laptop\":33,\"tablet\":50,\"mobile\":100},\"custom_css\":\"\",\"communication_mode\":\"basic\",\"form_id\":\"\",\"form_url\":\"\"},\"browse_mode\":null,\"shuffle\":false,\"default_zoom_level\":\"auto\",\"smart_focus_tolerance\":5,\"search_engine_options\":{\"type\":\"full\",\"orientation\":\"h\",\"focus_category\":[],\"sticky\":false,\"tabs\":[],\"tabbed\":false,\"filter_tags\":\"none\",\"scope_class\":\"\",\"search_box_placeholder\":{\"en\":\"Address, Centris number, city\",\"fr\":\"Adresse, num\\u00e9ro Centris, municipalit\\u00e9\"},\"fields\":[]},\"search_token\":\"wQAAAB+LCAAAAAAABABVjUEKAyEMRe\\\/y1y666carlCKisRWcicQILYN3rzMwLd3l57+XbEi5KIl7CPcKu4EriVcW2Iv5Kxvs7X6ujjAMFv9yWWlxgfuqsNcpNRZ1KVOJO7XhGGFRJbNkfcMgUguwyZdGw\\\/yIwKuKD+qa+nkjeqUvrNJpzP\\\/t2VMqdNof\\\/IPmcMEAAAA=\",\"priority_group_sort\":\"priority-asc\",\"is_default_type_configs\":false,\"allow_split_view\":false,\"allow_theme_override\":false,\"from_archive\":false};$statics.listingcity.data = [{\"id\":\"b61acdf5-d240-4c9b-b249-23539b9df2db\",\"ref_number\":\"10596989\",\"status_code\":\"AVAILABLE\",\"category_code\":\"RESIDENTIAL\",\"subcategory_code\":\"AP\",\"market_codes\":[\"RES\"],\"description\":\"Beautiful bright apartment. Three bedrooms, including two generously sized rooms and one ideal for a child or home office. Open-concept living space combining the living room and kitchen, perfect for entertaining. The unit also features a large rear balcony with private storage space. Located in a quiet neighborhood, close to services and major routes, with easy street parking.\\r\\n\",\"availability_date\":\"2026-07-01T00:00:00Z\",\"available_area\":83.599999999999994315658113919198513031005859375,\"available_area_sf\":899.8620399999999790452420711517333984375,\"available_area_unit_code\":\"SM\",\"video_flag\":false,\"virtual_tour_flag\":false,\"contract\":{\"start_date\":\"2026-04-22T00:00:00Z\"},\"for_sale_flag\":false,\"for_rent_flag\":true,\"price\":{\"lease\":{\"amount\":1950,\"currency\":\"CAD\",\"period_code\":\"M\"},\"rent\":{\"amount\":1950,\"currency\":\"CAD\",\"period_code\":\"M\"}},\"location\":{\"address\":{\"street_number\":\"811\",\"street_name\":\"Rue Desnoyers\",\"postal_code\":\"H4C 3E1\"},\"country_code\":\"CAN\",\"state_code\":\"QC\",\"region_code\":\"06\",\"city_code\":\"66505\",\"district_code\":\"66505-A\",\"longitude\":-73.593923950000004197136149741709232330322265625,\"latitude\":45.474086389999996526967152021825313568115234375,\"civic_address\":\"811 Rue Desnoyers\",\"city\":\"Montr\\u00e9al (Le Sud-Ouest)\",\"region\":\"Montr\\u00e9al\",\"district\":\"Saint-Henri\\\/Petite Bourgogne\",\"full_address\":\"811 Rue Desnoyers, Montr\\u00e9al (Le Sud-Ouest)\"},\"building\":{\"category_code\":\"AT\",\"total_levels\":3,\"construction_year\":1910,\"dimension\":{}},\"land\":{\"dimension\":{}},\"main_unit\":{\"room_count\":6,\"bedroom_count\":3,\"bathroom_count\":1,\"waterroom_count\":0},\"photo_url\":\"https:\\\/\\\/blob.source.immo\\\/pic\\\/lis-fhspKcy4MUqQSKXnvB7EZw-v1-sm.jpg\",\"brokers_count\":2,\"brokers_ids\":[\"aadfdbfe-b34d-49b1-b2af-c7849b20f8fa\",\"48743390-f4c4-4315-81f9-fba76b0c44a4\"],\"brokers_ref_numbers\":[\"104886\",\"115280\"],\"offices_count\":1,\"offices_ids\":[\"96c19ecb-423d-4488-b44f-8889b15f90fc\"],\"offices_ref_numbers\":[\"500255\"],\"agencies_ids\":[\"cf8eadf7-b7a3-4bb7-a4f8-adec9bd321a2\"],\"agencies_ref_numbers\":[\"500255\"],\"tag_ids\":[],\"priority\":1,\"priority_group_key\":\"for_sale\",\"is_new\":true,\"caption\":\"\",\"category\":\"Residential\",\"transaction\":\"For rent\",\"subcategory\":\"Apartment \\\/ Condo\",\"status\":\"Available\",\"price_text\":\"$1,950 \\\/ month\",\"available_area_unit\":\"sm\",\"counters\":{\"rooms\":{\"bed\":{\"count\":3,\"label\":\"Bedrooms\"},\"bath\":{\"count\":1,\"label\":\"Bathroom\"}}},\"tags\":[{\"label\":\"For rent\"},{\"label\":\"New\"}],\"has_custom_page\":false,\"permalink\":\"\\\/en\\\/listings\\\/montreal\\\/montreal-le-sud-ouest\\\/for-rent\\\/10596989\\\/\"},{\"id\":\"062029d4-c416-4198-954c-6b6009269ae9\",\"ref_number\":\"17051558\",\"status_code\":\"AVAILABLE\",\"category_code\":\"RESIDENTIAL\",\"subcategory_code\":\"AP\",\"market_codes\":[\"RES\"],\"description\":\"Stunning corner unit in the heart of Griffintown offering 712 sq.ft. of refined contemporary design, enhanced by concrete ceilings and floor-to-ceiling windows that flood the space with natural light. The open-concept living area creates an elegant and inviting atmosphere, showcasing spectacular views of downtown and the Lachine Canal, extended by a private balcony. Modern kitchen with central island and all appliances included. 1 bedroom, 1 bathroom. Building with many amenities. Prime location within walking distance of the REM, restaurants, caf\\u00e9s, and all essential services. Available July 1st at $2,050\\\/month.\\r\\n\",\"availability_date\":\"2026-07-01T00:00:00Z\",\"available_area\":712.029999999999972715158946812152862548828125,\"available_area_sf\":712.029999999999972715158946812152862548828125,\"available_area_unit_code\":\"SF\",\"video_flag\":false,\"virtual_tour_flag\":false,\"contract\":{\"start_date\":\"2026-04-17T00:00:00Z\"},\"for_sale_flag\":false,\"for_rent_flag\":true,\"price\":{\"lease\":{\"amount\":2050,\"currency\":\"CAD\",\"period_code\":\"M\"},\"rent\":{\"amount\":2050,\"currency\":\"CAD\",\"period_code\":\"M\"},\"foreclosure\":false},\"location\":{\"address\":{\"door\":\"apt. 1000\",\"street_number\":\"1085\",\"street_name\":\"Rue Smith\",\"postal_code\":\"H3C 0L9\"},\"country_code\":\"CAN\",\"state_code\":\"QC\",\"region_code\":\"06\",\"city_code\":\"66505\",\"district_code\":\"66505-D\",\"longitude\":-73.5561686100000002852539182640612125396728515625,\"latitude\":45.49288985999999823661710252054035663604736328125,\"civic_address\":\"1085 Rue Smith, apt. 1000\",\"city\":\"Montr\\u00e9al (Le Sud-Ouest)\",\"region\":\"Montr\\u00e9al\",\"district\":\"Griffintown\",\"full_address\":\"1085 Rue Smith, apt. 1000, Montr\\u00e9al (Le Sud-Ouest)\"},\"building\":{\"category_code\":\"DE\",\"total_levels\":20,\"construction_year\":2013,\"dimension\":{}},\"land\":{\"dimension\":{}},\"main_unit\":{\"room_count\":5,\"bedroom_count\":1,\"bathroom_count\":1,\"waterroom_count\":0},\"photo_url\":\"https:\\\/\\\/blob.source.immo\\\/pic\\\/lis-ShHqxLoP3EeUU56mC6KzLw-v1-sm.jpg\",\"brokers_count\":1,\"brokers_ids\":[\"48743390-f4c4-4315-81f9-fba76b0c44a4\"],\"brokers_ref_numbers\":[\"115280\"],\"offices_count\":1,\"offices_ids\":[\"96c19ecb-423d-4488-b44f-8889b15f90fc\"],\"offices_ref_numbers\":[\"500255\"],\"agencies_ids\":[\"cf8eadf7-b7a3-4bb7-a4f8-adec9bd321a2\"],\"agencies_ref_numbers\":[\"500255\"],\"tag_ids\":[],\"attributes\":{\"ELEVATOR\":true,\"PANORAMIC_VIEW\":true},\"priority\":1,\"priority_group_key\":\"for_sale\",\"is_new\":false,\"caption\":\"\",\"category\":\"Residential\",\"transaction\":\"For rent\",\"subcategory\":\"Apartment \\\/ Condo\",\"status\":\"Available\",\"price_text\":\"$2,050 \\\/ month\",\"available_area_unit\":\"sf\",\"counters\":{\"rooms\":{\"bed\":{\"count\":1,\"label\":\"Bedroom\"},\"bath\":{\"count\":1,\"label\":\"Bathroom\"}}},\"tags\":[{\"label\":\"For rent\"},{\"label\":\"Panoramic view\"}],\"has_custom_page\":false,\"permalink\":\"\\\/en\\\/listings\\\/montreal\\\/montreal-le-sud-ouest\\\/for-rent\\\/17051558\\\/\"},{\"id\":\"571f5e04-fa00-42e8-8fc1-5f0f69a4bddc\",\"ref_number\":\"21750354\",\"status_code\":\"AVAILABLE\",\"category_code\":\"RESIDENTIAL\",\"subcategory_code\":\"AP\",\"market_codes\":[\"RES\"],\"description\":\"Beautiful renovated and bright apartment. Three bedrooms, including two generously sized rooms and one ideal for a child or home office. Open-concept living space combining the living room and kitchen, perfect for entertaining. The unit also features a large rear balcony with private storage space. Located in a quiet neighborhood, close to services and major routes, with easy street parking.\\r\\n\",\"availability_date\":\"2026-08-01T00:00:00Z\",\"available_area\":83.599999999999994315658113919198513031005859375,\"available_area_sf\":899.8620399999999790452420711517333984375,\"available_area_unit_code\":\"SM\",\"video_flag\":false,\"virtual_tour_flag\":false,\"contract\":{\"start_date\":\"2026-04-15T00:00:00Z\"},\"for_sale_flag\":false,\"for_rent_flag\":true,\"price\":{\"lease\":{\"amount\":2150,\"currency\":\"CAD\",\"period_code\":\"M\"},\"rent\":{\"amount\":2150,\"currency\":\"CAD\",\"period_code\":\"M\"}},\"location\":{\"address\":{\"street_number\":\"813\",\"street_name\":\"Rue Desnoyers\",\"postal_code\":\"H4C 3E1\"},\"country_code\":\"CAN\",\"state_code\":\"QC\",\"region_code\":\"06\",\"city_code\":\"66505\",\"district_code\":\"66505-A\",\"longitude\":-73.593848850000000538784661330282688140869140625,\"latitude\":45.473981059999999843057594262063503265380859375,\"civic_address\":\"813 Rue Desnoyers\",\"city\":\"Montr\\u00e9al (Le Sud-Ouest)\",\"region\":\"Montr\\u00e9al\",\"district\":\"Saint-Henri\\\/Petite Bourgogne\",\"full_address\":\"813 Rue Desnoyers, Montr\\u00e9al (Le Sud-Ouest)\"},\"building\":{\"category_code\":\"AT\",\"total_levels\":3,\"construction_year\":1910,\"dimension\":{}},\"land\":{\"dimension\":{}},\"main_unit\":{\"room_count\":6,\"bedroom_count\":3,\"bathroom_count\":1,\"waterroom_count\":0},\"photo_url\":\"https:\\\/\\\/blob.source.immo\\\/pic\\\/lis-oc1zfElvUk-a9yBgUoqN1g-v1-sm.jpg\",\"brokers_count\":2,\"brokers_ids\":[\"aadfdbfe-b34d-49b1-b2af-c7849b20f8fa\",\"48743390-f4c4-4315-81f9-fba76b0c44a4\"],\"brokers_ref_numbers\":[\"104886\",\"115280\"],\"offices_count\":1,\"offices_ids\":[\"96c19ecb-423d-4488-b44f-8889b15f90fc\"],\"offices_ref_numbers\":[\"500255\"],\"agencies_ids\":[\"cf8eadf7-b7a3-4bb7-a4f8-adec9bd321a2\"],\"agencies_ref_numbers\":[\"500255\"],\"tag_ids\":[],\"priority\":1,\"priority_group_key\":\"for_sale\",\"is_new\":false,\"caption\":\"\",\"category\":\"Residential\",\"transaction\":\"For rent\",\"subcategory\":\"Apartment \\\/ Condo\",\"status\":\"Available\",\"price_text\":\"$2,150 \\\/ month\",\"available_area_unit\":\"sm\",\"counters\":{\"rooms\":{\"bed\":{\"count\":3,\"label\":\"Bedrooms\"},\"bath\":{\"count\":1,\"label\":\"Bathroom\"}}},\"tags\":[{\"label\":\"For rent\"}],\"has_custom_page\":false,\"permalink\":\"\\\/en\\\/listings\\\/montreal\\\/montreal-le-sud-ouest\\\/for-rent\\\/21750354\\\/\"},{\"id\":\"1824be40-fb49-49fe-8286-09f53df5c780\",\"ref_number\":\"21808125\",\"status_code\":\"AVAILABLE\",\"category_code\":\"RESIDENTIAL\",\"subcategory_code\":\"AP\",\"market_codes\":[\"RES\"],\"description\":\"Corner unit on the 4th floor offering approx. 893 sq. ft. with windows on two sides, providing great natural light. Facing the inner courtyard for a quieter environment. Open-concept layout with functional kitchen and central island. 2 bedrooms, including a primary with walk-in closet. Private balcony with open views. Indoor parking and storage included. Building with elevator, gym, spa, sauna and rooftop terrace. Prime location in Griffintown close to shops, transit and the Lachine Canal.\\r\\n\",\"availability_delay\":90,\"available_area\":83,\"available_area_sf\":893.4036999999999579813447780907154083251953125,\"available_area_unit_code\":\"SM\",\"video_flag\":false,\"virtual_tour_flag\":true,\"contract\":{\"start_date\":\"2026-04-12T00:00:00Z\"},\"for_sale_flag\":true,\"for_rent_flag\":false,\"price\":{\"sell\":{\"amount\":589000,\"currency\":\"CAD\"},\"foreclosure\":false},\"location\":{\"address\":{\"door\":\"apt. 418\",\"street_number\":\"235\",\"street_name\":\"Rue Peel\",\"postal_code\":\"H3C 2G6\"},\"country_code\":\"CAN\",\"state_code\":\"QC\",\"region_code\":\"06\",\"city_code\":\"66505\",\"district_code\":\"66505-D\",\"longitude\":-73.5588239199999947004471323452889919281005859375,\"latitude\":45.49418290999999925361407804302871227264404296875,\"civic_address\":\"235 Rue Peel, apt. 418\",\"city\":\"Montr\\u00e9al (Le Sud-Ouest)\",\"region\":\"Montr\\u00e9al\",\"district\":\"Griffintown\",\"full_address\":\"235 Rue Peel, apt. 418, Montr\\u00e9al (Le Sud-Ouest)\"},\"building\":{\"category_code\":\"AT\",\"total_levels\":19,\"construction_year\":2016,\"assessment\":{\"amount\":521000,\"currency\":\"CAD\",\"year\":2026},\"dimension\":{}},\"land\":{\"assessment\":{\"amount\":67600,\"currency\":\"CAD\",\"year\":2026},\"dimension\":{}},\"main_unit\":{\"room_count\":7,\"bedroom_count\":2,\"bathroom_count\":1,\"waterroom_count\":0},\"photo_url\":\"https:\\\/\\\/blob.source.immo\\\/pic\\\/lis-QLhfN7qOIESLSajQiTukqQ-v1-sm.jpg\",\"brokers_count\":1,\"brokers_ids\":[\"4bcf7ea6-fc5e-4760-a366-74f05b23f5b3\"],\"brokers_ref_numbers\":[\"104605\"],\"offices_count\":1,\"offices_ids\":[\"96c19ecb-423d-4488-b44f-8889b15f90fc\"],\"offices_ref_numbers\":[\"500255\"],\"agencies_ids\":[\"cf8eadf7-b7a3-4bb7-a4f8-adec9bd321a2\"],\"agencies_ref_numbers\":[\"500255\"],\"tag_ids\":[],\"attributes\":{\"ELEVATOR\":true,\"PARKING\":1,\"PARKING_GARAGE\":1,\"GARAGE\":true},\"priority\":1,\"priority_group_key\":\"for_sale\",\"is_new\":false,\"caption\":\"\",\"category\":\"Residential\",\"transaction\":\"For sale\",\"subcategory\":\"Apartment \\\/ Condo\",\"status\":\"Available\",\"price_text\":\"$589,000\",\"available_area_unit\":\"sm\",\"counters\":{\"rooms\":{\"bed\":{\"count\":2,\"label\":\"Bedrooms\"},\"bath\":{\"count\":1,\"label\":\"Bathroom\"}}},\"tags\":[{\"label\":\"Virtual tour\"}],\"has_custom_page\":false,\"permalink\":\"\\\/en\\\/listings\\\/montreal\\\/montreal-le-sud-ouest\\\/for-sale\\\/21808125\\\/\"},{\"id\":\"d3dde2c4-4f9c-4420-97d5-6f29a5ef940f\",\"ref_number\":\"21361317\",\"status_code\":\"AVAILABLE\",\"category_code\":\"RESIDENTIAL\",\"subcategory_code\":\"AP\",\"market_codes\":[\"RES\"],\"description\":\"Beautiful recently renovated 2-bedroom unit, ideally located in Saint-Paul in a family-friendly neighborhood. Just steps from the metro, with a Maxi grocery store on the corner and many nearby services. Several parks in the area. Also enjoy a very large backyard.\\r\\n\",\"availability_date\":\"2026-05-01T00:00:00Z\",\"available_area\":653,\"available_area_sf\":653,\"available_area_unit_code\":\"SF\",\"video_flag\":false,\"virtual_tour_flag\":false,\"contract\":{\"start_date\":\"2026-03-28T00:00:00Z\"},\"for_sale_flag\":false,\"for_rent_flag\":true,\"price\":{\"lease\":{\"amount\":1950,\"currency\":\"CAD\",\"period_code\":\"M\"},\"rent\":{\"amount\":1950,\"currency\":\"CAD\",\"period_code\":\"M\"}},\"location\":{\"address\":{\"street_number\":\"1827\",\"street_name\":\"Rue De Biencourt\",\"postal_code\":\"H4E 1T5\"},\"country_code\":\"CAN\",\"state_code\":\"QC\",\"region_code\":\"06\",\"city_code\":\"66505\",\"district_code\":\"66505-F\",\"longitude\":-73.588931000000002313754521310329437255859375,\"latitude\":45.458899000000002388333086855709552764892578125,\"civic_address\":\"1827 Rue De Biencourt\",\"city\":\"Montr\\u00e9al (Le Sud-Ouest)\",\"region\":\"Montr\\u00e9al\",\"district\":\"66505-F\",\"full_address\":\"1827 Rue De Biencourt, Montr\\u00e9al (Le Sud-Ouest)\"},\"building\":{\"category_code\":\"AT\",\"total_levels\":2,\"construction_year\":1927,\"dimension\":{\"area_sf\":650,\"width\":25,\"length\":26,\"unit_code\":\"F\"}},\"land\":{\"dimension\":{\"area\":2000,\"area_sf\":2000,\"area_unit_code\":\"SF\",\"width\":25,\"length\":80,\"unit_code\":\"F\"}},\"main_unit\":{\"room_count\":5,\"bedroom_count\":2,\"bathroom_count\":1,\"waterroom_count\":0},\"photo_url\":\"https:\\\/\\\/blob.source.immo\\\/pic\\\/lis-Mc4OYaac30WpOs3ogMmZqg-v1-sm.jpg\",\"brokers_count\":2,\"brokers_ids\":[\"aadfdbfe-b34d-49b1-b2af-c7849b20f8fa\",\"48743390-f4c4-4315-81f9-fba76b0c44a4\"],\"brokers_ref_numbers\":[\"104886\",\"115280\"],\"offices_count\":1,\"offices_ids\":[\"96c19ecb-423d-4488-b44f-8889b15f90fc\"],\"offices_ref_numbers\":[\"500255\"],\"agencies_ids\":[\"cf8eadf7-b7a3-4bb7-a4f8-adec9bd321a2\"],\"agencies_ref_numbers\":[\"500255\"],\"tag_ids\":[],\"attributes\":{\"PARKING\":1},\"priority\":1,\"priority_group_key\":\"for_sale\",\"is_new\":false,\"caption\":\"\",\"category\":\"Residential\",\"transaction\":\"For rent\",\"subcategory\":\"Apartment \\\/ Condo\",\"status\":\"Available\",\"price_text\":\"$1,950 \\\/ month\",\"available_area_unit\":\"sf\",\"counters\":{\"rooms\":{\"bed\":{\"count\":2,\"label\":\"Bedrooms\"},\"bath\":{\"count\":1,\"label\":\"Bathroom\"}}},\"tags\":[{\"label\":\"For rent\"}],\"has_custom_page\":false,\"permalink\":\"\\\/en\\\/listings\\\/montreal\\\/montreal-le-sud-ouest\\\/for-rent\\\/21361317\\\/\"},{\"id\":\"9fe55ada-6eeb-4afb-9ccb-df8ecd6841a8\",\"ref_number\":\"14319614\",\"status_code\":\"AVAILABLE\",\"category_code\":\"RESIDENTIAL\",\"subcategory_code\":\"AP\",\"market_codes\":[\"RES\"],\"description\":\"Stunning brand-new studio, never before occupied, offering a bright and modern living environment. Located on the ground floor, it features a private entrance ensuring both privacy and tranquility, along with a luminous living space enhanced by generous windows. The balcony seamlessly extends the interior space, while a shared rooftop terrace offers a refined setting for relaxation with open views. Ideally located near the metro and all essential services, this loft stands out for its sought-after location and quality construction. Pets permitted under certain conditions. Available immediately.\\r\\n\",\"availability_date\":\"2026-03-23T00:00:00Z\",\"video_flag\":false,\"virtual_tour_flag\":false,\"contract\":{\"start_date\":\"2026-03-23T00:00:00Z\"},\"for_sale_flag\":false,\"for_rent_flag\":true,\"price\":{\"lease\":{\"amount\":1850,\"currency\":\"CAD\",\"period_code\":\"M\"},\"rent\":{\"amount\":1850,\"currency\":\"CAD\",\"period_code\":\"M\"}},\"location\":{\"address\":{\"street_number\":\"6791\",\"street_name\":\"Boul. De La V\\u00e9rendrye\",\"postal_code\":\"H4E 3R7\"},\"country_code\":\"CAN\",\"state_code\":\"QC\",\"region_code\":\"06\",\"city_code\":\"66505\",\"district_code\":\"66505-F\",\"longitude\":-73.5868558300000046301647671498358249664306640625,\"latitude\":45.4516438899999997147460817359387874603271484375,\"civic_address\":\"6791 Boul. De La V\\u00e9rendrye\",\"city\":\"Montr\\u00e9al (Le Sud-Ouest)\",\"region\":\"Montr\\u00e9al\",\"district\":\"66505-F\",\"full_address\":\"6791 Boul. De La V\\u00e9rendrye, Montr\\u00e9al (Le Sud-Ouest)\"},\"building\":{\"category_code\":\"DE\",\"construction_year\":2025,\"dimension\":{}},\"land\":{\"dimension\":{}},\"main_unit\":{\"room_count\":2,\"bathroom_count\":1,\"waterroom_count\":0},\"photo_url\":\"https:\\\/\\\/blob.source.immo\\\/pic\\\/lis-5D7Qv6No5EKpRSWt5arf0A-v2-sm.jpg\",\"brokers_count\":1,\"brokers_ids\":[\"74692312-180e-4f51-bf12-f615c748f2bb\"],\"brokers_ref_numbers\":[\"108571\"],\"offices_count\":1,\"offices_ids\":[\"96c19ecb-423d-4488-b44f-8889b15f90fc\"],\"offices_ref_numbers\":[\"500255\"],\"agencies_ids\":[\"cf8eadf7-b7a3-4bb7-a4f8-adec9bd321a2\"],\"agencies_ref_numbers\":[\"500255\"],\"tag_ids\":[],\"priority\":1,\"priority_group_key\":\"for_sale\",\"is_new\":false,\"caption\":\"\",\"category\":\"Residential\",\"transaction\":\"For rent\",\"subcategory\":\"Apartment \\\/ Condo\",\"status\":\"Available\",\"price_text\":\"$1,850 \\\/ month\",\"available_area\":null,\"available_area_unit\":null,\"counters\":{\"rooms\":{\"bath\":{\"count\":1,\"label\":\"Bathroom\"}}},\"tags\":[{\"label\":\"For rent\"}],\"has_custom_page\":false,\"permalink\":\"\\\/en\\\/listings\\\/montreal\\\/montreal-le-sud-ouest\\\/for-rent\\\/14319614\\\/\"},{\"id\":\"9cf4fafe-ed9a-44c3-b2db-452892728b99\",\"ref_number\":\"22208755\",\"status_code\":\"AVAILABLE\",\"category_code\":\"RESIDENTIAL\",\"subcategory_code\":\"AP\",\"market_codes\":[\"RES\"],\"description\":\"Unique opportunity to rent a fully completely furnished studio with a private terrace and no facing neighbours. Available as of April 1st for 1 500 $\\\/mois Enjoy an exceptional living environment combining calm, greenery, and urban refinement in the prestigious Wellington building (2024), ideally located in the heart of Griffintown near the Peel Basin and Lachine Canal. Just steps from Old Montreal, downtown, public transit, and all services. Perfect for a student or couple seeking a well-designed space in a high-end building with over 10,000 sq. ft. of thoughtfully appointed common areas. A true gem--don't miss out!\\r\\n\",\"availability_date\":\"2026-04-01T00:00:00Z\",\"available_area\":350,\"available_area_sf\":350,\"available_area_unit_code\":\"SF\",\"video_flag\":false,\"virtual_tour_flag\":false,\"contract\":{\"start_date\":\"2026-03-14T00:00:00Z\"},\"for_sale_flag\":false,\"for_rent_flag\":true,\"price\":{\"lease\":{\"amount\":1500,\"currency\":\"CAD\",\"period_code\":\"M\"},\"rent\":{\"amount\":1500,\"currency\":\"CAD\",\"period_code\":\"M\"},\"foreclosure\":false},\"location\":{\"address\":{\"door\":\"apt. 103\",\"street_number\":\"100\",\"street_name\":\"Rue Murray\",\"postal_code\":\"H3C 1A2\"},\"country_code\":\"CAN\",\"state_code\":\"QC\",\"region_code\":\"06\",\"city_code\":\"66505\",\"district_code\":\"66505-D\",\"longitude\":-73.557063999999996894985088147222995758056640625,\"latitude\":45.49148100000000027876012609340250492095947265625,\"civic_address\":\"100 Rue Murray, apt. 103\",\"city\":\"Montr\\u00e9al (Le Sud-Ouest)\",\"region\":\"Montr\\u00e9al\",\"district\":\"Griffintown\",\"full_address\":\"100 Rue Murray, apt. 103, Montr\\u00e9al (Le Sud-Ouest)\"},\"building\":{\"category_code\":\"DE\",\"total_levels\":25,\"construction_year\":2024,\"dimension\":{}},\"land\":{\"dimension\":{}},\"main_unit\":{\"room_count\":3,\"bathroom_count\":1,\"waterroom_count\":0},\"photo_url\":\"https:\\\/\\\/blob.source.immo\\\/pic\\\/lis-Vqp8FSKgKkKfof3JEBoxcw-v1-sm.jpg\",\"brokers_count\":1,\"brokers_ids\":[\"48743390-f4c4-4315-81f9-fba76b0c44a4\"],\"brokers_ref_numbers\":[\"115280\"],\"offices_count\":1,\"offices_ids\":[\"96c19ecb-423d-4488-b44f-8889b15f90fc\"],\"offices_ref_numbers\":[\"500255\"],\"agencies_ids\":[\"cf8eadf7-b7a3-4bb7-a4f8-adec9bd321a2\"],\"agencies_ref_numbers\":[\"500255\"],\"tag_ids\":[],\"attributes\":{\"ELEVATOR\":true,\"POOL\":true},\"priority\":1,\"priority_group_key\":\"for_sale\",\"is_new\":false,\"caption\":\"\",\"category\":\"Residential\",\"transaction\":\"For rent\",\"subcategory\":\"Apartment \\\/ Condo\",\"status\":\"Available\",\"price_text\":\"$1,500 \\\/ month\",\"available_area_unit\":\"sf\",\"counters\":{\"rooms\":{\"bath\":{\"count\":1,\"label\":\"Bathroom\"}}},\"tags\":[{\"label\":\"For rent\"},{\"label\":\"Pool\"}],\"has_custom_page\":false,\"permalink\":\"\\\/en\\\/listings\\\/montreal\\\/montreal-le-sud-ouest\\\/for-rent\\\/22208755\\\/\"},{\"id\":\"03443406-7ab5-4113-af16-b8a7a5c4d5ec\",\"ref_number\":\"21797605\",\"status_code\":\"AVAILABLE\",\"category_code\":\"RESIDENTIAL\",\"subcategory_code\":\"AP\",\"market_codes\":[\"RES\"],\"description\":\"Superb 4 \\u00bd located on the 3rd floor of a tastefully renovated building in the heart of Saint-Henri. Bright living area with an open kitchen and dining space adjacent to a comfortable living room. Two good-sized bedrooms with closets. Contemporary bathroom with glass bath-shower. Available July 1, 2026 for $2,050\\\/month, including 5 appliances, heat pump and internet. Prime location about a 15-minute walk from Saint-Henri metro station, close to the Lachine Canal, Notre-Dame Street and its many shops, caf\\u00e9s and restaurants, as well as Atwater Market. Quick access to downtown, Old Montr\\u00e9al and McGill and Concordia universities.\\r\\n\",\"availability_date\":\"2026-07-01T00:00:00Z\",\"available_area\":650,\"available_area_sf\":650,\"available_area_unit_code\":\"SF\",\"video_flag\":false,\"virtual_tour_flag\":false,\"contract\":{\"start_date\":\"2026-03-12T00:00:00Z\"},\"for_sale_flag\":false,\"for_rent_flag\":true,\"price\":{\"lease\":{\"amount\":2050,\"currency\":\"CAD\",\"period_code\":\"M\"},\"rent\":{\"amount\":2050,\"currency\":\"CAD\",\"period_code\":\"M\"},\"foreclosure\":false},\"location\":{\"address\":{\"street_number\":\"5005\",\"street_name\":\"Rue Ste-Clotilde\",\"postal_code\":\"H4C 1L9\"},\"country_code\":\"CAN\",\"state_code\":\"QC\",\"region_code\":\"06\",\"city_code\":\"66505\",\"district_code\":\"66505-A\",\"longitude\":-73.5917046499999969455529935657978057861328125,\"latitude\":45.47083348999999685702277929522097110748291015625,\"civic_address\":\"5005 Rue Ste-Clotilde\",\"city\":\"Montr\\u00e9al (Le Sud-Ouest)\",\"region\":\"Montr\\u00e9al\",\"district\":\"Saint-Henri\\\/Petite Bourgogne\",\"full_address\":\"5005 Rue Ste-Clotilde, Montr\\u00e9al (Le Sud-Ouest)\"},\"building\":{\"category_code\":\"AT\",\"total_levels\":3,\"construction_year\":1910,\"dimension\":{}},\"land\":{\"dimension\":{}},\"main_unit\":{\"room_count\":5,\"bedroom_count\":2,\"bathroom_count\":1,\"waterroom_count\":0},\"photo_url\":\"https:\\\/\\\/blob.source.immo\\\/pic\\\/lis-oSgmBZ8HakOgsEhbDKE9Nw-v1-sm.jpg\",\"brokers_count\":1,\"brokers_ids\":[\"48743390-f4c4-4315-81f9-fba76b0c44a4\"],\"brokers_ref_numbers\":[\"115280\"],\"offices_count\":1,\"offices_ids\":[\"96c19ecb-423d-4488-b44f-8889b15f90fc\"],\"offices_ref_numbers\":[\"500255\"],\"agencies_ids\":[\"cf8eadf7-b7a3-4bb7-a4f8-adec9bd321a2\"],\"agencies_ref_numbers\":[\"500255\"],\"tag_ids\":[],\"priority\":1,\"priority_group_key\":\"for_sale\",\"is_new\":false,\"caption\":\"\",\"category\":\"Residential\",\"transaction\":\"For rent\",\"subcategory\":\"Apartment \\\/ Condo\",\"status\":\"Available\",\"price_text\":\"$2,050 \\\/ month\",\"available_area_unit\":\"sf\",\"counters\":{\"rooms\":{\"bed\":{\"count\":2,\"label\":\"Bedrooms\"},\"bath\":{\"count\":1,\"label\":\"Bathroom\"}}},\"tags\":[{\"label\":\"For rent\"}],\"has_custom_page\":false,\"permalink\":\"\\\/en\\\/listings\\\/montreal\\\/montreal-le-sud-ouest\\\/for-rent\\\/21797605\\\/\"},{\"id\":\"4e016f4a-bde6-4fc4-b785-69b384c7c83a\",\"ref_number\":\"15673079\",\"status_code\":\"AVAILABLE\",\"category_code\":\"RESIDENTIAL\",\"subcategory_code\":\"AP\",\"market_codes\":[\"RES\"],\"description\":\"Superb 5 \\u00bd located on the 2nd floor of a tastefully renovated building in the heart of Saint-Henri. Bright living area with an open kitchen and dining space adjacent to a comfortable living room. Three good-sized bedrooms with closets. Contemporary bathroom with glass bath-shower. Available July 1, 2026 for $2,490\\\/month, including 5 appliances, heat pump and internet. Prime location about a 15-minute walk from Saint-Henri metro station, close to the Lachine Canal, Notre-Dame Street and its many shops, caf\\u00e9s and restaurants, as well as Atwater Market. Quick access to downtown, Old Montr\\u00e9al and McGill and Concordia universities.\\r\\n\",\"availability_date\":\"2026-07-01T00:00:00Z\",\"available_area\":1300,\"available_area_sf\":1300,\"available_area_unit_code\":\"SF\",\"video_flag\":false,\"virtual_tour_flag\":false,\"contract\":{\"start_date\":\"2026-03-12T00:00:00Z\"},\"for_sale_flag\":false,\"for_rent_flag\":true,\"price\":{\"lease\":{\"amount\":2490,\"currency\":\"CAD\",\"period_code\":\"M\"},\"rent\":{\"amount\":2490,\"currency\":\"CAD\",\"period_code\":\"M\"},\"foreclosure\":false},\"location\":{\"address\":{\"street_number\":\"530\",\"street_name\":\"Rue St-R\\u00e9mi\",\"postal_code\":\"H4C 1L9\"},\"country_code\":\"CAN\",\"state_code\":\"QC\",\"region_code\":\"06\",\"city_code\":\"66505\",\"district_code\":\"66505-A\",\"longitude\":-73.5917830000000066092979977838695049285888671875,\"latitude\":45.47082000000000334694050252437591552734375,\"civic_address\":\"530 Rue St-R\\u00e9mi\",\"city\":\"Montr\\u00e9al (Le Sud-Ouest)\",\"region\":\"Montr\\u00e9al\",\"district\":\"Saint-Henri\\\/Petite Bourgogne\",\"full_address\":\"530 Rue St-R\\u00e9mi, Montr\\u00e9al (Le Sud-Ouest)\"},\"building\":{\"category_code\":\"AT\",\"total_levels\":3,\"construction_year\":1910,\"dimension\":{}},\"land\":{\"dimension\":{}},\"main_unit\":{\"room_count\":5,\"bedroom_count\":3,\"bathroom_count\":1,\"waterroom_count\":0},\"photo_url\":\"https:\\\/\\\/blob.source.immo\\\/pic\\\/lis-TIR8v47kQEak3XpZKn_ODg-v1-sm.jpg\",\"brokers_count\":1,\"brokers_ids\":[\"48743390-f4c4-4315-81f9-fba76b0c44a4\"],\"brokers_ref_numbers\":[\"115280\"],\"offices_count\":1,\"offices_ids\":[\"96c19ecb-423d-4488-b44f-8889b15f90fc\"],\"offices_ref_numbers\":[\"500255\"],\"agencies_ids\":[\"cf8eadf7-b7a3-4bb7-a4f8-adec9bd321a2\"],\"agencies_ref_numbers\":[\"500255\"],\"tag_ids\":[],\"priority\":1,\"priority_group_key\":\"for_sale\",\"is_new\":false,\"caption\":\"\",\"category\":\"Residential\",\"transaction\":\"For rent\",\"subcategory\":\"Apartment \\\/ Condo\",\"status\":\"Available\",\"price_text\":\"$2,490 \\\/ month\",\"available_area_unit\":\"sf\",\"counters\":{\"rooms\":{\"bed\":{\"count\":3,\"label\":\"Bedrooms\"},\"bath\":{\"count\":1,\"label\":\"Bathroom\"}}},\"tags\":[{\"label\":\"For rent\"}],\"has_custom_page\":false,\"permalink\":\"\\\/en\\\/listings\\\/montreal\\\/montreal-le-sud-ouest\\\/for-rent\\\/15673079\\\/\"},{\"id\":\"40d57be5-d823-4b9f-8dd7-bce10e06103b\",\"ref_number\":\"16093779\",\"status_code\":\"AVAILABLE\",\"category_code\":\"RESIDENTIAL\",\"subcategory_code\":\"AP\",\"market_codes\":[\"RES\"],\"description\":\"Located in the heart of Griffintown, this property offers a vibrant urban lifestyle, within walking distance of your favorite caf\\u00e9s, restaurants, and entertainment venues. With a pleasant view of the Lachine Canal, this bright and well-appointed condo will provide you with a comfortable space for everyday living, without compromising your lifestyle.\\r\\n\",\"availability_date\":\"2026-04-19T00:00:00Z\",\"available_area\":800,\"available_area_sf\":800,\"available_area_unit_code\":\"SF\",\"video_flag\":false,\"virtual_tour_flag\":false,\"contract\":{\"start_date\":\"2026-02-25T00:00:00Z\"},\"for_sale_flag\":true,\"for_rent_flag\":false,\"price\":{\"sell\":{\"amount\":579000,\"currency\":\"CAD\"},\"foreclosure\":false},\"location\":{\"address\":{\"door\":\"apt. 611\",\"street_number\":\"1869\",\"street_name\":\"Rue des Bassins\",\"postal_code\":\"H3J 0A3\"},\"country_code\":\"CAN\",\"state_code\":\"QC\",\"region_code\":\"06\",\"city_code\":\"66505\",\"district_code\":\"66505-D\",\"longitude\":-73.5674080000000003565219230949878692626953125,\"latitude\":45.48649999999999948840923025272786617279052734375,\"civic_address\":\"1869 Rue des Bassins, apt. 611\",\"city\":\"Montr\\u00e9al (Le Sud-Ouest)\",\"region\":\"Montr\\u00e9al\",\"district\":\"Griffintown\",\"full_address\":\"1869 Rue des Bassins, apt. 611, Montr\\u00e9al (Le Sud-Ouest)\"},\"building\":{\"category_code\":\"DE\",\"total_levels\":8,\"construction_year\":2014,\"assessment\":{\"amount\":499300,\"currency\":\"CAD\",\"year\":2026},\"dimension\":{}},\"land\":{\"assessment\":{\"amount\":89300,\"currency\":\"CAD\",\"year\":2026},\"dimension\":{}},\"main_unit\":{\"room_count\":4,\"bedroom_count\":2,\"bathroom_count\":1,\"waterroom_count\":0},\"photo_url\":\"https:\\\/\\\/blob.source.immo\\\/pic\\\/lis-8_GcLYoFxUWpzu0tuLoz_g-v1-sm.jpg\",\"brokers_count\":1,\"brokers_ids\":[\"31c0b95e-1a85-4ba2-b010-d040a548e44d\"],\"brokers_ref_numbers\":[\"75573\"],\"offices_count\":1,\"offices_ids\":[\"96c19ecb-423d-4488-b44f-8889b15f90fc\"],\"offices_ref_numbers\":[\"500255\"],\"agencies_ids\":[\"cf8eadf7-b7a3-4bb7-a4f8-adec9bd321a2\"],\"agencies_ref_numbers\":[\"500255\"],\"tag_ids\":[],\"attributes\":{\"ELEVATOR\":true,\"PARKING\":1,\"PARKING_GARAGE\":1,\"GARAGE\":true},\"priority\":1,\"priority_group_key\":\"for_sale\",\"is_new\":false,\"caption\":\"\",\"category\":\"Residential\",\"transaction\":\"For sale\",\"subcategory\":\"Apartment \\\/ Condo\",\"status\":\"Available\",\"price_text\":\"$579,000\",\"available_area_unit\":\"sf\",\"counters\":{\"rooms\":{\"bed\":{\"count\":2,\"label\":\"Bedrooms\"},\"bath\":{\"count\":1,\"label\":\"Bathroom\"}}},\"tags\":[],\"has_custom_page\":false,\"permalink\":\"\\\/en\\\/listings\\\/montreal\\\/montreal-le-sud-ouest\\\/for-sale\\\/16093779\\\/\"},{\"id\":\"30904c41-2d2c-4359-b69c-9bf3009ca059\",\"ref_number\":\"25486532\",\"status_code\":\"SOLD\",\"category_code\":\"RESIDENTIAL\",\"subcategory_code\":\"AP\",\"market_codes\":[\"RES\"],\"description\":\"Loweys is an urban condo complex in the heart of Griffintown, near Old Montreal, the Lachine Canal, and within walking distance of downtown. The building stands out for its rooftop terrace with a pool and urban chalet. Corner unit at the back of the building, ensuring tranquility and an inspiring lifestyle.\\r\\n\",\"availability_date\":\"2026-05-19T00:00:00Z\",\"available_area\":795,\"available_area_sf\":795,\"available_area_unit_code\":\"SF\",\"video_flag\":false,\"virtual_tour_flag\":false,\"contract\":{\"start_date\":\"2026-02-04T00:00:00Z\"},\"for_sale_flag\":true,\"for_rent_flag\":false,\"price\":{\"sell\":{\"amount\":539000,\"currency\":\"CAD\"},\"foreclosure\":false},\"location\":{\"address\":{\"door\":\"apt. 249\",\"street_number\":\"950\",\"street_name\":\"Rue Notre-Dame O.\",\"postal_code\":\"H3C 0K3\"},\"country_code\":\"CAN\",\"state_code\":\"QC\",\"region_code\":\"06\",\"city_code\":\"66505\",\"district_code\":\"66505-D\",\"longitude\":-73.5618687999999991689037415198981761932373046875,\"latitude\":45.4967769699999990962169249542057514190673828125,\"civic_address\":\"950 Rue Notre-Dame O., apt. 249\",\"city\":\"Montr\\u00e9al (Le Sud-Ouest)\",\"region\":\"Montr\\u00e9al\",\"district\":\"Griffintown\",\"full_address\":\"950 Rue Notre-Dame O., apt. 249, Montr\\u00e9al (Le Sud-Ouest)\"},\"building\":{\"category_code\":\"DE\",\"total_levels\":10,\"construction_year\":2011,\"assessment\":{\"amount\":527700,\"currency\":\"CAD\",\"year\":2026},\"dimension\":{}},\"land\":{\"assessment\":{\"amount\":59600,\"currency\":\"CAD\",\"year\":2026},\"dimension\":{}},\"main_unit\":{\"room_count\":5,\"bedroom_count\":2,\"bathroom_count\":1,\"waterroom_count\":0},\"photo_url\":\"https:\\\/\\\/blob.source.immo\\\/pic\\\/lis-kaL0BTiKhEmSEA2RBaIIvw-v1-sm.jpg\",\"brokers_count\":1,\"brokers_ids\":[\"31c0b95e-1a85-4ba2-b010-d040a548e44d\"],\"brokers_ref_numbers\":[\"75573\"],\"offices_count\":1,\"offices_ids\":[\"96c19ecb-423d-4488-b44f-8889b15f90fc\"],\"offices_ref_numbers\":[\"500255\"],\"agencies_ids\":[\"cf8eadf7-b7a3-4bb7-a4f8-adec9bd321a2\"],\"agencies_ref_numbers\":[\"500255\"],\"tag_ids\":[],\"attributes\":{\"ELEVATOR\":true,\"POOL\":true,\"PARKING\":1,\"PARKING_GARAGE\":1,\"GARAGE\":true},\"priority\":2,\"priority_group_key\":\"sold\",\"is_new\":false,\"caption\":\"\",\"category\":\"Residential\",\"transaction\":\"For sale\",\"subcategory\":\"Apartment \\\/ Condo\",\"status\":\"Sold\",\"price_text\":\"Sold\",\"available_area_unit\":\"sf\",\"counters\":{\"rooms\":{\"bed\":{\"count\":2,\"label\":\"Bedrooms\"},\"bath\":{\"count\":1,\"label\":\"Bathroom\"}}},\"tags\":[{\"label\":\"Pool\"}],\"has_custom_page\":false,\"permalink\":\"\\\/en\\\/listings\\\/montreal\\\/montreal-le-sud-ouest\\\/for-sale\\\/25486532\\\/\"},{\"id\":\"c498a1e8-3f43-42d0-a7f8-d4d37ba94aa7\",\"ref_number\":\"11347381\",\"status_code\":\"SOLD\",\"category_code\":\"RESIDENTIAL\",\"subcategory_code\":\"AP\",\"market_codes\":[\"RES\"],\"description\":\"Elegant 2-bedroom condo offering modern comfort and an exceptional lifestyle. Bright open-concept living spaces, quality finishes, and large windows fill the home with beautiful natural light. The unit also includes an in-suite washer and dryer for everyday convenience. Enjoy hotel-style amenities: indoor and outdoor pools, spa, fully equipped fitness room, relaxation lounge, rooftop terrace with BBQs, and welcoming common areas. Urban living that blends luxury, comfort, and well-being in a sought-after building designed for a balanced lifestyle.\\r\\n\",\"availability_delay\":45,\"available_area\":819,\"available_area_sf\":819,\"available_area_unit_code\":\"SF\",\"video_flag\":false,\"virtual_tour_flag\":true,\"contract\":{\"start_date\":\"2026-02-03T00:00:00Z\"},\"for_sale_flag\":true,\"for_rent_flag\":false,\"price\":{\"sell\":{\"amount\":619000,\"currency\":\"CAD\"},\"foreclosure\":false},\"location\":{\"address\":{\"door\":\"apt. 512\",\"street_number\":\"1548\",\"street_name\":\"Rue des Bassins\",\"postal_code\":\"H3C 0L4\"},\"country_code\":\"CAN\",\"state_code\":\"QC\",\"region_code\":\"06\",\"city_code\":\"66505\",\"district_code\":\"66505-D\",\"longitude\":-73.561816660000005185793270356953144073486328125,\"latitude\":45.48938172999999807188942213542759418487548828125,\"civic_address\":\"1548 Rue des Bassins, apt. 512\",\"city\":\"Montr\\u00e9al (Le Sud-Ouest)\",\"region\":\"Montr\\u00e9al\",\"district\":\"Griffintown\",\"full_address\":\"1548 Rue des Bassins, apt. 512, Montr\\u00e9al (Le Sud-Ouest)\"},\"building\":{\"category_code\":\"DE\",\"total_levels\":8,\"construction_year\":2013,\"assessment\":{\"amount\":508600,\"currency\":\"CAD\",\"year\":2026},\"dimension\":{}},\"land\":{\"assessment\":{\"amount\":117000,\"currency\":\"CAD\",\"year\":2026},\"dimension\":{}},\"main_unit\":{\"room_count\":5,\"bedroom_count\":2,\"bathroom_count\":1,\"waterroom_count\":0},\"photo_url\":\"https:\\\/\\\/blob.source.immo\\\/pic\\\/lis-2HHS43N7FkG2RG_Au8s4cw-v2-sm.jpg\",\"brokers_count\":2,\"brokers_ids\":[\"c9b60c68-377d-4732-ac76-d83fb9c0dcb6\",\"9712788e-e5b4-4d25-a5c6-623078e51bad\"],\"brokers_ref_numbers\":[\"106038\",\"76601\"],\"offices_count\":1,\"offices_ids\":[\"96c19ecb-423d-4488-b44f-8889b15f90fc\"],\"offices_ref_numbers\":[\"500255\"],\"agencies_ids\":[\"cf8eadf7-b7a3-4bb7-a4f8-adec9bd321a2\"],\"agencies_ref_numbers\":[\"500255\"],\"tag_ids\":[],\"attributes\":{\"ELEVATOR\":true,\"POOL\":true,\"PARKING\":1,\"PARKING_GARAGE\":1,\"GARAGE\":true},\"priority\":2,\"priority_group_key\":\"sold\",\"is_new\":false,\"caption\":\"\",\"category\":\"Residential\",\"transaction\":\"For sale\",\"subcategory\":\"Apartment \\\/ Condo\",\"status\":\"Sold\",\"price_text\":\"Sold\",\"available_area_unit\":\"sf\",\"counters\":{\"rooms\":{\"bed\":{\"count\":2,\"label\":\"Bedrooms\"},\"bath\":{\"count\":1,\"label\":\"Bathroom\"}}},\"tags\":[{\"label\":\"Virtual tour\"},{\"label\":\"Pool\"}],\"has_custom_page\":false,\"permalink\":\"\\\/en\\\/listings\\\/montreal\\\/montreal-le-sud-ouest\\\/for-sale\\\/11347381\\\/\"}];<\/script><div class=\"si-static-controller\" ng-controller=\"staticDataCtrl\" ng-init=\"init('listingcity')\"><\/div><div class=\"si-list\"><div class=\"item-10596989 city-66505\" style=\"--si-item-index:0\">\r\n<article class=\"si-item si-listing-item si-single-layer-item-layout si-background si-is-new si-has-flags  si-style-standard si-img-hover-effect-gallery\" \r\n    data-test=\"true\"\r\n    data-ng-mouseover=\"handleListItemOver($event,item)\"\r\n    data-si-hover-class=\"\"\r\n    si-image-rotator=\"10596989:listing-city\" itemscope itemtype=\"http:\/\/schema.org\/Residence\">\r\n    <a itemprop=\"url\" href=\"\/en\/listings\/montreal\/montreal-le-sud-ouest\/for-rent\/10596989\/\">\r\n        <div class=\"si-item-content\">\r\n            <div class=\"si-layer-container\">\r\n                <div class=\"si-layer si-main-layer\" style=\"\"><div class=\"si-layer-content\">      <div si-lazy-load class=\"si-image si-lazy-loading si-float-anchor\" >\r\n          <img data-si-src=\"https:\/\/blob.source.immo\/pic\/lis-fhspKcy4MUqQSKXnvB7EZw-v1-sm.jpg\" data-si-error-src=\"https:\/\/api-v1.source.immo\/lib\/wordpress\/v4.1.0\/styles\/assets\/shadow_listing.jpg\" data-si-srcset=\"https:\/\/blob.source.immo\/pic\/lis-fhspKcy4MUqQSKXnvB7EZw-v1-sm.jpg\" data-si-quality-preference=\"\" \/>\r\n      <\/div>         \r\n      <div class=\"si-label-group si-padding-block si-resume-texte\" si-anchor-to=\"si-float-anchor\" style=\"--items-count:2\"><div class=\"si-label si-city notranslate\" si-anchor-to=\"si-float-anchor\">Montr\u00e9al (Le Sud-Ouest)<\/div><div class=\"si-label si-address notranslate\" si-anchor-to=\"si-float-anchor\">811 Rue Desnoyers<\/div><\/div>      <div class=\"si-flags si-float-top-right si-padding si-padding-size-slim\" si-anchor-to=\"si-float-anchor\" si-hide-empty=\"hard\">\r\n          <div class=\"si-flag si-video\"><si-icon title=\"{{'Video'.siTranslate()}}\">video<\/si-icon> <span class=\"si-label\">{{'Video'.siTranslate()}}<\/span><\/div>\r\n          <div class=\"si-flag si-virtual-tour\"><si-icon title=\"{{'Virtual tour'.siTranslate()}}\">vr-cardboard<\/si-icon> <span class=\"si-label\">{{'Virtual tour'.siTranslate()}}<\/span><\/div>\r\n          <div class=\"si-flag si-new-item\"><si-icon title=\"{{'New'.siTranslate()}}\">star<\/si-icon> <span class=\"si-label\">{{'New'.siTranslate()}}<\/span><\/div>\r\n      <\/div>\r\n            <div class=\"si-label si-open-houses si-float-top-left si-background-medium-contrast si-padding-size-half\" si-anchor-to=\"si-float-anchor\" si-hide-empty=\"hard\" si-hide-empty=\"hard\">\r\n          <div class=\"si-open-house-item\">\r\n              <si-icon>calendar-alt<\/si-icon> <span>{{'Open house'.siTranslate()}}<\/span> <span am-time-ago=\"item.open_houses[0].start_date\"><\/span>\r\n          <\/div>\r\n      <\/div>\r\n      <div class=\"si-label si-padding-block si-price\"  si-anchor-to=\"si-float-anchor\">$1,950 \/ month<\/div><div class=\"si-label si-padding-block si-price-sold\"  si-anchor-to=\"si-float-anchor\">$1,950 \/ month<\/div><\/div><\/div>            <\/div>\r\n        <\/div>\r\n    <\/a>\r\n<\/article><\/div><div class=\"item-17051558 city-66505\" style=\"--si-item-index:1\">\r\n<article class=\"si-item si-listing-item si-single-layer-item-layout si-background  si-style-standard si-img-hover-effect-gallery\" \r\n    data-test=\"true\"\r\n    data-ng-mouseover=\"handleListItemOver($event,item)\"\r\n    data-si-hover-class=\"\"\r\n    si-image-rotator=\"17051558:listing-city\" itemscope itemtype=\"http:\/\/schema.org\/Residence\">\r\n    <a itemprop=\"url\" href=\"\/en\/listings\/montreal\/montreal-le-sud-ouest\/for-rent\/17051558\/\">\r\n        <div class=\"si-item-content\">\r\n            <div class=\"si-layer-container\">\r\n                <div class=\"si-layer si-main-layer\" style=\"\"><div class=\"si-layer-content\">      <div si-lazy-load class=\"si-image si-lazy-loading si-float-anchor\" >\r\n          <img data-si-src=\"https:\/\/blob.source.immo\/pic\/lis-ShHqxLoP3EeUU56mC6KzLw-v1-sm.jpg\" data-si-error-src=\"https:\/\/api-v1.source.immo\/lib\/wordpress\/v4.1.0\/styles\/assets\/shadow_listing.jpg\" data-si-srcset=\"https:\/\/blob.source.immo\/pic\/lis-ShHqxLoP3EeUU56mC6KzLw-v1-sm.jpg\" data-si-quality-preference=\"\" \/>\r\n      <\/div>         \r\n      <div class=\"si-label-group si-padding-block si-resume-texte\" si-anchor-to=\"si-float-anchor\" style=\"--items-count:2\"><div class=\"si-label si-city notranslate\" si-anchor-to=\"si-float-anchor\">Montr\u00e9al (Le Sud-Ouest)<\/div><div class=\"si-label si-address notranslate\" si-anchor-to=\"si-float-anchor\">1085 Rue Smith, apt. 1000<\/div><\/div>      <div class=\"si-flags si-float-top-right si-padding si-padding-size-slim\" si-anchor-to=\"si-float-anchor\" si-hide-empty=\"hard\">\r\n          <div class=\"si-flag si-video\"><si-icon title=\"{{'Video'.siTranslate()}}\">video<\/si-icon> <span class=\"si-label\">{{'Video'.siTranslate()}}<\/span><\/div>\r\n          <div class=\"si-flag si-virtual-tour\"><si-icon title=\"{{'Virtual tour'.siTranslate()}}\">vr-cardboard<\/si-icon> <span class=\"si-label\">{{'Virtual tour'.siTranslate()}}<\/span><\/div>\r\n          <div class=\"si-flag si-new-item\"><si-icon title=\"{{'New'.siTranslate()}}\">star<\/si-icon> <span class=\"si-label\">{{'New'.siTranslate()}}<\/span><\/div>\r\n      <\/div>\r\n            <div class=\"si-label si-open-houses si-float-top-left si-background-medium-contrast si-padding-size-half\" si-anchor-to=\"si-float-anchor\" si-hide-empty=\"hard\" si-hide-empty=\"hard\">\r\n          <div class=\"si-open-house-item\">\r\n              <si-icon>calendar-alt<\/si-icon> <span>{{'Open house'.siTranslate()}}<\/span> <span am-time-ago=\"item.open_houses[0].start_date\"><\/span>\r\n          <\/div>\r\n      <\/div>\r\n      <div class=\"si-label si-padding-block si-price\"  si-anchor-to=\"si-float-anchor\">$2,050 \/ month<\/div><div class=\"si-label si-padding-block si-price-sold\"  si-anchor-to=\"si-float-anchor\">$2,050 \/ month<\/div><\/div><\/div>            <\/div>\r\n        <\/div>\r\n    <\/a>\r\n<\/article><\/div><div class=\"item-21750354 city-66505\" style=\"--si-item-index:2\">\r\n<article class=\"si-item si-listing-item si-single-layer-item-layout si-background  si-style-standard si-img-hover-effect-gallery\" \r\n    data-test=\"true\"\r\n    data-ng-mouseover=\"handleListItemOver($event,item)\"\r\n    data-si-hover-class=\"\"\r\n    si-image-rotator=\"21750354:listing-city\" itemscope itemtype=\"http:\/\/schema.org\/Residence\">\r\n    <a itemprop=\"url\" href=\"\/en\/listings\/montreal\/montreal-le-sud-ouest\/for-rent\/21750354\/\">\r\n        <div class=\"si-item-content\">\r\n            <div class=\"si-layer-container\">\r\n                <div class=\"si-layer si-main-layer\" style=\"\"><div class=\"si-layer-content\">      <div si-lazy-load class=\"si-image si-lazy-loading si-float-anchor\" >\r\n          <img data-si-src=\"https:\/\/blob.source.immo\/pic\/lis-oc1zfElvUk-a9yBgUoqN1g-v1-sm.jpg\" data-si-error-src=\"https:\/\/api-v1.source.immo\/lib\/wordpress\/v4.1.0\/styles\/assets\/shadow_listing.jpg\" data-si-srcset=\"https:\/\/blob.source.immo\/pic\/lis-oc1zfElvUk-a9yBgUoqN1g-v1-sm.jpg\" data-si-quality-preference=\"\" \/>\r\n      <\/div>         \r\n      <div class=\"si-label-group si-padding-block si-resume-texte\" si-anchor-to=\"si-float-anchor\" style=\"--items-count:2\"><div class=\"si-label si-city notranslate\" si-anchor-to=\"si-float-anchor\">Montr\u00e9al (Le Sud-Ouest)<\/div><div class=\"si-label si-address notranslate\" si-anchor-to=\"si-float-anchor\">813 Rue Desnoyers<\/div><\/div>      <div class=\"si-flags si-float-top-right si-padding si-padding-size-slim\" si-anchor-to=\"si-float-anchor\" si-hide-empty=\"hard\">\r\n          <div class=\"si-flag si-video\"><si-icon title=\"{{'Video'.siTranslate()}}\">video<\/si-icon> <span class=\"si-label\">{{'Video'.siTranslate()}}<\/span><\/div>\r\n          <div class=\"si-flag si-virtual-tour\"><si-icon title=\"{{'Virtual tour'.siTranslate()}}\">vr-cardboard<\/si-icon> <span class=\"si-label\">{{'Virtual tour'.siTranslate()}}<\/span><\/div>\r\n          <div class=\"si-flag si-new-item\"><si-icon title=\"{{'New'.siTranslate()}}\">star<\/si-icon> <span class=\"si-label\">{{'New'.siTranslate()}}<\/span><\/div>\r\n      <\/div>\r\n            <div class=\"si-label si-open-houses si-float-top-left si-background-medium-contrast si-padding-size-half\" si-anchor-to=\"si-float-anchor\" si-hide-empty=\"hard\" si-hide-empty=\"hard\">\r\n          <div class=\"si-open-house-item\">\r\n              <si-icon>calendar-alt<\/si-icon> <span>{{'Open house'.siTranslate()}}<\/span> <span am-time-ago=\"item.open_houses[0].start_date\"><\/span>\r\n          <\/div>\r\n      <\/div>\r\n      <div class=\"si-label si-padding-block si-price\"  si-anchor-to=\"si-float-anchor\">$2,150 \/ month<\/div><div class=\"si-label si-padding-block si-price-sold\"  si-anchor-to=\"si-float-anchor\">$2,150 \/ month<\/div><\/div><\/div>            <\/div>\r\n        <\/div>\r\n    <\/a>\r\n<\/article><\/div><div class=\"item-21808125 city-66505\" style=\"--si-item-index:3\">\r\n<article class=\"si-item si-listing-item si-single-layer-item-layout si-background si-has-virtual-tour si-has-flags  si-style-standard si-img-hover-effect-gallery\" \r\n    data-test=\"true\"\r\n    data-ng-mouseover=\"handleListItemOver($event,item)\"\r\n    data-si-hover-class=\"\"\r\n    si-image-rotator=\"21808125:listing-city\" itemscope itemtype=\"http:\/\/schema.org\/Residence\">\r\n    <a itemprop=\"url\" href=\"\/en\/listings\/montreal\/montreal-le-sud-ouest\/for-sale\/21808125\/\">\r\n        <div class=\"si-item-content\">\r\n            <div class=\"si-layer-container\">\r\n                <div class=\"si-layer si-main-layer\" style=\"\"><div class=\"si-layer-content\">      <div si-lazy-load class=\"si-image si-lazy-loading si-float-anchor\" >\r\n          <img data-si-src=\"https:\/\/blob.source.immo\/pic\/lis-QLhfN7qOIESLSajQiTukqQ-v1-sm.jpg\" data-si-error-src=\"https:\/\/api-v1.source.immo\/lib\/wordpress\/v4.1.0\/styles\/assets\/shadow_listing.jpg\" data-si-srcset=\"https:\/\/blob.source.immo\/pic\/lis-QLhfN7qOIESLSajQiTukqQ-v1-sm.jpg\" data-si-quality-preference=\"\" \/>\r\n      <\/div>         \r\n      <div class=\"si-label-group si-padding-block si-resume-texte\" si-anchor-to=\"si-float-anchor\" style=\"--items-count:2\"><div class=\"si-label si-city notranslate\" si-anchor-to=\"si-float-anchor\">Montr\u00e9al (Le Sud-Ouest)<\/div><div class=\"si-label si-address notranslate\" si-anchor-to=\"si-float-anchor\">235 Rue Peel, apt. 418<\/div><\/div>      <div class=\"si-flags si-float-top-right si-padding si-padding-size-slim\" si-anchor-to=\"si-float-anchor\" si-hide-empty=\"hard\">\r\n          <div class=\"si-flag si-video\"><si-icon title=\"{{'Video'.siTranslate()}}\">video<\/si-icon> <span class=\"si-label\">{{'Video'.siTranslate()}}<\/span><\/div>\r\n          <div class=\"si-flag si-virtual-tour\"><si-icon title=\"{{'Virtual tour'.siTranslate()}}\">vr-cardboard<\/si-icon> <span class=\"si-label\">{{'Virtual tour'.siTranslate()}}<\/span><\/div>\r\n          <div class=\"si-flag si-new-item\"><si-icon title=\"{{'New'.siTranslate()}}\">star<\/si-icon> <span class=\"si-label\">{{'New'.siTranslate()}}<\/span><\/div>\r\n      <\/div>\r\n            <div class=\"si-label si-open-houses si-float-top-left si-background-medium-contrast si-padding-size-half\" si-anchor-to=\"si-float-anchor\" si-hide-empty=\"hard\" si-hide-empty=\"hard\">\r\n          <div class=\"si-open-house-item\">\r\n              <si-icon>calendar-alt<\/si-icon> <span>{{'Open house'.siTranslate()}}<\/span> <span am-time-ago=\"item.open_houses[0].start_date\"><\/span>\r\n          <\/div>\r\n      <\/div>\r\n      <div class=\"si-label si-padding-block si-price\"  si-anchor-to=\"si-float-anchor\">$589,000<\/div><div class=\"si-label si-padding-block si-price-sold\"  si-anchor-to=\"si-float-anchor\">$589,000<\/div><\/div><\/div>            <\/div>\r\n        <\/div>\r\n    <\/a>\r\n<\/article><\/div><div class=\"item-21361317 city-66505\" style=\"--si-item-index:4\">\r\n<article class=\"si-item si-listing-item si-single-layer-item-layout si-background  si-style-standard si-img-hover-effect-gallery\" \r\n    data-test=\"true\"\r\n    data-ng-mouseover=\"handleListItemOver($event,item)\"\r\n    data-si-hover-class=\"\"\r\n    si-image-rotator=\"21361317:listing-city\" itemscope itemtype=\"http:\/\/schema.org\/Residence\">\r\n    <a itemprop=\"url\" href=\"\/en\/listings\/montreal\/montreal-le-sud-ouest\/for-rent\/21361317\/\">\r\n        <div class=\"si-item-content\">\r\n            <div class=\"si-layer-container\">\r\n                <div class=\"si-layer si-main-layer\" style=\"\"><div class=\"si-layer-content\">      <div si-lazy-load class=\"si-image si-lazy-loading si-float-anchor\" >\r\n          <img data-si-src=\"https:\/\/blob.source.immo\/pic\/lis-Mc4OYaac30WpOs3ogMmZqg-v1-sm.jpg\" data-si-error-src=\"https:\/\/api-v1.source.immo\/lib\/wordpress\/v4.1.0\/styles\/assets\/shadow_listing.jpg\" data-si-srcset=\"https:\/\/blob.source.immo\/pic\/lis-Mc4OYaac30WpOs3ogMmZqg-v1-sm.jpg\" data-si-quality-preference=\"\" \/>\r\n      <\/div>         \r\n      <div class=\"si-label-group si-padding-block si-resume-texte\" si-anchor-to=\"si-float-anchor\" style=\"--items-count:2\"><div class=\"si-label si-city notranslate\" si-anchor-to=\"si-float-anchor\">Montr\u00e9al (Le Sud-Ouest)<\/div><div class=\"si-label si-address notranslate\" si-anchor-to=\"si-float-anchor\">1827 Rue De Biencourt<\/div><\/div>      <div class=\"si-flags si-float-top-right si-padding si-padding-size-slim\" si-anchor-to=\"si-float-anchor\" si-hide-empty=\"hard\">\r\n          <div class=\"si-flag si-video\"><si-icon title=\"{{'Video'.siTranslate()}}\">video<\/si-icon> <span class=\"si-label\">{{'Video'.siTranslate()}}<\/span><\/div>\r\n          <div class=\"si-flag si-virtual-tour\"><si-icon title=\"{{'Virtual tour'.siTranslate()}}\">vr-cardboard<\/si-icon> <span class=\"si-label\">{{'Virtual tour'.siTranslate()}}<\/span><\/div>\r\n          <div class=\"si-flag si-new-item\"><si-icon title=\"{{'New'.siTranslate()}}\">star<\/si-icon> <span class=\"si-label\">{{'New'.siTranslate()}}<\/span><\/div>\r\n      <\/div>\r\n            <div class=\"si-label si-open-houses si-float-top-left si-background-medium-contrast si-padding-size-half\" si-anchor-to=\"si-float-anchor\" si-hide-empty=\"hard\" si-hide-empty=\"hard\">\r\n          <div class=\"si-open-house-item\">\r\n              <si-icon>calendar-alt<\/si-icon> <span>{{'Open house'.siTranslate()}}<\/span> <span am-time-ago=\"item.open_houses[0].start_date\"><\/span>\r\n          <\/div>\r\n      <\/div>\r\n      <div class=\"si-label si-padding-block si-price\"  si-anchor-to=\"si-float-anchor\">$1,950 \/ month<\/div><div class=\"si-label si-padding-block si-price-sold\"  si-anchor-to=\"si-float-anchor\">$1,950 \/ month<\/div><\/div><\/div>            <\/div>\r\n        <\/div>\r\n    <\/a>\r\n<\/article><\/div><div class=\"item-14319614 city-66505\" style=\"--si-item-index:5\">\r\n<article class=\"si-item si-listing-item si-single-layer-item-layout si-background  si-style-standard si-img-hover-effect-gallery\" \r\n    data-test=\"true\"\r\n    data-ng-mouseover=\"handleListItemOver($event,item)\"\r\n    data-si-hover-class=\"\"\r\n    si-image-rotator=\"14319614:listing-city\" itemscope itemtype=\"http:\/\/schema.org\/Residence\">\r\n    <a itemprop=\"url\" href=\"\/en\/listings\/montreal\/montreal-le-sud-ouest\/for-rent\/14319614\/\">\r\n        <div class=\"si-item-content\">\r\n            <div class=\"si-layer-container\">\r\n                <div class=\"si-layer si-main-layer\" style=\"\"><div class=\"si-layer-content\">      <div si-lazy-load class=\"si-image si-lazy-loading si-float-anchor\" >\r\n          <img data-si-src=\"https:\/\/blob.source.immo\/pic\/lis-5D7Qv6No5EKpRSWt5arf0A-v2-sm.jpg\" data-si-error-src=\"https:\/\/api-v1.source.immo\/lib\/wordpress\/v4.1.0\/styles\/assets\/shadow_listing.jpg\" data-si-srcset=\"https:\/\/blob.source.immo\/pic\/lis-5D7Qv6No5EKpRSWt5arf0A-v2-sm.jpg\" data-si-quality-preference=\"\" \/>\r\n      <\/div>         \r\n      <div class=\"si-label-group si-padding-block si-resume-texte\" si-anchor-to=\"si-float-anchor\" style=\"--items-count:2\"><div class=\"si-label si-city notranslate\" si-anchor-to=\"si-float-anchor\">Montr\u00e9al (Le Sud-Ouest)<\/div><div class=\"si-label si-address notranslate\" si-anchor-to=\"si-float-anchor\">6791 Boul. De La V\u00e9rendrye<\/div><\/div>      <div class=\"si-flags si-float-top-right si-padding si-padding-size-slim\" si-anchor-to=\"si-float-anchor\" si-hide-empty=\"hard\">\r\n          <div class=\"si-flag si-video\"><si-icon title=\"{{'Video'.siTranslate()}}\">video<\/si-icon> <span class=\"si-label\">{{'Video'.siTranslate()}}<\/span><\/div>\r\n          <div class=\"si-flag si-virtual-tour\"><si-icon title=\"{{'Virtual tour'.siTranslate()}}\">vr-cardboard<\/si-icon> <span class=\"si-label\">{{'Virtual tour'.siTranslate()}}<\/span><\/div>\r\n          <div class=\"si-flag si-new-item\"><si-icon title=\"{{'New'.siTranslate()}}\">star<\/si-icon> <span class=\"si-label\">{{'New'.siTranslate()}}<\/span><\/div>\r\n      <\/div>\r\n            <div class=\"si-label si-open-houses si-float-top-left si-background-medium-contrast si-padding-size-half\" si-anchor-to=\"si-float-anchor\" si-hide-empty=\"hard\" si-hide-empty=\"hard\">\r\n          <div class=\"si-open-house-item\">\r\n              <si-icon>calendar-alt<\/si-icon> <span>{{'Open house'.siTranslate()}}<\/span> <span am-time-ago=\"item.open_houses[0].start_date\"><\/span>\r\n          <\/div>\r\n      <\/div>\r\n      <div class=\"si-label si-padding-block si-price\"  si-anchor-to=\"si-float-anchor\">$1,850 \/ month<\/div><div class=\"si-label si-padding-block si-price-sold\"  si-anchor-to=\"si-float-anchor\">$1,850 \/ month<\/div><\/div><\/div>            <\/div>\r\n        <\/div>\r\n    <\/a>\r\n<\/article><\/div><div class=\"item-22208755 city-66505\" style=\"--si-item-index:6\">\r\n<article class=\"si-item si-listing-item si-single-layer-item-layout si-background  si-style-standard si-img-hover-effect-gallery\" \r\n    data-test=\"true\"\r\n    data-ng-mouseover=\"handleListItemOver($event,item)\"\r\n    data-si-hover-class=\"\"\r\n    si-image-rotator=\"22208755:listing-city\" itemscope itemtype=\"http:\/\/schema.org\/Residence\">\r\n    <a itemprop=\"url\" href=\"\/en\/listings\/montreal\/montreal-le-sud-ouest\/for-rent\/22208755\/\">\r\n        <div class=\"si-item-content\">\r\n            <div class=\"si-layer-container\">\r\n                <div class=\"si-layer si-main-layer\" style=\"\"><div class=\"si-layer-content\">      <div si-lazy-load class=\"si-image si-lazy-loading si-float-anchor\" >\r\n          <img data-si-src=\"https:\/\/blob.source.immo\/pic\/lis-Vqp8FSKgKkKfof3JEBoxcw-v1-sm.jpg\" data-si-error-src=\"https:\/\/api-v1.source.immo\/lib\/wordpress\/v4.1.0\/styles\/assets\/shadow_listing.jpg\" data-si-srcset=\"https:\/\/blob.source.immo\/pic\/lis-Vqp8FSKgKkKfof3JEBoxcw-v1-sm.jpg\" data-si-quality-preference=\"\" \/>\r\n      <\/div>         \r\n      <div class=\"si-label-group si-padding-block si-resume-texte\" si-anchor-to=\"si-float-anchor\" style=\"--items-count:2\"><div class=\"si-label si-city notranslate\" si-anchor-to=\"si-float-anchor\">Montr\u00e9al (Le Sud-Ouest)<\/div><div class=\"si-label si-address notranslate\" si-anchor-to=\"si-float-anchor\">100 Rue Murray, apt. 103<\/div><\/div>      <div class=\"si-flags si-float-top-right si-padding si-padding-size-slim\" si-anchor-to=\"si-float-anchor\" si-hide-empty=\"hard\">\r\n          <div class=\"si-flag si-video\"><si-icon title=\"{{'Video'.siTranslate()}}\">video<\/si-icon> <span class=\"si-label\">{{'Video'.siTranslate()}}<\/span><\/div>\r\n          <div class=\"si-flag si-virtual-tour\"><si-icon title=\"{{'Virtual tour'.siTranslate()}}\">vr-cardboard<\/si-icon> <span class=\"si-label\">{{'Virtual tour'.siTranslate()}}<\/span><\/div>\r\n          <div class=\"si-flag si-new-item\"><si-icon title=\"{{'New'.siTranslate()}}\">star<\/si-icon> <span class=\"si-label\">{{'New'.siTranslate()}}<\/span><\/div>\r\n      <\/div>\r\n            <div class=\"si-label si-open-houses si-float-top-left si-background-medium-contrast si-padding-size-half\" si-anchor-to=\"si-float-anchor\" si-hide-empty=\"hard\" si-hide-empty=\"hard\">\r\n          <div class=\"si-open-house-item\">\r\n              <si-icon>calendar-alt<\/si-icon> <span>{{'Open house'.siTranslate()}}<\/span> <span am-time-ago=\"item.open_houses[0].start_date\"><\/span>\r\n          <\/div>\r\n      <\/div>\r\n      <div class=\"si-label si-padding-block si-price\"  si-anchor-to=\"si-float-anchor\">$1,500 \/ month<\/div><div class=\"si-label si-padding-block si-price-sold\"  si-anchor-to=\"si-float-anchor\">$1,500 \/ month<\/div><\/div><\/div>            <\/div>\r\n        <\/div>\r\n    <\/a>\r\n<\/article><\/div><div class=\"item-21797605 city-66505\" style=\"--si-item-index:7\">\r\n<article class=\"si-item si-listing-item si-single-layer-item-layout si-background  si-style-standard si-img-hover-effect-gallery\" \r\n    data-test=\"true\"\r\n    data-ng-mouseover=\"handleListItemOver($event,item)\"\r\n    data-si-hover-class=\"\"\r\n    si-image-rotator=\"21797605:listing-city\" itemscope itemtype=\"http:\/\/schema.org\/Residence\">\r\n    <a itemprop=\"url\" href=\"\/en\/listings\/montreal\/montreal-le-sud-ouest\/for-rent\/21797605\/\">\r\n        <div class=\"si-item-content\">\r\n            <div class=\"si-layer-container\">\r\n                <div class=\"si-layer si-main-layer\" style=\"\"><div class=\"si-layer-content\">      <div si-lazy-load class=\"si-image si-lazy-loading si-float-anchor\" >\r\n          <img data-si-src=\"https:\/\/blob.source.immo\/pic\/lis-oSgmBZ8HakOgsEhbDKE9Nw-v1-sm.jpg\" data-si-error-src=\"https:\/\/api-v1.source.immo\/lib\/wordpress\/v4.1.0\/styles\/assets\/shadow_listing.jpg\" data-si-srcset=\"https:\/\/blob.source.immo\/pic\/lis-oSgmBZ8HakOgsEhbDKE9Nw-v1-sm.jpg\" data-si-quality-preference=\"\" \/>\r\n      <\/div>         \r\n      <div class=\"si-label-group si-padding-block si-resume-texte\" si-anchor-to=\"si-float-anchor\" style=\"--items-count:2\"><div class=\"si-label si-city notranslate\" si-anchor-to=\"si-float-anchor\">Montr\u00e9al (Le Sud-Ouest)<\/div><div class=\"si-label si-address notranslate\" si-anchor-to=\"si-float-anchor\">5005 Rue Ste-Clotilde<\/div><\/div>      <div class=\"si-flags si-float-top-right si-padding si-padding-size-slim\" si-anchor-to=\"si-float-anchor\" si-hide-empty=\"hard\">\r\n          <div class=\"si-flag si-video\"><si-icon title=\"{{'Video'.siTranslate()}}\">video<\/si-icon> <span class=\"si-label\">{{'Video'.siTranslate()}}<\/span><\/div>\r\n          <div class=\"si-flag si-virtual-tour\"><si-icon title=\"{{'Virtual tour'.siTranslate()}}\">vr-cardboard<\/si-icon> <span class=\"si-label\">{{'Virtual tour'.siTranslate()}}<\/span><\/div>\r\n          <div class=\"si-flag si-new-item\"><si-icon title=\"{{'New'.siTranslate()}}\">star<\/si-icon> <span class=\"si-label\">{{'New'.siTranslate()}}<\/span><\/div>\r\n      <\/div>\r\n            <div class=\"si-label si-open-houses si-float-top-left si-background-medium-contrast si-padding-size-half\" si-anchor-to=\"si-float-anchor\" si-hide-empty=\"hard\" si-hide-empty=\"hard\">\r\n          <div class=\"si-open-house-item\">\r\n              <si-icon>calendar-alt<\/si-icon> <span>{{'Open house'.siTranslate()}}<\/span> <span am-time-ago=\"item.open_houses[0].start_date\"><\/span>\r\n          <\/div>\r\n      <\/div>\r\n      <div class=\"si-label si-padding-block si-price\"  si-anchor-to=\"si-float-anchor\">$2,050 \/ month<\/div><div class=\"si-label si-padding-block si-price-sold\"  si-anchor-to=\"si-float-anchor\">$2,050 \/ month<\/div><\/div><\/div>            <\/div>\r\n        <\/div>\r\n    <\/a>\r\n<\/article><\/div><div class=\"item-15673079 city-66505\" style=\"--si-item-index:8\">\r\n<article class=\"si-item si-listing-item si-single-layer-item-layout si-background  si-style-standard si-img-hover-effect-gallery\" \r\n    data-test=\"true\"\r\n    data-ng-mouseover=\"handleListItemOver($event,item)\"\r\n    data-si-hover-class=\"\"\r\n    si-image-rotator=\"15673079:listing-city\" itemscope itemtype=\"http:\/\/schema.org\/Residence\">\r\n    <a itemprop=\"url\" href=\"\/en\/listings\/montreal\/montreal-le-sud-ouest\/for-rent\/15673079\/\">\r\n        <div class=\"si-item-content\">\r\n            <div class=\"si-layer-container\">\r\n                <div class=\"si-layer si-main-layer\" style=\"\"><div class=\"si-layer-content\">      <div si-lazy-load class=\"si-image si-lazy-loading si-float-anchor\" >\r\n          <img data-si-src=\"https:\/\/blob.source.immo\/pic\/lis-TIR8v47kQEak3XpZKn_ODg-v1-sm.jpg\" data-si-error-src=\"https:\/\/api-v1.source.immo\/lib\/wordpress\/v4.1.0\/styles\/assets\/shadow_listing.jpg\" data-si-srcset=\"https:\/\/blob.source.immo\/pic\/lis-TIR8v47kQEak3XpZKn_ODg-v1-sm.jpg\" data-si-quality-preference=\"\" \/>\r\n      <\/div>         \r\n      <div class=\"si-label-group si-padding-block si-resume-texte\" si-anchor-to=\"si-float-anchor\" style=\"--items-count:2\"><div class=\"si-label si-city notranslate\" si-anchor-to=\"si-float-anchor\">Montr\u00e9al (Le Sud-Ouest)<\/div><div class=\"si-label si-address notranslate\" si-anchor-to=\"si-float-anchor\">530 Rue St-R\u00e9mi<\/div><\/div>      <div class=\"si-flags si-float-top-right si-padding si-padding-size-slim\" si-anchor-to=\"si-float-anchor\" si-hide-empty=\"hard\">\r\n          <div class=\"si-flag si-video\"><si-icon title=\"{{'Video'.siTranslate()}}\">video<\/si-icon> <span class=\"si-label\">{{'Video'.siTranslate()}}<\/span><\/div>\r\n          <div class=\"si-flag si-virtual-tour\"><si-icon title=\"{{'Virtual tour'.siTranslate()}}\">vr-cardboard<\/si-icon> <span class=\"si-label\">{{'Virtual tour'.siTranslate()}}<\/span><\/div>\r\n          <div class=\"si-flag si-new-item\"><si-icon title=\"{{'New'.siTranslate()}}\">star<\/si-icon> <span class=\"si-label\">{{'New'.siTranslate()}}<\/span><\/div>\r\n      <\/div>\r\n            <div class=\"si-label si-open-houses si-float-top-left si-background-medium-contrast si-padding-size-half\" si-anchor-to=\"si-float-anchor\" si-hide-empty=\"hard\" si-hide-empty=\"hard\">\r\n          <div class=\"si-open-house-item\">\r\n              <si-icon>calendar-alt<\/si-icon> <span>{{'Open house'.siTranslate()}}<\/span> <span am-time-ago=\"item.open_houses[0].start_date\"><\/span>\r\n          <\/div>\r\n      <\/div>\r\n      <div class=\"si-label si-padding-block si-price\"  si-anchor-to=\"si-float-anchor\">$2,490 \/ month<\/div><div class=\"si-label si-padding-block si-price-sold\"  si-anchor-to=\"si-float-anchor\">$2,490 \/ month<\/div><\/div><\/div>            <\/div>\r\n        <\/div>\r\n    <\/a>\r\n<\/article><\/div><div class=\"item-16093779 city-66505\" style=\"--si-item-index:9\">\r\n<article class=\"si-item si-listing-item si-single-layer-item-layout si-background  si-style-standard si-img-hover-effect-gallery\" \r\n    data-test=\"true\"\r\n    data-ng-mouseover=\"handleListItemOver($event,item)\"\r\n    data-si-hover-class=\"\"\r\n    si-image-rotator=\"16093779:listing-city\" itemscope itemtype=\"http:\/\/schema.org\/Residence\">\r\n    <a itemprop=\"url\" href=\"\/en\/listings\/montreal\/montreal-le-sud-ouest\/for-sale\/16093779\/\">\r\n        <div class=\"si-item-content\">\r\n            <div class=\"si-layer-container\">\r\n                <div class=\"si-layer si-main-layer\" style=\"\"><div class=\"si-layer-content\">      <div si-lazy-load class=\"si-image si-lazy-loading si-float-anchor\" >\r\n          <img data-si-src=\"https:\/\/blob.source.immo\/pic\/lis-8_GcLYoFxUWpzu0tuLoz_g-v1-sm.jpg\" data-si-error-src=\"https:\/\/api-v1.source.immo\/lib\/wordpress\/v4.1.0\/styles\/assets\/shadow_listing.jpg\" data-si-srcset=\"https:\/\/blob.source.immo\/pic\/lis-8_GcLYoFxUWpzu0tuLoz_g-v1-sm.jpg\" data-si-quality-preference=\"\" \/>\r\n      <\/div>         \r\n      <div class=\"si-label-group si-padding-block si-resume-texte\" si-anchor-to=\"si-float-anchor\" style=\"--items-count:2\"><div class=\"si-label si-city notranslate\" si-anchor-to=\"si-float-anchor\">Montr\u00e9al (Le Sud-Ouest)<\/div><div class=\"si-label si-address notranslate\" si-anchor-to=\"si-float-anchor\">1869 Rue des Bassins, apt. 611<\/div><\/div>      <div class=\"si-flags si-float-top-right si-padding si-padding-size-slim\" si-anchor-to=\"si-float-anchor\" si-hide-empty=\"hard\">\r\n          <div class=\"si-flag si-video\"><si-icon title=\"{{'Video'.siTranslate()}}\">video<\/si-icon> <span class=\"si-label\">{{'Video'.siTranslate()}}<\/span><\/div>\r\n          <div class=\"si-flag si-virtual-tour\"><si-icon title=\"{{'Virtual tour'.siTranslate()}}\">vr-cardboard<\/si-icon> <span class=\"si-label\">{{'Virtual tour'.siTranslate()}}<\/span><\/div>\r\n          <div class=\"si-flag si-new-item\"><si-icon title=\"{{'New'.siTranslate()}}\">star<\/si-icon> <span class=\"si-label\">{{'New'.siTranslate()}}<\/span><\/div>\r\n      <\/div>\r\n            <div class=\"si-label si-open-houses si-float-top-left si-background-medium-contrast si-padding-size-half\" si-anchor-to=\"si-float-anchor\" si-hide-empty=\"hard\" si-hide-empty=\"hard\">\r\n          <div class=\"si-open-house-item\">\r\n              <si-icon>calendar-alt<\/si-icon> <span>{{'Open house'.siTranslate()}}<\/span> <span am-time-ago=\"item.open_houses[0].start_date\"><\/span>\r\n          <\/div>\r\n      <\/div>\r\n      <div class=\"si-label si-padding-block si-price\"  si-anchor-to=\"si-float-anchor\">$579,000<\/div><div class=\"si-label si-padding-block si-price-sold\"  si-anchor-to=\"si-float-anchor\">$579,000<\/div><\/div><\/div>            <\/div>\r\n        <\/div>\r\n    <\/a>\r\n<\/article><\/div><div class=\"item-25486532 city-66505\" style=\"--si-item-index:10\">\r\n<article class=\"si-item si-listing-item si-single-layer-item-layout si-background si-sold  si-style-standard si-img-hover-effect-gallery si-sold\" \r\n    data-test=\"true\"\r\n    data-ng-mouseover=\"handleListItemOver($event,item)\"\r\n    data-si-hover-class=\"\"\r\n    si-image-rotator=\"25486532:listing-city\" itemscope itemtype=\"http:\/\/schema.org\/Residence\">\r\n    <a itemprop=\"url\" href=\"\/en\/listings\/montreal\/montreal-le-sud-ouest\/for-sale\/25486532\/\">\r\n        <div class=\"si-item-content\">\r\n            <div class=\"si-layer-container\">\r\n                <div class=\"si-layer si-main-layer\" style=\"\"><div class=\"si-layer-content\">      <div si-lazy-load class=\"si-image si-lazy-loading si-float-anchor\" >\r\n          <img data-si-src=\"https:\/\/blob.source.immo\/pic\/lis-kaL0BTiKhEmSEA2RBaIIvw-v1-sm.jpg\" data-si-error-src=\"https:\/\/api-v1.source.immo\/lib\/wordpress\/v4.1.0\/styles\/assets\/shadow_listing.jpg\" data-si-srcset=\"https:\/\/blob.source.immo\/pic\/lis-kaL0BTiKhEmSEA2RBaIIvw-v1-sm.jpg\" data-si-quality-preference=\"\" \/>\r\n      <\/div>         \r\n      <div class=\"si-label-group si-padding-block si-resume-texte\" si-anchor-to=\"si-float-anchor\" style=\"--items-count:2\"><div class=\"si-label si-city notranslate\" si-anchor-to=\"si-float-anchor\">Montr\u00e9al (Le Sud-Ouest)<\/div><div class=\"si-label si-address notranslate\" si-anchor-to=\"si-float-anchor\">950 Rue Notre-Dame O., apt. 249<\/div><\/div>      <div class=\"si-flags si-float-top-right si-padding si-padding-size-slim\" si-anchor-to=\"si-float-anchor\" si-hide-empty=\"hard\">\r\n          <div class=\"si-flag si-video\"><si-icon title=\"{{'Video'.siTranslate()}}\">video<\/si-icon> <span class=\"si-label\">{{'Video'.siTranslate()}}<\/span><\/div>\r\n          <div class=\"si-flag si-virtual-tour\"><si-icon title=\"{{'Virtual tour'.siTranslate()}}\">vr-cardboard<\/si-icon> <span class=\"si-label\">{{'Virtual tour'.siTranslate()}}<\/span><\/div>\r\n          <div class=\"si-flag si-new-item\"><si-icon title=\"{{'New'.siTranslate()}}\">star<\/si-icon> <span class=\"si-label\">{{'New'.siTranslate()}}<\/span><\/div>\r\n      <\/div>\r\n            <div class=\"si-label si-open-houses si-float-top-left si-background-medium-contrast si-padding-size-half\" si-anchor-to=\"si-float-anchor\" si-hide-empty=\"hard\" si-hide-empty=\"hard\">\r\n          <div class=\"si-open-house-item\">\r\n              <si-icon>calendar-alt<\/si-icon> <span>{{'Open house'.siTranslate()}}<\/span> <span am-time-ago=\"item.open_houses[0].start_date\"><\/span>\r\n          <\/div>\r\n      <\/div>\r\n      <div class=\"si-label si-padding-block si-price\"  si-anchor-to=\"si-float-anchor\">Sold<\/div><div class=\"si-label si-padding-block si-price-sold\"  si-anchor-to=\"si-float-anchor\">Sold<\/div><\/div><\/div>            <\/div>\r\n        <\/div>\r\n    <\/a>\r\n<\/article><\/div><div class=\"item-11347381 city-66505\" style=\"--si-item-index:11\">\r\n<article class=\"si-item si-listing-item si-single-layer-item-layout si-background si-sold si-has-virtual-tour si-has-flags  si-style-standard si-img-hover-effect-gallery si-sold\" \r\n    data-test=\"true\"\r\n    data-ng-mouseover=\"handleListItemOver($event,item)\"\r\n    data-si-hover-class=\"\"\r\n    si-image-rotator=\"11347381:listing-city\" itemscope itemtype=\"http:\/\/schema.org\/Residence\">\r\n    <a itemprop=\"url\" href=\"\/en\/listings\/montreal\/montreal-le-sud-ouest\/for-sale\/11347381\/\">\r\n        <div class=\"si-item-content\">\r\n            <div class=\"si-layer-container\">\r\n                <div class=\"si-layer si-main-layer\" style=\"\"><div class=\"si-layer-content\">      <div si-lazy-load class=\"si-image si-lazy-loading si-float-anchor\" >\r\n          <img data-si-src=\"https:\/\/blob.source.immo\/pic\/lis-2HHS43N7FkG2RG_Au8s4cw-v2-sm.jpg\" data-si-error-src=\"https:\/\/api-v1.source.immo\/lib\/wordpress\/v4.1.0\/styles\/assets\/shadow_listing.jpg\" data-si-srcset=\"https:\/\/blob.source.immo\/pic\/lis-2HHS43N7FkG2RG_Au8s4cw-v2-sm.jpg\" data-si-quality-preference=\"\" \/>\r\n      <\/div>         \r\n      <div class=\"si-label-group si-padding-block si-resume-texte\" si-anchor-to=\"si-float-anchor\" style=\"--items-count:2\"><div class=\"si-label si-city notranslate\" si-anchor-to=\"si-float-anchor\">Montr\u00e9al (Le Sud-Ouest)<\/div><div class=\"si-label si-address notranslate\" si-anchor-to=\"si-float-anchor\">1548 Rue des Bassins, apt. 512<\/div><\/div>      <div class=\"si-flags si-float-top-right si-padding si-padding-size-slim\" si-anchor-to=\"si-float-anchor\" si-hide-empty=\"hard\">\r\n          <div class=\"si-flag si-video\"><si-icon title=\"{{'Video'.siTranslate()}}\">video<\/si-icon> <span class=\"si-label\">{{'Video'.siTranslate()}}<\/span><\/div>\r\n          <div class=\"si-flag si-virtual-tour\"><si-icon title=\"{{'Virtual tour'.siTranslate()}}\">vr-cardboard<\/si-icon> <span class=\"si-label\">{{'Virtual tour'.siTranslate()}}<\/span><\/div>\r\n          <div class=\"si-flag si-new-item\"><si-icon title=\"{{'New'.siTranslate()}}\">star<\/si-icon> <span class=\"si-label\">{{'New'.siTranslate()}}<\/span><\/div>\r\n      <\/div>\r\n            <div class=\"si-label si-open-houses si-float-top-left si-background-medium-contrast si-padding-size-half\" si-anchor-to=\"si-float-anchor\" si-hide-empty=\"hard\" si-hide-empty=\"hard\">\r\n          <div class=\"si-open-house-item\">\r\n              <si-icon>calendar-alt<\/si-icon> <span>{{'Open house'.siTranslate()}}<\/span> <span am-time-ago=\"item.open_houses[0].start_date\"><\/span>\r\n          <\/div>\r\n      <\/div>\r\n      <div class=\"si-label si-padding-block si-price\"  si-anchor-to=\"si-float-anchor\">Sold<\/div><div class=\"si-label si-padding-block si-price-sold\"  si-anchor-to=\"si-float-anchor\">Sold<\/div><\/div><\/div>            <\/div>\r\n        <\/div>\r\n    <\/a>\r\n<\/article><\/div><\/div><\/div><\/div>\n\t\t\t\t\t\t<\/div>\n\t\t\t\t<\/div>\n\t\t\t\t\t<\/div>\n\t\t\t\t<\/section>\n\t\t\t\t\t<\/div>\n\t\t\t\t<\/div>\n\t\t<div class=\"elementor-element elementor-element-14e9aa30 js__section e-flex e-con-boxed e-con e-parent\" data-id=\"14e9aa30\" data-element_type=\"container\" data-e-type=\"container\" data-section-color=\"#fff\">\n\t\t\t\t\t<div class=\"e-con-inner\">\n\t\t\t\t<div class=\"elementor-element elementor-element-66d47799 js__section--label elementor-widget elementor-widget-html\" data-id=\"66d47799\" data-element_type=\"widget\" data-e-type=\"widget\" data-widget_type=\"html.default\">\n\t\t\t\t<div class=\"elementor-widget-container\">\n\t\t\t\t\tsud-ouest\t\t\t\t<\/div>\n\t\t\t\t<\/div>\n\t\t<section class=\"elementor-element elementor-element-6196f66a e-flex e-con-boxed e-con e-child\" data-id=\"6196f66a\" data-element_type=\"container\" data-e-type=\"container\" data-settings=\"{&quot;background_background&quot;:&quot;classic&quot;}\">\n\t\t\t\t\t<div class=\"e-con-inner\">\n\t\t<div class=\"elementor-element elementor-element-7f8ef7e8 e-con-full e-flex e-con e-child\" data-id=\"7f8ef7e8\" data-element_type=\"container\" data-e-type=\"container\">\n\t\t\t\t<div class=\"elementor-element elementor-element-10177bc1 elementor-widget-mobile__width-initial elementor-widget-tablet__width-initial elementor-widget__width-initial elementor-invisible elementor-widget elementor-widget-heading\" data-id=\"10177bc1\" data-element_type=\"widget\" data-e-type=\"widget\" data-settings=\"{&quot;_animation&quot;:&quot;slideInDown&quot;}\" data-widget_type=\"heading.default\">\n\t\t\t\t<div class=\"elementor-widget-container\">\n\t\t\t\t\t<h2 class=\"elementor-heading-title elementor-size-default\"><strong>Le Sud-Ouest:<\/strong> Where history meets urban innovation<\/h2>\t\t\t\t<\/div>\n\t\t\t\t<\/div>\n\t\t\t\t<div class=\"elementor-element elementor-element-53269e39 elementor-widget__width-initial elementor-widget elementor-widget-text-editor\" data-id=\"53269e39\" data-element_type=\"widget\" data-e-type=\"widget\" data-widget_type=\"text-editor.default\">\n\t\t\t\t<div class=\"elementor-widget-container\">\n\t\t\t\t\t\t\t\t\t<p>Located just minutes from downtown Montreal, the Sud-Ouest embodies the perfect blend of a rich industrial past and contemporary creative dynamism. Covering 15.7km\u00b2, it is bordered by verdant Angrignon Park, prestigious Westmount, the boroughs of C\u00f4te-des-Neiges-Notre-Dame-de-Gr\u00e2ce, Ville-Marie and Verdun, while the Canal de l&#8217;Aqueduc and, in part, the majestic St. Lawrence River mark its southern limits. Some 93,000 residents live here, in six distinctly different neighborhoods.  <\/p>\n<p>At the heart of the borough winds the <a href=\"https:\/\/parks.canada.ca\/lhn-nhs\/qc\/canallachine\" target=\"_blank\" rel=\"noopener\">Lachine Canal<\/a>, a veritable social and economic catalyst in the late 19th and early 20th centuries. Rising from the ashes in the 21st century, it has become a popular destination for residential, commercial and leisure development. Across the Sud-Ouest, former factories transformed into elegant lofts rub shoulders with century-old houses and plexes, while avant-garde architectural projects, such as The Bridge near the Victoria Bridge, enrich this fascinating urban tableau.  <\/p>\n<p>This remarkable transformation attracts a population as diverse as it is dynamic: young professionals in search of authenticity, families seduced by the balance between urban life and nature, and savvy investors all find their niche here. All are attracted by generous green spaces, a neighborhood atmosphere that&#8217;s both preserved and vibrant, and a real estate market that&#8217;s still affordable. Artistically animated alleyways and convivial terraces create the unique atmosphere that makes the Sud-Ouest so charming &#8211; a living testimony to Montreal&#8217;s 21st-century urban renaissance.  <\/p>\n\t\t\t\t\t\t\t\t<\/div>\n\t\t\t\t<\/div>\n\t\t\t\t<\/div>\n\t\t<div class=\"elementor-element elementor-element-6ca11152 e-con-full e-flex e-con e-child\" data-id=\"6ca11152\" data-element_type=\"container\" data-e-type=\"container\">\n\t\t\t\t<div class=\"elementor-element elementor-element-61813102 elementor-widget elementor-widget-image\" data-id=\"61813102\" data-element_type=\"widget\" data-e-type=\"widget\" data-widget_type=\"image.default\">\n\t\t\t\t<div class=\"elementor-widget-container\">\n\t\t\t\t\t\t\t\t\t\t\t\t\t\t\t<img decoding=\"async\" width=\"650\" height=\"955\" src=\"https:\/\/realta.ca\/wp-content\/uploads\/2025\/05\/realta_region_sudOuest_histoire.jpg\" class=\"attachment-full size-full wp-image-33083\" alt=\"\" srcset=\"https:\/\/realta.ca\/wp-content\/uploads\/2025\/05\/realta_region_sudOuest_histoire.jpg 650w, https:\/\/realta.ca\/wp-content\/uploads\/2025\/05\/realta_region_sudOuest_histoire-204x300.jpg 204w\" sizes=\"(max-width: 650px) 100vw, 650px\" \/>\t\t\t\t\t\t\t\t\t\t\t\t\t\t\t<\/div>\n\t\t\t\t<\/div>\n\t\t\t\t<\/div>\n\t\t\t\t\t<\/div>\n\t\t\t\t<\/section>\n\t\t\t\t\t<\/div>\n\t\t\t\t<\/div>\n\t\t<div class=\"elementor-element elementor-element-a53aa84 js__section e-flex e-con-boxed e-con e-parent\" data-id=\"a53aa84\" data-element_type=\"container\" data-e-type=\"container\">\n\t\t\t\t\t<div class=\"e-con-inner\">\n\t\t\t\t<div class=\"elementor-element elementor-element-1ee2f3f7 js__section--label elementor-widget elementor-widget-html\" data-id=\"1ee2f3f7\" data-element_type=\"widget\" data-e-type=\"widget\" data-widget_type=\"html.default\">\n\t\t\t\t<div class=\"elementor-widget-container\">\n\t\t\t\t\tsud-ouest\t\t\t\t<\/div>\n\t\t\t\t<\/div>\n\t\t<section class=\"elementor-element elementor-element-78274181 e-flex e-con-boxed e-con e-child\" data-id=\"78274181\" data-element_type=\"container\" data-e-type=\"container\" id=\"histoire\">\n\t\t\t\t\t<div class=\"e-con-inner\">\n\t\t<div class=\"elementor-element elementor-element-1d588a08 e-con-full e-flex e-con e-child\" data-id=\"1d588a08\" data-element_type=\"container\" data-e-type=\"container\">\n\t\t\t\t<div class=\"elementor-element elementor-element-3b8452f elementor-widget elementor-widget-image\" data-id=\"3b8452f\" data-element_type=\"widget\" data-e-type=\"widget\" data-widget_type=\"image.default\">\n\t\t\t\t<div class=\"elementor-widget-container\">\n\t\t\t\t\t\t\t\t\t\t\t\t\t\t\t<img decoding=\"async\" width=\"650\" height=\"367\" src=\"https:\/\/realta.ca\/wp-content\/uploads\/2025\/05\/realta_region_sudOuest_histoire_maison.jpg\" class=\"attachment-full size-full wp-image-33090\" alt=\"\" srcset=\"https:\/\/realta.ca\/wp-content\/uploads\/2025\/05\/realta_region_sudOuest_histoire_maison.jpg 650w, https:\/\/realta.ca\/wp-content\/uploads\/2025\/05\/realta_region_sudOuest_histoire_maison-300x169.jpg 300w\" sizes=\"(max-width: 650px) 100vw, 650px\" \/>\t\t\t\t\t\t\t\t\t\t\t\t\t\t\t<\/div>\n\t\t\t\t<\/div>\n\t\t\t\t<div class=\"elementor-element elementor-element-37fba12 elementor-widget elementor-widget-image\" data-id=\"37fba12\" data-element_type=\"widget\" data-e-type=\"widget\" data-widget_type=\"image.default\">\n\t\t\t\t<div class=\"elementor-widget-container\">\n\t\t\t\t\t\t\t\t\t\t\t\t\t\t\t<img loading=\"lazy\" decoding=\"async\" width=\"1530\" height=\"1780\" src=\"https:\/\/realta.ca\/wp-content\/uploads\/2025\/05\/realta_region_sudOuest_histoire_port.jpg\" class=\"attachment-full size-full wp-image-33092\" alt=\"\" srcset=\"https:\/\/realta.ca\/wp-content\/uploads\/2025\/05\/realta_region_sudOuest_histoire_port.jpg 1530w, https:\/\/realta.ca\/wp-content\/uploads\/2025\/05\/realta_region_sudOuest_histoire_port-258x300.jpg 258w, https:\/\/realta.ca\/wp-content\/uploads\/2025\/05\/realta_region_sudOuest_histoire_port-880x1024.jpg 880w, https:\/\/realta.ca\/wp-content\/uploads\/2025\/05\/realta_region_sudOuest_histoire_port-768x893.jpg 768w, https:\/\/realta.ca\/wp-content\/uploads\/2025\/05\/realta_region_sudOuest_histoire_port-1320x1536.jpg 1320w\" sizes=\"(max-width: 1530px) 100vw, 1530px\" \/>\t\t\t\t\t\t\t\t\t\t\t\t\t\t\t<\/div>\n\t\t\t\t<\/div>\n\t\t\t\t<\/div>\n\t\t<div class=\"elementor-element elementor-element-250fa740 e-con-full e-flex e-con e-child\" data-id=\"250fa740\" data-element_type=\"container\" data-e-type=\"container\">\n\t\t\t\t<div class=\"elementor-element elementor-element-7b3dd0a1 elementor-widget-mobile__width-inherit elementor-invisible elementor-widget elementor-widget-heading\" data-id=\"7b3dd0a1\" data-element_type=\"widget\" data-e-type=\"widget\" data-settings=\"{&quot;_animation&quot;:&quot;slideInDown&quot;}\" data-widget_type=\"heading.default\">\n\t\t\t\t<div class=\"elementor-widget-container\">\n\t\t\t\t\t<h2 class=\"elementor-heading-title elementor-size-default\">For his story <\/h2>\t\t\t\t<\/div>\n\t\t\t\t<\/div>\n\t\t\t\t<div class=\"elementor-element elementor-element-a19917c elementor-widget-mobile__width-inherit elementor-widget elementor-widget-heading\" data-id=\"a19917c\" data-element_type=\"widget\" data-e-type=\"widget\" data-settings=\"{&quot;_animation&quot;:&quot;none&quot;}\" data-widget_type=\"heading.default\">\n\t\t\t\t<div class=\"elementor-widget-container\">\n\t\t\t\t\t<p class=\"elementor-heading-title elementor-size-default\">Origins and agricultural development (before 1825)<\/p>\t\t\t\t<\/div>\n\t\t\t\t<\/div>\n\t\t\t\t<div class=\"elementor-element elementor-element-3d24d4c0 elementor-widget__width-initial elementor-widget-mobile__width-inherit elementor-widget elementor-widget-text-editor\" data-id=\"3d24d4c0\" data-element_type=\"widget\" data-e-type=\"widget\" data-widget_type=\"text-editor.default\">\n\t\t\t\t<div class=\"elementor-widget-container\">\n\t\t\t\t\t\t\t\t\t<p>From the time it was granted to the Sulpicians in 1663, the Sud-Ouest territory was mainly devoted to agriculture. The land, organized into hillsides perpendicular to the St. Lawrence River, was farmed according to the seigneurial model. As early as 1686, artisanal activities, such as the tanneries of Saint-Henri-des-Tanneries, were established, marking the beginnings of a diversified economy.  <\/p>\n\t\t\t\t\t\t\t\t<\/div>\n\t\t\t\t<\/div>\n\t\t\t\t<div class=\"elementor-element elementor-element-576979e elementor-widget-mobile__width-inherit elementor-widget elementor-widget-heading\" data-id=\"576979e\" data-element_type=\"widget\" data-e-type=\"widget\" data-settings=\"{&quot;_animation&quot;:&quot;none&quot;}\" data-widget_type=\"heading.default\">\n\t\t\t\t<div class=\"elementor-widget-container\">\n\t\t\t\t\t<p class=\"elementor-heading-title elementor-size-default\">Industrialization and urbanization (1825-1945)<\/p>\t\t\t\t<\/div>\n\t\t\t\t<\/div>\n\t\t\t\t<div class=\"elementor-element elementor-element-1bc4a23 elementor-widget__width-initial elementor-widget-mobile__width-inherit elementor-widget elementor-widget-text-editor\" data-id=\"1bc4a23\" data-element_type=\"widget\" data-e-type=\"widget\" data-widget_type=\"text-editor.default\">\n\t\t\t\t<div class=\"elementor-widget-container\">\n\t\t\t\t\t\t\t\t\t<p>The opening of the Lachine Canal in 1825 marked a decisive turning point in the industrialization of the area. Enlarged in the 1840s, the canal attracted numerous factories thanks to its hydraulic potential and its role in transporting goods. Infrastructure development, such as the Montreal &amp; Lachine Railway (1847) and the Victoria Bridge (1859), accelerated this growth. Around these industrial hubs, working-class villages sprang up, including Griffintown, Sainte-Cun\u00e9gonde and Saint-Henri. During this period, the Sud-Ouest established itself as one of Canada&#8217;s leading industrial centers. A diverse workforce &#8211; made up of Irish (major players in the construction of the canal and Victoria Bridge), French-Canadians, African-Americans and Caribbeans &#8211; settled here, shaping the cultural identity of neighborhoods like Little Burgundy and Pointe-Saint-Charles.     <\/p>\n\t\t\t\t\t\t\t\t<\/div>\n\t\t\t\t<\/div>\n\t\t\t\t<div class=\"elementor-element elementor-element-245a03d elementor-widget-mobile__width-inherit elementor-widget elementor-widget-heading\" data-id=\"245a03d\" data-element_type=\"widget\" data-e-type=\"widget\" data-settings=\"{&quot;_animation&quot;:&quot;none&quot;}\" data-widget_type=\"heading.default\">\n\t\t\t\t<div class=\"elementor-widget-container\">\n\t\t\t\t\t<p class=\"elementor-heading-title elementor-size-default\">Deindustrialization and revitalization (1945 to present)<\/p>\t\t\t\t<\/div>\n\t\t\t\t<\/div>\n\t\t\t\t<div class=\"elementor-element elementor-element-c2d7566 elementor-widget__width-initial elementor-widget-mobile__width-inherit elementor-widget elementor-widget-text-editor\" data-id=\"c2d7566\" data-element_type=\"widget\" data-e-type=\"widget\" data-widget_type=\"text-editor.default\">\n\t\t\t\t<div class=\"elementor-widget-container\">\n\t\t\t\t\t\t\t\t\t<p>After the Second World War, with the opening of the St. Lawrence Seaway in 1959 and the closure of the Lachine Canal in 1970 (having become obsolete in the face of larger boats and the impossibility of widening its banks), the Sud-Ouest experienced a gradual industrial decline. Numerous factories closed, resulting in a massive loss of jobs (an unemployment rate of 19.8% in 1986) and a reduction in population by almost half, particularly between 1966 and 1986, when it dropped from 111,096 to 68,180 inhabitants, according to Statistics Canada data. <\/p>\n<p>By the end of the 20th century, however, a new dynamic was emerging. The reopening of the canal for recreational use in 2002 and the conversion of former factories into lofts and cultural spaces (such as the Saint-Gabriel locks) brought new life to the area. Today, the Sud-Ouest combines industrial heritage and modernity, attracting a young population and innovative businesses, while retaining its multicultural heritage. As a result, the population has grown from 67,929 in 1991 to around 93,000 in 2024.   <\/p>\n\t\t\t\t\t\t\t\t<\/div>\n\t\t\t\t<\/div>\n\t\t\t\t<\/div>\n\t\t\t\t\t<\/div>\n\t\t\t\t<\/section>\n\t\t<section class=\"elementor-element elementor-element-3ce8a08 e-flex e-con-boxed e-con e-child\" data-id=\"3ce8a08\" data-element_type=\"container\" data-e-type=\"container\" id=\"quartiers\">\n\t\t\t\t\t<div class=\"e-con-inner\">\n\t\t\t\t<div class=\"elementor-element elementor-element-1eed2243 elementor-widget-mobile__width-inherit elementor-invisible elementor-widget elementor-widget-heading\" data-id=\"1eed2243\" data-element_type=\"widget\" data-e-type=\"widget\" data-settings=\"{&quot;_animation&quot;:&quot;slideInDown&quot;}\" data-widget_type=\"heading.default\">\n\t\t\t\t<div class=\"elementor-widget-container\">\n\t\t\t\t\t<h2 class=\"elementor-heading-title elementor-size-default\">Neighborhoods<\/h2>\t\t\t\t<\/div>\n\t\t\t\t<\/div>\n\t\t\t\t<div class=\"elementor-element elementor-element-1e41325 elementor-widget-mobile__width-inherit elementor-widget elementor-widget-text-editor\" data-id=\"1e41325\" data-element_type=\"widget\" data-e-type=\"widget\" data-widget_type=\"text-editor.default\">\n\t\t\t\t<div class=\"elementor-widget-container\">\n\t\t\t\t\t\t\t\t\t<p>Today, the borough is home to several emblematic neighborhoods, including Saint-Henri, Griffintown, Little Burgundy, Pointe-Saint-Charles, C\u00f4te-Saint-Paul and \u00c9mard. These neighborhoods have preserved their unique identity while adapting to contemporary urban change. Historic landmarks such as the Atwater Market and the Corona Theatre (now <a href=\"https:\/\/theatrebeanfield.ca\/en\" target=\"_blank\" rel=\"noopener\">Th\u00e9\u00e2tre Banfield<\/a>) still bear witness to the Sud-Ouest&#8217;s rich past. For many, this borough perfectly embodies Montreal&#8217;s industrial and social history, while representing a successful model of urban revitalization.   <\/p>\n\t\t\t\t\t\t\t\t<\/div>\n\t\t\t\t<\/div>\n\t\t<div class=\"elementor-element elementor-element-a880af e-flex e-con-boxed e-con e-child\" data-id=\"a880af\" data-element_type=\"container\" data-e-type=\"container\">\n\t\t\t\t\t<div class=\"e-con-inner\">\n\t\t<div class=\"elementor-element elementor-element-1ad80204 e-con-full e-flex e-con e-child\" data-id=\"1ad80204\" data-element_type=\"container\" data-e-type=\"container\">\n\t\t\t\t<div class=\"elementor-element elementor-element-7f4319c elementor-widget elementor-widget-image\" data-id=\"7f4319c\" data-element_type=\"widget\" data-e-type=\"widget\" data-widget_type=\"image.default\">\n\t\t\t\t<div class=\"elementor-widget-container\">\n\t\t\t\t\t\t\t\t\t\t\t\t\t\t\t<img loading=\"lazy\" decoding=\"async\" width=\"650\" height=\"367\" src=\"https:\/\/realta.ca\/wp-content\/uploads\/2025\/05\/realta_region_sudOuest_quartier_saintHenri.jpg\" class=\"attachment-full size-full wp-image-33102\" alt=\"\" srcset=\"https:\/\/realta.ca\/wp-content\/uploads\/2025\/05\/realta_region_sudOuest_quartier_saintHenri.jpg 650w, https:\/\/realta.ca\/wp-content\/uploads\/2025\/05\/realta_region_sudOuest_quartier_saintHenri-300x169.jpg 300w\" sizes=\"(max-width: 650px) 100vw, 650px\" \/>\t\t\t\t\t\t\t\t\t\t\t\t\t\t\t<\/div>\n\t\t\t\t<\/div>\n\t\t\t\t<div class=\"elementor-element elementor-element-7267f7f9 elementor-widget__width-initial elementor-widget-mobile__width-inherit elementor-widget elementor-widget-heading\" data-id=\"7267f7f9\" data-element_type=\"widget\" data-e-type=\"widget\" data-widget_type=\"heading.default\">\n\t\t\t\t<div class=\"elementor-widget-container\">\n\t\t\t\t\t<h3 class=\"elementor-heading-title elementor-size-default\">Saint-Henri<\/h3>\t\t\t\t<\/div>\n\t\t\t\t<\/div>\n\t\t\t\t<div class=\"elementor-element elementor-element-61006e3c elementor-widget-mobile__width-inherit elementor-widget elementor-widget-text-editor\" data-id=\"61006e3c\" data-element_type=\"widget\" data-e-type=\"widget\" data-widget_type=\"text-editor.default\">\n\t\t\t\t<div class=\"elementor-widget-container\">\n\t\t\t\t\t\t\t\t\t<p>Compared to Montreal&#8217;s Brooklyn, Saint-Henri has been named one of the world&#8217;s hippest neighborhoods by the webzine <a href=\"https:\/\/www.timeout.com\/montreal\/news\/saint-henri-named-one-of-the-coolest-neighbourhoods-in-the-world-right-now-092524\" target=\"_blank\" rel=\"noopener\">Time Out<\/a>. This emblematic neighborhood, rich in a vibrant industrial past, today embodies a model of urban revitalization. Ranked among the best places to live in Montreal (at 2\u1d49 position according to Journal M\u00e9tro) and 13\u1d49 coolest neighborhood on the planet in 2024 (again according to Time Out), Saint-Henri never ceases to seduce residents and visitors alike.  <\/p>\n<p>Sandwiched between Atwater Avenue to the east, the Lachine Canal to the south, Highway 15 to the west and Westmount and Notre-Dame-de-Gr\u00e2ce to the north, Saint-Henri is home to a community of some 17,000 people. As the webzine <a href=\"https:\/\/tastet.ca\/listes\/les-meilleurs-restaurants-de-saint-henri\/\" target=\"_blank\" rel=\"noopener\">Tastet<\/a> points out, \u201cstrolling through its streets is an opportunity to admire distinctive architecture and enjoy green oases, such as Saint-Henri, Lachine Canal and Sir-Georges-\u00c9tienne-Cartier parks\u201d. The proximity of the Lachine Canal offers privileged access to bicycle paths and green spaces, a major asset for outdoor activities.  <\/p>\n<p>The hustle and bustle is concentrated around Notre-Dame Street, a bustling commercial artery where quality restaurants and trendy boutiques rub shoulders. A few steps away, the Atwater Market attracts gourmets in search of fresh produce. According to the <a href=\"https:\/\/lesquartiersducanal.com\/wp-content\/uploads\/2024\/04\/Bilan-commercial-final-ajuste.pdf\" target=\"_blank\" rel=\"noopener\">SDC Les Quartiers du Canal<\/a>, the district boasts some 214 businesses, mainly in the service and gastronomy sectors, making Saint-Henri a true local economic powerhouse.  <\/p>\n<p>The social fabric is energized by committed community organizations, such as the <a href=\"https:\/\/montreal.ca\/en\/places\/centre-saint-henri\" target=\"_blank\" rel=\"noopener\">Centre Saint-Henri<\/a>, which offers activities for all ages. Easily accessible via the Lionel-Groulx and Place-Saint-Henri metro stations, the neighborhood harmoniously blends historic charm with modern conveniences, while navigating the challenges of gentrification with resilience. <\/p>\n\t\t\t\t\t\t\t\t<\/div>\n\t\t\t\t<\/div>\n\t\t\t\t<\/div>\n\t\t<div class=\"elementor-element elementor-element-3780aef8 e-con-full e-flex e-con e-child\" data-id=\"3780aef8\" data-element_type=\"container\" data-e-type=\"container\">\n\t\t\t\t<div class=\"elementor-element elementor-element-061fc0e elementor-widget elementor-widget-image\" data-id=\"061fc0e\" data-element_type=\"widget\" data-e-type=\"widget\" data-widget_type=\"image.default\">\n\t\t\t\t<div class=\"elementor-widget-container\">\n\t\t\t\t\t\t\t\t\t\t\t\t\t\t\t<img loading=\"lazy\" decoding=\"async\" width=\"650\" height=\"367\" src=\"https:\/\/realta.ca\/wp-content\/uploads\/2025\/05\/realta_region_sudOuest_quartier_griffintown.jpg\" class=\"attachment-full size-full wp-image-33104\" alt=\"\" srcset=\"https:\/\/realta.ca\/wp-content\/uploads\/2025\/05\/realta_region_sudOuest_quartier_griffintown.jpg 650w, https:\/\/realta.ca\/wp-content\/uploads\/2025\/05\/realta_region_sudOuest_quartier_griffintown-300x169.jpg 300w\" sizes=\"(max-width: 650px) 100vw, 650px\" \/>\t\t\t\t\t\t\t\t\t\t\t\t\t\t\t<\/div>\n\t\t\t\t<\/div>\n\t\t\t\t<div class=\"elementor-element elementor-element-4bb034c7 elementor-widget__width-initial elementor-widget-mobile__width-inherit elementor-widget elementor-widget-heading\" data-id=\"4bb034c7\" data-element_type=\"widget\" data-e-type=\"widget\" data-widget_type=\"heading.default\">\n\t\t\t\t<div class=\"elementor-widget-container\">\n\t\t\t\t\t<h3 class=\"elementor-heading-title elementor-size-default\">Griffintown<\/h3>\t\t\t\t<\/div>\n\t\t\t\t<\/div>\n\t\t\t\t<div class=\"elementor-element elementor-element-54c1741b elementor-widget-mobile__width-inherit elementor-widget elementor-widget-text-editor\" data-id=\"54c1741b\" data-element_type=\"widget\" data-e-type=\"widget\" data-widget_type=\"text-editor.default\">\n\t\t\t\t<div class=\"elementor-widget-container\">\n\t\t\t\t\t\t\t\t\t<p>Born in the early XIX\u1d49 century under the impetus of Mary Griffin, Griffintown also bears witness to Montreal&#8217;s urban metamorphosis. Once a working-class neighborhood, punctuated by the industrial activity of the canal, it has evolved into a dynamic and highly sought-after urban hub. <\/p>\n<p>Its architectural landscape reflects this evolution: former warehouses and factories, such as the Darling Foundry, sit harmoniously alongside elegant residential towers. Ottawa and Peel streets, once industrial arteries, are now pedestrian and cyclist-friendly spaces. As for the Lachine Canal, today it forms a green corridor much appreciated by residents.  <\/p>\n<p>Griffintown&#8217;s ambiance combines a trendy urban spirit with preserved historic charm. Its predominantly young, educated and active population, with incomes above the Montreal average, animates a vibrant ecosystem of trendy restaurants, art galleries and cultural events. The \u00c9cole de technologie sup\u00e9rieure (\u00c9TS) plays a key role in this dynamic, stimulating innovation and generating jobs.  <\/p>\n<p>The district has experienced one of Montreal&#8217;s fastest population growth rates, reaching a density of 10,416 inhabitants\/km\u00b2 in 2020 &#8211; more than double the city&#8217;s average. This explosion is due in particular to the proliferation of condos and condominiums, most of which are located in large buildings constructed after 2000, which now dominate the landscape. <\/p>\n<p>The commercial offer, centered on restaurants, local services and specialty stores, meets everyday needs. While residents enjoy these local amenities, they also turn to downtown and Old Montreal for more specific services. <\/p>\n<p>In short, Griffintown perfectly embodies the contemporary urban renaissance: a neighborhood that celebrates its past while resolutely embracing the future.<\/p>\n\t\t\t\t\t\t\t\t<\/div>\n\t\t\t\t<\/div>\n\t\t\t\t<\/div>\n\t\t<div class=\"elementor-element elementor-element-7d732180 e-con-full e-flex e-con e-child\" data-id=\"7d732180\" data-element_type=\"container\" data-e-type=\"container\">\n\t\t\t\t<div class=\"elementor-element elementor-element-260870b elementor-widget elementor-widget-image\" data-id=\"260870b\" data-element_type=\"widget\" data-e-type=\"widget\" data-widget_type=\"image.default\">\n\t\t\t\t<div class=\"elementor-widget-container\">\n\t\t\t\t\t\t\t\t\t\t\t\t\t\t\t<img loading=\"lazy\" decoding=\"async\" width=\"650\" height=\"367\" src=\"https:\/\/realta.ca\/wp-content\/uploads\/2025\/05\/realta_region_sudOuest_quartier_petiteBourgogne.jpg\" class=\"attachment-full size-full wp-image-33106\" alt=\"\" srcset=\"https:\/\/realta.ca\/wp-content\/uploads\/2025\/05\/realta_region_sudOuest_quartier_petiteBourgogne.jpg 650w, https:\/\/realta.ca\/wp-content\/uploads\/2025\/05\/realta_region_sudOuest_quartier_petiteBourgogne-300x169.jpg 300w\" sizes=\"(max-width: 650px) 100vw, 650px\" \/>\t\t\t\t\t\t\t\t\t\t\t\t\t\t\t<\/div>\n\t\t\t\t<\/div>\n\t\t\t\t<div class=\"elementor-element elementor-element-7f980f06 elementor-widget__width-initial elementor-widget-mobile__width-inherit elementor-widget elementor-widget-heading\" data-id=\"7f980f06\" data-element_type=\"widget\" data-e-type=\"widget\" data-widget_type=\"heading.default\">\n\t\t\t\t<div class=\"elementor-widget-container\">\n\t\t\t\t\t<h3 class=\"elementor-heading-title elementor-size-default\">Petite-Bourgogne<\/h3>\t\t\t\t<\/div>\n\t\t\t\t<\/div>\n\t\t\t\t<div class=\"elementor-element elementor-element-92da67c elementor-widget-mobile__width-inherit elementor-widget elementor-widget-text-editor\" data-id=\"92da67c\" data-element_type=\"widget\" data-e-type=\"widget\" data-widget_type=\"text-editor.default\">\n\t\t\t\t<div class=\"elementor-widget-container\">\n\t\t\t\t\t\t\t\t\t<p>Little Burgundy is an ideal residential choice for those seeking a vibrant neighborhood just minutes from downtown Montreal. Bordered by Atwater Avenue to the west, Saint-Antoine Street to the north, Guy Street to the east and the Lachine Canal to the south, this neighborhood offers a rich and pleasant living environment. The result of the merger of the former faubourg Saint-Joseph and the village of Ste-Cun\u00e9gonde, it gradually evolved from an agricultural vocation to an industrial identity after the opening of the Lachine Canal in 1825.  <\/p>\n<p>A true multicultural crossroads, Little Burgundy is home to 38% of its residents of immigrant origin, representing over 83 ethnic communities &#8211; nearly half its population. The cradle of Montreal jazz, the neighborhood has seen the birth of such legends as Oscar Peterson and Oliver Jones, while also hosting such iconic institutions as the Negro Community Center and Union United Church. This cultural effervescence has earned it the nickname of the Harlem of the North.  <\/p>\n<p>Today, Notre-Dame Street West, once renowned for its antique shops, is a magnet for artisanal boutiques and renowned restaurants. The <a href=\"https:\/\/www.marchespublics-mtl.com\/en\/markets\/atwater-market\" target=\"_blank\" rel=\"noopener\">Atwater Market<\/a> remains a gastronomic must, attracting residents and visitors alike. Finally, Lionel-Groulx and Georges-Vanier metro stations guarantee optimal accessibility.  <\/p>\n\t\t\t\t\t\t\t\t<\/div>\n\t\t\t\t<\/div>\n\t\t\t\t<\/div>\n\t\t<div class=\"elementor-element elementor-element-32b4893a e-con-full e-flex e-con e-child\" data-id=\"32b4893a\" data-element_type=\"container\" data-e-type=\"container\">\n\t\t\t\t<div class=\"elementor-element elementor-element-6792e42c elementor-widget elementor-widget-image\" data-id=\"6792e42c\" data-element_type=\"widget\" data-e-type=\"widget\" data-widget_type=\"image.default\">\n\t\t\t\t<div class=\"elementor-widget-container\">\n\t\t\t\t\t\t\t\t\t\t\t\t\t\t\t<img loading=\"lazy\" decoding=\"async\" width=\"650\" height=\"367\" src=\"https:\/\/realta.ca\/wp-content\/uploads\/2025\/05\/realta_region_sudOuest_quartier_pointeSaintCharles.jpg\" class=\"attachment-full size-full wp-image-33108\" alt=\"\" srcset=\"https:\/\/realta.ca\/wp-content\/uploads\/2025\/05\/realta_region_sudOuest_quartier_pointeSaintCharles.jpg 650w, https:\/\/realta.ca\/wp-content\/uploads\/2025\/05\/realta_region_sudOuest_quartier_pointeSaintCharles-300x169.jpg 300w\" sizes=\"(max-width: 650px) 100vw, 650px\" \/>\t\t\t\t\t\t\t\t\t\t\t\t\t\t\t<\/div>\n\t\t\t\t<\/div>\n\t\t\t\t<div class=\"elementor-element elementor-element-33b1c9a5 elementor-widget__width-initial elementor-widget-mobile__width-inherit elementor-widget elementor-widget-heading\" data-id=\"33b1c9a5\" data-element_type=\"widget\" data-e-type=\"widget\" data-widget_type=\"heading.default\">\n\t\t\t\t<div class=\"elementor-widget-container\">\n\t\t\t\t\t<h3 class=\"elementor-heading-title elementor-size-default\">Pointe-Saint-Charles<\/h3>\t\t\t\t<\/div>\n\t\t\t\t<\/div>\n\t\t\t\t<div class=\"elementor-element elementor-element-4750570e elementor-widget-mobile__width-inherit elementor-widget elementor-widget-text-editor\" data-id=\"4750570e\" data-element_type=\"widget\" data-e-type=\"widget\" data-widget_type=\"text-editor.default\">\n\t\t\t\t<div class=\"elementor-widget-container\">\n\t\t\t\t\t\t\t\t\t<p>Founded in 1654, Pointe-Saint-Charles is one of Montreal&#8217;s oldest neighborhoods. Located between the Lachine Canal, Highway 15, the St. Lawrence River and the port, it borders Little Burgundy and Griffintown. Once an industrial heartland and a hub of Irish immigration from 1848 onwards, today it&#8217;s seductive for its working-class heritage and strong community life. A leisurely stroll reveals a picturesque landscape, where duplexes typical of the 1860s to 1910s stand side by side with modern lofts built in former factories. With a population of 16,208 (19% of the Sud-Ouest&#8217;s total population), the neighborhood offers a predominantly residential environment (66%), marked by a diversity of housing types: apartments, cooperatives (27%), historic houses and an increase in condos since the 2000s. Young people aged 25 to 39 account for almost a third (32%) of the population.     <\/p>\n<p>Among its attractions is the Lachine Canal, redeveloped as a green space and bicycle path. Rue Wellington, a lively commercial thoroughfare, attracts visitors with its caf\u00e9s, bakeries, microbreweries and local boutiques. The district&#8217;s economy is underpinned by some 270 service and gastronomy companies, as well as institutions such as the <a href=\"https:\/\/www.etsmtl.ca\/en\/\" target=\"_blank\" rel=\"noopener\">\u00c9cole de technologie sup\u00e9rieure de Montr\u00e9al<\/a> and the Atwater Market, both located nearby. A solid network of some 50 community organizations, including the <a href=\"https:\/\/ccpsc.qc.ca\/en\/your-clinic\/\" target=\"_blank\" rel=\"noopener\">Pointe St-Charles Community Clinic<\/a>, a veritable institution, supports residents.   <\/p>\n<p>A popular destination for young professionals and families, Pointe-Saint-Charles combines proximity to downtown, accessible services and unique architectural charm.<\/p>\n\t\t\t\t\t\t\t\t<\/div>\n\t\t\t\t<\/div>\n\t\t\t\t<\/div>\n\t\t<div class=\"elementor-element elementor-element-597adfd8 e-con-full e-flex e-con e-child\" data-id=\"597adfd8\" data-element_type=\"container\" data-e-type=\"container\">\n\t\t\t\t<div class=\"elementor-element elementor-element-4d7ad968 elementor-widget elementor-widget-image\" data-id=\"4d7ad968\" data-element_type=\"widget\" data-e-type=\"widget\" data-widget_type=\"image.default\">\n\t\t\t\t<div class=\"elementor-widget-container\">\n\t\t\t\t\t\t\t\t\t\t\t\t\t\t\t<img loading=\"lazy\" decoding=\"async\" width=\"650\" height=\"367\" src=\"https:\/\/realta.ca\/wp-content\/uploads\/2025\/05\/realta_region_sudOuest_quartier_coteSaintPaul.jpg\" class=\"attachment-full size-full wp-image-33100\" alt=\"\" srcset=\"https:\/\/realta.ca\/wp-content\/uploads\/2025\/05\/realta_region_sudOuest_quartier_coteSaintPaul.jpg 650w, https:\/\/realta.ca\/wp-content\/uploads\/2025\/05\/realta_region_sudOuest_quartier_coteSaintPaul-300x169.jpg 300w\" sizes=\"(max-width: 650px) 100vw, 650px\" \/>\t\t\t\t\t\t\t\t\t\t\t\t\t\t\t<\/div>\n\t\t\t\t<\/div>\n\t\t\t\t<div class=\"elementor-element elementor-element-1e0b8933 elementor-widget__width-initial elementor-widget-mobile__width-inherit elementor-widget elementor-widget-heading\" data-id=\"1e0b8933\" data-element_type=\"widget\" data-e-type=\"widget\" data-widget_type=\"heading.default\">\n\t\t\t\t<div class=\"elementor-widget-container\">\n\t\t\t\t\t<h3 class=\"elementor-heading-title elementor-size-default\">C\u00f4te-Saint-Paul<\/h3>\t\t\t\t<\/div>\n\t\t\t\t<\/div>\n\t\t\t\t<div class=\"elementor-element elementor-element-1ab7d699 elementor-widget-mobile__width-inherit elementor-widget elementor-widget-text-editor\" data-id=\"1ab7d699\" data-element_type=\"widget\" data-e-type=\"widget\" data-widget_type=\"text-editor.default\">\n\t\t\t\t<div class=\"elementor-widget-container\">\n\t\t\t\t\t\t\t\t\t<p>Originally a Sulpician agricultural concession in the 17th century, C\u00f4te-Saint-Paul became a working-class neighborhood with the rise of the Lachine Canal, before its annexation to Montreal in 1910. Bordered by Briand Street (to the west), the Lachine Canal (to the north), Atwater Avenue (to the east) and the Aqueduct Canal (to the south), it borders Ville-\u00c9mard, Saint-Henri and Verdun. <\/p>\n<p>Renowned for its architectural heritage, with buildings erected between 1887 and 1911, C\u00f4te-Saint-Paul is a predominantly residential neighborhood of multiplexes, condos and single-family homes. Shops are concentrated mainly on avenue de l&#8217;\u00c9glise and <a href=\"https:\/\/boulmonk.ca\/\" target=\"_blank\" rel=\"noopener\">boulevard Monk<\/a>. Its 18,235 residents enjoy a peaceful, family-friendly atmosphere, attracting families and young professionals alike.  <\/p>\n<p>The local economy is based on small businesses (services and shops) and the Canal industrial zone. <a href=\"https:\/\/honore-mercier.cssdm.gouv.qc.ca\/\" target=\"_blank\" rel=\"noopener\">\u00c9cole secondaire Honor\u00e9-Mercier<\/a> is a major employer. The <a href=\"https:\/\/centrecsai.org\/en\/centre-csai-en\/\" target=\"_blank\" rel=\"noopener\">Centre social d&#8217;aide aux immigrants<\/a> and various artistic initiatives enrich community life. For recreation, the <a href=\"https:\/\/montreal.ca\/en\/places\/centre-gadbois\" target=\"_blank\" rel=\"noopener\">Centre Gadbois<\/a>, <a href=\"https:\/\/www.centremgrpigeon.com\/\" target=\"_blank\" rel=\"noopener\">Centre de loisirs Monseigneur-Pigeon<\/a> and <a href=\"https:\/\/www.sepaq.com\/rf\/lvy\/index.dot?language_id=1\" target=\"_blank\" rel=\"noopener\">Parc de la V\u00e9rendrye<\/a> offer a wide range of sporting activities.   <\/p>\n\t\t\t\t\t\t\t\t<\/div>\n\t\t\t\t<\/div>\n\t\t\t\t<\/div>\n\t\t<div class=\"elementor-element elementor-element-2b27ff87 e-con-full e-flex e-con e-child\" data-id=\"2b27ff87\" data-element_type=\"container\" data-e-type=\"container\">\n\t\t\t\t<div class=\"elementor-element elementor-element-5fa242f6 elementor-widget elementor-widget-image\" data-id=\"5fa242f6\" data-element_type=\"widget\" data-e-type=\"widget\" data-widget_type=\"image.default\">\n\t\t\t\t<div class=\"elementor-widget-container\">\n\t\t\t\t\t\t\t\t\t\t\t\t\t\t\t<img loading=\"lazy\" decoding=\"async\" width=\"650\" height=\"367\" src=\"https:\/\/realta.ca\/wp-content\/uploads\/2025\/05\/realta_region_sudOuest_quartier_emard.jpg\" class=\"attachment-full size-full wp-image-33110\" alt=\"\" srcset=\"https:\/\/realta.ca\/wp-content\/uploads\/2025\/05\/realta_region_sudOuest_quartier_emard.jpg 650w, https:\/\/realta.ca\/wp-content\/uploads\/2025\/05\/realta_region_sudOuest_quartier_emard-300x169.jpg 300w\" sizes=\"(max-width: 650px) 100vw, 650px\" \/>\t\t\t\t\t\t\t\t\t\t\t\t\t\t\t<\/div>\n\t\t\t\t<\/div>\n\t\t\t\t<div class=\"elementor-element elementor-element-6ee13496 elementor-widget__width-initial elementor-widget-mobile__width-inherit elementor-widget elementor-widget-heading\" data-id=\"6ee13496\" data-element_type=\"widget\" data-e-type=\"widget\" data-widget_type=\"heading.default\">\n\t\t\t\t<div class=\"elementor-widget-container\">\n\t\t\t\t\t<h3 class=\"elementor-heading-title elementor-size-default\">\u00c9mard<\/h3>\t\t\t\t<\/div>\n\t\t\t\t<\/div>\n\t\t\t\t<div class=\"elementor-element elementor-element-14183553 elementor-widget-mobile__width-inherit elementor-widget elementor-widget-text-editor\" data-id=\"14183553\" data-element_type=\"widget\" data-e-type=\"widget\" data-widget_type=\"text-editor.default\">\n\t\t\t\t<div class=\"elementor-widget-container\">\n\t\t\t\t\t\t\t\t\t<p>This small neighborhood in southwestern Montreal is one of the city&#8217;s best-kept secrets. Born in the early 20th century to the industrialization of the Lachine Canal and annexed to Montreal in 1910, \u00c9mard proudly retains its working-class soul. Just six kilometers from downtown, \u00c9mard, like the rest of the borough, offers a perfect balance between urban accessibility and residential tranquility.  <\/p>\n<p>As you stroll along its mature tree-lined streets, you&#8217;ll discover an architectural landscape of typical Montreal duplexes and 1940s veterans&#8217; homes. The 97-hectare Angrignon Park, with its 1.1-kilometre artificial lake and shaded paths, is the jewel in the crown of the district, a delight for walkers and cyclists alike. <\/p>\n<p>With a population of 15,000, mostly French-speaking (57%), \u00c9mard is enriched by a growing cultural diversity (30% allophones and immigrants). Monk Boulevard, the main thoroughfare, is a testament to this richness, with its ethnic businesses, friendly caf\u00e9s and local boutiques that come alive especially in summer. <\/p>\n<p>Don&#8217;t miss the Bain \u00c9mard, an architectural relic from 1914 that recalls the days of working-class public baths, or the Marie-Uguay library, with its varied cultural program. The Monk and Angrignon metro stations provide efficient connections to the rest of the city. \u00c9mard awaits you with its urban village atmosphere, where neighbors know each other and mutual aid remains an important value.  <\/p>\n\t\t\t\t\t\t\t\t<\/div>\n\t\t\t\t<\/div>\n\t\t\t\t<\/div>\n\t\t\t\t\t<\/div>\n\t\t\t\t<\/div>\n\t\t\t\t\t<\/div>\n\t\t\t\t<\/section>\n\t\t\t\t\t<\/div>\n\t\t\t\t<\/div>\n\t\t<div class=\"elementor-element elementor-element-7108e8f7 js__section e-flex e-con-boxed e-con e-parent\" data-id=\"7108e8f7\" data-element_type=\"container\" data-e-type=\"container\" data-section-color=\"#fff\">\n\t\t\t\t\t<div class=\"e-con-inner\">\n\t\t\t\t<div class=\"elementor-element elementor-element-363b6cc8 js__section--label elementor-widget elementor-widget-html\" data-id=\"363b6cc8\" data-element_type=\"widget\" data-e-type=\"widget\" data-widget_type=\"html.default\">\n\t\t\t\t<div class=\"elementor-widget-container\">\n\t\t\t\t\tsud-ouest\t\t\t\t<\/div>\n\t\t\t\t<\/div>\n\t\t<section class=\"elementor-element elementor-element-6ebbaa7d e-flex e-con-boxed e-con e-child\" data-id=\"6ebbaa7d\" data-element_type=\"container\" data-e-type=\"container\" data-settings=\"{&quot;background_background&quot;:&quot;classic&quot;}\">\n\t\t\t\t\t<div class=\"e-con-inner\">\n\t\t\t\t<div class=\"elementor-element elementor-element-fc54115 elementor-widget-mobile__width-initial elementor-widget-tablet__width-initial elementor-invisible elementor-widget elementor-widget-heading\" data-id=\"fc54115\" data-element_type=\"widget\" data-e-type=\"widget\" data-settings=\"{&quot;_animation&quot;:&quot;slideInDown&quot;}\" data-widget_type=\"heading.default\">\n\t\t\t\t<div class=\"elementor-widget-container\">\n\t\t\t\t\t<h2 class=\"elementor-heading-title elementor-size-default\">The borough in figures <\/h2>\t\t\t\t<\/div>\n\t\t\t\t<\/div>\n\t\t<div class=\"elementor-element elementor-element-73a4218b e-flex e-con-boxed e-con e-child\" data-id=\"73a4218b\" data-element_type=\"container\" data-e-type=\"container\">\n\t\t\t\t\t<div class=\"e-con-inner\">\n\t\t\t\t<div class=\"elementor-element elementor-element-b39404f elementor-widget__width-initial elementor-widget-mobile__width-inherit elementor-widget elementor-widget-text-editor\" data-id=\"b39404f\" data-element_type=\"widget\" data-e-type=\"widget\" data-widget_type=\"text-editor.default\">\n\t\t\t\t<div class=\"elementor-widget-container\">\n\t\t\t\t\t\t\t\t\t<ul>\n<li>Population: 93 088<\/li>\n<li>Average age: 36 years<\/li>\n<li>Surface area: 15.7 km\u00b2<\/li>\n<li>Persons per household: 1.9 persons per household on average<\/li>\n<li>Renters: 65%<\/li>\n<li>Owners : 35%<\/li>\n<li>Percentage of people aged 25 to 64 with a college or university diploma: 60%.<\/li>\n<li>Percentage of residents who prefer public transit on a daily basis: 42%.<\/li>\n<\/ul>\n\t\t\t\t\t\t\t\t<\/div>\n\t\t\t\t<\/div>\n\t\t\t\t<div class=\"elementor-element elementor-element-1ad81a0b elementor-widget__width-initial elementor-widget-mobile__width-inherit elementor-widget elementor-widget-text-editor\" data-id=\"1ad81a0b\" data-element_type=\"widget\" data-e-type=\"widget\" data-widget_type=\"text-editor.default\">\n\t\t\t\t<div class=\"elementor-widget-container\">\n\t\t\t\t\t\t\t\t\t<ul>\n<li>More than 40,000 people are employed, according to the latest available figures (2016).<\/li>\n<li>The self-employed account for 11% of the working population aged 15 and over.<\/li>\n<li>Home is the place of work for 10% of the working population.<\/li>\n<li>Languages spoken: 56% French<br \/>30% English<br \/>14% other languages<\/li>\n<\/ul>\n\t\t\t\t\t\t\t\t<\/div>\n\t\t\t\t<\/div>\n\t\t<div class=\"elementor-element elementor-element-7d493f4 e-con-full elementor-hidden-tablet elementor-hidden-mobile e-flex e-con e-child\" data-id=\"7d493f4\" data-element_type=\"container\" data-e-type=\"container\">\n\t\t\t\t<\/div>\n\t\t<div class=\"elementor-element elementor-element-d1a49e9 e-con-full elementor-hidden-tablet elementor-hidden-mobile e-flex e-con e-child\" data-id=\"d1a49e9\" data-element_type=\"container\" data-e-type=\"container\">\n\t\t\t\t<\/div>\n\t\t\t\t<div class=\"elementor-element elementor-element-e67fd52 elementor-widget__width-initial elementor-widget-mobile__width-inherit elementor-widget elementor-widget-text-editor\" data-id=\"e67fd52\" data-element_type=\"widget\" data-e-type=\"widget\" data-widget_type=\"text-editor.default\">\n\t\t\t\t<div class=\"elementor-widget-container\">\n\t\t\t\t\t\t\t\t\t<ul>\n \t<li>93 parks and green spaces<\/li>\n \t<li>6 community gardens<\/li>\n \t<li>7 subway stations<\/li>\n \t<li>1 house of culture<\/li>\n \t<li>4 libraries<\/li>\n<\/ul>\t\t\t\t\t\t\t\t<\/div>\n\t\t\t\t<\/div>\n\t\t\t\t<div class=\"elementor-element elementor-element-42be1c3a elementor-widget__width-initial elementor-widget-mobile__width-inherit elementor-widget elementor-widget-text-editor\" data-id=\"42be1c3a\" data-element_type=\"widget\" data-e-type=\"widget\" data-widget_type=\"text-editor.default\">\n\t\t\t\t<div class=\"elementor-widget-container\">\n\t\t\t\t\t\t\t\t\t<ul>\n<li>3 indoor pools<\/li>\n<li>7 water games<\/li>\n<li>2 children&#8217;s pools<\/li>\n<li>11 outdoor rinks<\/li>\n<li>3 arenas<\/li>\n<\/ul>\n\t\t\t\t\t\t\t\t<\/div>\n\t\t\t\t<\/div>\n\t\t\t\t\t<\/div>\n\t\t\t\t<\/div>\n\t\t\t\t\t<\/div>\n\t\t\t\t<\/section>\n\t\t\t\t\t<\/div>\n\t\t\t\t<\/div>\n\t\t<div class=\"elementor-element elementor-element-4087d1a1 js__section e-flex e-con-boxed e-con e-parent\" data-id=\"4087d1a1\" data-element_type=\"container\" data-e-type=\"container\">\n\t\t\t\t\t<div class=\"e-con-inner\">\n\t\t\t\t<div class=\"elementor-element elementor-element-269bbba6 js__section--label elementor-widget elementor-widget-html\" data-id=\"269bbba6\" data-element_type=\"widget\" data-e-type=\"widget\" data-widget_type=\"html.default\">\n\t\t\t\t<div class=\"elementor-widget-container\">\n\t\t\t\t\tsud-ouest\t\t\t\t<\/div>\n\t\t\t\t<\/div>\n\t\t<section class=\"elementor-element elementor-element-14aa0a2e e-flex e-con-boxed e-con e-child\" data-id=\"14aa0a2e\" data-element_type=\"container\" data-e-type=\"container\" id=\"commerciales\">\n\t\t\t\t\t<div class=\"e-con-inner\">\n\t\t\t\t<div class=\"elementor-element elementor-element-72e0ebb8 elementor-widget-mobile__width-inherit elementor-invisible elementor-widget elementor-widget-heading\" data-id=\"72e0ebb8\" data-element_type=\"widget\" data-e-type=\"widget\" data-settings=\"{&quot;_animation&quot;:&quot;slideInDown&quot;}\" data-widget_type=\"heading.default\">\n\t\t\t\t<div class=\"elementor-widget-container\">\n\t\t\t\t\t<h2 class=\"elementor-heading-title elementor-size-default\">For its commercial streets <\/h2>\t\t\t\t<\/div>\n\t\t\t\t<\/div>\n\t\t\t\t<div class=\"elementor-element elementor-element-d4404bb elementor-widget-mobile__width-inherit elementor-widget elementor-widget-text-editor\" data-id=\"d4404bb\" data-element_type=\"widget\" data-e-type=\"widget\" data-widget_type=\"text-editor.default\">\n\t\t\t\t<div class=\"elementor-widget-container\">\n\t\t\t\t\t\t\t\t\t<p>Explore the lively and diverse commercial arteries that bring life to Montreal&#8217;s Le Sud-Ouest borough. More than just streets, these are authentic meeting places, each reflecting the soul of its neighborhood. You&#8217;ll discover a unique mix of local shops, trendy restaurants and specialty boutiques, offering residents and visitors a stimulating and rewarding shopping experience just steps from home.  <\/p>\n\t\t\t\t\t\t\t\t<\/div>\n\t\t\t\t<\/div>\n\t\t<div class=\"elementor-element elementor-element-2009fd4 e-flex e-con-boxed e-con e-child\" data-id=\"2009fd4\" data-element_type=\"container\" data-e-type=\"container\">\n\t\t\t\t\t<div class=\"e-con-inner\">\n\t\t<div class=\"elementor-element elementor-element-687f14dc e-con-full e-flex e-con e-child\" data-id=\"687f14dc\" data-element_type=\"container\" data-e-type=\"container\">\n\t\t\t\t<div class=\"elementor-element elementor-element-678f5e5 elementor-widget elementor-widget-image\" data-id=\"678f5e5\" data-element_type=\"widget\" data-e-type=\"widget\" data-widget_type=\"image.default\">\n\t\t\t\t<div class=\"elementor-widget-container\">\n\t\t\t\t\t\t\t\t\t\t\t\t\t\t\t<img loading=\"lazy\" decoding=\"async\" width=\"650\" height=\"367\" src=\"https:\/\/realta.ca\/wp-content\/uploads\/2025\/05\/realta_region_sudOuest_commerce_rueNotreDameOuest.jpg\" class=\"attachment-full size-full wp-image-33134\" alt=\"\" srcset=\"https:\/\/realta.ca\/wp-content\/uploads\/2025\/05\/realta_region_sudOuest_commerce_rueNotreDameOuest.jpg 650w, https:\/\/realta.ca\/wp-content\/uploads\/2025\/05\/realta_region_sudOuest_commerce_rueNotreDameOuest-300x169.jpg 300w\" sizes=\"(max-width: 650px) 100vw, 650px\" \/>\t\t\t\t\t\t\t\t\t\t\t\t\t\t\t<\/div>\n\t\t\t\t<\/div>\n\t\t\t\t<div class=\"elementor-element elementor-element-3e2aa390 elementor-widget__width-initial elementor-widget-mobile__width-inherit elementor-widget elementor-widget-heading\" data-id=\"3e2aa390\" data-element_type=\"widget\" data-e-type=\"widget\" data-widget_type=\"heading.default\">\n\t\t\t\t<div class=\"elementor-widget-container\">\n\t\t\t\t\t<h3 class=\"elementor-heading-title elementor-size-default\">Notre-Dame Ouest street<\/h3>\t\t\t\t<\/div>\n\t\t\t\t<\/div>\n\t\t\t\t<div class=\"elementor-element elementor-element-5e173efa elementor-widget-mobile__width-inherit elementor-widget elementor-widget-text-editor\" data-id=\"5e173efa\" data-element_type=\"widget\" data-e-type=\"widget\" data-widget_type=\"text-editor.default\">\n\t\t\t\t<div class=\"elementor-widget-container\">\n\t\t\t\t\t\t\t\t\t<p>Traced as far back as 1672, Notre-Dame Street West, one of Montreal&#8217;s oldest thoroughfares, is the vibrant heart of the Saint-Henri, Little Burgundy and Griffintown districts. Stretching some 3 km, steeped in a rich industrial heritage and alive with residential and commercial renewal, this street is the soul of the Sud-Ouest. <\/p>\n<p>Today, it vibrates to the rhythm of trendy boutiques, lively restaurants and trendy caf\u00e9s, embodying the spirit of the Sud-Ouest, where colorful murals meet soothing green spaces at your fingertips and a burgeoning gastronomic scene. Widened sidewalks, reserved lanes and a friendly atmosphere invite you to stroll or bike, revealing a fascinating new face of Montreal at every turn. It has become a must-see destination, showcasing the city&#8217;s multicultural and dynamic essence.  <\/p>\n\t\t\t\t\t\t\t\t<\/div>\n\t\t\t\t<\/div>\n\t\t\t\t<\/div>\n\t\t<div class=\"elementor-element elementor-element-b62b4b e-con-full e-flex e-con e-child\" data-id=\"b62b4b\" data-element_type=\"container\" data-e-type=\"container\">\n\t\t\t\t<div class=\"elementor-element elementor-element-57e24ccf elementor-widget elementor-widget-image\" data-id=\"57e24ccf\" data-element_type=\"widget\" data-e-type=\"widget\" data-widget_type=\"image.default\">\n\t\t\t\t<div class=\"elementor-widget-container\">\n\t\t\t\t\t\t\t\t\t\t\t\t\t\t\t<img loading=\"lazy\" decoding=\"async\" width=\"650\" height=\"367\" src=\"https:\/\/realta.ca\/wp-content\/uploads\/2025\/05\/realta_region_sudOuest_commerce_boulMonk.jpg\" class=\"attachment-full size-full wp-image-33132\" alt=\"\" srcset=\"https:\/\/realta.ca\/wp-content\/uploads\/2025\/05\/realta_region_sudOuest_commerce_boulMonk.jpg 650w, https:\/\/realta.ca\/wp-content\/uploads\/2025\/05\/realta_region_sudOuest_commerce_boulMonk-300x169.jpg 300w\" sizes=\"(max-width: 650px) 100vw, 650px\" \/>\t\t\t\t\t\t\t\t\t\t\t\t\t\t\t<\/div>\n\t\t\t\t<\/div>\n\t\t\t\t<div class=\"elementor-element elementor-element-3e4802d6 elementor-widget__width-initial elementor-widget-mobile__width-inherit elementor-widget elementor-widget-heading\" data-id=\"3e4802d6\" data-element_type=\"widget\" data-e-type=\"widget\" data-widget_type=\"heading.default\">\n\t\t\t\t<div class=\"elementor-widget-container\">\n\t\t\t\t\t<h3 class=\"elementor-heading-title elementor-size-default\">Monk Boulevard<\/h3>\t\t\t\t<\/div>\n\t\t\t\t<\/div>\n\t\t\t\t<div class=\"elementor-element elementor-element-2a92430b elementor-widget-mobile__width-inherit elementor-widget elementor-widget-text-editor\" data-id=\"2a92430b\" data-element_type=\"widget\" data-e-type=\"widget\" data-widget_type=\"text-editor.default\">\n\t\t\t\t<div class=\"elementor-widget-container\">\n\t\t\t\t\t\t\t\t\t<p>Monk Boulevard, a landmark artery in Montreal&#8217;s Ville-\u00c9mard district, stretches 1.9 km between Notre-Dame Street and de La V\u00e9rendrye Boulevard. This north-south thoroughfare, named in honor of local development pioneer Frederick Debartzch Monk, has been a commercial and social mainstay since 1911. <\/p>\n<p>The neighborhood vibrates with a unique atmosphere often described as family and village-like, with a tranquility and greenery that&#8217;s much appreciated. Beautification initiatives, supported by the <a href=\"https:\/\/boulmonk.ca\/\" target=\"_blank\" rel=\"noopener\">Soci\u00e9t\u00e9 de d\u00e9veloppement commercial Monk<\/a>, and festive events, such as the Sentier de lumi\u00e8res, enhance its appeal. Today, the boulevard vibrates with renewed energy, reflected in a growing craze for a variety of new retailers and a younger clientele attracted by affordable rents and accessibility via the metro.  <\/p>\n\t\t\t\t\t\t\t\t<\/div>\n\t\t\t\t<\/div>\n\t\t\t\t<\/div>\n\t\t<div class=\"elementor-element elementor-element-78c8f226 e-con-full e-flex e-con e-child\" data-id=\"78c8f226\" data-element_type=\"container\" data-e-type=\"container\">\n\t\t\t\t<div class=\"elementor-element elementor-element-8e4aae2 elementor-widget elementor-widget-image\" data-id=\"8e4aae2\" data-element_type=\"widget\" data-e-type=\"widget\" data-widget_type=\"image.default\">\n\t\t\t\t<div class=\"elementor-widget-container\">\n\t\t\t\t\t\t\t\t\t\t\t\t\t\t\t<img loading=\"lazy\" decoding=\"async\" width=\"650\" height=\"367\" src=\"https:\/\/realta.ca\/wp-content\/uploads\/2025\/05\/realta_region_sudOuest_commerce_rueCentre.jpg\" class=\"attachment-full size-full wp-image-33130\" alt=\"\" srcset=\"https:\/\/realta.ca\/wp-content\/uploads\/2025\/05\/realta_region_sudOuest_commerce_rueCentre.jpg 650w, https:\/\/realta.ca\/wp-content\/uploads\/2025\/05\/realta_region_sudOuest_commerce_rueCentre-300x169.jpg 300w\" sizes=\"(max-width: 650px) 100vw, 650px\" \/>\t\t\t\t\t\t\t\t\t\t\t\t\t\t\t<\/div>\n\t\t\t\t<\/div>\n\t\t\t\t<div class=\"elementor-element elementor-element-5085a537 elementor-widget__width-initial elementor-widget-mobile__width-inherit elementor-widget elementor-widget-heading\" data-id=\"5085a537\" data-element_type=\"widget\" data-e-type=\"widget\" data-widget_type=\"heading.default\">\n\t\t\t\t<div class=\"elementor-widget-container\">\n\t\t\t\t\t<h3 class=\"elementor-heading-title elementor-size-default\">Center Street<\/h3>\t\t\t\t<\/div>\n\t\t\t\t<\/div>\n\t\t\t\t<div class=\"elementor-element elementor-element-19fa4a75 elementor-widget-mobile__width-inherit elementor-widget elementor-widget-text-editor\" data-id=\"19fa4a75\" data-element_type=\"widget\" data-e-type=\"widget\" data-widget_type=\"text-editor.default\">\n\t\t\t\t<div class=\"elementor-widget-container\">\n\t\t\t\t\t\t\t\t\t<p>A historic thoroughfare in Pointe-Saint-Charles since 1861, Centre Street stretches some 1.6 km from the Atwater traffic circle to rue Wellington, crossing a significant part of the district and bordering the Saint-Henri and Little Burgundy sectors at its western end. The street offers a mix of residential, commercial and community spaces that reflect the history and revitalization of these areas. Unique in Montreal, it is home to a dual parish core, with Saint-Gabriel Church, serving the English-speaking Irish Catholic community, and Saint-Charles Church, for the French-speaking community, just 60 meters apart. Its recent commercial renaissance, spurred by resident investment, fosters a harmonious cohabitation between century-old establishments and new convenience stores, revitalizing neighborhood life.   <\/p>\n\t\t\t\t\t\t\t\t<\/div>\n\t\t\t\t<\/div>\n\t\t\t\t<\/div>\n\t\t<div class=\"elementor-element elementor-element-76bda435 e-con-full e-flex e-con e-child\" data-id=\"76bda435\" data-element_type=\"container\" data-e-type=\"container\">\n\t\t\t\t<div class=\"elementor-element elementor-element-37fcb2a3 elementor-widget elementor-widget-image\" data-id=\"37fcb2a3\" data-element_type=\"widget\" data-e-type=\"widget\" data-widget_type=\"image.default\">\n\t\t\t\t<div class=\"elementor-widget-container\">\n\t\t\t\t\t\t\t\t\t\t\t\t\t\t\t<img loading=\"lazy\" decoding=\"async\" width=\"650\" height=\"367\" src=\"https:\/\/realta.ca\/wp-content\/uploads\/2024\/07\/realta_region_verdun_quartier_wellington.png\" class=\"attachment-full size-full wp-image-32247\" alt=\"\" srcset=\"https:\/\/realta.ca\/wp-content\/uploads\/2024\/07\/realta_region_verdun_quartier_wellington.png 650w, https:\/\/realta.ca\/wp-content\/uploads\/2024\/07\/realta_region_verdun_quartier_wellington-300x169.png 300w\" sizes=\"(max-width: 650px) 100vw, 650px\" \/>\t\t\t\t\t\t\t\t\t\t\t\t\t\t\t<\/div>\n\t\t\t\t<\/div>\n\t\t\t\t<div class=\"elementor-element elementor-element-50ac7e39 elementor-widget__width-initial elementor-widget-mobile__width-inherit elementor-widget elementor-widget-heading\" data-id=\"50ac7e39\" data-element_type=\"widget\" data-e-type=\"widget\" data-widget_type=\"heading.default\">\n\t\t\t\t<div class=\"elementor-widget-container\">\n\t\t\t\t\t<h3 class=\"elementor-heading-title elementor-size-default\">Wellington Street<\/h3>\t\t\t\t<\/div>\n\t\t\t\t<\/div>\n\t\t\t\t<div class=\"elementor-element elementor-element-69c3b854 elementor-widget-mobile__width-inherit elementor-widget elementor-widget-text-editor\" data-id=\"69c3b854\" data-element_type=\"widget\" data-e-type=\"widget\" data-widget_type=\"text-editor.default\">\n\t\t\t\t<div class=\"elementor-widget-container\">\n\t\t\t\t\t\t\t\t\t<p>Rue Wellington, the vibrant commercial heart of Pointe-Saint-Charles in Verdun, is 6 km long. Formerly known as \u201cchemin de la rivi\u00e8re Saint-Pierre\u201d, then \u201cchemin de Lachine\u201d, it was renamed around 1844 in honor of the Duke of Wellington. In Pointe-Saint-Charles, it offers a lively mix of local shops (grocery stores, medical clinics and pharmacies) and popular restaurants such as <a href=\"https:\/\/www.monmollo.com\/\" target=\"_blank\" rel=\"noopener\">Mollo Caf\u00e9-Gelato<\/a> and <a href=\"https:\/\/www.boomjscuisine.ca\/\" target=\"_blank\" rel=\"noopener\">Boom J&#8217;s Cuisine<\/a>. It&#8217;s also home to the <a href=\"https:\/\/actionsantepsc.org\/\" target=\"_blank\" rel=\"noopener\">Action Sant\u00e9<\/a> organization and the <a href=\"https:\/\/montreal.ca\/en\/places\/parc-marguerite-bourgeoys\" target=\"_blank\" rel=\"noopener\">Marie-Victorin park<\/a>. Another feature: the neighborhood&#8217;s commercial streets, including this one, feature a high concentration of businesses on the first floor of residences. In short, Wellington is a friendly thoroughfare offering the essentials, just a few minutes from the main thoroughfares for a wider choice.     <\/p>\n\t\t\t\t\t\t\t\t<\/div>\n\t\t\t\t<\/div>\n\t\t\t\t<\/div>\n\t\t<div class=\"elementor-element elementor-element-42527fd9 e-con-full e-flex e-con e-child\" data-id=\"42527fd9\" data-element_type=\"container\" data-e-type=\"container\">\n\t\t\t\t<div class=\"elementor-element elementor-element-f2ceea1 elementor-widget elementor-widget-image\" data-id=\"f2ceea1\" data-element_type=\"widget\" data-e-type=\"widget\" data-widget_type=\"image.default\">\n\t\t\t\t<div class=\"elementor-widget-container\">\n\t\t\t\t\t\t\t\t\t\t\t\t\t\t\t<img loading=\"lazy\" decoding=\"async\" width=\"650\" height=\"367\" src=\"https:\/\/realta.ca\/wp-content\/uploads\/2025\/05\/realta_region_sudOuest_commerce_rueSaintJacques.jpg\" class=\"attachment-full size-full wp-image-33136\" alt=\"\" srcset=\"https:\/\/realta.ca\/wp-content\/uploads\/2025\/05\/realta_region_sudOuest_commerce_rueSaintJacques.jpg 650w, https:\/\/realta.ca\/wp-content\/uploads\/2025\/05\/realta_region_sudOuest_commerce_rueSaintJacques-300x169.jpg 300w\" sizes=\"(max-width: 650px) 100vw, 650px\" \/>\t\t\t\t\t\t\t\t\t\t\t\t\t\t\t<\/div>\n\t\t\t\t<\/div>\n\t\t\t\t<div class=\"elementor-element elementor-element-7b4084c4 elementor-widget__width-initial elementor-widget-mobile__width-inherit elementor-widget elementor-widget-heading\" data-id=\"7b4084c4\" data-element_type=\"widget\" data-e-type=\"widget\" data-widget_type=\"heading.default\">\n\t\t\t\t<div class=\"elementor-widget-container\">\n\t\t\t\t\t<h3 class=\"elementor-heading-title elementor-size-default\">Saint-Jacques Street<\/h3>\t\t\t\t<\/div>\n\t\t\t\t<\/div>\n\t\t\t\t<div class=\"elementor-element elementor-element-726a7f7c elementor-widget-mobile__width-inherit elementor-widget elementor-widget-text-editor\" data-id=\"726a7f7c\" data-element_type=\"widget\" data-e-type=\"widget\" data-widget_type=\"text-editor.default\">\n\t\t\t\t<div class=\"elementor-widget-container\">\n\t\t\t\t\t\t\t\t\t<p>Saint-Jacques street is a major artery in the city, running east-west through several boroughs, including Ville-Marie (Old Montreal), Le Sud-Ouest, C\u00f4te-des-Neiges-Notre-Dame-de-Gr\u00e2ce and Lachine. It opened in 1672 and was named in honor of Jean-Jacques Olier de Verneuil, founder of the Sulpicians. Known as Upper Lachine Road until the mid-20th century, rue Saint-Jacques enriched the commercial offerings of the southwest. In the small section between Atwater and Sainte-Marguerite, the street is home to a variety of businesses, from convenience stores to restaurants and boutiques, while being influenced by residential growth in the surrounding neighborhoods. Financial support programs and real estate development projects offer promising prospects for strengthening its economic role while meeting the needs of an evolving population.    <\/p>\n\t\t\t\t\t\t\t\t<\/div>\n\t\t\t\t<\/div>\n\t\t\t\t<\/div>\n\t\t\t\t\t<\/div>\n\t\t\t\t<\/div>\n\t\t\t\t\t<\/div>\n\t\t\t\t<\/section>\n\t\t<section class=\"elementor-element elementor-element-3cc48c98 e-flex e-con-boxed e-con e-child\" data-id=\"3cc48c98\" data-element_type=\"container\" data-e-type=\"container\" data-settings=\"{&quot;background_background&quot;:&quot;classic&quot;}\">\n\t\t\t\t\t<div class=\"e-con-inner\">\n\t\t\t\t<div class=\"elementor-element elementor-element-62bd1efc elementor-widget-mobile__width-initial elementor-widget-tablet__width-initial elementor-widget__width-initial elementor-invisible elementor-widget elementor-widget-heading\" data-id=\"62bd1efc\" data-element_type=\"widget\" data-e-type=\"widget\" data-settings=\"{&quot;_animation&quot;:&quot;slideInDown&quot;}\" data-widget_type=\"heading.default\">\n\t\t\t\t<div class=\"elementor-widget-container\">\n\t\t\t\t\t<h2 class=\"elementor-heading-title elementor-size-default\">Why buy a property in\n<strong>Le Sud-Ouest Borough?<\/strong><\/h2>\t\t\t\t<\/div>\n\t\t\t\t<\/div>\n\t\t\t\t<div class=\"elementor-element elementor-element-35a5a2a7 elementor-widget__width-initial elementor-widget elementor-widget-text-editor\" data-id=\"35a5a2a7\" data-element_type=\"widget\" data-e-type=\"widget\" data-widget_type=\"text-editor.default\">\n\t\t\t\t<div class=\"elementor-widget-container\">\n\t\t\t\t\t\t\t\t\t<p>It&#8217;s a question many future homeowners ask, and the answer lies in the quality of life this area offers. Beyond the general convenience found in Montreal, the Sud-Ouest is distinguished by a unique convergence of factors that make it a most judicious real estate investment. <\/p>\n<p>Imagine a neighborhood where services and shops are right on your doorstep, with lively thoroughfares like Notre-Dame Street West, teeming with grocery stores, pharmacies, restaurants, caf\u00e9s and independent boutiques of all kinds. Add to that an efficient public transit system and quick access to major highways, and you&#8217;ve got a city that&#8217;s easy to get around. The Sud-Ouest is also a breath of fresh air in the heart of the city, with the emblematic Lachine Canal and its lush green bike paths, offering the perfect balance between urban life and natural spaces. Choosing Le Sud-Ouest is all this and much more.   <\/p>\n\t\t\t\t\t\t\t\t<\/div>\n\t\t\t\t<\/div>\n\t\t\t\t\t<\/div>\n\t\t\t\t<\/section>\n\t\t<section class=\"elementor-element elementor-element-577313bc e-flex e-con-boxed e-con e-child\" data-id=\"577313bc\" data-element_type=\"container\" data-e-type=\"container\">\n\t\t\t\t\t<div class=\"e-con-inner\">\n\t\t<div class=\"elementor-element elementor-element-53bdd95e e-flex e-con-boxed e-con e-child\" data-id=\"53bdd95e\" data-element_type=\"container\" data-e-type=\"container\">\n\t\t\t\t\t<div class=\"e-con-inner\">\n\t\t<div class=\"elementor-element elementor-element-1121b2e3 e-con-full e-flex e-con e-child\" data-id=\"1121b2e3\" data-element_type=\"container\" data-e-type=\"container\">\n\t\t\t\t<div class=\"elementor-element elementor-element-cb6389b elementor-widget elementor-widget-image\" data-id=\"cb6389b\" data-element_type=\"widget\" data-e-type=\"widget\" data-widget_type=\"image.default\">\n\t\t\t\t<div class=\"elementor-widget-container\">\n\t\t\t\t\t\t\t\t\t\t\t\t\t\t\t<img loading=\"lazy\" decoding=\"async\" width=\"650\" height=\"367\" src=\"https:\/\/realta.ca\/wp-content\/uploads\/2025\/05\/realta_region_sudOuest_educatif.jpg\" class=\"attachment-full size-full wp-image-33141\" alt=\"\" srcset=\"https:\/\/realta.ca\/wp-content\/uploads\/2025\/05\/realta_region_sudOuest_educatif.jpg 650w, https:\/\/realta.ca\/wp-content\/uploads\/2025\/05\/realta_region_sudOuest_educatif-300x169.jpg 300w\" sizes=\"(max-width: 650px) 100vw, 650px\" \/>\t\t\t\t\t\t\t\t\t\t\t\t\t\t\t<\/div>\n\t\t\t\t<\/div>\n\t\t\t\t<div class=\"elementor-element elementor-element-3cf241e elementor-widget__width-initial elementor-widget-mobile__width-inherit elementor-invisible elementor-widget elementor-widget-heading\" data-id=\"3cf241e\" data-element_type=\"widget\" data-e-type=\"widget\" data-settings=\"{&quot;_animation&quot;:&quot;slideInDown&quot;}\" data-widget_type=\"heading.default\">\n\t\t\t\t<div class=\"elementor-widget-container\">\n\t\t\t\t\t<h2 class=\"elementor-heading-title elementor-size-default\">For its <b>educational services<\/b><\/h2>\t\t\t\t<\/div>\n\t\t\t\t<\/div>\n\t\t\t\t<div class=\"elementor-element elementor-element-256ed7d4 elementor-widget-mobile__width-inherit elementor-widget elementor-widget-text-editor\" data-id=\"256ed7d4\" data-element_type=\"widget\" data-e-type=\"widget\" data-widget_type=\"text-editor.default\">\n\t\t\t\t<div class=\"elementor-widget-container\">\n\t\t\t\t\t\t\t\t\t<p>One of the most important services to consider for young families is certainly the proximity of early childhood centers, primary and secondary schools, public CEGEPs and private institutions. As for the public network in Le Sud-Ouest, there are <a href=\"https:\/\/www.reseaureussitemontreal.ca\/dans-les-quartiers\/sud-ouest\/\" target=\"_blank\" rel=\"noopener\">11 French-language elementary schools<\/a> (Charles-Lemoyne, Coeur-Immacul\u00e9e-de-Marie, De la Petite-Bourgogne, Dollard-des-Ormeaux, Jeanne-Leber, Ludger-Duvernay, Marie-de-l&#8217;Incarnation, Notre-Dame-du-Perp\u00e9tuel-Secours, Saint-Jean-de-Matha, Saint-Zotique and Victor-Rousselot) and one English-language school (St. Gabriel Elementary). <\/p>\n<p>The area also boasts 2 French-language high schools (<a href=\"https:\/\/honore-mercier.cssdm.gouv.qc.ca\/\" target=\"_blank\" rel=\"noopener\">\u00c9cole secondaire Honor\u00e9-Mercier<\/a> and <a href=\"https:\/\/st-henri.cssdm.gouv.qc.ca\/\" target=\"_blank\" rel=\"noopener\">\u00c9cole secondaire Saint-Henri<\/a>) and one English-language school (<a href=\"https:\/\/jlac.emsb.qc.ca\/\" target=\"_blank\" rel=\"noopener\">James Lyng High School<\/a>). Nearby, young people can pursue their post-secondary studies at C\u00e9gep <a href=\"https:\/\/claurendeau.qc.ca\/\" target=\"_blank\" rel=\"noopener\">Andr\u00e9-Laurendeau<\/a>, located not far away in the neighboring borough of LaSalle. The Sud-Ouest is also home to the <a href=\"https:\/\/ecole-metiers-sud-ouest.cssdm.gouv.qc.ca\/\" target=\"_blank\" rel=\"noopener\">\u00c9cole des m\u00e9tiers du Sud-Ouest-de-Montr\u00e9al<\/a>, a vocational training center offering specialized programs such as jewellery-making, building design, surveying and topography, industrial design, elevator mechanics and electromechanics for automated systems.  <\/p>\n<p>Two other types of projects delight young people and their parents: Les <a href=\"https:\/\/www.lcso.ca\/\" target=\"_blank\" rel=\"noopener\">Loisirs du Sud-Ouest<\/a> (LCSO), which offers children aged 5 to 16 a vast program of day camps and diversified annual activities, and the <a href=\"https:\/\/crcsstzotique.ca\/\" target=\"_blank\" rel=\"noopener\">Centre r\u00e9cr\u00e9atif, culturel et sportif St-Zotique<\/a> (CRCS), which offers a diversity of leisure activities (sports, outdoor, environmental, cultural and community action) for all clienteles: young people, teenagers, adults and seniors. The borough also boasts a number of daycare centers and CPEs for toddlers, spread throughout its various neighborhoods, including Pointe-Saint-Charles, Little Burgundy, Saint-Henri, \u00c9mard, C\u00f4te-Saint-Paul and Griffintown. <\/p>\n\t\t\t\t\t\t\t\t<\/div>\n\t\t\t\t<\/div>\n\t\t\t\t<\/div>\n\t\t<div class=\"elementor-element elementor-element-2ef1b054 e-con-full e-flex e-con e-child\" data-id=\"2ef1b054\" data-element_type=\"container\" data-e-type=\"container\">\n\t\t\t\t<div class=\"elementor-element elementor-element-2e0dce0e elementor-widget elementor-widget-image\" data-id=\"2e0dce0e\" data-element_type=\"widget\" data-e-type=\"widget\" data-widget_type=\"image.default\">\n\t\t\t\t<div class=\"elementor-widget-container\">\n\t\t\t\t\t\t\t\t\t\t\t\t\t\t\t<img loading=\"lazy\" decoding=\"async\" width=\"650\" height=\"367\" src=\"https:\/\/realta.ca\/wp-content\/uploads\/2025\/05\/realta_region_sudOuest_culturel.jpg\" class=\"attachment-full size-full wp-image-33143\" alt=\"\" srcset=\"https:\/\/realta.ca\/wp-content\/uploads\/2025\/05\/realta_region_sudOuest_culturel.jpg 650w, https:\/\/realta.ca\/wp-content\/uploads\/2025\/05\/realta_region_sudOuest_culturel-300x169.jpg 300w\" sizes=\"(max-width: 650px) 100vw, 650px\" \/>\t\t\t\t\t\t\t\t\t\t\t\t\t\t\t<\/div>\n\t\t\t\t<\/div>\n\t\t\t\t<div class=\"elementor-element elementor-element-3f21fd77 elementor-widget__width-initial elementor-widget-mobile__width-inherit elementor-invisible elementor-widget elementor-widget-heading\" data-id=\"3f21fd77\" data-element_type=\"widget\" data-e-type=\"widget\" data-settings=\"{&quot;_animation&quot;:&quot;slideInDown&quot;}\" data-widget_type=\"heading.default\">\n\t\t\t\t<div class=\"elementor-widget-container\">\n\t\t\t\t\t<h2 class=\"elementor-heading-title elementor-size-default\">For its <b>cultural life<\/b><\/h2>\t\t\t\t<\/div>\n\t\t\t\t<\/div>\n\t\t\t\t<div class=\"elementor-element elementor-element-122a52ae elementor-widget-mobile__width-inherit elementor-widget elementor-widget-text-editor\" data-id=\"122a52ae\" data-element_type=\"widget\" data-e-type=\"widget\" data-widget_type=\"text-editor.default\">\n\t\t\t\t<div class=\"elementor-widget-container\">\n\t\t\t\t\t\t\t\t\t<p>Do you like shows and other cultural events? You won&#8217;t be disappointed here! Obviously, the leader here is the <a href=\"https:\/\/montreal.ca\/en\/places\/maison-de-la-culture-marie-uguay\" target=\"_blank\" rel=\"noopener\">Maison de la culture Marie-Uguay<\/a>. Located at 6052 Monk Blvd., this institution has established itself as a cultural pillar of the Sud-Ouest, offering a varied program that includes dance, theater, concerts, visual arts exhibitions and cinema, often free of charge. It recently celebrated its 40th anniversary and was awarded GOLD certification for its commitment to eco-responsibility as an eco-performance venue.    <\/p>\n<p>The Sud-Ouest also boasts other major cultural venues, such as the <a href=\"https:\/\/www.ccgv.ca\/\" target=\"_blank\" rel=\"noopener\">Centre culturel Georges-Vanier<\/a>, located in the heart of Little Burgundy. This non-profit organization promotes artistic and cultural practices through courses, workshops, exhibitions and cultural events. It reflects the multicultural diversity of the area with diverse programming and rental spaces for artistic activities. Among the must-see cultural attractions is <a href=\"https:\/\/maisonsaintgabriel.ca\/en\/\" target=\"_blank\" rel=\"noopener\">Maison Saint-Gabriel<\/a>, a museum and historic site located in Pointe-Saint-Charles. This magnificent three-hundred-year-old building is one of the finest examples of traditional New France architecture, and features exhibitions on the history of Montreal and Quebec, including the Filles du Roy and rural life from the 17th to 20th centuries, with guided tours in period costume.    <\/p>\n<p>For art lovers, the <a href=\"https:\/\/www.arsenalcontemporary.com\/mtl\/home\" target=\"_blank\" rel=\"noopener\">Arsenal art contemporain<\/a>, located in Griffintown, is a major art center housed in a former 19th-century shipyard. With its vast exhibition spaces totalling 80,000 sq. ft., dedicated to exhibitions by Canadian and international artists. It also supports the creative process through a residency program.  <\/p>\n<p>The Sud-Ouest also boasts four libraries (Saint-Henri, Marie-Uguay, Saint-Charles, R\u00e9jean-Ducharme), offering not only varied collections but also a year-round program of cultural activities. And let&#8217;s not forget the emblematic jewel that is the Lachine Canal, a national historic site offering a 14-kilometre multi-purpose trail, a waterway, industrial remains and numerous cultural activities. <\/p>\n<p>The <a href=\"https:\/\/repertoireculturesudouest.com\/\" target=\"_blank\" rel=\"noopener\">R\u00e9pertoire Culturel du Sud-Ouest<\/a> lists more than 80 local artists, organizations and venues, testifying to the creative effervescence of this area of Montreal in full renaissance.<\/p>\n\t\t\t\t\t\t\t\t<\/div>\n\t\t\t\t<\/div>\n\t\t\t\t<\/div>\n\t\t<div class=\"elementor-element elementor-element-7415fa7b e-con-full e-flex e-con e-child\" data-id=\"7415fa7b\" data-element_type=\"container\" data-e-type=\"container\">\n\t\t\t\t<div class=\"elementor-element elementor-element-e2cf271 elementor-widget elementor-widget-image\" data-id=\"e2cf271\" data-element_type=\"widget\" data-e-type=\"widget\" data-widget_type=\"image.default\">\n\t\t\t\t<div class=\"elementor-widget-container\">\n\t\t\t\t\t\t\t\t\t\t\t\t\t\t\t<img loading=\"lazy\" decoding=\"async\" width=\"650\" height=\"367\" src=\"https:\/\/realta.ca\/wp-content\/uploads\/2025\/05\/realta_region_sudOuest_sport.jpg\" class=\"attachment-full size-full wp-image-33145\" alt=\"\" srcset=\"https:\/\/realta.ca\/wp-content\/uploads\/2025\/05\/realta_region_sudOuest_sport.jpg 650w, https:\/\/realta.ca\/wp-content\/uploads\/2025\/05\/realta_region_sudOuest_sport-300x169.jpg 300w\" sizes=\"(max-width: 650px) 100vw, 650px\" \/>\t\t\t\t\t\t\t\t\t\t\t\t\t\t\t<\/div>\n\t\t\t\t<\/div>\n\t\t\t\t<div class=\"elementor-element elementor-element-49b0301d elementor-widget__width-initial elementor-widget-mobile__width-inherit elementor-invisible elementor-widget elementor-widget-heading\" data-id=\"49b0301d\" data-element_type=\"widget\" data-e-type=\"widget\" data-settings=\"{&quot;_animation&quot;:&quot;slideInDown&quot;}\" data-widget_type=\"heading.default\">\n\t\t\t\t<div class=\"elementor-widget-container\">\n\t\t\t\t\t<h2 class=\"elementor-heading-title elementor-size-default\">For <b>sports and leisure<\/b><\/h2>\t\t\t\t<\/div>\n\t\t\t\t<\/div>\n\t\t\t\t<div class=\"elementor-element elementor-element-ce01863 elementor-widget-mobile__width-inherit elementor-widget elementor-widget-text-editor\" data-id=\"ce01863\" data-element_type=\"widget\" data-e-type=\"widget\" data-widget_type=\"text-editor.default\">\n\t\t\t\t<div class=\"elementor-widget-container\">\n\t\t\t\t\t\t\t\t\t<p>All summer long, young and old alike will be taking part in a host of fun activities and outdoor shows in the borough&#8217;s parks and public squares. On the program: a variety of sports and leisure activities, outdoor reading, outdoor shows and exhibitions at various cultural venues. One of the most popular sports activities is certainly cycling, with the famous Lachine Canal bike path, ranked among the world&#8217;s most beautiful urban circuits. This multi-purpose trail stretches 14.5 km from the Old Port to the Lachine Museum Road and is accessible year-round, with snowshoeing and cross-country skiing available in winter.   <\/p>\n<p>For the enjoyment of youngsters and their parents, the Sud-Ouest borough boasts 4 indoor pools, including the one at Centre Gadbois and Parc Saint-Henri, as well as several outdoor pools, such as those at Parcs Sir-George-\u00c9tienne-Cartier and Ignace-Bourget. There are also 2 outdoor paddling pools and 7 water games in the various neighbourhoods. In winter, the borough&#8217;s parks are home to 12 outdoor skating rinks in seven parks, including parc G\u00e9d\u00e9on-De Catalogne, parc Ignace-Bourget, Carr\u00e9 d&#8217;Hibernia, parc Campbell Ouest, parc Le Ber and parc Vinet. In addition, the two arenas in the Gadbois recreational complex (Georges-Mantha and Sylvio-Mantha arenas) offer a wide range of free skating time slots.   <\/p>\n<p>The Centre Gadbois, one of Montreal&#8217;s largest sports centers, is a multi-purpose facility housing some 15 sports clubs and associations offering a wide range of activities: soccer, judo, basketball, boxing, karate, fencing, futsal, weightlifting, archery, volleyball and many more. The Little Burgundy sports center completes the offer with its own facilities. For outdoor enthusiasts, in addition to the Lachine Canal, the borough is also close to Angrignon Park, which, with its vast green spaces, offers an ideal place for walking, jogging and relaxing in nature.  <\/p>\n<p>Other sites easily accessible from the southwest offer a wide range of outdoor activities: Parc Jean-Drapeau, the Old Port of Montreal and Mount Royal, where you can enjoy a variety of activities depending on the season.<\/p>\n\t\t\t\t\t\t\t\t<\/div>\n\t\t\t\t<\/div>\n\t\t\t\t<\/div>\n\t\t<div class=\"elementor-element elementor-element-1fda25b e-con-full e-flex e-con e-child\" data-id=\"1fda25b\" data-element_type=\"container\" data-e-type=\"container\">\n\t\t\t\t<div class=\"elementor-element elementor-element-d3d7696 elementor-widget elementor-widget-image\" data-id=\"d3d7696\" data-element_type=\"widget\" data-e-type=\"widget\" data-widget_type=\"image.default\">\n\t\t\t\t<div class=\"elementor-widget-container\">\n\t\t\t\t\t\t\t\t\t\t\t\t\t\t\t<img loading=\"lazy\" decoding=\"async\" width=\"650\" height=\"367\" src=\"https:\/\/realta.ca\/wp-content\/uploads\/2025\/05\/realta_region_sudOuest_gourmand.jpg\" class=\"attachment-full size-full wp-image-33147\" alt=\"\" srcset=\"https:\/\/realta.ca\/wp-content\/uploads\/2025\/05\/realta_region_sudOuest_gourmand.jpg 650w, https:\/\/realta.ca\/wp-content\/uploads\/2025\/05\/realta_region_sudOuest_gourmand-300x169.jpg 300w\" sizes=\"(max-width: 650px) 100vw, 650px\" \/>\t\t\t\t\t\t\t\t\t\t\t\t\t\t\t<\/div>\n\t\t\t\t<\/div>\n\t\t\t\t<div class=\"elementor-element elementor-element-99ee40a elementor-widget__width-initial elementor-widget-mobile__width-inherit elementor-invisible elementor-widget elementor-widget-heading\" data-id=\"99ee40a\" data-element_type=\"widget\" data-e-type=\"widget\" data-settings=\"{&quot;_animation&quot;:&quot;slideInDown&quot;}\" data-widget_type=\"heading.default\">\n\t\t\t\t<div class=\"elementor-widget-container\">\n\t\t\t\t\t<h2 class=\"elementor-heading-title elementor-size-default\">For <b>gourmet destinations<\/b><\/h2>\t\t\t\t<\/div>\n\t\t\t\t<\/div>\n\t\t\t\t<div class=\"elementor-element elementor-element-faa9916 elementor-widget-mobile__width-inherit elementor-widget elementor-widget-text-editor\" data-id=\"faa9916\" data-element_type=\"widget\" data-e-type=\"widget\" data-widget_type=\"text-editor.default\">\n\t\t\t\t<div class=\"elementor-widget-container\">\n\t\t\t\t\t\t\t\t\t<p>Living in Montreal&#8217;s Sud-Ouest offers residents the opportunity to improvise as tourists in their own neighborhood for an afternoon or evening. Then set off to discover its caf\u00e9s, patisseries, restaurants and other culinary destinations to enjoy a good time with friends or family. Here are just a few of the borough&#8217;s popular eateries:  <\/p>\n<ul>\n<li><a href=\"https:\/\/joebeef.com\/\" target=\"_blank\" rel=\"noopener\">Joe Beef<\/a>: Located in Little Burgundy at 2491 Notre-Dame Street West. Internationally acclaimed, this restaurant offers French market cuisine inspired by the Lyonnaise tradition with a Montreal twist. <\/li>\n<li><a href=\"https:\/\/liverpoolhouse.ca\/en-to\" target=\"_blank\" rel=\"noopener\">Liverpool House<\/a>: at 2501 Notre-Dame Street West, this resto offers the charm of a seaside cottage. The menu features market-fresh produce, Old World wines and the perfect atmosphere for enjoying gin and tonics in a clubhouse setting. <\/li>\n<li><a href=\"https:\/\/vinpapillon.com\/take-out-en\" target=\"_blank\" rel=\"noopener\">Le Vin Papillon<\/a>: located at 2519 rue Notre-Dame Ouest, this establishment is renowned for its selection of natural wines and inventive cuisine, making it a must for lovers of good food and good wine.<\/li>\n<li><a href=\"https:\/\/coffeepizzawine.com\/\" target=\"_blank\" rel=\"noopener\">Elena<\/a>: Italian restaurant located at 5090 Notre-Dame Street West. Specialties include wood-fired pizzas with natural sourdough, homemade pasta and seasonal dishes. Known for its warm ambience and minimalist decor.  <\/li>\n<li><a href=\"https:\/\/arthursmtl.com\/\" target=\"_blank\" rel=\"noopener\">Arthurs Nosh Bar<\/a>: Located at 4621 Notre-Dame Street West, Arthurs offers revisited Jewish classics served with a generous helping of family pride. Open from 9 a.m. to 3 p.m. Monday to Sunday, this restaurant is particularly popular for its brunches, which draw crowds from the neighborhood and beyond. <\/li>\n<li><a href=\"https:\/\/sataybrothers.com\/\" target=\"_blank\" rel=\"noopener\">Satay Brothers<\/a>: At 3721 Notre-Dame Street West, Satay Brothers is considered one of the best Asian restaurants in Montreal, serving Southeast Asian specialties, including Singaporean and Malaysian, in Saint-Henri since 2010.<\/li>\n<li><a href=\"https:\/\/sainthenri.ca\/en\" target=\"_blank\" rel=\"noopener\">Caf\u00e9 Saint-Henri<\/a>, an artisan roaster located at 3632 Notre-Dame Street West, offering specialty coffees and a convivial space for lovers of good coffee.<\/li>\n<\/ul>\n<p>And the famous Atwater Market, open year-round and ranked among Montreal&#8217;s most beautiful buildings. This public market is home to excellent butchers, cheesemongers, bakers and fruit and vegetable shops, offering fresh, local produce to delight residents and visitors alike. During the summer season, enjoy the P\u00f4le des Saveurs, focused on innovative and delicious fast food.  <\/p>\n\t\t\t\t\t\t\t\t<\/div>\n\t\t\t\t<\/div>\n\t\t\t\t<\/div>\n\t\t<div class=\"elementor-element elementor-element-2bbc8f91 e-con-full e-flex e-con e-child\" data-id=\"2bbc8f91\" data-element_type=\"container\" data-e-type=\"container\">\n\t\t\t\t<div class=\"elementor-element elementor-element-57facbd7 elementor-widget elementor-widget-image\" data-id=\"57facbd7\" data-element_type=\"widget\" data-e-type=\"widget\" data-widget_type=\"image.default\">\n\t\t\t\t<div class=\"elementor-widget-container\">\n\t\t\t\t\t\t\t\t\t\t\t\t\t\t\t<img loading=\"lazy\" decoding=\"async\" width=\"1458\" height=\"823\" src=\"https:\/\/realta.ca\/wp-content\/uploads\/2025\/05\/realta_region_sudOuest_medicaux.jpg\" class=\"attachment-full size-full wp-image-33149\" alt=\"\" srcset=\"https:\/\/realta.ca\/wp-content\/uploads\/2025\/05\/realta_region_sudOuest_medicaux.jpg 1458w, https:\/\/realta.ca\/wp-content\/uploads\/2025\/05\/realta_region_sudOuest_medicaux-300x169.jpg 300w, https:\/\/realta.ca\/wp-content\/uploads\/2025\/05\/realta_region_sudOuest_medicaux-1024x578.jpg 1024w, https:\/\/realta.ca\/wp-content\/uploads\/2025\/05\/realta_region_sudOuest_medicaux-768x434.jpg 768w\" sizes=\"(max-width: 1458px) 100vw, 1458px\" \/>\t\t\t\t\t\t\t\t\t\t\t\t\t\t\t<\/div>\n\t\t\t\t<\/div>\n\t\t\t\t<div class=\"elementor-element elementor-element-125fafe5 elementor-widget__width-initial elementor-widget-mobile__width-inherit elementor-invisible elementor-widget elementor-widget-heading\" data-id=\"125fafe5\" data-element_type=\"widget\" data-e-type=\"widget\" data-settings=\"{&quot;_animation&quot;:&quot;slideInDown&quot;}\" data-widget_type=\"heading.default\">\n\t\t\t\t<div class=\"elementor-widget-container\">\n\t\t\t\t\t<h2 class=\"elementor-heading-title elementor-size-default\">For nearby <b>medical services<\/b><\/h2>\t\t\t\t<\/div>\n\t\t\t\t<\/div>\n\t\t\t\t<div class=\"elementor-element elementor-element-53071251 elementor-widget-mobile__width-inherit elementor-widget elementor-widget-text-editor\" data-id=\"53071251\" data-element_type=\"widget\" data-e-type=\"widget\" data-widget_type=\"text-editor.default\">\n\t\t\t\t<div class=\"elementor-widget-container\">\n\t\t\t\t\t\t\t\t\t<p>Montreal&#8217;s Sud-Ouest benefits from a comprehensive healthcare network, with facilities located in the borough itself and in neighboring areas. Within the Sud-Ouest, we find the <a href=\"https:\/\/ciusss-centresudmtl.gouv.qc.ca\/etablissement\/clsc-de-saint-henri\" target=\"_blank\" rel=\"noopener\">CLSC de Saint-Henri<\/a>, located within the <a href=\"https:\/\/ciusss-centresudmtl.gouv.qc.ca\/etablissement\/centre-dhebergement-de-saint-henri\" target=\"_blank\" rel=\"noopener\">Centre d&#8217;h\u00e9bergement de Saint-Henri<\/a>, which offers essential front-line services and is also home to the <a href=\"https:\/\/ciusss-centresudmtl.gouv.qc.ca\/etablissement\/centre-de-services-sud-ouest-verdun\" target=\"_blank\" rel=\"noopener\">CIUSSS Centre de services Sud-Ouest-Verdun<\/a>. <\/p>\n<p>For hospital care, residents can count on <a href=\"https:\/\/ciusss-centresudmtl.gouv.qc.ca\/etablissement\/hopital-de-verdun\" target=\"_blank\" rel=\"noopener\">H\u00f4pital de Verdun<\/a>, located in the neighboring borough of Verdun (4000, boulevard LaSalle). Although outside the boundaries of the Sud-Ouest, this major CIUSSS du Centre-Sud-de-l&#8217;\u00cele-de-Montr\u00e9al facility is easily accessible and is the hospital of choice for area residents, with a 24-hour emergency service and a full range of medical specialties. The network of CLSCs surrounding the Sud-Ouest also includes the CLSC de Ville-\u00c9mard (6161, rue Laurendeau), which, although named after a Sud-Ouest neighborhood, technically borders the borough of LaSalle. There&#8217;s also the <a href=\"https:\/\/ciusss-centresudmtl.gouv.qc.ca\/etablissement\/clsc-de-verdun\" target=\"_blank\" rel=\"noopener\">CLSC de Verdun<\/a> (400, rue de l&#8217;\u00c9glise), located in the borough of Verdun. These facilities offer medical consultations, nursing care, pregnancy follow-up and psychosocial services.    <\/p>\n<p>When it comes to primary care, the <a href=\"https:\/\/cliniquemedicaledusudouest.ca\/en\/\" target=\"_blank\" rel=\"noopener\">Clinique M\u00e9dicale du Sud-Ouest<\/a>, a Groupe de M\u00e9decine Familiale (GMF) located at 4475 rue Bannantyne in Verdun, is another pillar of the local healthcare system easily accessible to Sud-Ouest residents. With over 35 family physicians and a multidisciplinary team, it offers consultations with or without appointment, as well as specialized services. <\/p>\n<p>The area is also well served by pharmacies, with several branches of major chains such as Jean Coutu on Notre-Dame Street West, in the heart of the Sud-Ouest, as well as Uniprix, Pharmaprix and Brunet pharmacies in the borough and on its borders.<\/p>\n<p>This care network is complemented by a number of independent healthcare professionals scattered throughout the borough: dentists, optometrists, physiotherapists, chiropractors and psychologists, as well as local services specializing in addiction and mental health.<\/p>\n\t\t\t\t\t\t\t\t<\/div>\n\t\t\t\t<\/div>\n\t\t\t\t<\/div>\n\t\t<div class=\"elementor-element elementor-element-091c757 e-con-full e-flex e-con e-child\" data-id=\"091c757\" data-element_type=\"container\" data-e-type=\"container\">\n\t\t\t\t<div class=\"elementor-element elementor-element-68f2c05 elementor-widget elementor-widget-image\" data-id=\"68f2c05\" data-element_type=\"widget\" data-e-type=\"widget\" data-widget_type=\"image.default\">\n\t\t\t\t<div class=\"elementor-widget-container\">\n\t\t\t\t\t\t\t\t\t\t\t\t\t\t\t<img loading=\"lazy\" decoding=\"async\" width=\"650\" height=\"367\" src=\"https:\/\/realta.ca\/wp-content\/uploads\/2025\/05\/realta_region_sudOuest_immobilier.jpg\" class=\"attachment-full size-full wp-image-33151\" alt=\"\" srcset=\"https:\/\/realta.ca\/wp-content\/uploads\/2025\/05\/realta_region_sudOuest_immobilier.jpg 650w, https:\/\/realta.ca\/wp-content\/uploads\/2025\/05\/realta_region_sudOuest_immobilier-300x169.jpg 300w\" sizes=\"(max-width: 650px) 100vw, 650px\" \/>\t\t\t\t\t\t\t\t\t\t\t\t\t\t\t<\/div>\n\t\t\t\t<\/div>\n\t\t\t\t<div class=\"elementor-element elementor-element-af421f9 elementor-widget__width-initial elementor-widget-mobile__width-inherit elementor-invisible elementor-widget elementor-widget-heading\" data-id=\"af421f9\" data-element_type=\"widget\" data-e-type=\"widget\" data-settings=\"{&quot;_animation&quot;:&quot;slideInDown&quot;}\" data-widget_type=\"heading.default\">\n\t\t\t\t<div class=\"elementor-widget-container\">\n\t\t\t\t\t<h2 class=\"elementor-heading-title elementor-size-default\">For its <b>dynamic real estate market<\/b><\/h2>\t\t\t\t<\/div>\n\t\t\t\t<\/div>\n\t\t\t\t<div class=\"elementor-element elementor-element-95c70ea elementor-widget-mobile__width-inherit elementor-widget elementor-widget-text-editor\" data-id=\"95c70ea\" data-element_type=\"widget\" data-e-type=\"widget\" data-widget_type=\"text-editor.default\">\n\t\t\t\t<div class=\"elementor-widget-container\">\n\t\t\t\t\t\t\t\t\t<p>The Sud-Ouest borough is one of Montreal&#8217;s most rapidly changing areas. Comprising six distinct neighborhoods, as described above, it offers a diverse real estate panorama that attracts investors and future homeowners alike. Each neighborhood has its own unique characteristics and real estate opportunities.  <\/p>\n<p>Griffintown, a former industrial district, has undergone a complete metamorphosis with high residential densification. Most of the high-end condos and lofts are located in converted factories, attracting a young, professional clientele. Many of these condos offer breathtaking views, including of the river, the Lachine Canal and downtown Montreal.  <\/p>\n<p>Saint-Henri offers a mix of renovated plexes, single-family homes and modern condo projects, particularly popular along the Lachine Canal.<\/p>\n<p>Little Burgundy and Pointe-Saint-Charles still offer interesting opportunities for buyers looking for authenticity, with plexes (duplexes, triplexes) sometimes requiring renovation, but at more affordable prices than in neighboring areas.<\/p>\n<p>C\u00f4te-Saint-Paul and Ville-\u00c9mard, on the other hand, are more residential and family-oriented neighborhoods, with a housing stock composed mainly of single-family homes and plexes on a human scale. Everything is designed so that people can live, move around and meet easily, in a reassuring, friendly environment adapted to their needs. <\/p>\n\t\t\t\t\t\t\t\t<\/div>\n\t\t\t\t<\/div>\n\t\t\t\t<\/div>\n\t\t\t\t\t<\/div>\n\t\t\t\t<\/div>\n\t\t\t\t\t<\/div>\n\t\t\t\t<\/section>\n\t\t<section class=\"elementor-element elementor-element-bc55482 e-flex e-con-boxed e-con e-child\" data-id=\"bc55482\" data-element_type=\"container\" data-e-type=\"container\" data-settings=\"{&quot;background_background&quot;:&quot;classic&quot;}\">\n\t\t\t\t\t<div class=\"e-con-inner\">\n\t\t\t\t<div class=\"elementor-element elementor-element-00242a9 elementor-widget-mobile__width-initial elementor-widget-tablet__width-initial elementor-widget__width-initial elementor-invisible elementor-widget elementor-widget-heading\" data-id=\"00242a9\" data-element_type=\"widget\" data-e-type=\"widget\" data-settings=\"{&quot;_animation&quot;:&quot;slideInDown&quot;}\" data-widget_type=\"heading.default\">\n\t\t\t\t<div class=\"elementor-widget-container\">\n\t\t\t\t\t<h2 class=\"elementor-heading-title elementor-size-default\">What's the real estate market like\nin the <b>Sud-Ouest<\/b><\/h2>\t\t\t\t<\/div>\n\t\t\t\t<\/div>\n\t\t<div class=\"elementor-element elementor-element-0aa2bf6 e-flex e-con-boxed e-con e-child\" data-id=\"0aa2bf6\" data-element_type=\"container\" data-e-type=\"container\">\n\t\t\t\t\t<div class=\"e-con-inner\">\n\t\t\t\t<div class=\"elementor-element elementor-element-dc8405a elementor-widget elementor-widget-text-editor\" data-id=\"dc8405a\" data-element_type=\"widget\" data-e-type=\"widget\" data-widget_type=\"text-editor.default\">\n\t\t\t\t<div class=\"elementor-widget-container\">\n\t\t\t\t\t\t\t\t\t<p>The market for single-family homes is showing interesting stability despite a drop in prices in the first quarter of 2025 compared with the same period in 2024, according to Centris. The median price reached $800,000, down -5%. Condos, which are particularly numerous in this sector with the multiple development projects, saw their median price settle at $480,000, with significant variations depending on the neighborhood.  <\/p>\n<p>The plex market (2 to 5 units) is experiencing renewed interest, offering investors attractive returns in a context of strong rental demand. Prices for these income properties vary considerably according to the condition of the building and its location, but are generally between $850,000 and $1,200,000, especially if the properties have been well maintained, for a minimum increase of 16%. <\/p>\n<p>The outlook for 2025-2026 remains positive for Le Sud-Ouest, with price growth forecast at around 6% according to our analysts. This trend is underpinned by several factors: proximity to downtown, excellent public transport links, the presence of recreational facilities such as the Lachine Canal, and the growing cultural and commercial vitality of its main thoroughfares. <\/p>\n\t\t\t\t\t\t\t\t<\/div>\n\t\t\t\t<\/div>\n\t\t\t\t<div class=\"elementor-element elementor-element-57d2426 elementor-widget elementor-widget-text-editor\" data-id=\"57d2426\" data-element_type=\"widget\" data-e-type=\"widget\" data-widget_type=\"text-editor.default\">\n\t\t\t\t<div class=\"elementor-widget-container\">\n\t\t\t\t\t\t\t\t\t<p>(Sources: <a href=\"https:\/\/www.centris.ca\/en\" target=\"_blank\" rel=\"noopener\">Centris<\/a> and <a href=\"https:\/\/apciq.ca\/en\/\" target=\"_blank\" rel=\"noopener\">Quebec professional association of Real Estate Brokers<\/a> (QPAREB), <a href=\"https:\/\/ville.montreal.qc.ca\/portal\/page?_pageid=6897,68131631&amp;_dad=portal&amp;_schema=PORTAL&amp;id=24594&amp;ret=%2Fpls%2Fportal%2Furl%2Fpage%2Fmtl_stats_fr%2Frep_nouvelles%2Fcoll_nouvelles\" target=\"_blank\" rel=\"noopener\">Ville de Montr\u00e9al<\/a>, <a href=\"https:\/\/www.journaldemontreal.com\/2025\/05\/07\/immobilier-nouveaux-records-dactivite-et-de-prix\" target=\"_blank\" rel=\"noopener\">Journal de Montr\u00e9al<\/a> and Realta)<\/p>\n\t\t\t\t\t\t\t\t<\/div>\n\t\t\t\t<\/div>\n\t\t\t\t\t<\/div>\n\t\t\t\t<\/div>\n\t\t\t\t\t<\/div>\n\t\t\t\t<\/section>\n\t\t<section class=\"elementor-element elementor-element-31be223e e-flex e-con-boxed e-con e-child\" data-id=\"31be223e\" data-element_type=\"container\" data-e-type=\"container\">\n\t\t\t\t\t<div class=\"e-con-inner\">\n\t\t<div class=\"elementor-element elementor-element-7a51d35a e-con-full e-flex e-con e-child\" data-id=\"7a51d35a\" data-element_type=\"container\" data-e-type=\"container\">\n\t\t\t\t<div class=\"elementor-element elementor-element-4e9fdd5 elementor-widget-mobile__width-inherit elementor-invisible elementor-widget elementor-widget-heading\" data-id=\"4e9fdd5\" data-element_type=\"widget\" data-e-type=\"widget\" data-settings=\"{&quot;_animation&quot;:&quot;slideInDown&quot;}\" data-widget_type=\"heading.default\">\n\t\t\t\t<div class=\"elementor-widget-container\">\n\t\t\t\t\t<h2 class=\"elementor-heading-title elementor-size-default\">Median price<br>Single-family homes<\/h2>\t\t\t\t<\/div>\n\t\t\t\t<\/div>\n\t\t\t\t<div class=\"elementor-element elementor-element-6764e294 elementor-widget elementor-widget-shortcode\" data-id=\"6764e294\" data-element_type=\"widget\" data-e-type=\"widget\" data-widget_type=\"shortcode.default\">\n\t\t\t\t<div class=\"elementor-widget-container\">\n\t\t\t\t\t\t\t<div class=\"elementor-shortcode\">        <div class=\"region__stat\">\r\n            <div class=\"region__stat--cities\">\r\n                                <div class=\"region__stat--city region__median--city\">\r\n                        <label class=\"region__city--label\">Westmount<\/label>\r\n                                                    <price>2 250 000 <\/price>\r\n                                                \r\n                    <\/div>          \r\n                                        <div class=\"region__stat--city region__median--city\">\r\n                        <label class=\"region__city--label\">Outremont<\/label>\r\n                                                    <price>2 071 625 <\/price>\r\n                                                \r\n                    <\/div>          \r\n                                        <div class=\"region__stat--city region__median--city\">\r\n                        <label class=\"region__city--label\">Hampstead<\/label>\r\n                                                    <price>1 804 375 <\/price>\r\n                                                \r\n                    <\/div>          \r\n                                        <div class=\"region__stat--city region__median--city\">\r\n                        <label class=\"region__city--label\">Ville de Mont-Royal<\/label>\r\n                                                    <price>1 742 500 <\/price>\r\n                                                \r\n                    <\/div>          \r\n                                        <div class=\"region__stat--city region__median--city\">\r\n                        <label class=\"region__city--label\">C\u00f4te-des-Neiges\/Notre-Dame-de-Gr\u00e2ce<\/label>\r\n                                                    <price>1 345 000 <\/price>\r\n                                                \r\n                    <\/div>          \r\n                                        <div class=\"region__stat--city region__median--city\">\r\n                        <label class=\"region__city--label\">Le Plateau-Mont-Royal<\/label>\r\n                                                    <price>1 308 750 <\/price>\r\n                                                \r\n                    <\/div>          \r\n                                        <div class=\"region__stat--city region__median--city\">\r\n                        <label class=\"region__city--label\">Ville-Marie<\/label>\r\n                                                    <price>1 194 250 <\/price>\r\n                                                \r\n                    <\/div>          \r\n                                        <div class=\"region__stat--city region__median--city\">\r\n                        <label class=\"region__city--label\">RSMT\/La-Petite-Patrie<\/label>\r\n                                                    <price>1 072 000 <\/price>\r\n                                                \r\n                    <\/div>          \r\n                                        <div class=\"region__stat--city region__median--city\">\r\n                        <label class=\"region__city--label\">Verdun\/\u00cele-des-S\u0153urs<\/label>\r\n                                                    <price>1 054 550 <\/price>\r\n                                                \r\n                    <\/div>          \r\n                                        <div class=\"region__stat--city region__median--city\">\r\n                        <label class=\"region__city--label\">Beaconsfield<\/label>\r\n                                                    <price>1 045 000 <\/price>\r\n                                                \r\n                    <\/div>          \r\n                                        <div class=\"region__stat--city region__median--city\">\r\n                        <label class=\"region__city--label\">C\u00f4te-Saint-Luc<\/label>\r\n                                                    <price>942 500 <\/price>\r\n                                                \r\n                    <\/div>          \r\n                                        <div class=\"region__stat--city region__median--city\">\r\n                        <label class=\"region__city--label\">Kirkland<\/label>\r\n                                                    <price>872 500 <\/price>\r\n                                                \r\n                    <\/div>          \r\n                                        <div class=\"region__stat--city region__median--city\">\r\n                        <label class=\"region__city--label\">Ahuntsic-Cartierville<\/label>\r\n                                                    <price>865 000 <\/price>\r\n                                                \r\n                    <\/div>          \r\n                                        <div class=\"region__stat--city region__median--city\">\r\n                        <label class=\"region__city--label\">Saint-Laurent<\/label>\r\n                                                    <price>815 000 <\/price>\r\n                                                \r\n                    <\/div>          \r\n                                        <div class=\"region__stat--city region__median--city region__stat--bold\">\r\n                        <label class=\"region__city--label\">Sud-Ouest<\/label>\r\n                                                    <price>800 000 <\/price>\r\n                                                \r\n                    <\/div>          \r\n                                        <div class=\"region__stat--city region__median--city\">\r\n                        <label class=\"region__city--label\">L'\u00cele-Bizard\/Sainte-Genevi\u00e8ve<\/label>\r\n                                                    <price>800 000 <\/price>\r\n                                                \r\n                    <\/div>          \r\n                                        <div class=\"region__stat--city region__median--city\">\r\n                        <label class=\"region__city--label\">Lasalle<\/label>\r\n                                                    <price>765 000 <\/price>\r\n                                                \r\n                    <\/div>          \r\n                                        <div class=\"region__stat--city region__median--city\">\r\n                        <label class=\"region__city--label\">Pointe-Claire<\/label>\r\n                                                    <price>760 000 <\/price>\r\n                                                \r\n                    <\/div>          \r\n                                        <div class=\"region__stat--city region__median--city\">\r\n                        <label class=\"region__city--label\">Dollard-des-Ormeaux<\/label>\r\n                                                    <price>758 500 <\/price>\r\n                                                \r\n                    <\/div>          \r\n                                        <div class=\"region__stat--city region__median--city\">\r\n                        <label class=\"region__city--label\">Dorval<\/label>\r\n                                                    <price>722 000 <\/price>\r\n                                                \r\n                    <\/div>          \r\n                                        <div class=\"region__stat--city region__median--city\">\r\n                        <label class=\"region__city--label\">Saint-L\u00e9onard<\/label>\r\n                                                    <price>689 000 <\/price>\r\n                                                \r\n                    <\/div>          \r\n                                        <div class=\"region__stat--city region__median--city\">\r\n                        <label class=\"region__city--label\">Lachine<\/label>\r\n                                                    <price>675 000 <\/price>\r\n                                                \r\n                    <\/div>          \r\n                                        <div class=\"region__stat--city region__median--city\">\r\n                        <label class=\"region__city--label\">Villeray\/St-Michel\/Parc-Extension<\/label>\r\n                                                    <price>666 000 <\/price>\r\n                                                \r\n                    <\/div>          \r\n                                        <div class=\"region__stat--city region__median--city\">\r\n                        <label class=\"region__city--label\">Pierrefonds-Roxboro<\/label>\r\n                                                    <price>650 000 <\/price>\r\n                                                \r\n                    <\/div>          \r\n                                        <div class=\"region__stat--city region__median--city\">\r\n                        <label class=\"region__city--label\">Anjou<\/label>\r\n                                                    <price>610 000 <\/price>\r\n                                                \r\n                    <\/div>          \r\n                                        <div class=\"region__stat--city region__median--city\">\r\n                        <label class=\"region__city--label\">Mercier-Hochelaga-Maisonneuve<\/label>\r\n                                                    <price>575 000 <\/price>\r\n                                                \r\n                    <\/div>          \r\n                                        <div class=\"region__stat--city region__median--city\">\r\n                        <label class=\"region__city--label\">Rivi\u00e8re-des-Prairies\/Pointe-aux-Trembles<\/label>\r\n                                                    <price>550 000 <\/price>\r\n                                                \r\n                    <\/div>          \r\n                                        <div class=\"region__stat--city region__median--city\">\r\n                        <label class=\"region__city--label\">Montr\u00e9al-Nord<\/label>\r\n                                                    <price>505 000 <\/price>\r\n                                                \r\n                    <\/div>          \r\n                                <\/div>\r\n            <div class=\"region__stat--source\">\r\n                <p>Source : <a href=\"https:\/\/www.centris.ca\/\" target=\"_blank\">Centris<\/a><\/p>\r\n                <p>Update : September 2025<\/p>\r\n            <\/div>\r\n        <\/div>\r\n        <\/div>\n\t\t\t\t\t\t<\/div>\n\t\t\t\t<\/div>\n\t\t\t\t<\/div>\n\t\t<div class=\"elementor-element elementor-element-6e171f2a e-con-full e-flex e-con e-child\" data-id=\"6e171f2a\" data-element_type=\"container\" data-e-type=\"container\">\n\t\t\t\t<div class=\"elementor-element elementor-element-667b4527 elementor-widget-mobile__width-inherit elementor-invisible elementor-widget elementor-widget-heading\" data-id=\"667b4527\" data-element_type=\"widget\" data-e-type=\"widget\" data-settings=\"{&quot;_animation&quot;:&quot;slideInDown&quot;}\" data-widget_type=\"heading.default\">\n\t\t\t\t<div class=\"elementor-widget-container\">\n\t\t\t\t\t<h2 class=\"elementor-heading-title elementor-size-default\">Median price<br>Condominium<\/h2>\t\t\t\t<\/div>\n\t\t\t\t<\/div>\n\t\t\t\t<div class=\"elementor-element elementor-element-22ecf319 elementor-widget elementor-widget-shortcode\" data-id=\"22ecf319\" data-element_type=\"widget\" data-e-type=\"widget\" data-widget_type=\"shortcode.default\">\n\t\t\t\t<div class=\"elementor-widget-container\">\n\t\t\t\t\t\t\t<div class=\"elementor-shortcode\">        <div class=\"region__stat\">\r\n            <div class=\"region__stat--cities\">\r\n                                <div class=\"region__stat--city region__median--city\">\r\n                        <label class=\"region__city--label\">Westmount<\/label>\r\n                                                    <price>912 875 <\/price>\r\n                                                \r\n                    <\/div>          \r\n                                        <div class=\"region__stat--city region__median--city\">\r\n                        <label class=\"region__city--label\">Outremont<\/label>\r\n                                                    <price>797 250 <\/price>\r\n                                                \r\n                    <\/div>          \r\n                                        <div class=\"region__stat--city region__median--city\">\r\n                        <label class=\"region__city--label\">Dorval<\/label>\r\n                                                    <price>722 000 <\/price>\r\n                                                \r\n                    <\/div>          \r\n                                        <div class=\"region__stat--city region__median--city\">\r\n                        <label class=\"region__city--label\">Ville de Mont-Royal<\/label>\r\n                                                    <price>646 500 <\/price>\r\n                                                \r\n                    <\/div>          \r\n                                        <div class=\"region__stat--city region__median--city\">\r\n                        <label class=\"region__city--label\">Le Plateau-Mont-Royal<\/label>\r\n                                                    <price>590 000 <\/price>\r\n                                                \r\n                    <\/div>          \r\n                                        <div class=\"region__stat--city region__median--city\">\r\n                        <label class=\"region__city--label\">Verdun\/\u00cele-des-S\u0153urs<\/label>\r\n                                                    <price>578 000 <\/price>\r\n                                                \r\n                    <\/div>          \r\n                                        <div class=\"region__stat--city region__median--city\">\r\n                        <label class=\"region__city--label\">Pointe-Claire<\/label>\r\n                                                    <price>561 250 <\/price>\r\n                                                \r\n                    <\/div>          \r\n                                        <div class=\"region__stat--city region__median--city\">\r\n                        <label class=\"region__city--label\">C\u00f4te-des-Neiges\/Notre-Dame-de-Gr\u00e2ce<\/label>\r\n                                                    <price>560 000 <\/price>\r\n                                                \r\n                    <\/div>          \r\n                                        <div class=\"region__stat--city region__median--city\">\r\n                        <label class=\"region__city--label\">RSMT\/La-Petite-Patrie<\/label>\r\n                                                    <price>550 000 <\/price>\r\n                                                \r\n                    <\/div>          \r\n                                        <div class=\"region__stat--city region__median--city\">\r\n                        <label class=\"region__city--label\">C\u00f4te-Saint-Luc<\/label>\r\n                                                    <price>549 000 <\/price>\r\n                                                \r\n                    <\/div>          \r\n                                        <div class=\"region__stat--city region__median--city\">\r\n                        <label class=\"region__city--label\">Dollard-des-Ormeaux<\/label>\r\n                                                    <price>486 000 <\/price>\r\n                                                \r\n                    <\/div>          \r\n                                        <div class=\"region__stat--city region__median--city region__stat--bold\">\r\n                        <label class=\"region__city--label\">Sud-Ouest<\/label>\r\n                                                    <price>480 000 <\/price>\r\n                                                \r\n                    <\/div>          \r\n                                        <div class=\"region__stat--city region__median--city\">\r\n                        <label class=\"region__city--label\">Saint-Laurent<\/label>\r\n                                                    <price>475 000 <\/price>\r\n                                                \r\n                    <\/div>          \r\n                                        <div class=\"region__stat--city region__median--city\">\r\n                        <label class=\"region__city--label\">Ville-Marie<\/label>\r\n                                                    <price>471 500 <\/price>\r\n                                                \r\n                    <\/div>          \r\n                                        <div class=\"region__stat--city region__median--city\">\r\n                        <label class=\"region__city--label\">Lasalle<\/label>\r\n                                                    <price>463 000 <\/price>\r\n                                                \r\n                    <\/div>          \r\n                                        <div class=\"region__stat--city region__median--city\">\r\n                        <label class=\"region__city--label\">Villeray\/St-Michel\/Parc-Extension<\/label>\r\n                                                    <price>455 000 <\/price>\r\n                                                \r\n                    <\/div>          \r\n                                        <div class=\"region__stat--city region__median--city\">\r\n                        <label class=\"region__city--label\">Lachine<\/label>\r\n                                                    <price>431 500 <\/price>\r\n                                                \r\n                    <\/div>          \r\n                                        <div class=\"region__stat--city region__median--city\">\r\n                        <label class=\"region__city--label\">Ahuntsic-Cartierville<\/label>\r\n                                                    <price>424 687 <\/price>\r\n                                                \r\n                    <\/div>          \r\n                                        <div class=\"region__stat--city region__median--city\">\r\n                        <label class=\"region__city--label\">Saint-L\u00e9onard<\/label>\r\n                                                    <price>406 750 <\/price>\r\n                                                \r\n                    <\/div>          \r\n                                        <div class=\"region__stat--city region__median--city\">\r\n                        <label class=\"region__city--label\">Mercier-Hochelaga-Maisonneuve<\/label>\r\n                                                    <price>405 000 <\/price>\r\n                                                \r\n                    <\/div>          \r\n                                        <div class=\"region__stat--city region__median--city\">\r\n                        <label class=\"region__city--label\">Pierrefonds-Roxboro<\/label>\r\n                                                    <price>372 500 <\/price>\r\n                                                \r\n                    <\/div>          \r\n                                        <div class=\"region__stat--city region__median--city\">\r\n                        <label class=\"region__city--label\">Anjou<\/label>\r\n                                                    <price>360 000 <\/price>\r\n                                                \r\n                    <\/div>          \r\n                                        <div class=\"region__stat--city region__median--city\">\r\n                        <label class=\"region__city--label\">Rivi\u00e8re-des-Prairies\/Pointe-aux-Trembles<\/label>\r\n                                                    <price>349 000 <\/price>\r\n                                                \r\n                    <\/div>          \r\n                                        <div class=\"region__stat--city region__median--city\">\r\n                        <label class=\"region__city--label\">Montr\u00e9al-Nord<\/label>\r\n                                                    <price>330 000 <\/price>\r\n                                                \r\n                    <\/div>          \r\n                                        <div class=\"region__stat--city region__median--city\">\r\n                        <label class=\"region__city--label\">L'\u00cele-Bizard\/Sainte-Genevi\u00e8ve<\/label>\r\n                                                    <price>0 <\/price>\r\n                                                \r\n                    <\/div>          \r\n                                        <div class=\"region__stat--city region__median--city\">\r\n                        <label class=\"region__city--label\">Kirkland<\/label>\r\n                                                    <price>0 <\/price>\r\n                                                \r\n                    <\/div>          \r\n                                        <div class=\"region__stat--city region__median--city\">\r\n                        <label class=\"region__city--label\">Hampstead<\/label>\r\n                                                    <price>0 <\/price>\r\n                                                \r\n                    <\/div>          \r\n                                        <div class=\"region__stat--city region__median--city\">\r\n                        <label class=\"region__city--label\">Beaconsfield<\/label>\r\n                                                    <price>0 <\/price>\r\n                                                \r\n                    <\/div>          \r\n                                <\/div>\r\n            <div class=\"region__stat--source\">\r\n                <p>Source : <a href=\"https:\/\/www.centris.ca\/\" target=\"_blank\">Centris<\/a><\/p>\r\n                <p>Update : September 2025<\/p>\r\n            <\/div>\r\n        <\/div>\r\n        <\/div>\n\t\t\t\t\t\t<\/div>\n\t\t\t\t<\/div>\n\t\t\t\t<\/div>\n\t\t\t\t\t<\/div>\n\t\t\t\t<\/section>\n\t\t\t\t\t<\/div>\n\t\t\t\t<\/div>\n\t\t<div class=\"elementor-element elementor-element-2237153 js__section e-flex e-con-boxed e-con e-parent\" data-id=\"2237153\" data-element_type=\"container\" data-e-type=\"container\" data-section-color=\"#fff\">\n\t\t\t\t\t<div class=\"e-con-inner\">\n\t\t\t\t<div class=\"elementor-element elementor-element-bae6216 js__section--label elementor-widget elementor-widget-html\" data-id=\"bae6216\" data-element_type=\"widget\" data-e-type=\"widget\" data-widget_type=\"html.default\">\n\t\t\t\t<div class=\"elementor-widget-container\">\n\t\t\t\t\tArticle\t\t\t\t<\/div>\n\t\t\t\t<\/div>\n\t\t<header class=\"elementor-element elementor-element-f64b2ed e-flex e-con-boxed e-con e-child\" data-id=\"f64b2ed\" data-element_type=\"container\" data-e-type=\"container\" data-settings=\"{&quot;background_background&quot;:&quot;classic&quot;}\">\n\t\t\t\t\t<div class=\"e-con-inner\">\n\t\t<div class=\"elementor-element elementor-element-c992bb0 e-flex e-con-boxed e-con e-child\" data-id=\"c992bb0\" data-element_type=\"container\" data-e-type=\"container\">\n\t\t\t\t\t<div class=\"e-con-inner\">\n\t\t\t\t<div class=\"elementor-element elementor-element-b8c0db0 elementor-grid-1 elementor-grid-tablet-1 elementor-posts--thumbnail-top elementor-grid-mobile-1 elementor-widget elementor-widget-posts\" data-id=\"b8c0db0\" data-element_type=\"widget\" data-e-type=\"widget\" data-settings=\"{&quot;custom_columns&quot;:&quot;1&quot;,&quot;custom_columns_tablet&quot;:&quot;1&quot;,&quot;custom_columns_mobile&quot;:&quot;1&quot;,&quot;custom_row_gap&quot;:{&quot;unit&quot;:&quot;px&quot;,&quot;size&quot;:35,&quot;sizes&quot;:[]},&quot;custom_row_gap_tablet&quot;:{&quot;unit&quot;:&quot;px&quot;,&quot;size&quot;:&quot;&quot;,&quot;sizes&quot;:[]},&quot;custom_row_gap_mobile&quot;:{&quot;unit&quot;:&quot;px&quot;,&quot;size&quot;:&quot;&quot;,&quot;sizes&quot;:[]}}\" data-widget_type=\"posts.custom\">\n\t\t\t\t<div class=\"elementor-widget-container\">\n\t\t\t\t\t      <div class=\"ecs-posts elementor-posts-container elementor-posts   elementor-grid elementor-posts--skin-custom\" data-settings=\"{&quot;current_page&quot;:1,&quot;max_num_pages&quot;:1,&quot;load_method&quot;:&quot;&quot;,&quot;widget_id&quot;:&quot;b8c0db0&quot;,&quot;post_id&quot;:33211,&quot;theme_id&quot;:33211,&quot;change_url&quot;:false,&quot;reinit_js&quot;:false}\">\n      \t\t<article id=\"post-28638\" class=\"elementor-post elementor-grid-item ecs-post-loop post-28638 post type-post status-publish format-standard has-post-thumbnail hentry category-neighborhoods\">\n\t\t\t\t<div data-elementor-type=\"loop\" data-elementor-id=\"26465\" class=\"elementor elementor-26465 elementor-26382 elementor-26382 post-28638 post type-post status-publish format-standard has-post-thumbnail hentry category-neighborhoods\" data-elementor-post-type=\"elementor_library\">\n\t\t\t\t\t<div class=\"elementor-section elementor-top-section elementor-element elementor-element-76811d5 elementor-section-content-middle elementor-section-boxed elementor-section-height-default elementor-section-height-default\" data-id=\"76811d5\" data-element_type=\"section\" data-e-type=\"section\">\n\t\t\t\t\t\t<div class=\"elementor-container elementor-column-gap-default\">\n\t\t\t\t\t<div class=\"elementor-column elementor-col-50 elementor-top-column elementor-element elementor-element-b6772da\" data-id=\"b6772da\" data-element_type=\"column\" data-e-type=\"column\">\n\t\t\t<div class=\"elementor-widget-wrap elementor-element-populated\">\n\t\t\t\t\t\t<div class=\"elementor-element elementor-element-38d215b elementor-widget__width-initial elementor-widget-mobile__width-inherit elementor-widget-tablet__width-initial elementor-invisible elementor-widget elementor-widget-heading\" data-id=\"38d215b\" data-element_type=\"widget\" data-e-type=\"widget\" data-settings=\"{&quot;_animation&quot;:&quot;slideInDown&quot;}\" data-widget_type=\"heading.default\">\n\t\t\t\t<div class=\"elementor-widget-container\">\n\t\t\t\t\t<h2 class=\"elementor-heading-title elementor-size-default\">Spring stroll in Little Burgundy<\/h2>\t\t\t\t<\/div>\n\t\t\t\t<\/div>\n\t\t\t\t<div class=\"elementor-element elementor-element-3439316 elementor-widget__width-initial elementor-widget-mobile__width-inherit elementor-widget elementor-widget-text-editor\" data-id=\"3439316\" data-element_type=\"widget\" data-e-type=\"widget\" data-widget_type=\"text-editor.default\">\n\t\t\t\t<div class=\"elementor-widget-container\">\n\t\t\t\t\t\t\t\t\tA spring stroll in Little Burgundy in Montreal is certainly the best way to discover this unique and dynamic part of the city. With\t\t\t\t\t\t\t\t<\/div>\n\t\t\t\t<\/div>\n\t\t\t\t<div class=\"elementor-element elementor-element-b830816 bouton_clair bouton__rouge elementor-widget elementor-widget-button\" data-id=\"b830816\" data-element_type=\"widget\" data-e-type=\"widget\" data-widget_type=\"button.default\">\n\t\t\t\t<div class=\"elementor-widget-container\">\n\t\t\t\t\t\t\t\t\t<div class=\"elementor-button-wrapper\">\n\t\t\t\t\t<a class=\"elementor-button elementor-button-link elementor-size-sm\" href=\"https:\/\/realta.ca\/en\/spring-stroll-in-little-burgundy\/\">\n\t\t\t\t\t\t<span class=\"elementor-button-content-wrapper\">\n\t\t\t\t\t\t\t\t\t<span class=\"elementor-button-text\">Read more<\/span>\n\t\t\t\t\t<\/span>\n\t\t\t\t\t<\/a>\n\t\t\t\t<\/div>\n\t\t\t\t\t\t\t\t<\/div>\n\t\t\t\t<\/div>\n\t\t\t\t\t<\/div>\n\t\t<\/div>\n\t\t\t\t<div class=\"elementor-column elementor-col-50 elementor-top-column elementor-element elementor-element-21c64a1 elementor-hidden-mobile\" data-id=\"21c64a1\" data-element_type=\"column\" data-e-type=\"column\" data-settings=\"{&quot;background_background&quot;:&quot;classic&quot;}\">\n\t\t\t<div class=\"elementor-widget-wrap elementor-element-populated\">\n\t\t\t\t\t\t<div class=\"elementor-element elementor-element-d24e749 elementor-widget elementor-widget-image\" data-id=\"d24e749\" data-element_type=\"widget\" data-e-type=\"widget\" data-widget_type=\"image.default\">\n\t\t\t\t<div class=\"elementor-widget-container\">\n\t\t\t\t\t\t\t\t\t\t\t\t\t\t\t<img loading=\"lazy\" decoding=\"async\" width=\"768\" height=\"512\" src=\"https:\/\/realta.ca\/wp-content\/uploads\/2023\/05\/TAM_5704-22bf487d6b4d4d32bbb1c8ca01c8721b-1-768x512.jpg\" class=\"attachment-medium_large size-medium_large wp-image-28633\" alt=\"Quartier Petite-Bourgogne \u00e0 Montr\u00e9al\" srcset=\"https:\/\/realta.ca\/wp-content\/uploads\/2023\/05\/TAM_5704-22bf487d6b4d4d32bbb1c8ca01c8721b-1-768x512.jpg 768w, https:\/\/realta.ca\/wp-content\/uploads\/2023\/05\/TAM_5704-22bf487d6b4d4d32bbb1c8ca01c8721b-1-300x200.jpg 300w, https:\/\/realta.ca\/wp-content\/uploads\/2023\/05\/TAM_5704-22bf487d6b4d4d32bbb1c8ca01c8721b-1-1024x683.jpg 1024w, https:\/\/realta.ca\/wp-content\/uploads\/2023\/05\/TAM_5704-22bf487d6b4d4d32bbb1c8ca01c8721b-1.jpg 1500w\" sizes=\"(max-width: 768px) 100vw, 768px\" \/>\t\t\t\t\t\t\t\t\t\t\t\t\t\t\t<\/div>\n\t\t\t\t<\/div>\n\t\t\t\t\t<\/div>\n\t\t<\/div>\n\t\t\t\t\t<\/div>\n\t\t<\/div>\n\t\t\t\t<\/div>\n\t\t\t\t<\/article>\n\t\t\t\t<\/div>\n\t\t\t\t\t\t<\/div>\n\t\t\t\t<\/div>\n\t\t\t\t\t<\/div>\n\t\t\t\t<\/div>\n\t\t\t\t\t<\/div>\n\t\t\t\t<\/header>\n\t\t\t\t\t<\/div>\n\t\t\t\t<\/div>\n\t\t<div class=\"elementor-element elementor-element-291a6a75 js__section e-flex e-con-boxed e-con e-parent\" data-id=\"291a6a75\" data-element_type=\"container\" data-e-type=\"container\" data-section-color=\"#fff\">\n\t\t\t\t\t<div class=\"e-con-inner\">\n\t\t\t\t<div class=\"elementor-element elementor-element-8aafd17 js__section--label elementor-widget elementor-widget-html\" data-id=\"8aafd17\" data-element_type=\"widget\" data-e-type=\"widget\" data-widget_type=\"html.default\">\n\t\t\t\t<div class=\"elementor-widget-container\">\n\t\t\t\t\tRealta\t\t\t\t<\/div>\n\t\t\t\t<\/div>\n\t\t<header class=\"elementor-element elementor-element-7e2c1811 e-flex e-con-boxed e-con e-child\" data-id=\"7e2c1811\" data-element_type=\"container\" data-e-type=\"container\" data-settings=\"{&quot;background_background&quot;:&quot;classic&quot;}\">\n\t\t\t\t\t<div class=\"e-con-inner\">\n\t\t<div class=\"elementor-element elementor-element-136a58fe e-con-full e-flex e-con e-child\" data-id=\"136a58fe\" data-element_type=\"container\" data-e-type=\"container\">\n\t\t\t\t<div class=\"elementor-element elementor-element-79c5b3ab elementor-widget-mobile__width-initial elementor-widget-tablet__width-initial elementor-widget__width-initial elementor-invisible elementor-widget elementor-widget-heading\" data-id=\"79c5b3ab\" data-element_type=\"widget\" data-e-type=\"widget\" data-settings=\"{&quot;_animation&quot;:&quot;slideInDown&quot;}\" data-widget_type=\"heading.default\">\n\t\t\t\t<div class=\"elementor-widget-container\">\n\t\t\t\t\t<h1 class=\"elementor-heading-title elementor-size-default\">In Montreal's southwest, my real estate agency is Realta!<\/h1>\t\t\t\t<\/div>\n\t\t\t\t<\/div>\n\t\t\t\t<div class=\"elementor-element elementor-element-19a7dfd7 elementor-widget__width-initial elementor-invisible elementor-widget elementor-widget-text-editor\" data-id=\"19a7dfd7\" data-element_type=\"widget\" data-e-type=\"widget\" data-settings=\"{&quot;_animation&quot;:&quot;fadeInDown&quot;}\" data-widget_type=\"text-editor.default\">\n\t\t\t\t<div class=\"elementor-widget-container\">\n\t\t\t\t\t\t\t\t\t<p>Does Le Sud-Ouest appeal to you? You&#8217;re right! With its many assets, finding the house or condo of your dreams is a reality. Whether you&#8217;re looking to buy or sell, REALTA puts its in-depth knowledge of the local market at your service. Benefit from our expertise for a successful real estate transaction, with complete peace of mind. Find out more about REALTA, your <a href=\"https:\/\/realta.ca\/en\/our-brokers\/\">Sud-Ouest real estate broker<\/a>.     <\/p>\n\t\t\t\t\t\t\t\t<\/div>\n\t\t\t\t<\/div>\n\t\t\t\t<\/div>\n\t\t<div class=\"elementor-element elementor-element-4c44e565 e-con-full e-flex e-con e-child\" data-id=\"4c44e565\" data-element_type=\"container\" data-e-type=\"container\">\n\t\t\t\t<div class=\"elementor-element elementor-element-fc5fc47 elementor-widget elementor-widget-image\" data-id=\"fc5fc47\" data-element_type=\"widget\" data-e-type=\"widget\" data-widget_type=\"image.default\">\n\t\t\t\t<div class=\"elementor-widget-container\">\n\t\t\t\t\t\t\t\t\t\t\t\t\t\t\t<img loading=\"lazy\" decoding=\"async\" width=\"500\" height=\"374\" src=\"https:\/\/realta.ca\/wp-content\/uploads\/2024\/04\/realta_region_footer.jpg\" class=\"attachment-full size-full wp-image-31539\" alt=\"\" srcset=\"https:\/\/realta.ca\/wp-content\/uploads\/2024\/04\/realta_region_footer.jpg 500w, https:\/\/realta.ca\/wp-content\/uploads\/2024\/04\/realta_region_footer-300x224.jpg 300w\" sizes=\"(max-width: 500px) 100vw, 500px\" \/>\t\t\t\t\t\t\t\t\t\t\t\t\t\t\t<\/div>\n\t\t\t\t<\/div>\n\t\t\t\t<\/div>\n\t\t\t\t\t<\/div>\n\t\t\t\t<\/header>\n\t\t<header class=\"elementor-element elementor-element-68c8b9c8 e-flex e-con-boxed e-con e-child\" data-id=\"68c8b9c8\" data-element_type=\"container\" data-e-type=\"container\" data-settings=\"{&quot;background_background&quot;:&quot;classic&quot;}\">\n\t\t\t\t\t<div class=\"e-con-inner\">\n\t\t\t\t<div class=\"elementor-element elementor-element-3c0ba6d4 shortcode__sousPage--ville elementor-widget elementor-widget-shortcode\" data-id=\"3c0ba6d4\" data-element_type=\"widget\" data-e-type=\"widget\" id=\"region_montreal_liste\" data-widget_type=\"shortcode.default\">\n\t\t\t\t<div class=\"elementor-widget-container\">\n\t\t\t\t\t\t\t<div class=\"elementor-shortcode\"><\/div>\n\t\t\t\t\t\t<\/div>\n\t\t\t\t<\/div>\n\t\t\t\t\t<\/div>\n\t\t\t\t<\/header>\n\t\t\t\t\t<\/div>\n\t\t\t\t<\/div>\n\t\t<div class=\"elementor-element elementor-element-7faba57 js__section e-flex e-con-boxed e-con e-parent\" data-id=\"7faba57\" data-element_type=\"container\" data-e-type=\"container\">\n\t\t\t\t\t<div class=\"e-con-inner\">\n\t\t\t\t<div class=\"elementor-element elementor-element-1403e320 js__section--label elementor-widget elementor-widget-html\" data-id=\"1403e320\" data-element_type=\"widget\" data-e-type=\"widget\" data-widget_type=\"html.default\">\n\t\t\t\t<div class=\"elementor-widget-container\">\n\t\t\t\t\tSources\t\t\t\t<\/div>\n\t\t\t\t<\/div>\n\t\t<header class=\"elementor-element elementor-element-69b4bc89 e-flex e-con-boxed e-con e-child\" data-id=\"69b4bc89\" data-element_type=\"container\" data-e-type=\"container\" data-settings=\"{&quot;background_background&quot;:&quot;classic&quot;}\">\n\t\t\t\t\t<div class=\"e-con-inner\">\n\t\t\t\t<div class=\"elementor-element elementor-element-7cc70143 elementor-widget-mobile__width-inherit elementor-widget-tablet__width-inherit elementor-invisible elementor-widget elementor-widget-heading\" data-id=\"7cc70143\" data-element_type=\"widget\" data-e-type=\"widget\" data-settings=\"{&quot;_animation&quot;:&quot;slideInDown&quot;}\" data-widget_type=\"heading.default\">\n\t\t\t\t<div class=\"elementor-widget-container\">\n\t\t\t\t\t<h2 class=\"elementor-heading-title elementor-size-default\">Information sources and useful links<\/h2>\t\t\t\t<\/div>\n\t\t\t\t<\/div>\n\t\t\t\t<div class=\"elementor-element elementor-element-169861bb elementor-widget-mobile__width-inherit elementor-widget elementor-widget-text-editor\" data-id=\"169861bb\" data-element_type=\"widget\" data-e-type=\"widget\" data-widget_type=\"text-editor.default\">\n\t\t\t\t<div class=\"elementor-widget-container\">\n\t\t\t\t\t\t\t\t\t<ul>\n<li>South-West Borough Hall<\/li>\n<li>Acc\u00e8s Montreal South-West Office<\/li>\n<li><a href=\"https:\/\/www.facebook.com\/CoalitionDeLaPetiteBourgogne\/\" target=\"_blank\" rel=\"noopener\">Coalition de la Petite-Bourgogne\/Quartier en sant\u00e9<\/a><\/li>\n<li>Table de concertation du quartier<\/li>\n<li>Action-Gardien de Pointe-Saint-Charles<\/li>\n<li>Concertation Ville-\u00c9mard\/C\u00f4te St-Paul<\/li>\n<li>CDC Solidarit\u00e9 Saint-Henri<\/li>\n<li>Comit\u00e9 d&#8217;\u00e9ducation aux adultes de la Petite-Bourgogne et Saint-Henri (C\u00c9DA)<\/li>\n<li>\u00c9co-quartier Sud-Ouest<\/li>\n<li>Maison Saint-Columba<\/li>\n<li>Pr\u00e9vention Sud-Ouest<\/li>\n<li>Famijeunes<\/li>\n<li>Carrefour d&#8217;\u00e9ducation populaire de Pointe-Saint-Charles<\/li>\n<li>Bottin des organismes du Sud-Ouest<\/li>\n<li><a href=\"https:\/\/www.211qc.ca\/en\/directory\/montreal\/le-sud-ouest\" target=\"_blank\" rel=\"noopener\">Directory of over 230 non-profit organizations &#8211; Le Sud-Ouest<\/a><\/li>\n<li>Borough&#8217;s official Facebook page<\/li>\n<li><a href=\"https:\/\/www.mtl.org\/en\/experience\/saint-henri-montreal-quartier-cool\" target=\"_blank\" rel=\"noopener\">Tourisme Montreal &#8211; Sud-Ouest Section<\/a><\/li>\n<li><a href=\"https:\/\/www.tripadvisor.ca\/Restaurants-g155032-zfn7674840-Montreal_Quebec.html\" target=\"_blank\" rel=\"noopener\">TripAdvisor &#8211; Le Sud-Ouest<\/a><\/li>\n<li><a href=\"https:\/\/artpublicmontreal.ca\/arrondissement\/le-sud-ouest\/\" target=\"_blank\" rel=\"noopener\">Art Public Montr\u00e9al &#8211; Le Sud-Ouest<\/a><\/li>\n<li><a href=\"https:\/\/tastet.ca\/en\/lists\/the-staple-restaurants-on-notre-dame-street-west\/\" target=\"_blank\" rel=\"noopener\">Tastet &#8211; Restaurants de la rue Notre-Dame ouest<\/a><\/li>\n<li><a href=\"https:\/\/tastet.ca\/en\/lists\/little-burgundy\/\" target=\"_blank\" rel=\"noopener\">Tastet &#8211; Restaurants de la Petite-Bourgogne<\/a><\/li>\n<li>Tastet &#8211; Restaurants de Saint-Henri<\/li>\n<li>Silo 57 &#8211; Restaurants and bars in the Sud-Ouest<\/li>\n<li>Sud-Ouest cultural programming<\/li>\n<li>Important historical site in the area &#8211; La Guinguette du Sud-Ouest<\/li>\n<li><a href=\"https:\/\/canaldelachine40.com\/attraits\/le-canal-de-lachine-vibrera-au-rythme-des-festivals-cet-ete\/\" target=\"_blank\" rel=\"noopener\">Summer festival on the banks of the Lachine Canal<\/a><\/li>\n<\/ul>\n\t\t\t\t\t\t\t\t<\/div>\n\t\t\t\t<\/div>\n\t\t\t\t\t<\/div>\n\t\t\t\t<\/header>\n\t\t\t\t\t<\/div>\n\t\t\t\t<\/div>\n\t\t\t\t<\/div>\n\t\t","protected":false},"excerpt":{"rendered":"<p>Properties Welcome to the borough of Le Sud-Ouest REALTA, your real estate agency specializing in Montreal&#8217;s Sud-Ouest, invites you to explore this authentic corner of<\/p>\n","protected":false},"author":1,"featured_media":0,"parent":28244,"menu_order":0,"comment_status":"closed","ping_status":"closed","template":"","meta":{"_acf_changed":false,"footnotes":""},"class_list":["post-33211","page","type-page","status-publish","hentry"],"acf":[],"yoast_head":"<!-- This site is optimized with the Yoast SEO plugin v27.1.1 - https:\/\/yoast.com\/product\/yoast-seo-wordpress\/ -->\n<title>Montr\u00e9al le Sud-Ouest | Realta<\/title>\n<meta name=\"robots\" content=\"index, follow, max-snippet:-1, max-image-preview:large, max-video-preview:-1\" \/>\n<link rel=\"canonical\" href=\"https:\/\/realta.ca\/en\/properties-by-region\/montreal\/montreal-le-sud-ouest\/\" \/>\n<meta property=\"og:locale\" content=\"en_US\" \/>\n<meta property=\"og:type\" content=\"article\" \/>\n<meta property=\"og:title\" content=\"Montr\u00e9al le Sud-Ouest | Realta\" \/>\n<meta property=\"og:description\" content=\"Properties Welcome to the borough of Le Sud-Ouest REALTA, your real estate agency specializing in Montreal&#8217;s Sud-Ouest, invites you to explore this authentic corner of\" \/>\n<meta property=\"og:url\" content=\"https:\/\/realta.ca\/en\/properties-by-region\/montreal\/montreal-le-sud-ouest\/\" \/>\n<meta property=\"og:site_name\" content=\"Realta\" \/>\n<meta property=\"article:publisher\" content=\"https:\/\/www.facebook.com\/REALTA.agenceimmobiliere\/\" \/>\n<meta property=\"article:modified_time\" content=\"2025-05-30T13:36:34+00:00\" \/>\n<meta property=\"og:image\" content=\"https:\/\/realta.ca\/wp-content\/uploads\/2025\/05\/realta_region_sudOuest_header.png\" \/>\n\t<meta property=\"og:image:width\" content=\"500\" \/>\n\t<meta property=\"og:image:height\" content=\"440\" \/>\n\t<meta property=\"og:image:type\" content=\"image\/png\" \/>\n<meta name=\"twitter:card\" content=\"summary_large_image\" \/>\n<meta name=\"twitter:label1\" content=\"Est. reading time\" \/>\n\t<meta name=\"twitter:data1\" content=\"26 minutes\" \/>\n<!-- \/ Yoast SEO plugin. -->","yoast_head_json":{"title":"Montr\u00e9al le Sud-Ouest | Realta","robots":{"index":"index","follow":"follow","max-snippet":"max-snippet:-1","max-image-preview":"max-image-preview:large","max-video-preview":"max-video-preview:-1"},"canonical":"https:\/\/realta.ca\/en\/properties-by-region\/montreal\/montreal-le-sud-ouest\/","og_locale":"en_US","og_type":"article","og_title":"Montr\u00e9al le Sud-Ouest | Realta","og_description":"Properties Welcome to the borough of Le Sud-Ouest REALTA, your real estate agency specializing in Montreal&#8217;s Sud-Ouest, invites you to explore this authentic corner of","og_url":"https:\/\/realta.ca\/en\/properties-by-region\/montreal\/montreal-le-sud-ouest\/","og_site_name":"Realta","article_publisher":"https:\/\/www.facebook.com\/REALTA.agenceimmobiliere\/","article_modified_time":"2025-05-30T13:36:34+00:00","og_image":[{"width":500,"height":440,"url":"https:\/\/realta.ca\/wp-content\/uploads\/2025\/05\/realta_region_sudOuest_header.png","type":"image\/png"}],"twitter_card":"summary_large_image","twitter_misc":{"Est. reading time":"26 minutes"},"schema":{"@context":"https:\/\/schema.org","@graph":[{"@type":"WebPage","@id":"https:\/\/realta.ca\/en\/properties-by-region\/montreal\/montreal-le-sud-ouest\/","url":"https:\/\/realta.ca\/en\/properties-by-region\/montreal\/montreal-le-sud-ouest\/","name":"Montr\u00e9al le Sud-Ouest | Realta","isPartOf":{"@id":"https:\/\/realta.ca\/en\/#website"},"primaryImageOfPage":{"@id":"https:\/\/realta.ca\/en\/properties-by-region\/montreal\/montreal-le-sud-ouest\/#primaryimage"},"image":{"@id":"https:\/\/realta.ca\/en\/properties-by-region\/montreal\/montreal-le-sud-ouest\/#primaryimage"},"thumbnailUrl":"https:\/\/realta.ca\/wp-content\/uploads\/2025\/05\/realta_region_sudOuest_header.png","datePublished":"2025-05-23T17:32:02+00:00","dateModified":"2025-05-30T13:36:34+00:00","breadcrumb":{"@id":"https:\/\/realta.ca\/en\/properties-by-region\/montreal\/montreal-le-sud-ouest\/#breadcrumb"},"inLanguage":"en-US","potentialAction":[{"@type":"ReadAction","target":["https:\/\/realta.ca\/en\/properties-by-region\/montreal\/montreal-le-sud-ouest\/"]}]},{"@type":"ImageObject","inLanguage":"en-US","@id":"https:\/\/realta.ca\/en\/properties-by-region\/montreal\/montreal-le-sud-ouest\/#primaryimage","url":"https:\/\/realta.ca\/wp-content\/uploads\/2025\/05\/realta_region_sudOuest_header.png","contentUrl":"https:\/\/realta.ca\/wp-content\/uploads\/2025\/05\/realta_region_sudOuest_header.png"},{"@type":"BreadcrumbList","@id":"https:\/\/realta.ca\/en\/properties-by-region\/montreal\/montreal-le-sud-ouest\/#breadcrumb","itemListElement":[{"@type":"ListItem","position":1,"name":"Accueil","item":"https:\/\/realta.ca\/en\/"},{"@type":"ListItem","position":2,"name":"Properties by region","item":"https:\/\/realta.ca\/en\/proprietes-par-region\/"},{"@type":"ListItem","position":3,"name":"Montreal","item":"https:\/\/realta.ca\/en\/proprietes-par-region\/montreal\/"},{"@type":"ListItem","position":4,"name":"Montr\u00e9al le Sud-Ouest"}]},{"@type":"WebSite","@id":"https:\/\/realta.ca\/en\/#website","url":"https:\/\/realta.ca\/en\/","name":"REALTA, Agence immobili\u00e8re","description":"Real Estate Agency","publisher":{"@id":"https:\/\/realta.ca\/en\/#organization"},"alternateName":"REALTA, Agence immobili\u00e8re Montr\u00e9al - Qu\u00e9bec","potentialAction":[{"@type":"SearchAction","target":{"@type":"EntryPoint","urlTemplate":"https:\/\/realta.ca\/en\/?s={search_term_string}"},"query-input":{"@type":"PropertyValueSpecification","valueRequired":true,"valueName":"search_term_string"}}],"inLanguage":"en-US"},{"@type":"Organization","@id":"https:\/\/realta.ca\/en\/#organization","name":"REALTA, Agence immobili\u00e8re","alternateName":"REALTA, Agence immobili\u00e8re Montr\u00e9al - Qu\u00e9bec","url":"https:\/\/realta.ca\/en\/","logo":{"@type":"ImageObject","inLanguage":"en-US","@id":"https:\/\/realta.ca\/en\/#\/schema\/logo\/image\/","url":"https:\/\/realta.ca\/wp-content\/uploads\/2021\/12\/realta_favicon.svg","contentUrl":"https:\/\/realta.ca\/wp-content\/uploads\/2021\/12\/realta_favicon.svg","width":250,"height":250,"caption":"REALTA, Agence immobili\u00e8re"},"image":{"@id":"https:\/\/realta.ca\/en\/#\/schema\/logo\/image\/"},"sameAs":["https:\/\/www.facebook.com\/REALTA.agenceimmobiliere\/","https:\/\/www.instagram.com\/realta.agenceimmobiliere\/","https:\/\/www.linkedin.com\/company\/realta_2\/?originalSubdomain=fr","https:\/\/www.youtube.com\/channel\/UCtiSRpwmotgzT18eVPOgYBg\/about"]}]}},"_links":{"self":[{"href":"https:\/\/realta.ca\/en\/wp-json\/wp\/v2\/pages\/33211","targetHints":{"allow":["GET"]}}],"collection":[{"href":"https:\/\/realta.ca\/en\/wp-json\/wp\/v2\/pages"}],"about":[{"href":"https:\/\/realta.ca\/en\/wp-json\/wp\/v2\/types\/page"}],"author":[{"embeddable":true,"href":"https:\/\/realta.ca\/en\/wp-json\/wp\/v2\/users\/1"}],"replies":[{"embeddable":true,"href":"https:\/\/realta.ca\/en\/wp-json\/wp\/v2\/comments?post=33211"}],"version-history":[{"count":2,"href":"https:\/\/realta.ca\/en\/wp-json\/wp\/v2\/pages\/33211\/revisions"}],"predecessor-version":[{"id":33226,"href":"https:\/\/realta.ca\/en\/wp-json\/wp\/v2\/pages\/33211\/revisions\/33226"}],"up":[{"embeddable":true,"href":"https:\/\/realta.ca\/en\/wp-json\/wp\/v2\/pages\/28244"}],"wp:attachment":[{"href":"https:\/\/realta.ca\/en\/wp-json\/wp\/v2\/media?parent=33211"}],"curies":[{"name":"wp","href":"https:\/\/api.w.org\/{rel}","templated":true}]}}